{"id":110,"date":"2013-08-11T15:26:47","date_gmt":"2013-08-11T15:26:47","guid":{"rendered":"http:\/\/localhost:8888\/test\/?page_id=456"},"modified":"2018-12-11T20:04:48","modified_gmt":"2018-12-11T20:04:48","slug":"blog-posts","status":"publish","type":"page","link":"https:\/\/sosmedecinmarrakech.com\/es\/elementos\/blog-posts\/","title":{"rendered":"Blog Posts"},"content":{"rendered":"\t<section class=\"section dark\" id=\"section_1196706639\">\n\t\t<div class=\"bg section-bg fill bg-fill  \" >\n\n\t\t\t\n\t\t\t<div class=\"section-bg-overlay absolute fill\"><\/div>\n\t\t\t\n\n\t\t<\/div><!-- .section-bg -->\n\n\t\t<div class=\"section-content relative\">\n\t\t\t\n<div class=\"row align-middle\"  id=\"row-1138682429\">\n<div class=\"col medium-3 large-3\"  ><div class=\"col-inner\"  >\n<h1 class=\"uppercase\">Amazing Blog Posts Element<\/h1>\n<p class=\"lead\">Display your Blog posts in many different ways.<\/p>\n<ul>\n<li class=\"bullet-checkmark\">Unlimited\u00a0Styles and Options<\/li>\n<li class=\"bullet-checkmark\">Select Custom Posts<\/li>\n<li class=\"bullet-checkmark\">Slider \/ Row \/ Grid and Masonry Style<\/li>\n<\/ul>\n<\/div><\/div>\n<div class=\"col medium-9 large-9\"  ><div class=\"col-inner\"  >\n\n  \n    <div id=\"row-1925510126\" class=\"slider slider-auto-height row-collapse slider-nav-circle\" data-flickity-options='{\"imagesLoaded\": true, \"dragThreshold\" : 5, \"cellAlign\": \"left\",\"wrapAround\": true,\"prevNextButtons\": true,\"percentPosition\": true,\"pageDots\": false, \"rightToLeft\": false, \"autoPlay\" : false}'>\n\n  \t\t<div class=\"col post-item\" >\n\t\t\t<div class=\"col-inner\">\n\t\t\t<a href=\"https:\/\/sosmedecinmarrakech.com\/es\/infections-virales-comprendre-et-agir\/\" class=\"plain\">\n\t\t\t\t<div class=\"box box-shade dark box-text-bottom box-blog-post has-hover\">\n            \t\t\t\t\t<div class=\"box-image\" >\n  \t\t\t\t\t\t<div class=\"image-overlay-remove image-cover\" style=\"padding-top:56%;\">\n  \t\t\t\t\t\t\t<img loading=\"lazy\" decoding=\"async\" width=\"600\" height=\"400\" src=\"https:\/\/sosmedecinmarrakech.com\/wp-content\/uploads\/2024\/10\/Infections-Virales.jpg\" class=\"attachment-large size-large wp-post-image\" alt=\"Infections Virales\" \/>  \t\t\t\t\t\t\t<div class=\"overlay\" style=\"background-color: rgba(0, 0, 0, 0.09)\"><\/div>  \t\t\t\t\t\t\t<div class=\"shade\"><\/div>  \t\t\t\t\t\t<\/div>\n  \t\t\t\t\t\t  \t\t\t\t\t<\/div><!-- .box-image -->\n          \t\t\t\t\t<div class=\"box-text show-on-hover hover-bounce text-center is-large\" style=\"padding:10% 0px 10% 0px;\">\n\t\t\t\t\t<div class=\"box-text-inner blog-post-inner\">\n\n\t\t\t\t\t\n\t\t\t\t\t\t\t\t\t\t\t<p class=\"cat-label tag-label is-xxsmall op-7 uppercase\">\n\t\t\t\t\tM\u00e9decin \u00e0 domicile M\u00e9decin de garde medecin de nuit SOS M\u00e9decin Marrakech urgentiste urgentistes \t\t\t\t\t<\/p>\n\t\t\t\t\t\t\t\t\t\t<h5 class=\"post-title is-larger \">Infections Virales : Comprendre et Agir<\/h5>\n\t\t\t\t\t<div class=\"post-meta is-small op-8\">octubre 7, 2024<\/div>\t\t\t\t\t<div class=\"is-divider\"><\/div>\n\t\t\t\t\t                    \n\t\t\t\t\t\n\t\t\t\t\t\n\t\t\t\t\t<\/div><!-- .box-text-inner -->\n\t\t\t\t\t<\/div><!-- .box-text -->\n\t\t\t\t\t\t\t\t\t<\/div><!-- .box -->\n\t\t\t\t<\/a><!-- .link -->\n\t\t\t<\/div><!-- .col-inner -->\n\t\t<\/div><!-- .col -->\n\t\t<div class=\"col post-item\" >\n\t\t\t<div class=\"col-inner\">\n\t\t\t<a href=\"https:\/\/sosmedecinmarrakech.com\/es\/bronchite\/\" class=\"plain\">\n\t\t\t\t<div class=\"box box-shade dark box-text-bottom box-blog-post has-hover\">\n            \t\t\t\t\t<div class=\"box-image\" >\n  \t\t\t\t\t\t<div class=\"image-overlay-remove image-cover\" style=\"padding-top:56%;\">\n  \t\t\t\t\t\t\t<img loading=\"lazy\" decoding=\"async\" width=\"704\" height=\"396\" src=\"https:\/\/sosmedecinmarrakech.com\/wp-content\/uploads\/2024\/10\/Bronchite.webp\" class=\"attachment-large size-large wp-post-image\" alt=\"Bronchite\" \/>  \t\t\t\t\t\t\t<div class=\"overlay\" style=\"background-color: rgba(0, 0, 0, 0.09)\"><\/div>  \t\t\t\t\t\t\t<div class=\"shade\"><\/div>  \t\t\t\t\t\t<\/div>\n  \t\t\t\t\t\t  \t\t\t\t\t<\/div><!-- .box-image -->\n          \t\t\t\t\t<div class=\"box-text show-on-hover hover-bounce text-center is-large\" style=\"padding:10% 0px 10% 0px;\">\n\t\t\t\t\t<div class=\"box-text-inner blog-post-inner\">\n\n\t\t\t\t\t\n\t\t\t\t\t\t\t\t\t\t\t<p class=\"cat-label tag-label is-xxsmall op-7 uppercase\">\n\t\t\t\t\tM\u00e9decin \u00e0 domicile M\u00e9decin de garde medecin de nuit SOS M\u00e9decin Marrakech urgentiste urgentistes \t\t\t\t\t<\/p>\n\t\t\t\t\t\t\t\t\t\t<h5 class=\"post-title is-larger \">Comprendre la Bronchite : Sympt\u00f4mes et Solutions<\/h5>\n\t\t\t\t\t<div class=\"post-meta is-small op-8\">octubre 7, 2024<\/div>\t\t\t\t\t<div class=\"is-divider\"><\/div>\n\t\t\t\t\t                    \n\t\t\t\t\t\n\t\t\t\t\t\n\t\t\t\t\t<\/div><!-- .box-text-inner -->\n\t\t\t\t\t<\/div><!-- .box-text -->\n\t\t\t\t\t\t\t\t\t<\/div><!-- .box -->\n\t\t\t\t<\/a><!-- .link -->\n\t\t\t<\/div><!-- .col-inner -->\n\t\t<\/div><!-- .col -->\n\t\t<div class=\"col post-item\" >\n\t\t\t<div class=\"col-inner\">\n\t\t\t<a href=\"https:\/\/sosmedecinmarrakech.com\/es\/grippe-et-son-association-avec-un-nombre-plus-eleve-dinfarctus-du-myocarde\/\" class=\"plain\">\n\t\t\t\t<div class=\"box box-shade dark box-text-bottom box-blog-post has-hover\">\n            \t\t\t\t\t<div class=\"box-image\" >\n  \t\t\t\t\t\t<div class=\"image-overlay-remove image-cover\" style=\"padding-top:56%;\">\n  \t\t\t\t\t\t\t<img loading=\"lazy\" decoding=\"async\" width=\"288\" height=\"175\" src=\"https:\/\/sosmedecinmarrakech.com\/wp-content\/uploads\/2024\/10\/grippe.jpg\" class=\"attachment-large size-large wp-post-image\" alt=\"Grippe\" \/>  \t\t\t\t\t\t\t<div class=\"overlay\" style=\"background-color: rgba(0, 0, 0, 0.09)\"><\/div>  \t\t\t\t\t\t\t<div class=\"shade\"><\/div>  \t\t\t\t\t\t<\/div>\n  \t\t\t\t\t\t  \t\t\t\t\t<\/div><!-- .box-image -->\n          \t\t\t\t\t<div class=\"box-text show-on-hover hover-bounce text-center is-large\" style=\"padding:10% 0px 10% 0px;\">\n\t\t\t\t\t<div class=\"box-text-inner blog-post-inner\">\n\n\t\t\t\t\t\n\t\t\t\t\t\t\t\t\t\t\t<p class=\"cat-label tag-label is-xxsmall op-7 uppercase\">\n\t\t\t\t\tM\u00e9decin \u00e0 domicile M\u00e9decin de garde medecin de nuit SOS M\u00e9decin Marrakech urgentiste urgentistes \t\t\t\t\t<\/p>\n\t\t\t\t\t\t\t\t\t\t<h5 class=\"post-title is-larger \">La Grippe et Son Association avec un Nombre Plus \u00c9lev\u00e9 d\u2019Infarctus du Myocarde<\/h5>\n\t\t\t\t\t<div class=\"post-meta is-small op-8\">octubre 6, 2024<\/div>\t\t\t\t\t<div class=\"is-divider\"><\/div>\n\t\t\t\t\t                    \n\t\t\t\t\t\n\t\t\t\t\t\n\t\t\t\t\t<\/div><!-- .box-text-inner -->\n\t\t\t\t\t<\/div><!-- .box-text -->\n\t\t\t\t\t\t\t\t\t<\/div><!-- .box -->\n\t\t\t\t<\/a><!-- .link -->\n\t\t\t<\/div><!-- .col-inner -->\n\t\t<\/div><!-- .col -->\n\t\t<div class=\"col post-item\" >\n\t\t\t<div class=\"col-inner\">\n\t\t\t<a href=\"https:\/\/sosmedecinmarrakech.com\/es\/imjudo-un-nuevo-farmaco-hospitalario-para-el-tratamiento-del-cancer-de-higado-y-pulmon\/\" class=\"plain\">\n\t\t\t\t<div class=\"box box-shade dark box-text-bottom box-blog-post has-hover\">\n            \t\t\t\t\t<div class=\"box-image\" >\n  \t\t\t\t\t\t<div class=\"image-overlay-remove image-cover\" style=\"padding-top:56%;\">\n  \t\t\t\t\t\t\t<img loading=\"lazy\" decoding=\"async\" width=\"300\" height=\"168\" src=\"https:\/\/sosmedecinmarrakech.com\/wp-content\/uploads\/2024\/10\/IMJUDO-2.jpg\" class=\"attachment-large size-large wp-post-image\" alt=\"IMJUDO\" \/>  \t\t\t\t\t\t\t<div class=\"overlay\" style=\"background-color: rgba(0, 0, 0, 0.09)\"><\/div>  \t\t\t\t\t\t\t<div class=\"shade\"><\/div>  \t\t\t\t\t\t<\/div>\n  \t\t\t\t\t\t  \t\t\t\t\t<\/div><!-- .box-image -->\n          \t\t\t\t\t<div class=\"box-text show-on-hover hover-bounce text-center is-large\" style=\"padding:10% 0px 10% 0px;\">\n\t\t\t\t\t<div class=\"box-text-inner blog-post-inner\">\n\n\t\t\t\t\t\n\t\t\t\t\t\t\t\t\t\t\t<p class=\"cat-label tag-label is-xxsmall op-7 uppercase\">\n\t\t\t\t\tM\u00e9decin \u00e0 domicile M\u00e9decin de garde medecin de nuit SOS M\u00e9decin Marrakech tests m\u00e9dicaux urgentiste urgentistes \t\t\t\t\t<\/p>\n\t\t\t\t\t\t\t\t\t\t<h5 class=\"post-title is-larger \">IMJUDO : Nouveau M\u00e9dicament Hospitalier dans le Traitement des Cancers du Foie et du Poumon<\/h5>\n\t\t\t\t\t<div class=\"post-meta is-small op-8\">octubre 6, 2024<\/div>\t\t\t\t\t<div class=\"is-divider\"><\/div>\n\t\t\t\t\t                    \n\t\t\t\t\t\n\t\t\t\t\t\n\t\t\t\t\t<\/div><!-- .box-text-inner -->\n\t\t\t\t\t<\/div><!-- .box-text -->\n\t\t\t\t\t\t\t\t\t<\/div><!-- .box -->\n\t\t\t\t<\/a><!-- .link -->\n\t\t\t<\/div><!-- .col-inner -->\n\t\t<\/div><!-- .col -->\n\t\t<div class=\"col post-item\" >\n\t\t\t<div class=\"col-inner\">\n\t\t\t<a href=\"https:\/\/sosmedecinmarrakech.com\/es\/tension-des-formes-injectables\/\" class=\"plain\">\n\t\t\t\t<div class=\"box box-shade dark box-text-bottom box-blog-post has-hover\">\n            \t\t\t\t\t<div class=\"box-image\" >\n  \t\t\t\t\t\t<div class=\"image-overlay-remove image-cover\" style=\"padding-top:56%;\">\n  \t\t\t\t\t\t\t<img loading=\"lazy\" decoding=\"async\" width=\"1020\" height=\"650\" src=\"https:\/\/sosmedecinmarrakech.com\/wp-content\/uploads\/2024\/10\/Tension-des-Formes-Injectables-1256x800.webp\" class=\"attachment-large size-large wp-post-image\" alt=\"Tension des Formes Injectables\" srcset=\"https:\/\/sosmedecinmarrakech.com\/wp-content\/uploads\/2024\/10\/Tension-des-Formes-Injectables-1256x800.webp 1256w, https:\/\/sosmedecinmarrakech.com\/wp-content\/uploads\/2024\/10\/Tension-des-Formes-Injectables-628x400.webp 628w, https:\/\/sosmedecinmarrakech.com\/wp-content\/uploads\/2024\/10\/Tension-des-Formes-Injectables-768x489.webp 768w, https:\/\/sosmedecinmarrakech.com\/wp-content\/uploads\/2024\/10\/Tension-des-Formes-Injectables.webp 1444w\" sizes=\"auto, (max-width: 1020px) 100vw, 1020px\" \/>  \t\t\t\t\t\t\t<div class=\"overlay\" style=\"background-color: rgba(0, 0, 0, 0.09)\"><\/div>  \t\t\t\t\t\t\t<div class=\"shade\"><\/div>  \t\t\t\t\t\t<\/div>\n  \t\t\t\t\t\t  \t\t\t\t\t<\/div><!-- .box-image -->\n          \t\t\t\t\t<div class=\"box-text show-on-hover hover-bounce text-center is-large\" style=\"padding:10% 0px 10% 0px;\">\n\t\t\t\t\t<div class=\"box-text-inner blog-post-inner\">\n\n\t\t\t\t\t\n\t\t\t\t\t\t\t\t\t\t\t<p class=\"cat-label tag-label is-xxsmall op-7 uppercase\">\n\t\t\t\t\tM\u00e9decin \u00e0 domicile M\u00e9decin de garde medecin de nuit SOS M\u00e9decin Marrakech urgentiste urgentistes \t\t\t\t\t<\/p>\n\t\t\t\t\t\t\t\t\t\t<h5 class=\"post-title is-larger \">Tension des Formes Injectables\/Buvables de Vitamine B12 : Passer au Comprim\u00e9 quand la Voie Orale est Possible<\/h5>\n\t\t\t\t\t<div class=\"post-meta is-small op-8\">octubre 6, 2024<\/div>\t\t\t\t\t<div class=\"is-divider\"><\/div>\n\t\t\t\t\t                    \n\t\t\t\t\t\n\t\t\t\t\t\n\t\t\t\t\t<\/div><!-- .box-text-inner -->\n\t\t\t\t\t<\/div><!-- .box-text -->\n\t\t\t\t\t\t\t\t\t<\/div><!-- .box -->\n\t\t\t\t<\/a><!-- .link -->\n\t\t\t<\/div><!-- .col-inner -->\n\t\t<\/div><!-- .col -->\n\t\t<div class=\"col post-item\" >\n\t\t\t<div class=\"col-inner\">\n\t\t\t<a href=\"https:\/\/sosmedecinmarrakech.com\/es\/infections-a-vrs\/\" class=\"plain\">\n\t\t\t\t<div class=\"box box-shade dark box-text-bottom box-blog-post has-hover\">\n            \t\t\t\t\t<div class=\"box-image\" >\n  \t\t\t\t\t\t<div class=\"image-overlay-remove image-cover\" style=\"padding-top:56%;\">\n  \t\t\t\t\t\t\t<img loading=\"lazy\" decoding=\"async\" width=\"771\" height=\"434\" src=\"https:\/\/sosmedecinmarrakech.com\/wp-content\/uploads\/2024\/10\/Infections-a-VRS.jpg\" class=\"attachment-large size-large wp-post-image\" alt=\"Infections \u00e0 VRS\" srcset=\"https:\/\/sosmedecinmarrakech.com\/wp-content\/uploads\/2024\/10\/Infections-a-VRS.jpg 771w, https:\/\/sosmedecinmarrakech.com\/wp-content\/uploads\/2024\/10\/Infections-a-VRS-711x400.jpg 711w, https:\/\/sosmedecinmarrakech.com\/wp-content\/uploads\/2024\/10\/Infections-a-VRS-768x432.jpg 768w\" sizes=\"auto, (max-width: 771px) 100vw, 771px\" \/>  \t\t\t\t\t\t\t<div class=\"overlay\" style=\"background-color: rgba(0, 0, 0, 0.09)\"><\/div>  \t\t\t\t\t\t\t<div class=\"shade\"><\/div>  \t\t\t\t\t\t<\/div>\n  \t\t\t\t\t\t  \t\t\t\t\t<\/div><!-- .box-image -->\n          \t\t\t\t\t<div class=\"box-text show-on-hover hover-bounce text-center is-large\" style=\"padding:10% 0px 10% 0px;\">\n\t\t\t\t\t<div class=\"box-text-inner blog-post-inner\">\n\n\t\t\t\t\t\n\t\t\t\t\t\t\t\t\t\t\t<p class=\"cat-label tag-label is-xxsmall op-7 uppercase\">\n\t\t\t\t\tM\u00e9decin \u00e0 domicile M\u00e9decin de garde medecin de nuit SOS M\u00e9decin Marrakech urgentiste urgentistes \t\t\t\t\t<\/p>\n\t\t\t\t\t\t\t\t\t\t<h5 class=\"post-title is-larger \">Pr\u00e9vention des Infections \u00e0 VRS chez les Personnes \u00c2g\u00e9es : Faut-il Vacciner ?<\/h5>\n\t\t\t\t\t<div class=\"post-meta is-small op-8\">octubre 6, 2024<\/div>\t\t\t\t\t<div class=\"is-divider\"><\/div>\n\t\t\t\t\t                    \n\t\t\t\t\t\n\t\t\t\t\t\n\t\t\t\t\t<\/div><!-- .box-text-inner -->\n\t\t\t\t\t<\/div><!-- .box-text -->\n\t\t\t\t\t\t\t\t\t<\/div><!-- .box -->\n\t\t\t\t<\/a><!-- .link -->\n\t\t\t<\/div><!-- .col-inner -->\n\t\t<\/div><!-- .col -->\n\t\t<div class=\"col post-item\" >\n\t\t\t<div class=\"col-inner\">\n\t\t\t<a href=\"https:\/\/sosmedecinmarrakech.com\/es\/biopsies-un-outil-cle-en-medecine\/\" class=\"plain\">\n\t\t\t\t<div class=\"box box-shade dark box-text-bottom box-blog-post has-hover\">\n            \t\t\t\t\t<div class=\"box-image\" >\n  \t\t\t\t\t\t<div class=\"image-overlay-remove image-cover\" style=\"padding-top:56%;\">\n  \t\t\t\t\t\t\t<img loading=\"lazy\" decoding=\"async\" width=\"1000\" height=\"561\" src=\"https:\/\/sosmedecinmarrakech.com\/wp-content\/uploads\/2024\/10\/Biopsies.jpg\" class=\"attachment-large size-large wp-post-image\" alt=\"Biopsies\" srcset=\"https:\/\/sosmedecinmarrakech.com\/wp-content\/uploads\/2024\/10\/Biopsies.jpg 1000w, https:\/\/sosmedecinmarrakech.com\/wp-content\/uploads\/2024\/10\/Biopsies-713x400.jpg 713w, https:\/\/sosmedecinmarrakech.com\/wp-content\/uploads\/2024\/10\/Biopsies-768x431.jpg 768w\" sizes=\"auto, (max-width: 1000px) 100vw, 1000px\" \/>  \t\t\t\t\t\t\t<div class=\"overlay\" style=\"background-color: rgba(0, 0, 0, 0.09)\"><\/div>  \t\t\t\t\t\t\t<div class=\"shade\"><\/div>  \t\t\t\t\t\t<\/div>\n  \t\t\t\t\t\t  \t\t\t\t\t<\/div><!-- .box-image -->\n          \t\t\t\t\t<div class=\"box-text show-on-hover hover-bounce text-center is-large\" style=\"padding:10% 0px 10% 0px;\">\n\t\t\t\t\t<div class=\"box-text-inner blog-post-inner\">\n\n\t\t\t\t\t\n\t\t\t\t\t\t\t\t\t\t\t<p class=\"cat-label tag-label is-xxsmall op-7 uppercase\">\n\t\t\t\t\tM\u00e9decin \u00e0 domicile M\u00e9decin de garde medecin de nuit SOS M\u00e9decin Marrakech urgentiste urgentistes \t\t\t\t\t<\/p>\n\t\t\t\t\t\t\t\t\t\t<h5 class=\"post-title is-larger \">Biopsies : Un Outil Cl\u00e9 en M\u00e9decine<\/h5>\n\t\t\t\t\t<div class=\"post-meta is-small op-8\">octubre 6, 2024<\/div>\t\t\t\t\t<div class=\"is-divider\"><\/div>\n\t\t\t\t\t                    \n\t\t\t\t\t\n\t\t\t\t\t\n\t\t\t\t\t<\/div><!-- .box-text-inner -->\n\t\t\t\t\t<\/div><!-- .box-text -->\n\t\t\t\t\t\t\t\t\t<\/div><!-- .box -->\n\t\t\t\t<\/a><!-- .link -->\n\t\t\t<\/div><!-- .col-inner -->\n\t\t<\/div><!-- .col -->\n\t\t<div class=\"col post-item\" >\n\t\t\t<div class=\"col-inner\">\n\t\t\t<a href=\"https:\/\/sosmedecinmarrakech.com\/es\/cancer-de-la-prostate\/\" class=\"plain\">\n\t\t\t\t<div class=\"box box-shade dark box-text-bottom box-blog-post has-hover\">\n            \t\t\t\t\t<div class=\"box-image\" >\n  \t\t\t\t\t\t<div class=\"image-overlay-remove image-cover\" style=\"padding-top:56%;\">\n  \t\t\t\t\t\t\t<img loading=\"lazy\" decoding=\"async\" width=\"309\" height=\"203\" src=\"https:\/\/sosmedecinmarrakech.com\/wp-content\/uploads\/2024\/07\/Cancer-de-la-Prostate.jpg\" class=\"attachment-large size-large wp-post-image\" alt=\"Cancer de la Prostate\" \/>  \t\t\t\t\t\t\t<div class=\"overlay\" style=\"background-color: rgba(0, 0, 0, 0.09)\"><\/div>  \t\t\t\t\t\t\t<div class=\"shade\"><\/div>  \t\t\t\t\t\t<\/div>\n  \t\t\t\t\t\t  \t\t\t\t\t<\/div><!-- .box-image -->\n          \t\t\t\t\t<div class=\"box-text show-on-hover hover-bounce text-center is-large\" style=\"padding:10% 0px 10% 0px;\">\n\t\t\t\t\t<div class=\"box-text-inner blog-post-inner\">\n\n\t\t\t\t\t\n\t\t\t\t\t\t\t\t\t\t\t<p class=\"cat-label tag-label is-xxsmall op-7 uppercase\">\n\t\t\t\t\tM\u00e9decin \u00e0 domicile M\u00e9decin de garde medecin de nuit SOS M\u00e9decin Marrakech tests m\u00e9dicaux urgentiste urgentistes \t\t\t\t\t<\/p>\n\t\t\t\t\t\t\t\t\t\t<h5 class=\"post-title is-larger \">Cancer de la Prostate : D\u00e9tection Pr\u00e9coce et Soutien de SOS M\u00e9decins \u00e0 Domicile Marrakech<\/h5>\n\t\t\t\t\t<div class=\"post-meta is-small op-8\">julio 28, 2024<\/div>\t\t\t\t\t<div class=\"is-divider\"><\/div>\n\t\t\t\t\t                    \n\t\t\t\t\t\n\t\t\t\t\t\n\t\t\t\t\t<\/div><!-- .box-text-inner -->\n\t\t\t\t\t<\/div><!-- .box-text -->\n\t\t\t\t\t\t\t\t\t<\/div><!-- .box -->\n\t\t\t\t<\/a><!-- .link -->\n\t\t\t<\/div><!-- .col-inner -->\n\t\t<\/div><!-- .col -->\n\t\t<div class=\"col post-item\" >\n\t\t\t<div class=\"col-inner\">\n\t\t\t<a href=\"https:\/\/sosmedecinmarrakech.com\/es\/cancer-des-seins\/\" class=\"plain\">\n\t\t\t\t<div class=\"box box-shade dark box-text-bottom box-blog-post has-hover\">\n            \t\t\t\t\t<div class=\"box-image\" >\n  \t\t\t\t\t\t<div class=\"image-overlay-remove image-cover\" style=\"padding-top:56%;\">\n  \t\t\t\t\t\t\t<img loading=\"lazy\" decoding=\"async\" width=\"750\" height=\"523\" src=\"https:\/\/sosmedecinmarrakech.com\/wp-content\/uploads\/2024\/07\/Cancer-des-seins.jpg\" class=\"attachment-large size-large wp-post-image\" alt=\"Cancer des seins\" srcset=\"https:\/\/sosmedecinmarrakech.com\/wp-content\/uploads\/2024\/07\/Cancer-des-seins.jpg 750w, https:\/\/sosmedecinmarrakech.com\/wp-content\/uploads\/2024\/07\/Cancer-des-seins-574x400.jpg 574w\" sizes=\"auto, (max-width: 750px) 100vw, 750px\" \/>  \t\t\t\t\t\t\t<div class=\"overlay\" style=\"background-color: rgba(0, 0, 0, 0.09)\"><\/div>  \t\t\t\t\t\t\t<div class=\"shade\"><\/div>  \t\t\t\t\t\t<\/div>\n  \t\t\t\t\t\t  \t\t\t\t\t<\/div><!-- .box-image -->\n          \t\t\t\t\t<div class=\"box-text show-on-hover hover-bounce text-center is-large\" style=\"padding:10% 0px 10% 0px;\">\n\t\t\t\t\t<div class=\"box-text-inner blog-post-inner\">\n\n\t\t\t\t\t\n\t\t\t\t\t\t\t\t\t\t\t<p class=\"cat-label tag-label is-xxsmall op-7 uppercase\">\n\t\t\t\t\tM\u00e9decin \u00e0 domicile M\u00e9decin de garde medecin de nuit pr\u00e9l\u00e8vement prise d'urine SOS M\u00e9decin Marrakech tests m\u00e9dicaux urgentiste urgentistes \t\t\t\t\t<\/p>\n\t\t\t\t\t\t\t\t\t\t<h5 class=\"post-title is-larger \">Cancer des seins : Importance de la D\u00e9tection Pr\u00e9coce et R\u00f4le de SOS M\u00e9decins \u00e0 Domicile \u00e0 Marrakech<\/h5>\n\t\t\t\t\t<div class=\"post-meta is-small op-8\">julio 28, 2024<\/div>\t\t\t\t\t<div class=\"is-divider\"><\/div>\n\t\t\t\t\t                    \n\t\t\t\t\t\n\t\t\t\t\t\n\t\t\t\t\t<\/div><!-- .box-text-inner -->\n\t\t\t\t\t<\/div><!-- .box-text -->\n\t\t\t\t\t\t\t\t\t<\/div><!-- .box -->\n\t\t\t\t<\/a><!-- .link -->\n\t\t\t<\/div><!-- .col-inner -->\n\t\t<\/div><!-- .col -->\n\t\t<div class=\"col post-item\" >\n\t\t\t<div class=\"col-inner\">\n\t\t\t<a href=\"https:\/\/sosmedecinmarrakech.com\/es\/eczema-atopique\/\" class=\"plain\">\n\t\t\t\t<div class=\"box box-shade dark box-text-bottom box-blog-post has-hover\">\n            \t\t\t\t\t<div class=\"box-image\" >\n  \t\t\t\t\t\t<div class=\"image-overlay-remove image-cover\" style=\"padding-top:56%;\">\n  \t\t\t\t\t\t\t<img loading=\"lazy\" decoding=\"async\" width=\"640\" height=\"430\" src=\"https:\/\/sosmedecinmarrakech.com\/wp-content\/uploads\/2024\/07\/eczema-atopique-1.jpg\" class=\"attachment-large size-large wp-post-image\" alt=\"ecz\u00e9ma atopique\" srcset=\"https:\/\/sosmedecinmarrakech.com\/wp-content\/uploads\/2024\/07\/eczema-atopique-1.jpg 640w, https:\/\/sosmedecinmarrakech.com\/wp-content\/uploads\/2024\/07\/eczema-atopique-1-595x400.jpg 595w\" sizes=\"auto, (max-width: 640px) 100vw, 640px\" \/>  \t\t\t\t\t\t\t<div class=\"overlay\" style=\"background-color: rgba(0, 0, 0, 0.09)\"><\/div>  \t\t\t\t\t\t\t<div class=\"shade\"><\/div>  \t\t\t\t\t\t<\/div>\n  \t\t\t\t\t\t  \t\t\t\t\t<\/div><!-- .box-image -->\n          \t\t\t\t\t<div class=\"box-text show-on-hover hover-bounce text-center is-large\" style=\"padding:10% 0px 10% 0px;\">\n\t\t\t\t\t<div class=\"box-text-inner blog-post-inner\">\n\n\t\t\t\t\t\n\t\t\t\t\t\t\t\t\t\t\t<p class=\"cat-label tag-label is-xxsmall op-7 uppercase\">\n\t\t\t\t\tM\u00e9decin \u00e0 domicile M\u00e9decin de garde medecin de nuit sos SOS M\u00e9decin Marrakech tests m\u00e9dicaux urgentiste urgentistes \t\t\t\t\t<\/p>\n\t\t\t\t\t\t\t\t\t\t<h5 class=\"post-title is-larger \">L&rsquo;ecz\u00e9ma atopique : Comment SOS M\u00e9decins Marrakech peut aider<\/h5>\n\t\t\t\t\t<div class=\"post-meta is-small op-8\">julio 26, 2024<\/div>\t\t\t\t\t<div class=\"is-divider\"><\/div>\n\t\t\t\t\t                    \n\t\t\t\t\t\n\t\t\t\t\t\n\t\t\t\t\t<\/div><!-- .box-text-inner -->\n\t\t\t\t\t<\/div><!-- .box-text -->\n\t\t\t\t\t\t\t\t\t<\/div><!-- .box -->\n\t\t\t\t<\/a><!-- .link -->\n\t\t\t<\/div><!-- .col-inner -->\n\t\t<\/div><!-- .col -->\n\t\t<div class=\"col post-item\" >\n\t\t\t<div class=\"col-inner\">\n\t\t\t<a href=\"https:\/\/sosmedecinmarrakech.com\/es\/dommages-aux-tissus\/\" class=\"plain\">\n\t\t\t\t<div class=\"box box-shade dark box-text-bottom box-blog-post has-hover\">\n            \t\t\t\t\t<div class=\"box-image\" >\n  \t\t\t\t\t\t<div class=\"image-overlay-remove image-cover\" style=\"padding-top:56%;\">\n  \t\t\t\t\t\t\t<img loading=\"lazy\" decoding=\"async\" width=\"758\" height=\"505\" src=\"https:\/\/sosmedecinmarrakech.com\/wp-content\/uploads\/2024\/07\/Dommages-aux-tissus.jpg\" class=\"attachment-large size-large wp-post-image\" alt=\"Dommages aux tissus\" srcset=\"https:\/\/sosmedecinmarrakech.com\/wp-content\/uploads\/2024\/07\/Dommages-aux-tissus.jpg 758w, https:\/\/sosmedecinmarrakech.com\/wp-content\/uploads\/2024\/07\/Dommages-aux-tissus-600x400.jpg 600w\" sizes=\"auto, (max-width: 758px) 100vw, 758px\" \/>  \t\t\t\t\t\t\t<div class=\"overlay\" style=\"background-color: rgba(0, 0, 0, 0.09)\"><\/div>  \t\t\t\t\t\t\t<div class=\"shade\"><\/div>  \t\t\t\t\t\t<\/div>\n  \t\t\t\t\t\t  \t\t\t\t\t<\/div><!-- .box-image -->\n          \t\t\t\t\t<div class=\"box-text show-on-hover hover-bounce text-center is-large\" style=\"padding:10% 0px 10% 0px;\">\n\t\t\t\t\t<div class=\"box-text-inner blog-post-inner\">\n\n\t\t\t\t\t\n\t\t\t\t\t\t\t\t\t\t\t<p class=\"cat-label tag-label is-xxsmall op-7 uppercase\">\n\t\t\t\t\tM\u00e9decin \u00e0 domicile M\u00e9decin de garde medecin de nuit sos SOS M\u00e9decin Marrakech tests m\u00e9dicaux urgentiste urgentistes \t\t\t\t\t<\/p>\n\t\t\t\t\t\t\t\t\t\t<h5 class=\"post-title is-larger \">Dommages aux tissus : SOS M\u00e9decins Marrakech \u00e0 votre secours<\/h5>\n\t\t\t\t\t<div class=\"post-meta is-small op-8\">julio 26, 2024<\/div>\t\t\t\t\t<div class=\"is-divider\"><\/div>\n\t\t\t\t\t                    \n\t\t\t\t\t\n\t\t\t\t\t\n\t\t\t\t\t<\/div><!-- .box-text-inner -->\n\t\t\t\t\t<\/div><!-- .box-text -->\n\t\t\t\t\t\t\t\t\t<\/div><!-- .box -->\n\t\t\t\t<\/a><!-- .link -->\n\t\t\t<\/div><!-- .col-inner -->\n\t\t<\/div><!-- .col -->\n\t\t<div class=\"col post-item\" >\n\t\t\t<div class=\"col-inner\">\n\t\t\t<a href=\"https:\/\/sosmedecinmarrakech.com\/es\/bacteries-contact-sos-medecins-marrakech\/\" class=\"plain\">\n\t\t\t\t<div class=\"box box-shade dark box-text-bottom box-blog-post has-hover\">\n            \t\t\t\t\t<div class=\"box-image\" >\n  \t\t\t\t\t\t<div class=\"image-overlay-remove image-cover\" style=\"padding-top:56%;\">\n  \t\t\t\t\t\t\t<img loading=\"lazy\" decoding=\"async\" width=\"770\" height=\"508\" src=\"https:\/\/sosmedecinmarrakech.com\/wp-content\/uploads\/2024\/07\/Bacteries.png\" class=\"attachment-large size-large wp-post-image\" alt=\"Bact\u00e9ries\" srcset=\"https:\/\/sosmedecinmarrakech.com\/wp-content\/uploads\/2024\/07\/Bacteries.png 770w, https:\/\/sosmedecinmarrakech.com\/wp-content\/uploads\/2024\/07\/Bacteries-606x400.png 606w, https:\/\/sosmedecinmarrakech.com\/wp-content\/uploads\/2024\/07\/Bacteries-768x507.png 768w\" sizes=\"auto, (max-width: 770px) 100vw, 770px\" \/>  \t\t\t\t\t\t\t<div class=\"overlay\" style=\"background-color: rgba(0, 0, 0, 0.09)\"><\/div>  \t\t\t\t\t\t\t<div class=\"shade\"><\/div>  \t\t\t\t\t\t<\/div>\n  \t\t\t\t\t\t  \t\t\t\t\t<\/div><!-- .box-image -->\n          \t\t\t\t\t<div class=\"box-text show-on-hover hover-bounce text-center is-large\" style=\"padding:10% 0px 10% 0px;\">\n\t\t\t\t\t<div class=\"box-text-inner blog-post-inner\">\n\n\t\t\t\t\t\n\t\t\t\t\t\t\t\t\t\t\t<p class=\"cat-label tag-label is-xxsmall op-7 uppercase\">\n\t\t\t\t\tM\u00e9decin \u00e0 domicile M\u00e9decin de garde medecin de nuit pr\u00e9l\u00e8vement sos SOS M\u00e9decin Marrakech tests m\u00e9dicaux urgentiste urgentistes \t\t\t\t\t<\/p>\n\t\t\t\t\t\t\t\t\t\t<h5 class=\"post-title is-larger \">Les Bact\u00e9ries et leur Prise en Charge par SOS M\u00e9DECINS MARRAKECH<\/h5>\n\t\t\t\t\t<div class=\"post-meta is-small op-8\">julio 26, 2024<\/div>\t\t\t\t\t<div class=\"is-divider\"><\/div>\n\t\t\t\t\t                    \n\t\t\t\t\t\n\t\t\t\t\t\n\t\t\t\t\t<\/div><!-- .box-text-inner -->\n\t\t\t\t\t<\/div><!-- .box-text -->\n\t\t\t\t\t\t\t\t\t<\/div><!-- .box -->\n\t\t\t\t<\/a><!-- .link -->\n\t\t\t<\/div><!-- .col-inner -->\n\t\t<\/div><!-- .col -->\n<\/div>\n<\/div><\/div>\n\n<style scope=\"scope\">\n\n<\/style>\n<\/div>\n\t\t<\/div><!-- .section-content -->\n\n\t\t\n<style scope=\"scope\">\n\n#section_1196706639 {\n  padding-top: 30px;\n  padding-bottom: 30px;\n  background-color: rgb(50, 50, 50);\n}\n#section_1196706639 .section-bg-overlay {\n  background-color: rgba(0, 0, 0, 0.63);\n}\n#section_1196706639 .section-bg.bg-loaded {\n  background-image: url(https:\/\/sosmedecinmarrakech.com\/wp-content\/uploads\/2016\/08\/dummy-2.jpg);\n}\n<\/style>\n\t<\/section>\n\t\n\t<section class=\"section\" id=\"section_2112792486\">\n\t\t<div class=\"bg section-bg fill bg-fill  bg-loaded\" >\n\n\t\t\t\n\t\t\t\n\t\t\t\n\n\t\t<\/div><!-- .section-bg -->\n\n\t\t<div class=\"section-content relative\">\n\t\t\t\n<div class=\"container section-title-container\" ><h3 class=\"section-title section-title-center\"><b><\/b><span class=\"section-title-main\" style=\"font-size:undefined%;\">Default Style<\/span><b><\/b><\/h3><\/div><!-- .section-title -->\n\n  \n    <div class=\"row large-columns-3 medium-columns- small-columns-1 slider row-slider slider-nav-reveal slider-nav-push\"  data-flickity-options='{\"imagesLoaded\": true, \"groupCells\": \"100%\", \"dragThreshold\" : 5, \"cellAlign\": \"left\",\"wrapAround\": true,\"prevNextButtons\": true,\"percentPosition\": true,\"pageDots\": false, \"rightToLeft\": false, \"autoPlay\" : false}'>\n\n  \t\t<div class=\"col post-item\" >\n\t\t\t<div class=\"col-inner\">\n\t\t\t<a href=\"https:\/\/sosmedecinmarrakech.com\/es\/infections-virales-comprendre-et-agir\/\" class=\"plain\">\n\t\t\t\t<div class=\"box box-normal box-text-bottom box-blog-post has-hover\">\n            \t\t\t\t\t<div class=\"box-image\" >\n  \t\t\t\t\t\t<div class=\"image-cover\" style=\"padding-top:56.25%;\">\n  \t\t\t\t\t\t\t<img loading=\"lazy\" decoding=\"async\" width=\"600\" height=\"400\" src=\"https:\/\/sosmedecinmarrakech.com\/wp-content\/uploads\/2024\/10\/Infections-Virales.jpg\" class=\"attachment-medium size-medium wp-post-image\" alt=\"Infections Virales\" \/>  \t\t\t\t\t\t\t  \t\t\t\t\t\t\t  \t\t\t\t\t\t<\/div>\n  \t\t\t\t\t\t  \t\t\t\t\t<\/div><!-- .box-image -->\n          \t\t\t\t\t<div class=\"box-text text-center\" >\n\t\t\t\t\t<div class=\"box-text-inner blog-post-inner\">\n\n\t\t\t\t\t\n\t\t\t\t\t\t\t\t\t\t<h5 class=\"post-title is-large \">Infections Virales : Comprendre et Agir<\/h5>\n\t\t\t\t\t\t\t\t\t\t<div class=\"is-divider\"><\/div>\n\t\t\t\t\t\t\t\t\t\t<p class=\"from_the_blog_excerpt \">Les infections virales sont des maladies caus\u00e9es par des virus, agents pathog\u00e8nes microscopiques qui se [...]\t\t\t\t\t<\/p>\n\t\t\t\t\t                    \n\t\t\t\t\t\n\t\t\t\t\t\n\t\t\t\t\t<\/div><!-- .box-text-inner -->\n\t\t\t\t\t<\/div><!-- .box-text -->\n\t\t\t\t\t\t\t\t\t\t\t\t\t\t\t\t<div class=\"badge absolute top post-date badge-outline\">\n\t\t\t\t\t\t\t<div class=\"badge-inner\">\n\t\t\t\t\t\t\t\t<span class=\"post-date-day\">07<\/span><br>\n\t\t\t\t\t\t\t\t<span class=\"post-date-month is-xsmall\">Oct<\/span>\n\t\t\t\t\t\t\t<\/div>\n\t\t\t\t\t\t<\/div>\n\t\t\t\t\t\t\t\t\t<\/div><!-- .box -->\n\t\t\t\t<\/a><!-- .link -->\n\t\t\t<\/div><!-- .col-inner -->\n\t\t<\/div><!-- .col -->\n\t\t<div class=\"col post-item\" >\n\t\t\t<div class=\"col-inner\">\n\t\t\t<a href=\"https:\/\/sosmedecinmarrakech.com\/es\/bronchite\/\" class=\"plain\">\n\t\t\t\t<div class=\"box box-normal box-text-bottom box-blog-post has-hover\">\n            \t\t\t\t\t<div class=\"box-image\" >\n  \t\t\t\t\t\t<div class=\"image-cover\" style=\"padding-top:56.25%;\">\n  \t\t\t\t\t\t\t<img loading=\"lazy\" decoding=\"async\" width=\"704\" height=\"396\" src=\"https:\/\/sosmedecinmarrakech.com\/wp-content\/uploads\/2024\/10\/Bronchite.webp\" class=\"attachment-medium size-medium wp-post-image\" alt=\"Bronchite\" \/>  \t\t\t\t\t\t\t  \t\t\t\t\t\t\t  \t\t\t\t\t\t<\/div>\n  \t\t\t\t\t\t  \t\t\t\t\t<\/div><!-- .box-image -->\n          \t\t\t\t\t<div class=\"box-text text-center\" >\n\t\t\t\t\t<div class=\"box-text-inner blog-post-inner\">\n\n\t\t\t\t\t\n\t\t\t\t\t\t\t\t\t\t<h5 class=\"post-title is-large \">Comprendre la Bronchite : Sympt\u00f4mes et Solutions<\/h5>\n\t\t\t\t\t\t\t\t\t\t<div class=\"is-divider\"><\/div>\n\t\t\t\t\t\t\t\t\t\t<p class=\"from_the_blog_excerpt \">La bronchite est une inflammation des bronches qui peut provoquer une toux persistante, des douleurs [...]\t\t\t\t\t<\/p>\n\t\t\t\t\t                    \n\t\t\t\t\t\n\t\t\t\t\t\n\t\t\t\t\t<\/div><!-- .box-text-inner -->\n\t\t\t\t\t<\/div><!-- .box-text -->\n\t\t\t\t\t\t\t\t\t\t\t\t\t\t\t\t<div class=\"badge absolute top post-date badge-outline\">\n\t\t\t\t\t\t\t<div class=\"badge-inner\">\n\t\t\t\t\t\t\t\t<span class=\"post-date-day\">07<\/span><br>\n\t\t\t\t\t\t\t\t<span class=\"post-date-month is-xsmall\">Oct<\/span>\n\t\t\t\t\t\t\t<\/div>\n\t\t\t\t\t\t<\/div>\n\t\t\t\t\t\t\t\t\t<\/div><!-- .box -->\n\t\t\t\t<\/a><!-- .link -->\n\t\t\t<\/div><!-- .col-inner -->\n\t\t<\/div><!-- .col -->\n\t\t<div class=\"col post-item\" >\n\t\t\t<div class=\"col-inner\">\n\t\t\t<a href=\"https:\/\/sosmedecinmarrakech.com\/es\/grippe-et-son-association-avec-un-nombre-plus-eleve-dinfarctus-du-myocarde\/\" class=\"plain\">\n\t\t\t\t<div class=\"box box-normal box-text-bottom box-blog-post has-hover\">\n            \t\t\t\t\t<div class=\"box-image\" >\n  \t\t\t\t\t\t<div class=\"image-cover\" style=\"padding-top:56.25%;\">\n  \t\t\t\t\t\t\t<img loading=\"lazy\" decoding=\"async\" width=\"288\" height=\"175\" src=\"https:\/\/sosmedecinmarrakech.com\/wp-content\/uploads\/2024\/10\/grippe.jpg\" class=\"attachment-medium size-medium wp-post-image\" alt=\"Grippe\" \/>  \t\t\t\t\t\t\t  \t\t\t\t\t\t\t  \t\t\t\t\t\t<\/div>\n  \t\t\t\t\t\t  \t\t\t\t\t<\/div><!-- .box-image -->\n          \t\t\t\t\t<div class=\"box-text text-center\" >\n\t\t\t\t\t<div class=\"box-text-inner blog-post-inner\">\n\n\t\t\t\t\t\n\t\t\t\t\t\t\t\t\t\t<h5 class=\"post-title is-large \">La Grippe et Son Association avec un Nombre Plus \u00c9lev\u00e9 d\u2019Infarctus du Myocarde<\/h5>\n\t\t\t\t\t\t\t\t\t\t<div class=\"is-divider\"><\/div>\n\t\t\t\t\t\t\t\t\t\t<p class=\"from_the_blog_excerpt \">La grippe, une infection virale saisonni\u00e8re, est souvent consid\u00e9r\u00e9e comme une simple maladie respiratoire. Cependant, [...]\t\t\t\t\t<\/p>\n\t\t\t\t\t                    \n\t\t\t\t\t\n\t\t\t\t\t\n\t\t\t\t\t<\/div><!-- .box-text-inner -->\n\t\t\t\t\t<\/div><!-- .box-text -->\n\t\t\t\t\t\t\t\t\t\t\t\t\t\t\t\t<div class=\"badge absolute top post-date badge-outline\">\n\t\t\t\t\t\t\t<div class=\"badge-inner\">\n\t\t\t\t\t\t\t\t<span class=\"post-date-day\">06<\/span><br>\n\t\t\t\t\t\t\t\t<span class=\"post-date-month is-xsmall\">Oct<\/span>\n\t\t\t\t\t\t\t<\/div>\n\t\t\t\t\t\t<\/div>\n\t\t\t\t\t\t\t\t\t<\/div><!-- .box -->\n\t\t\t\t<\/a><!-- .link -->\n\t\t\t<\/div><!-- .col-inner -->\n\t\t<\/div><!-- .col -->\n\t\t<div class=\"col post-item\" >\n\t\t\t<div class=\"col-inner\">\n\t\t\t<a href=\"https:\/\/sosmedecinmarrakech.com\/es\/imjudo-un-nuevo-farmaco-hospitalario-para-el-tratamiento-del-cancer-de-higado-y-pulmon\/\" class=\"plain\">\n\t\t\t\t<div class=\"box box-normal box-text-bottom box-blog-post has-hover\">\n            \t\t\t\t\t<div class=\"box-image\" >\n  \t\t\t\t\t\t<div class=\"image-cover\" style=\"padding-top:56.25%;\">\n  \t\t\t\t\t\t\t<img loading=\"lazy\" decoding=\"async\" width=\"300\" height=\"168\" src=\"https:\/\/sosmedecinmarrakech.com\/wp-content\/uploads\/2024\/10\/IMJUDO-2.jpg\" class=\"attachment-medium size-medium wp-post-image\" alt=\"IMJUDO\" \/>  \t\t\t\t\t\t\t  \t\t\t\t\t\t\t  \t\t\t\t\t\t<\/div>\n  \t\t\t\t\t\t  \t\t\t\t\t<\/div><!-- .box-image -->\n          \t\t\t\t\t<div class=\"box-text text-center\" >\n\t\t\t\t\t<div class=\"box-text-inner blog-post-inner\">\n\n\t\t\t\t\t\n\t\t\t\t\t\t\t\t\t\t<h5 class=\"post-title is-large \">IMJUDO : Nouveau M\u00e9dicament Hospitalier dans le Traitement des Cancers du Foie et du Poumon<\/h5>\n\t\t\t\t\t\t\t\t\t\t<div class=\"is-divider\"><\/div>\n\t\t\t\t\t\t\t\t\t\t<p class=\"from_the_blog_excerpt \">IMJUDO, un m\u00e9dicament r\u00e9cemment introduit dans le cadre des traitements hospitaliers, suscite un grand int\u00e9r\u00eat [...]\t\t\t\t\t<\/p>\n\t\t\t\t\t                    \n\t\t\t\t\t\n\t\t\t\t\t\n\t\t\t\t\t<\/div><!-- .box-text-inner -->\n\t\t\t\t\t<\/div><!-- .box-text -->\n\t\t\t\t\t\t\t\t\t\t\t\t\t\t\t\t<div class=\"badge absolute top post-date badge-outline\">\n\t\t\t\t\t\t\t<div class=\"badge-inner\">\n\t\t\t\t\t\t\t\t<span class=\"post-date-day\">06<\/span><br>\n\t\t\t\t\t\t\t\t<span class=\"post-date-month is-xsmall\">Oct<\/span>\n\t\t\t\t\t\t\t<\/div>\n\t\t\t\t\t\t<\/div>\n\t\t\t\t\t\t\t\t\t<\/div><!-- .box -->\n\t\t\t\t<\/a><!-- .link -->\n\t\t\t<\/div><!-- .col-inner -->\n\t\t<\/div><!-- .col -->\n\t\t<div class=\"col post-item\" >\n\t\t\t<div class=\"col-inner\">\n\t\t\t<a href=\"https:\/\/sosmedecinmarrakech.com\/es\/tension-des-formes-injectables\/\" class=\"plain\">\n\t\t\t\t<div class=\"box box-normal box-text-bottom box-blog-post has-hover\">\n            \t\t\t\t\t<div class=\"box-image\" >\n  \t\t\t\t\t\t<div class=\"image-cover\" style=\"padding-top:56.25%;\">\n  \t\t\t\t\t\t\t<img loading=\"lazy\" decoding=\"async\" width=\"628\" height=\"400\" src=\"https:\/\/sosmedecinmarrakech.com\/wp-content\/uploads\/2024\/10\/Tension-des-Formes-Injectables-628x400.webp\" class=\"attachment-medium size-medium wp-post-image\" alt=\"Tension des Formes Injectables\" srcset=\"https:\/\/sosmedecinmarrakech.com\/wp-content\/uploads\/2024\/10\/Tension-des-Formes-Injectables-628x400.webp 628w, https:\/\/sosmedecinmarrakech.com\/wp-content\/uploads\/2024\/10\/Tension-des-Formes-Injectables-1256x800.webp 1256w, https:\/\/sosmedecinmarrakech.com\/wp-content\/uploads\/2024\/10\/Tension-des-Formes-Injectables-768x489.webp 768w, https:\/\/sosmedecinmarrakech.com\/wp-content\/uploads\/2024\/10\/Tension-des-Formes-Injectables.webp 1444w\" sizes=\"auto, (max-width: 628px) 100vw, 628px\" \/>  \t\t\t\t\t\t\t  \t\t\t\t\t\t\t  \t\t\t\t\t\t<\/div>\n  \t\t\t\t\t\t  \t\t\t\t\t<\/div><!-- .box-image -->\n          \t\t\t\t\t<div class=\"box-text text-center\" >\n\t\t\t\t\t<div class=\"box-text-inner blog-post-inner\">\n\n\t\t\t\t\t\n\t\t\t\t\t\t\t\t\t\t<h5 class=\"post-title is-large \">Tension des Formes Injectables\/Buvables de Vitamine B12 : Passer au Comprim\u00e9 quand la Voie Orale est Possible<\/h5>\n\t\t\t\t\t\t\t\t\t\t<div class=\"is-divider\"><\/div>\n\t\t\t\t\t\t\t\t\t\t<p class=\"from_the_blog_excerpt \">La vitamine B12 est essentielle pour la sant\u00e9 neurologique la Tension des Formes Injectables et [...]\t\t\t\t\t<\/p>\n\t\t\t\t\t                    \n\t\t\t\t\t\n\t\t\t\t\t\n\t\t\t\t\t<\/div><!-- .box-text-inner -->\n\t\t\t\t\t<\/div><!-- .box-text -->\n\t\t\t\t\t\t\t\t\t\t\t\t\t\t\t\t<div class=\"badge absolute top post-date badge-outline\">\n\t\t\t\t\t\t\t<div class=\"badge-inner\">\n\t\t\t\t\t\t\t\t<span class=\"post-date-day\">06<\/span><br>\n\t\t\t\t\t\t\t\t<span class=\"post-date-month is-xsmall\">Oct<\/span>\n\t\t\t\t\t\t\t<\/div>\n\t\t\t\t\t\t<\/div>\n\t\t\t\t\t\t\t\t\t<\/div><!-- .box -->\n\t\t\t\t<\/a><!-- .link -->\n\t\t\t<\/div><!-- .col-inner -->\n\t\t<\/div><!-- .col -->\n\t\t<div class=\"col post-item\" >\n\t\t\t<div class=\"col-inner\">\n\t\t\t<a href=\"https:\/\/sosmedecinmarrakech.com\/es\/infections-a-vrs\/\" class=\"plain\">\n\t\t\t\t<div class=\"box box-normal box-text-bottom box-blog-post has-hover\">\n            \t\t\t\t\t<div class=\"box-image\" >\n  \t\t\t\t\t\t<div class=\"image-cover\" style=\"padding-top:56.25%;\">\n  \t\t\t\t\t\t\t<img loading=\"lazy\" decoding=\"async\" width=\"711\" height=\"400\" src=\"https:\/\/sosmedecinmarrakech.com\/wp-content\/uploads\/2024\/10\/Infections-a-VRS-711x400.jpg\" class=\"attachment-medium size-medium wp-post-image\" alt=\"Infections \u00e0 VRS\" srcset=\"https:\/\/sosmedecinmarrakech.com\/wp-content\/uploads\/2024\/10\/Infections-a-VRS-711x400.jpg 711w, https:\/\/sosmedecinmarrakech.com\/wp-content\/uploads\/2024\/10\/Infections-a-VRS-768x432.jpg 768w, https:\/\/sosmedecinmarrakech.com\/wp-content\/uploads\/2024\/10\/Infections-a-VRS.jpg 771w\" sizes=\"auto, (max-width: 711px) 100vw, 711px\" \/>  \t\t\t\t\t\t\t  \t\t\t\t\t\t\t  \t\t\t\t\t\t<\/div>\n  \t\t\t\t\t\t  \t\t\t\t\t<\/div><!-- .box-image -->\n          \t\t\t\t\t<div class=\"box-text text-center\" >\n\t\t\t\t\t<div class=\"box-text-inner blog-post-inner\">\n\n\t\t\t\t\t\n\t\t\t\t\t\t\t\t\t\t<h5 class=\"post-title is-large \">Pr\u00e9vention des Infections \u00e0 VRS chez les Personnes \u00c2g\u00e9es : Faut-il Vacciner ?<\/h5>\n\t\t\t\t\t\t\t\t\t\t<div class=\"is-divider\"><\/div>\n\t\t\t\t\t\t\t\t\t\t<p class=\"from_the_blog_excerpt \">Les Infections \u00e0 VRS \u00e0 virus respiratoire syncytial (VRS) sont souvent consid\u00e9r\u00e9es comme des affections [...]\t\t\t\t\t<\/p>\n\t\t\t\t\t                    \n\t\t\t\t\t\n\t\t\t\t\t\n\t\t\t\t\t<\/div><!-- .box-text-inner -->\n\t\t\t\t\t<\/div><!-- .box-text -->\n\t\t\t\t\t\t\t\t\t\t\t\t\t\t\t\t<div class=\"badge absolute top post-date badge-outline\">\n\t\t\t\t\t\t\t<div class=\"badge-inner\">\n\t\t\t\t\t\t\t\t<span class=\"post-date-day\">06<\/span><br>\n\t\t\t\t\t\t\t\t<span class=\"post-date-month is-xsmall\">Oct<\/span>\n\t\t\t\t\t\t\t<\/div>\n\t\t\t\t\t\t<\/div>\n\t\t\t\t\t\t\t\t\t<\/div><!-- .box -->\n\t\t\t\t<\/a><!-- .link -->\n\t\t\t<\/div><!-- .col-inner -->\n\t\t<\/div><!-- .col -->\n\t\t<div class=\"col post-item\" >\n\t\t\t<div class=\"col-inner\">\n\t\t\t<a href=\"https:\/\/sosmedecinmarrakech.com\/es\/biopsies-un-outil-cle-en-medecine\/\" class=\"plain\">\n\t\t\t\t<div class=\"box box-normal box-text-bottom box-blog-post has-hover\">\n            \t\t\t\t\t<div class=\"box-image\" >\n  \t\t\t\t\t\t<div class=\"image-cover\" style=\"padding-top:56.25%;\">\n  \t\t\t\t\t\t\t<img loading=\"lazy\" decoding=\"async\" width=\"713\" height=\"400\" src=\"https:\/\/sosmedecinmarrakech.com\/wp-content\/uploads\/2024\/10\/Biopsies-713x400.jpg\" class=\"attachment-medium size-medium wp-post-image\" alt=\"Biopsies\" srcset=\"https:\/\/sosmedecinmarrakech.com\/wp-content\/uploads\/2024\/10\/Biopsies-713x400.jpg 713w, https:\/\/sosmedecinmarrakech.com\/wp-content\/uploads\/2024\/10\/Biopsies-768x431.jpg 768w, https:\/\/sosmedecinmarrakech.com\/wp-content\/uploads\/2024\/10\/Biopsies.jpg 1000w\" sizes=\"auto, (max-width: 713px) 100vw, 713px\" \/>  \t\t\t\t\t\t\t  \t\t\t\t\t\t\t  \t\t\t\t\t\t<\/div>\n  \t\t\t\t\t\t  \t\t\t\t\t<\/div><!-- .box-image -->\n          \t\t\t\t\t<div class=\"box-text text-center\" >\n\t\t\t\t\t<div class=\"box-text-inner blog-post-inner\">\n\n\t\t\t\t\t\n\t\t\t\t\t\t\t\t\t\t<h5 class=\"post-title is-large \">Biopsies : Un Outil Cl\u00e9 en M\u00e9decine<\/h5>\n\t\t\t\t\t\t\t\t\t\t<div class=\"is-divider\"><\/div>\n\t\t\t\t\t\t\t\t\t\t<p class=\"from_the_blog_excerpt \">La biopsies est une proc\u00e9dure m\u00e9dicale essentielle qui consiste \u00e0 pr\u00e9lever un \u00e9chantillon de tissu [...]\t\t\t\t\t<\/p>\n\t\t\t\t\t                    \n\t\t\t\t\t\n\t\t\t\t\t\n\t\t\t\t\t<\/div><!-- .box-text-inner -->\n\t\t\t\t\t<\/div><!-- .box-text -->\n\t\t\t\t\t\t\t\t\t\t\t\t\t\t\t\t<div class=\"badge absolute top post-date badge-outline\">\n\t\t\t\t\t\t\t<div class=\"badge-inner\">\n\t\t\t\t\t\t\t\t<span class=\"post-date-day\">06<\/span><br>\n\t\t\t\t\t\t\t\t<span class=\"post-date-month is-xsmall\">Oct<\/span>\n\t\t\t\t\t\t\t<\/div>\n\t\t\t\t\t\t<\/div>\n\t\t\t\t\t\t\t\t\t<\/div><!-- .box -->\n\t\t\t\t<\/a><!-- .link -->\n\t\t\t<\/div><!-- .col-inner -->\n\t\t<\/div><!-- .col -->\n\t\t<div class=\"col post-item\" >\n\t\t\t<div class=\"col-inner\">\n\t\t\t<a href=\"https:\/\/sosmedecinmarrakech.com\/es\/cancer-de-la-prostate\/\" class=\"plain\">\n\t\t\t\t<div class=\"box box-normal box-text-bottom box-blog-post has-hover\">\n            \t\t\t\t\t<div class=\"box-image\" >\n  \t\t\t\t\t\t<div class=\"image-cover\" style=\"padding-top:56.25%;\">\n  \t\t\t\t\t\t\t<img loading=\"lazy\" decoding=\"async\" width=\"309\" height=\"203\" src=\"https:\/\/sosmedecinmarrakech.com\/wp-content\/uploads\/2024\/07\/Cancer-de-la-Prostate.jpg\" class=\"attachment-medium size-medium wp-post-image\" alt=\"Cancer de la Prostate\" \/>  \t\t\t\t\t\t\t  \t\t\t\t\t\t\t  \t\t\t\t\t\t<\/div>\n  \t\t\t\t\t\t  \t\t\t\t\t<\/div><!-- .box-image -->\n          \t\t\t\t\t<div class=\"box-text text-center\" >\n\t\t\t\t\t<div class=\"box-text-inner blog-post-inner\">\n\n\t\t\t\t\t\n\t\t\t\t\t\t\t\t\t\t<h5 class=\"post-title is-large \">Cancer de la Prostate : D\u00e9tection Pr\u00e9coce et Soutien de SOS M\u00e9decins \u00e0 Domicile Marrakech<\/h5>\n\t\t\t\t\t\t\t\t\t\t<div class=\"is-divider\"><\/div>\n\t\t\t\t\t\t\t\t\t\t<p class=\"from_the_blog_excerpt \">Le cancer de la prostate est l&rsquo;un des cancers les plus courants chez les hommes, [...]\t\t\t\t\t<\/p>\n\t\t\t\t\t                    \n\t\t\t\t\t\n\t\t\t\t\t\n\t\t\t\t\t<\/div><!-- .box-text-inner -->\n\t\t\t\t\t<\/div><!-- .box-text -->\n\t\t\t\t\t\t\t\t\t\t\t\t\t\t\t\t<div class=\"badge absolute top post-date badge-outline\">\n\t\t\t\t\t\t\t<div class=\"badge-inner\">\n\t\t\t\t\t\t\t\t<span class=\"post-date-day\">28<\/span><br>\n\t\t\t\t\t\t\t\t<span class=\"post-date-month is-xsmall\">Jul<\/span>\n\t\t\t\t\t\t\t<\/div>\n\t\t\t\t\t\t<\/div>\n\t\t\t\t\t\t\t\t\t<\/div><!-- .box -->\n\t\t\t\t<\/a><!-- .link -->\n\t\t\t<\/div><!-- .col-inner -->\n\t\t<\/div><!-- .col -->\n\t\t<div class=\"col post-item\" >\n\t\t\t<div class=\"col-inner\">\n\t\t\t<a href=\"https:\/\/sosmedecinmarrakech.com\/es\/cancer-des-seins\/\" class=\"plain\">\n\t\t\t\t<div class=\"box box-normal box-text-bottom box-blog-post has-hover\">\n            \t\t\t\t\t<div class=\"box-image\" >\n  \t\t\t\t\t\t<div class=\"image-cover\" style=\"padding-top:56.25%;\">\n  \t\t\t\t\t\t\t<img loading=\"lazy\" decoding=\"async\" width=\"574\" height=\"400\" src=\"https:\/\/sosmedecinmarrakech.com\/wp-content\/uploads\/2024\/07\/Cancer-des-seins-574x400.jpg\" class=\"attachment-medium size-medium wp-post-image\" alt=\"Cancer des seins\" srcset=\"https:\/\/sosmedecinmarrakech.com\/wp-content\/uploads\/2024\/07\/Cancer-des-seins-574x400.jpg 574w, https:\/\/sosmedecinmarrakech.com\/wp-content\/uploads\/2024\/07\/Cancer-des-seins.jpg 750w\" sizes=\"auto, (max-width: 574px) 100vw, 574px\" \/>  \t\t\t\t\t\t\t  \t\t\t\t\t\t\t  \t\t\t\t\t\t<\/div>\n  \t\t\t\t\t\t  \t\t\t\t\t<\/div><!-- .box-image -->\n          \t\t\t\t\t<div class=\"box-text text-center\" >\n\t\t\t\t\t<div class=\"box-text-inner blog-post-inner\">\n\n\t\t\t\t\t\n\t\t\t\t\t\t\t\t\t\t<h5 class=\"post-title is-large \">Cancer des seins : Importance de la D\u00e9tection Pr\u00e9coce et R\u00f4le de SOS M\u00e9decins \u00e0 Domicile \u00e0 Marrakech<\/h5>\n\t\t\t\t\t\t\t\t\t\t<div class=\"is-divider\"><\/div>\n\t\t\t\t\t\t\t\t\t\t<p class=\"from_the_blog_excerpt \">Le cancer des seins est une maladie qui touche de nombreuses femmes dans le monde, [...]\t\t\t\t\t<\/p>\n\t\t\t\t\t                    \n\t\t\t\t\t\n\t\t\t\t\t\n\t\t\t\t\t<\/div><!-- .box-text-inner -->\n\t\t\t\t\t<\/div><!-- .box-text -->\n\t\t\t\t\t\t\t\t\t\t\t\t\t\t\t\t<div class=\"badge absolute top post-date badge-outline\">\n\t\t\t\t\t\t\t<div class=\"badge-inner\">\n\t\t\t\t\t\t\t\t<span class=\"post-date-day\">28<\/span><br>\n\t\t\t\t\t\t\t\t<span class=\"post-date-month is-xsmall\">Jul<\/span>\n\t\t\t\t\t\t\t<\/div>\n\t\t\t\t\t\t<\/div>\n\t\t\t\t\t\t\t\t\t<\/div><!-- .box -->\n\t\t\t\t<\/a><!-- .link -->\n\t\t\t<\/div><!-- .col-inner -->\n\t\t<\/div><!-- .col -->\n\t\t<div class=\"col post-item\" >\n\t\t\t<div class=\"col-inner\">\n\t\t\t<a href=\"https:\/\/sosmedecinmarrakech.com\/es\/eczema-atopique\/\" class=\"plain\">\n\t\t\t\t<div class=\"box box-normal box-text-bottom box-blog-post has-hover\">\n            \t\t\t\t\t<div class=\"box-image\" >\n  \t\t\t\t\t\t<div class=\"image-cover\" style=\"padding-top:56.25%;\">\n  \t\t\t\t\t\t\t<img loading=\"lazy\" decoding=\"async\" width=\"595\" height=\"400\" src=\"https:\/\/sosmedecinmarrakech.com\/wp-content\/uploads\/2024\/07\/eczema-atopique-1-595x400.jpg\" class=\"attachment-medium size-medium wp-post-image\" alt=\"ecz\u00e9ma atopique\" srcset=\"https:\/\/sosmedecinmarrakech.com\/wp-content\/uploads\/2024\/07\/eczema-atopique-1-595x400.jpg 595w, https:\/\/sosmedecinmarrakech.com\/wp-content\/uploads\/2024\/07\/eczema-atopique-1.jpg 640w\" sizes=\"auto, (max-width: 595px) 100vw, 595px\" \/>  \t\t\t\t\t\t\t  \t\t\t\t\t\t\t  \t\t\t\t\t\t<\/div>\n  \t\t\t\t\t\t  \t\t\t\t\t<\/div><!-- .box-image -->\n          \t\t\t\t\t<div class=\"box-text text-center\" >\n\t\t\t\t\t<div class=\"box-text-inner blog-post-inner\">\n\n\t\t\t\t\t\n\t\t\t\t\t\t\t\t\t\t<h5 class=\"post-title is-large \">L&rsquo;ecz\u00e9ma atopique : Comment SOS M\u00e9decins Marrakech peut aider<\/h5>\n\t\t\t\t\t\t\t\t\t\t<div class=\"is-divider\"><\/div>\n\t\t\t\t\t\t\t\t\t\t<p class=\"from_the_blog_excerpt \">L&rsquo;ecz\u00e9ma atopique est une maladie chronique de la peau qui provoque des d\u00e9mangeaisons, des rougeurs [...]\t\t\t\t\t<\/p>\n\t\t\t\t\t                    \n\t\t\t\t\t\n\t\t\t\t\t\n\t\t\t\t\t<\/div><!-- .box-text-inner -->\n\t\t\t\t\t<\/div><!-- .box-text -->\n\t\t\t\t\t\t\t\t\t\t\t\t\t\t\t\t<div class=\"badge absolute top post-date badge-outline\">\n\t\t\t\t\t\t\t<div class=\"badge-inner\">\n\t\t\t\t\t\t\t\t<span class=\"post-date-day\">26<\/span><br>\n\t\t\t\t\t\t\t\t<span class=\"post-date-month is-xsmall\">Jul<\/span>\n\t\t\t\t\t\t\t<\/div>\n\t\t\t\t\t\t<\/div>\n\t\t\t\t\t\t\t\t\t<\/div><!-- .box -->\n\t\t\t\t<\/a><!-- .link -->\n\t\t\t<\/div><!-- .col-inner -->\n\t\t<\/div><!-- .col -->\n\t\t<div class=\"col post-item\" >\n\t\t\t<div class=\"col-inner\">\n\t\t\t<a href=\"https:\/\/sosmedecinmarrakech.com\/es\/dommages-aux-tissus\/\" class=\"plain\">\n\t\t\t\t<div class=\"box box-normal box-text-bottom box-blog-post has-hover\">\n            \t\t\t\t\t<div class=\"box-image\" >\n  \t\t\t\t\t\t<div class=\"image-cover\" style=\"padding-top:56.25%;\">\n  \t\t\t\t\t\t\t<img loading=\"lazy\" decoding=\"async\" width=\"600\" height=\"400\" src=\"https:\/\/sosmedecinmarrakech.com\/wp-content\/uploads\/2024\/07\/Dommages-aux-tissus-600x400.jpg\" class=\"attachment-medium size-medium wp-post-image\" alt=\"Dommages aux tissus\" srcset=\"https:\/\/sosmedecinmarrakech.com\/wp-content\/uploads\/2024\/07\/Dommages-aux-tissus-600x400.jpg 600w, https:\/\/sosmedecinmarrakech.com\/wp-content\/uploads\/2024\/07\/Dommages-aux-tissus.jpg 758w\" sizes=\"auto, (max-width: 600px) 100vw, 600px\" \/>  \t\t\t\t\t\t\t  \t\t\t\t\t\t\t  \t\t\t\t\t\t<\/div>\n  \t\t\t\t\t\t  \t\t\t\t\t<\/div><!-- .box-image -->\n          \t\t\t\t\t<div class=\"box-text text-center\" >\n\t\t\t\t\t<div class=\"box-text-inner blog-post-inner\">\n\n\t\t\t\t\t\n\t\t\t\t\t\t\t\t\t\t<h5 class=\"post-title is-large \">Dommages aux tissus : SOS M\u00e9decins Marrakech \u00e0 votre secours<\/h5>\n\t\t\t\t\t\t\t\t\t\t<div class=\"is-divider\"><\/div>\n\t\t\t\t\t\t\t\t\t\t<p class=\"from_the_blog_excerpt \">Les dommages aux tissus peuvent r\u00e9sulter de diverses situations, telles que des blessures sportives, des [...]\t\t\t\t\t<\/p>\n\t\t\t\t\t                    \n\t\t\t\t\t\n\t\t\t\t\t\n\t\t\t\t\t<\/div><!-- .box-text-inner -->\n\t\t\t\t\t<\/div><!-- .box-text -->\n\t\t\t\t\t\t\t\t\t\t\t\t\t\t\t\t<div class=\"badge absolute top post-date badge-outline\">\n\t\t\t\t\t\t\t<div class=\"badge-inner\">\n\t\t\t\t\t\t\t\t<span class=\"post-date-day\">26<\/span><br>\n\t\t\t\t\t\t\t\t<span class=\"post-date-month is-xsmall\">Jul<\/span>\n\t\t\t\t\t\t\t<\/div>\n\t\t\t\t\t\t<\/div>\n\t\t\t\t\t\t\t\t\t<\/div><!-- .box -->\n\t\t\t\t<\/a><!-- .link -->\n\t\t\t<\/div><!-- .col-inner -->\n\t\t<\/div><!-- .col -->\n\t\t<div class=\"col post-item\" >\n\t\t\t<div class=\"col-inner\">\n\t\t\t<a href=\"https:\/\/sosmedecinmarrakech.com\/es\/bacteries-contact-sos-medecins-marrakech\/\" class=\"plain\">\n\t\t\t\t<div class=\"box box-normal box-text-bottom box-blog-post has-hover\">\n            \t\t\t\t\t<div class=\"box-image\" >\n  \t\t\t\t\t\t<div class=\"image-cover\" style=\"padding-top:56.25%;\">\n  \t\t\t\t\t\t\t<img loading=\"lazy\" decoding=\"async\" width=\"606\" height=\"400\" src=\"https:\/\/sosmedecinmarrakech.com\/wp-content\/uploads\/2024\/07\/Bacteries-606x400.png\" class=\"attachment-medium size-medium wp-post-image\" alt=\"Bact\u00e9ries\" srcset=\"https:\/\/sosmedecinmarrakech.com\/wp-content\/uploads\/2024\/07\/Bacteries-606x400.png 606w, https:\/\/sosmedecinmarrakech.com\/wp-content\/uploads\/2024\/07\/Bacteries-768x507.png 768w, https:\/\/sosmedecinmarrakech.com\/wp-content\/uploads\/2024\/07\/Bacteries.png 770w\" sizes=\"auto, (max-width: 606px) 100vw, 606px\" \/>  \t\t\t\t\t\t\t  \t\t\t\t\t\t\t  \t\t\t\t\t\t<\/div>\n  \t\t\t\t\t\t  \t\t\t\t\t<\/div><!-- .box-image -->\n          \t\t\t\t\t<div class=\"box-text text-center\" >\n\t\t\t\t\t<div class=\"box-text-inner blog-post-inner\">\n\n\t\t\t\t\t\n\t\t\t\t\t\t\t\t\t\t<h5 class=\"post-title is-large \">Les Bact\u00e9ries et leur Prise en Charge par SOS M\u00e9DECINS MARRAKECH<\/h5>\n\t\t\t\t\t\t\t\t\t\t<div class=\"is-divider\"><\/div>\n\t\t\t\t\t\t\t\t\t\t<p class=\"from_the_blog_excerpt \">Les bact\u00e9ries, ces micro-organismes unicellulaires, sont omnipr\u00e9sentes dans notre environnement. Elles jouent des r\u00f4les vari\u00e9s, [...]\t\t\t\t\t<\/p>\n\t\t\t\t\t                    \n\t\t\t\t\t\n\t\t\t\t\t\n\t\t\t\t\t<\/div><!-- .box-text-inner -->\n\t\t\t\t\t<\/div><!-- .box-text -->\n\t\t\t\t\t\t\t\t\t\t\t\t\t\t\t\t<div class=\"badge absolute top post-date badge-outline\">\n\t\t\t\t\t\t\t<div class=\"badge-inner\">\n\t\t\t\t\t\t\t\t<span class=\"post-date-day\">26<\/span><br>\n\t\t\t\t\t\t\t\t<span class=\"post-date-month is-xsmall\">Jul<\/span>\n\t\t\t\t\t\t\t<\/div>\n\t\t\t\t\t\t<\/div>\n\t\t\t\t\t\t\t\t\t<\/div><!-- .box -->\n\t\t\t\t<\/a><!-- .link -->\n\t\t\t<\/div><!-- .col-inner -->\n\t\t<\/div><!-- .col -->\n<\/div>\n<div class=\"container section-title-container\" ><h3 class=\"section-title section-title-center\"><b><\/b><span class=\"section-title-main\" style=\"font-size:undefined%;\">Bounce Style<\/span><b><\/b><\/h3><\/div><!-- .section-title -->\n\n  \n    <div class=\"row large-columns-4 medium-columns- small-columns-1 slider row-slider slider-nav-reveal slider-nav-push\"  data-flickity-options='{\"imagesLoaded\": true, \"groupCells\": \"100%\", \"dragThreshold\" : 5, \"cellAlign\": \"left\",\"wrapAround\": true,\"prevNextButtons\": true,\"percentPosition\": true,\"pageDots\": false, \"rightToLeft\": false, \"autoPlay\" : false}'>\n\n  \t\t<div class=\"col post-item\" >\n\t\t\t<div class=\"col-inner\">\n\t\t\t<a href=\"https:\/\/sosmedecinmarrakech.com\/es\/infections-virales-comprendre-et-agir\/\" class=\"plain\">\n\t\t\t\t<div class=\"box box-bounce box-text-bottom box-blog-post has-hover\">\n            \t\t\t\t\t<div class=\"box-image\" >\n  \t\t\t\t\t\t<div class=\"image-cover\" style=\"padding-top:75%;\">\n  \t\t\t\t\t\t\t<img loading=\"lazy\" decoding=\"async\" width=\"600\" height=\"400\" src=\"https:\/\/sosmedecinmarrakech.com\/wp-content\/uploads\/2024\/10\/Infections-Virales.jpg\" class=\"attachment-medium size-medium wp-post-image\" alt=\"Infections Virales\" \/>  \t\t\t\t\t\t\t  \t\t\t\t\t\t\t  \t\t\t\t\t\t<\/div>\n  \t\t\t\t\t\t  \t\t\t\t\t<\/div><!-- .box-image -->\n          \t\t\t\t\t<div class=\"box-text text-center\" >\n\t\t\t\t\t<div class=\"box-text-inner blog-post-inner\">\n\n\t\t\t\t\t\n\t\t\t\t\t\t\t\t\t\t<h5 class=\"post-title is-large \">Infections Virales : Comprendre et Agir<\/h5>\n\t\t\t\t\t\t\t\t\t\t<div class=\"is-divider\"><\/div>\n\t\t\t\t\t\t\t\t\t\t<p class=\"from_the_blog_excerpt \">Les infections virales sont des maladies caus\u00e9es par des virus, agents pathog\u00e8nes microscopiques qui se [...]\t\t\t\t\t<\/p>\n\t\t\t\t\t                    \n\t\t\t\t\t\n\t\t\t\t\t\n\t\t\t\t\t<\/div><!-- .box-text-inner -->\n\t\t\t\t\t<\/div><!-- .box-text -->\n\t\t\t\t\t\t\t\t\t\t\t\t\t\t\t\t<div class=\"badge absolute top post-date badge-square\">\n\t\t\t\t\t\t\t<div class=\"badge-inner\">\n\t\t\t\t\t\t\t\t<span class=\"post-date-day\">07<\/span><br>\n\t\t\t\t\t\t\t\t<span class=\"post-date-month is-xsmall\">Oct<\/span>\n\t\t\t\t\t\t\t<\/div>\n\t\t\t\t\t\t<\/div>\n\t\t\t\t\t\t\t\t\t<\/div><!-- .box -->\n\t\t\t\t<\/a><!-- .link -->\n\t\t\t<\/div><!-- .col-inner -->\n\t\t<\/div><!-- .col -->\n\t\t<div class=\"col post-item\" >\n\t\t\t<div class=\"col-inner\">\n\t\t\t<a href=\"https:\/\/sosmedecinmarrakech.com\/es\/bronchite\/\" class=\"plain\">\n\t\t\t\t<div class=\"box box-bounce box-text-bottom box-blog-post has-hover\">\n            \t\t\t\t\t<div class=\"box-image\" >\n  \t\t\t\t\t\t<div class=\"image-cover\" style=\"padding-top:75%;\">\n  \t\t\t\t\t\t\t<img loading=\"lazy\" decoding=\"async\" width=\"704\" height=\"396\" src=\"https:\/\/sosmedecinmarrakech.com\/wp-content\/uploads\/2024\/10\/Bronchite.webp\" class=\"attachment-medium size-medium wp-post-image\" alt=\"Bronchite\" \/>  \t\t\t\t\t\t\t  \t\t\t\t\t\t\t  \t\t\t\t\t\t<\/div>\n  \t\t\t\t\t\t  \t\t\t\t\t<\/div><!-- .box-image -->\n          \t\t\t\t\t<div class=\"box-text text-center\" >\n\t\t\t\t\t<div class=\"box-text-inner blog-post-inner\">\n\n\t\t\t\t\t\n\t\t\t\t\t\t\t\t\t\t<h5 class=\"post-title is-large \">Comprendre la Bronchite : Sympt\u00f4mes et Solutions<\/h5>\n\t\t\t\t\t\t\t\t\t\t<div class=\"is-divider\"><\/div>\n\t\t\t\t\t\t\t\t\t\t<p class=\"from_the_blog_excerpt \">La bronchite est une inflammation des bronches qui peut provoquer une toux persistante, des douleurs [...]\t\t\t\t\t<\/p>\n\t\t\t\t\t                    \n\t\t\t\t\t\n\t\t\t\t\t\n\t\t\t\t\t<\/div><!-- .box-text-inner -->\n\t\t\t\t\t<\/div><!-- .box-text -->\n\t\t\t\t\t\t\t\t\t\t\t\t\t\t\t\t<div class=\"badge absolute top post-date badge-square\">\n\t\t\t\t\t\t\t<div class=\"badge-inner\">\n\t\t\t\t\t\t\t\t<span class=\"post-date-day\">07<\/span><br>\n\t\t\t\t\t\t\t\t<span class=\"post-date-month is-xsmall\">Oct<\/span>\n\t\t\t\t\t\t\t<\/div>\n\t\t\t\t\t\t<\/div>\n\t\t\t\t\t\t\t\t\t<\/div><!-- .box -->\n\t\t\t\t<\/a><!-- .link -->\n\t\t\t<\/div><!-- .col-inner -->\n\t\t<\/div><!-- .col -->\n\t\t<div class=\"col post-item\" >\n\t\t\t<div class=\"col-inner\">\n\t\t\t<a href=\"https:\/\/sosmedecinmarrakech.com\/es\/grippe-et-son-association-avec-un-nombre-plus-eleve-dinfarctus-du-myocarde\/\" class=\"plain\">\n\t\t\t\t<div class=\"box box-bounce box-text-bottom box-blog-post has-hover\">\n            \t\t\t\t\t<div class=\"box-image\" >\n  \t\t\t\t\t\t<div class=\"image-cover\" style=\"padding-top:75%;\">\n  \t\t\t\t\t\t\t<img loading=\"lazy\" decoding=\"async\" width=\"288\" height=\"175\" src=\"https:\/\/sosmedecinmarrakech.com\/wp-content\/uploads\/2024\/10\/grippe.jpg\" class=\"attachment-medium size-medium wp-post-image\" alt=\"Grippe\" \/>  \t\t\t\t\t\t\t  \t\t\t\t\t\t\t  \t\t\t\t\t\t<\/div>\n  \t\t\t\t\t\t  \t\t\t\t\t<\/div><!-- .box-image -->\n          \t\t\t\t\t<div class=\"box-text text-center\" >\n\t\t\t\t\t<div class=\"box-text-inner blog-post-inner\">\n\n\t\t\t\t\t\n\t\t\t\t\t\t\t\t\t\t<h5 class=\"post-title is-large \">La Grippe et Son Association avec un Nombre Plus \u00c9lev\u00e9 d\u2019Infarctus du Myocarde<\/h5>\n\t\t\t\t\t\t\t\t\t\t<div class=\"is-divider\"><\/div>\n\t\t\t\t\t\t\t\t\t\t<p class=\"from_the_blog_excerpt \">La grippe, une infection virale saisonni\u00e8re, est souvent consid\u00e9r\u00e9e comme une simple maladie respiratoire. Cependant, [...]\t\t\t\t\t<\/p>\n\t\t\t\t\t                    \n\t\t\t\t\t\n\t\t\t\t\t\n\t\t\t\t\t<\/div><!-- .box-text-inner -->\n\t\t\t\t\t<\/div><!-- .box-text -->\n\t\t\t\t\t\t\t\t\t\t\t\t\t\t\t\t<div class=\"badge absolute top post-date badge-square\">\n\t\t\t\t\t\t\t<div class=\"badge-inner\">\n\t\t\t\t\t\t\t\t<span class=\"post-date-day\">06<\/span><br>\n\t\t\t\t\t\t\t\t<span class=\"post-date-month is-xsmall\">Oct<\/span>\n\t\t\t\t\t\t\t<\/div>\n\t\t\t\t\t\t<\/div>\n\t\t\t\t\t\t\t\t\t<\/div><!-- .box -->\n\t\t\t\t<\/a><!-- .link -->\n\t\t\t<\/div><!-- .col-inner -->\n\t\t<\/div><!-- .col -->\n\t\t<div class=\"col post-item\" >\n\t\t\t<div class=\"col-inner\">\n\t\t\t<a href=\"https:\/\/sosmedecinmarrakech.com\/es\/imjudo-un-nuevo-farmaco-hospitalario-para-el-tratamiento-del-cancer-de-higado-y-pulmon\/\" class=\"plain\">\n\t\t\t\t<div class=\"box box-bounce box-text-bottom box-blog-post has-hover\">\n            \t\t\t\t\t<div class=\"box-image\" >\n  \t\t\t\t\t\t<div class=\"image-cover\" style=\"padding-top:75%;\">\n  \t\t\t\t\t\t\t<img loading=\"lazy\" decoding=\"async\" width=\"300\" height=\"168\" src=\"https:\/\/sosmedecinmarrakech.com\/wp-content\/uploads\/2024\/10\/IMJUDO-2.jpg\" class=\"attachment-medium size-medium wp-post-image\" alt=\"IMJUDO\" \/>  \t\t\t\t\t\t\t  \t\t\t\t\t\t\t  \t\t\t\t\t\t<\/div>\n  \t\t\t\t\t\t  \t\t\t\t\t<\/div><!-- .box-image -->\n          \t\t\t\t\t<div class=\"box-text text-center\" >\n\t\t\t\t\t<div class=\"box-text-inner blog-post-inner\">\n\n\t\t\t\t\t\n\t\t\t\t\t\t\t\t\t\t<h5 class=\"post-title is-large \">IMJUDO : Nouveau M\u00e9dicament Hospitalier dans le Traitement des Cancers du Foie et du Poumon<\/h5>\n\t\t\t\t\t\t\t\t\t\t<div class=\"is-divider\"><\/div>\n\t\t\t\t\t\t\t\t\t\t<p class=\"from_the_blog_excerpt \">IMJUDO, un m\u00e9dicament r\u00e9cemment introduit dans le cadre des traitements hospitaliers, suscite un grand int\u00e9r\u00eat [...]\t\t\t\t\t<\/p>\n\t\t\t\t\t                    \n\t\t\t\t\t\n\t\t\t\t\t\n\t\t\t\t\t<\/div><!-- .box-text-inner -->\n\t\t\t\t\t<\/div><!-- .box-text -->\n\t\t\t\t\t\t\t\t\t\t\t\t\t\t\t\t<div class=\"badge absolute top post-date badge-square\">\n\t\t\t\t\t\t\t<div class=\"badge-inner\">\n\t\t\t\t\t\t\t\t<span class=\"post-date-day\">06<\/span><br>\n\t\t\t\t\t\t\t\t<span class=\"post-date-month is-xsmall\">Oct<\/span>\n\t\t\t\t\t\t\t<\/div>\n\t\t\t\t\t\t<\/div>\n\t\t\t\t\t\t\t\t\t<\/div><!-- .box -->\n\t\t\t\t<\/a><!-- .link -->\n\t\t\t<\/div><!-- .col-inner -->\n\t\t<\/div><!-- .col -->\n\t\t<div class=\"col post-item\" >\n\t\t\t<div class=\"col-inner\">\n\t\t\t<a href=\"https:\/\/sosmedecinmarrakech.com\/es\/tension-des-formes-injectables\/\" class=\"plain\">\n\t\t\t\t<div class=\"box box-bounce box-text-bottom box-blog-post has-hover\">\n            \t\t\t\t\t<div class=\"box-image\" >\n  \t\t\t\t\t\t<div class=\"image-cover\" style=\"padding-top:75%;\">\n  \t\t\t\t\t\t\t<img loading=\"lazy\" decoding=\"async\" width=\"628\" height=\"400\" src=\"https:\/\/sosmedecinmarrakech.com\/wp-content\/uploads\/2024\/10\/Tension-des-Formes-Injectables-628x400.webp\" class=\"attachment-medium size-medium wp-post-image\" alt=\"Tension des Formes Injectables\" srcset=\"https:\/\/sosmedecinmarrakech.com\/wp-content\/uploads\/2024\/10\/Tension-des-Formes-Injectables-628x400.webp 628w, https:\/\/sosmedecinmarrakech.com\/wp-content\/uploads\/2024\/10\/Tension-des-Formes-Injectables-1256x800.webp 1256w, https:\/\/sosmedecinmarrakech.com\/wp-content\/uploads\/2024\/10\/Tension-des-Formes-Injectables-768x489.webp 768w, https:\/\/sosmedecinmarrakech.com\/wp-content\/uploads\/2024\/10\/Tension-des-Formes-Injectables.webp 1444w\" sizes=\"auto, (max-width: 628px) 100vw, 628px\" \/>  \t\t\t\t\t\t\t  \t\t\t\t\t\t\t  \t\t\t\t\t\t<\/div>\n  \t\t\t\t\t\t  \t\t\t\t\t<\/div><!-- .box-image -->\n          \t\t\t\t\t<div class=\"box-text text-center\" >\n\t\t\t\t\t<div class=\"box-text-inner blog-post-inner\">\n\n\t\t\t\t\t\n\t\t\t\t\t\t\t\t\t\t<h5 class=\"post-title is-large \">Tension des Formes Injectables\/Buvables de Vitamine B12 : Passer au Comprim\u00e9 quand la Voie Orale est Possible<\/h5>\n\t\t\t\t\t\t\t\t\t\t<div class=\"is-divider\"><\/div>\n\t\t\t\t\t\t\t\t\t\t<p class=\"from_the_blog_excerpt \">La vitamine B12 est essentielle pour la sant\u00e9 neurologique la Tension des Formes Injectables et [...]\t\t\t\t\t<\/p>\n\t\t\t\t\t                    \n\t\t\t\t\t\n\t\t\t\t\t\n\t\t\t\t\t<\/div><!-- .box-text-inner -->\n\t\t\t\t\t<\/div><!-- .box-text -->\n\t\t\t\t\t\t\t\t\t\t\t\t\t\t\t\t<div class=\"badge absolute top post-date badge-square\">\n\t\t\t\t\t\t\t<div class=\"badge-inner\">\n\t\t\t\t\t\t\t\t<span class=\"post-date-day\">06<\/span><br>\n\t\t\t\t\t\t\t\t<span class=\"post-date-month is-xsmall\">Oct<\/span>\n\t\t\t\t\t\t\t<\/div>\n\t\t\t\t\t\t<\/div>\n\t\t\t\t\t\t\t\t\t<\/div><!-- .box -->\n\t\t\t\t<\/a><!-- .link -->\n\t\t\t<\/div><!-- .col-inner -->\n\t\t<\/div><!-- .col -->\n\t\t<div class=\"col post-item\" >\n\t\t\t<div class=\"col-inner\">\n\t\t\t<a href=\"https:\/\/sosmedecinmarrakech.com\/es\/infections-a-vrs\/\" class=\"plain\">\n\t\t\t\t<div class=\"box box-bounce box-text-bottom box-blog-post has-hover\">\n            \t\t\t\t\t<div class=\"box-image\" >\n  \t\t\t\t\t\t<div class=\"image-cover\" style=\"padding-top:75%;\">\n  \t\t\t\t\t\t\t<img loading=\"lazy\" decoding=\"async\" width=\"711\" height=\"400\" src=\"https:\/\/sosmedecinmarrakech.com\/wp-content\/uploads\/2024\/10\/Infections-a-VRS-711x400.jpg\" class=\"attachment-medium size-medium wp-post-image\" alt=\"Infections \u00e0 VRS\" srcset=\"https:\/\/sosmedecinmarrakech.com\/wp-content\/uploads\/2024\/10\/Infections-a-VRS-711x400.jpg 711w, https:\/\/sosmedecinmarrakech.com\/wp-content\/uploads\/2024\/10\/Infections-a-VRS-768x432.jpg 768w, https:\/\/sosmedecinmarrakech.com\/wp-content\/uploads\/2024\/10\/Infections-a-VRS.jpg 771w\" sizes=\"auto, (max-width: 711px) 100vw, 711px\" \/>  \t\t\t\t\t\t\t  \t\t\t\t\t\t\t  \t\t\t\t\t\t<\/div>\n  \t\t\t\t\t\t  \t\t\t\t\t<\/div><!-- .box-image -->\n          \t\t\t\t\t<div class=\"box-text text-center\" >\n\t\t\t\t\t<div class=\"box-text-inner blog-post-inner\">\n\n\t\t\t\t\t\n\t\t\t\t\t\t\t\t\t\t<h5 class=\"post-title is-large \">Pr\u00e9vention des Infections \u00e0 VRS chez les Personnes \u00c2g\u00e9es : Faut-il Vacciner ?<\/h5>\n\t\t\t\t\t\t\t\t\t\t<div class=\"is-divider\"><\/div>\n\t\t\t\t\t\t\t\t\t\t<p class=\"from_the_blog_excerpt \">Les Infections \u00e0 VRS \u00e0 virus respiratoire syncytial (VRS) sont souvent consid\u00e9r\u00e9es comme des affections [...]\t\t\t\t\t<\/p>\n\t\t\t\t\t                    \n\t\t\t\t\t\n\t\t\t\t\t\n\t\t\t\t\t<\/div><!-- .box-text-inner -->\n\t\t\t\t\t<\/div><!-- .box-text -->\n\t\t\t\t\t\t\t\t\t\t\t\t\t\t\t\t<div class=\"badge absolute top post-date badge-square\">\n\t\t\t\t\t\t\t<div class=\"badge-inner\">\n\t\t\t\t\t\t\t\t<span class=\"post-date-day\">06<\/span><br>\n\t\t\t\t\t\t\t\t<span class=\"post-date-month is-xsmall\">Oct<\/span>\n\t\t\t\t\t\t\t<\/div>\n\t\t\t\t\t\t<\/div>\n\t\t\t\t\t\t\t\t\t<\/div><!-- .box -->\n\t\t\t\t<\/a><!-- .link -->\n\t\t\t<\/div><!-- .col-inner -->\n\t\t<\/div><!-- .col -->\n\t\t<div class=\"col post-item\" >\n\t\t\t<div class=\"col-inner\">\n\t\t\t<a href=\"https:\/\/sosmedecinmarrakech.com\/es\/biopsies-un-outil-cle-en-medecine\/\" class=\"plain\">\n\t\t\t\t<div class=\"box box-bounce box-text-bottom box-blog-post has-hover\">\n            \t\t\t\t\t<div class=\"box-image\" >\n  \t\t\t\t\t\t<div class=\"image-cover\" style=\"padding-top:75%;\">\n  \t\t\t\t\t\t\t<img loading=\"lazy\" decoding=\"async\" width=\"713\" height=\"400\" src=\"https:\/\/sosmedecinmarrakech.com\/wp-content\/uploads\/2024\/10\/Biopsies-713x400.jpg\" class=\"attachment-medium size-medium wp-post-image\" alt=\"Biopsies\" srcset=\"https:\/\/sosmedecinmarrakech.com\/wp-content\/uploads\/2024\/10\/Biopsies-713x400.jpg 713w, https:\/\/sosmedecinmarrakech.com\/wp-content\/uploads\/2024\/10\/Biopsies-768x431.jpg 768w, https:\/\/sosmedecinmarrakech.com\/wp-content\/uploads\/2024\/10\/Biopsies.jpg 1000w\" sizes=\"auto, (max-width: 713px) 100vw, 713px\" \/>  \t\t\t\t\t\t\t  \t\t\t\t\t\t\t  \t\t\t\t\t\t<\/div>\n  \t\t\t\t\t\t  \t\t\t\t\t<\/div><!-- .box-image -->\n          \t\t\t\t\t<div class=\"box-text text-center\" >\n\t\t\t\t\t<div class=\"box-text-inner blog-post-inner\">\n\n\t\t\t\t\t\n\t\t\t\t\t\t\t\t\t\t<h5 class=\"post-title is-large \">Biopsies : Un Outil Cl\u00e9 en M\u00e9decine<\/h5>\n\t\t\t\t\t\t\t\t\t\t<div class=\"is-divider\"><\/div>\n\t\t\t\t\t\t\t\t\t\t<p class=\"from_the_blog_excerpt \">La biopsies est une proc\u00e9dure m\u00e9dicale essentielle qui consiste \u00e0 pr\u00e9lever un \u00e9chantillon de tissu [...]\t\t\t\t\t<\/p>\n\t\t\t\t\t                    \n\t\t\t\t\t\n\t\t\t\t\t\n\t\t\t\t\t<\/div><!-- .box-text-inner -->\n\t\t\t\t\t<\/div><!-- .box-text -->\n\t\t\t\t\t\t\t\t\t\t\t\t\t\t\t\t<div class=\"badge absolute top post-date badge-square\">\n\t\t\t\t\t\t\t<div class=\"badge-inner\">\n\t\t\t\t\t\t\t\t<span class=\"post-date-day\">06<\/span><br>\n\t\t\t\t\t\t\t\t<span class=\"post-date-month is-xsmall\">Oct<\/span>\n\t\t\t\t\t\t\t<\/div>\n\t\t\t\t\t\t<\/div>\n\t\t\t\t\t\t\t\t\t<\/div><!-- .box -->\n\t\t\t\t<\/a><!-- .link -->\n\t\t\t<\/div><!-- .col-inner -->\n\t\t<\/div><!-- .col -->\n\t\t<div class=\"col post-item\" >\n\t\t\t<div class=\"col-inner\">\n\t\t\t<a href=\"https:\/\/sosmedecinmarrakech.com\/es\/cancer-de-la-prostate\/\" class=\"plain\">\n\t\t\t\t<div class=\"box box-bounce box-text-bottom box-blog-post has-hover\">\n            \t\t\t\t\t<div class=\"box-image\" >\n  \t\t\t\t\t\t<div class=\"image-cover\" style=\"padding-top:75%;\">\n  \t\t\t\t\t\t\t<img loading=\"lazy\" decoding=\"async\" width=\"309\" height=\"203\" src=\"https:\/\/sosmedecinmarrakech.com\/wp-content\/uploads\/2024\/07\/Cancer-de-la-Prostate.jpg\" class=\"attachment-medium size-medium wp-post-image\" alt=\"Cancer de la Prostate\" \/>  \t\t\t\t\t\t\t  \t\t\t\t\t\t\t  \t\t\t\t\t\t<\/div>\n  \t\t\t\t\t\t  \t\t\t\t\t<\/div><!-- .box-image -->\n          \t\t\t\t\t<div class=\"box-text text-center\" >\n\t\t\t\t\t<div class=\"box-text-inner blog-post-inner\">\n\n\t\t\t\t\t\n\t\t\t\t\t\t\t\t\t\t<h5 class=\"post-title is-large \">Cancer de la Prostate : D\u00e9tection Pr\u00e9coce et Soutien de SOS M\u00e9decins \u00e0 Domicile Marrakech<\/h5>\n\t\t\t\t\t\t\t\t\t\t<div class=\"is-divider\"><\/div>\n\t\t\t\t\t\t\t\t\t\t<p class=\"from_the_blog_excerpt \">Le cancer de la prostate est l&rsquo;un des cancers les plus courants chez les hommes, [...]\t\t\t\t\t<\/p>\n\t\t\t\t\t                    \n\t\t\t\t\t\n\t\t\t\t\t\n\t\t\t\t\t<\/div><!-- .box-text-inner -->\n\t\t\t\t\t<\/div><!-- .box-text -->\n\t\t\t\t\t\t\t\t\t\t\t\t\t\t\t\t<div class=\"badge absolute top post-date badge-square\">\n\t\t\t\t\t\t\t<div class=\"badge-inner\">\n\t\t\t\t\t\t\t\t<span class=\"post-date-day\">28<\/span><br>\n\t\t\t\t\t\t\t\t<span class=\"post-date-month is-xsmall\">Jul<\/span>\n\t\t\t\t\t\t\t<\/div>\n\t\t\t\t\t\t<\/div>\n\t\t\t\t\t\t\t\t\t<\/div><!-- .box -->\n\t\t\t\t<\/a><!-- .link -->\n\t\t\t<\/div><!-- .col-inner -->\n\t\t<\/div><!-- .col -->\n\t\t<div class=\"col post-item\" >\n\t\t\t<div class=\"col-inner\">\n\t\t\t<a href=\"https:\/\/sosmedecinmarrakech.com\/es\/cancer-des-seins\/\" class=\"plain\">\n\t\t\t\t<div class=\"box box-bounce box-text-bottom box-blog-post has-hover\">\n            \t\t\t\t\t<div class=\"box-image\" >\n  \t\t\t\t\t\t<div class=\"image-cover\" style=\"padding-top:75%;\">\n  \t\t\t\t\t\t\t<img loading=\"lazy\" decoding=\"async\" width=\"574\" height=\"400\" src=\"https:\/\/sosmedecinmarrakech.com\/wp-content\/uploads\/2024\/07\/Cancer-des-seins-574x400.jpg\" class=\"attachment-medium size-medium wp-post-image\" alt=\"Cancer des seins\" srcset=\"https:\/\/sosmedecinmarrakech.com\/wp-content\/uploads\/2024\/07\/Cancer-des-seins-574x400.jpg 574w, https:\/\/sosmedecinmarrakech.com\/wp-content\/uploads\/2024\/07\/Cancer-des-seins.jpg 750w\" sizes=\"auto, (max-width: 574px) 100vw, 574px\" \/>  \t\t\t\t\t\t\t  \t\t\t\t\t\t\t  \t\t\t\t\t\t<\/div>\n  \t\t\t\t\t\t  \t\t\t\t\t<\/div><!-- .box-image -->\n          \t\t\t\t\t<div class=\"box-text text-center\" >\n\t\t\t\t\t<div class=\"box-text-inner blog-post-inner\">\n\n\t\t\t\t\t\n\t\t\t\t\t\t\t\t\t\t<h5 class=\"post-title is-large \">Cancer des seins : Importance de la D\u00e9tection Pr\u00e9coce et R\u00f4le de SOS M\u00e9decins \u00e0 Domicile \u00e0 Marrakech<\/h5>\n\t\t\t\t\t\t\t\t\t\t<div class=\"is-divider\"><\/div>\n\t\t\t\t\t\t\t\t\t\t<p class=\"from_the_blog_excerpt \">Le cancer des seins est une maladie qui touche de nombreuses femmes dans le monde, [...]\t\t\t\t\t<\/p>\n\t\t\t\t\t                    \n\t\t\t\t\t\n\t\t\t\t\t\n\t\t\t\t\t<\/div><!-- .box-text-inner -->\n\t\t\t\t\t<\/div><!-- .box-text -->\n\t\t\t\t\t\t\t\t\t\t\t\t\t\t\t\t<div class=\"badge absolute top post-date badge-square\">\n\t\t\t\t\t\t\t<div class=\"badge-inner\">\n\t\t\t\t\t\t\t\t<span class=\"post-date-day\">28<\/span><br>\n\t\t\t\t\t\t\t\t<span class=\"post-date-month is-xsmall\">Jul<\/span>\n\t\t\t\t\t\t\t<\/div>\n\t\t\t\t\t\t<\/div>\n\t\t\t\t\t\t\t\t\t<\/div><!-- .box -->\n\t\t\t\t<\/a><!-- .link -->\n\t\t\t<\/div><!-- .col-inner -->\n\t\t<\/div><!-- .col -->\n\t\t<div class=\"col post-item\" >\n\t\t\t<div class=\"col-inner\">\n\t\t\t<a href=\"https:\/\/sosmedecinmarrakech.com\/es\/eczema-atopique\/\" class=\"plain\">\n\t\t\t\t<div class=\"box box-bounce box-text-bottom box-blog-post has-hover\">\n            \t\t\t\t\t<div class=\"box-image\" >\n  \t\t\t\t\t\t<div class=\"image-cover\" style=\"padding-top:75%;\">\n  \t\t\t\t\t\t\t<img loading=\"lazy\" decoding=\"async\" width=\"595\" height=\"400\" src=\"https:\/\/sosmedecinmarrakech.com\/wp-content\/uploads\/2024\/07\/eczema-atopique-1-595x400.jpg\" class=\"attachment-medium size-medium wp-post-image\" alt=\"ecz\u00e9ma atopique\" srcset=\"https:\/\/sosmedecinmarrakech.com\/wp-content\/uploads\/2024\/07\/eczema-atopique-1-595x400.jpg 595w, https:\/\/sosmedecinmarrakech.com\/wp-content\/uploads\/2024\/07\/eczema-atopique-1.jpg 640w\" sizes=\"auto, (max-width: 595px) 100vw, 595px\" \/>  \t\t\t\t\t\t\t  \t\t\t\t\t\t\t  \t\t\t\t\t\t<\/div>\n  \t\t\t\t\t\t  \t\t\t\t\t<\/div><!-- .box-image -->\n          \t\t\t\t\t<div class=\"box-text text-center\" >\n\t\t\t\t\t<div class=\"box-text-inner blog-post-inner\">\n\n\t\t\t\t\t\n\t\t\t\t\t\t\t\t\t\t<h5 class=\"post-title is-large \">L&rsquo;ecz\u00e9ma atopique : Comment SOS M\u00e9decins Marrakech peut aider<\/h5>\n\t\t\t\t\t\t\t\t\t\t<div class=\"is-divider\"><\/div>\n\t\t\t\t\t\t\t\t\t\t<p class=\"from_the_blog_excerpt \">L&rsquo;ecz\u00e9ma atopique est une maladie chronique de la peau qui provoque des d\u00e9mangeaisons, des rougeurs [...]\t\t\t\t\t<\/p>\n\t\t\t\t\t                    \n\t\t\t\t\t\n\t\t\t\t\t\n\t\t\t\t\t<\/div><!-- .box-text-inner -->\n\t\t\t\t\t<\/div><!-- .box-text -->\n\t\t\t\t\t\t\t\t\t\t\t\t\t\t\t\t<div class=\"badge absolute top post-date badge-square\">\n\t\t\t\t\t\t\t<div class=\"badge-inner\">\n\t\t\t\t\t\t\t\t<span class=\"post-date-day\">26<\/span><br>\n\t\t\t\t\t\t\t\t<span class=\"post-date-month is-xsmall\">Jul<\/span>\n\t\t\t\t\t\t\t<\/div>\n\t\t\t\t\t\t<\/div>\n\t\t\t\t\t\t\t\t\t<\/div><!-- .box -->\n\t\t\t\t<\/a><!-- .link -->\n\t\t\t<\/div><!-- .col-inner -->\n\t\t<\/div><!-- .col -->\n\t\t<div class=\"col post-item\" >\n\t\t\t<div class=\"col-inner\">\n\t\t\t<a href=\"https:\/\/sosmedecinmarrakech.com\/es\/dommages-aux-tissus\/\" class=\"plain\">\n\t\t\t\t<div class=\"box box-bounce box-text-bottom box-blog-post has-hover\">\n            \t\t\t\t\t<div class=\"box-image\" >\n  \t\t\t\t\t\t<div class=\"image-cover\" style=\"padding-top:75%;\">\n  \t\t\t\t\t\t\t<img loading=\"lazy\" decoding=\"async\" width=\"600\" height=\"400\" src=\"https:\/\/sosmedecinmarrakech.com\/wp-content\/uploads\/2024\/07\/Dommages-aux-tissus-600x400.jpg\" class=\"attachment-medium size-medium wp-post-image\" alt=\"Dommages aux tissus\" srcset=\"https:\/\/sosmedecinmarrakech.com\/wp-content\/uploads\/2024\/07\/Dommages-aux-tissus-600x400.jpg 600w, https:\/\/sosmedecinmarrakech.com\/wp-content\/uploads\/2024\/07\/Dommages-aux-tissus.jpg 758w\" sizes=\"auto, (max-width: 600px) 100vw, 600px\" \/>  \t\t\t\t\t\t\t  \t\t\t\t\t\t\t  \t\t\t\t\t\t<\/div>\n  \t\t\t\t\t\t  \t\t\t\t\t<\/div><!-- .box-image -->\n          \t\t\t\t\t<div class=\"box-text text-center\" >\n\t\t\t\t\t<div class=\"box-text-inner blog-post-inner\">\n\n\t\t\t\t\t\n\t\t\t\t\t\t\t\t\t\t<h5 class=\"post-title is-large \">Dommages aux tissus : SOS M\u00e9decins Marrakech \u00e0 votre secours<\/h5>\n\t\t\t\t\t\t\t\t\t\t<div class=\"is-divider\"><\/div>\n\t\t\t\t\t\t\t\t\t\t<p class=\"from_the_blog_excerpt \">Les dommages aux tissus peuvent r\u00e9sulter de diverses situations, telles que des blessures sportives, des [...]\t\t\t\t\t<\/p>\n\t\t\t\t\t                    \n\t\t\t\t\t\n\t\t\t\t\t\n\t\t\t\t\t<\/div><!-- .box-text-inner -->\n\t\t\t\t\t<\/div><!-- .box-text -->\n\t\t\t\t\t\t\t\t\t\t\t\t\t\t\t\t<div class=\"badge absolute top post-date badge-square\">\n\t\t\t\t\t\t\t<div class=\"badge-inner\">\n\t\t\t\t\t\t\t\t<span class=\"post-date-day\">26<\/span><br>\n\t\t\t\t\t\t\t\t<span class=\"post-date-month is-xsmall\">Jul<\/span>\n\t\t\t\t\t\t\t<\/div>\n\t\t\t\t\t\t<\/div>\n\t\t\t\t\t\t\t\t\t<\/div><!-- .box -->\n\t\t\t\t<\/a><!-- .link -->\n\t\t\t<\/div><!-- .col-inner -->\n\t\t<\/div><!-- .col -->\n\t\t<div class=\"col post-item\" >\n\t\t\t<div class=\"col-inner\">\n\t\t\t<a href=\"https:\/\/sosmedecinmarrakech.com\/es\/bacteries-contact-sos-medecins-marrakech\/\" class=\"plain\">\n\t\t\t\t<div class=\"box box-bounce box-text-bottom box-blog-post has-hover\">\n            \t\t\t\t\t<div class=\"box-image\" >\n  \t\t\t\t\t\t<div class=\"image-cover\" style=\"padding-top:75%;\">\n  \t\t\t\t\t\t\t<img loading=\"lazy\" decoding=\"async\" width=\"606\" height=\"400\" src=\"https:\/\/sosmedecinmarrakech.com\/wp-content\/uploads\/2024\/07\/Bacteries-606x400.png\" class=\"attachment-medium size-medium wp-post-image\" alt=\"Bact\u00e9ries\" srcset=\"https:\/\/sosmedecinmarrakech.com\/wp-content\/uploads\/2024\/07\/Bacteries-606x400.png 606w, https:\/\/sosmedecinmarrakech.com\/wp-content\/uploads\/2024\/07\/Bacteries-768x507.png 768w, https:\/\/sosmedecinmarrakech.com\/wp-content\/uploads\/2024\/07\/Bacteries.png 770w\" sizes=\"auto, (max-width: 606px) 100vw, 606px\" \/>  \t\t\t\t\t\t\t  \t\t\t\t\t\t\t  \t\t\t\t\t\t<\/div>\n  \t\t\t\t\t\t  \t\t\t\t\t<\/div><!-- .box-image -->\n          \t\t\t\t\t<div class=\"box-text text-center\" >\n\t\t\t\t\t<div class=\"box-text-inner blog-post-inner\">\n\n\t\t\t\t\t\n\t\t\t\t\t\t\t\t\t\t<h5 class=\"post-title is-large \">Les Bact\u00e9ries et leur Prise en Charge par SOS M\u00e9DECINS MARRAKECH<\/h5>\n\t\t\t\t\t\t\t\t\t\t<div class=\"is-divider\"><\/div>\n\t\t\t\t\t\t\t\t\t\t<p class=\"from_the_blog_excerpt \">Les bact\u00e9ries, ces micro-organismes unicellulaires, sont omnipr\u00e9sentes dans notre environnement. Elles jouent des r\u00f4les vari\u00e9s, [...]\t\t\t\t\t<\/p>\n\t\t\t\t\t                    \n\t\t\t\t\t\n\t\t\t\t\t\n\t\t\t\t\t<\/div><!-- .box-text-inner -->\n\t\t\t\t\t<\/div><!-- .box-text -->\n\t\t\t\t\t\t\t\t\t\t\t\t\t\t\t\t<div class=\"badge absolute top post-date badge-square\">\n\t\t\t\t\t\t\t<div class=\"badge-inner\">\n\t\t\t\t\t\t\t\t<span class=\"post-date-day\">26<\/span><br>\n\t\t\t\t\t\t\t\t<span class=\"post-date-month is-xsmall\">Jul<\/span>\n\t\t\t\t\t\t\t<\/div>\n\t\t\t\t\t\t<\/div>\n\t\t\t\t\t\t\t\t\t<\/div><!-- .box -->\n\t\t\t\t<\/a><!-- .link -->\n\t\t\t<\/div><!-- .col-inner -->\n\t\t<\/div><!-- .col -->\n<\/div>\n<div class=\"container section-title-container\" style=\"margin-top:17px;\"><h3 class=\"section-title section-title-center\"><b><\/b><span class=\"section-title-main\" style=\"font-size:undefined%;\">Push Style<\/span><b><\/b><\/h3><\/div><!-- .section-title -->\n\n  \n    <div class=\"row large-columns-3 medium-columns- small-columns-1 slider row-slider slider-nav-reveal\"  data-flickity-options='{\"imagesLoaded\": true, \"groupCells\": \"100%\", \"dragThreshold\" : 5, \"cellAlign\": \"left\",\"wrapAround\": true,\"prevNextButtons\": true,\"percentPosition\": true,\"pageDots\": false, \"rightToLeft\": false, \"autoPlay\" : false}'>\n\n  \t\t<div class=\"col post-item\" >\n\t\t\t<div class=\"col-inner\">\n\t\t\t<a href=\"https:\/\/sosmedecinmarrakech.com\/es\/infections-virales-comprendre-et-agir\/\" class=\"plain\">\n\t\t\t\t<div class=\"box box-push box-text-bottom box-blog-post has-hover\">\n            \t\t\t\t\t<div class=\"box-image\" >\n  \t\t\t\t\t\t<div class=\"image-cover\" style=\"padding-top:75%;\">\n  \t\t\t\t\t\t\t<img loading=\"lazy\" decoding=\"async\" width=\"600\" height=\"400\" src=\"https:\/\/sosmedecinmarrakech.com\/wp-content\/uploads\/2024\/10\/Infections-Virales.jpg\" class=\"attachment-medium size-medium wp-post-image\" alt=\"Infections Virales\" \/>  \t\t\t\t\t\t\t  \t\t\t\t\t\t\t  \t\t\t\t\t\t<\/div>\n  \t\t\t\t\t\t  \t\t\t\t\t<\/div><!-- .box-image -->\n          \t\t\t\t\t<div class=\"box-text text-center\" >\n\t\t\t\t\t<div class=\"box-text-inner blog-post-inner\">\n\n\t\t\t\t\t\n\t\t\t\t\t\t\t\t\t\t<h5 class=\"post-title is-large \">Infections Virales : Comprendre et Agir<\/h5>\n\t\t\t\t\t\t\t\t\t\t<div class=\"is-divider\"><\/div>\n\t\t\t\t\t\t\t\t\t\t<p class=\"from_the_blog_excerpt \">Les infections virales sont des maladies caus\u00e9es par des virus, agents pathog\u00e8nes microscopiques qui se [...]\t\t\t\t\t<\/p>\n\t\t\t\t\t                    \n\t\t\t\t\t\n\t\t\t\t\t\n\t\t\t\t\t<\/div><!-- .box-text-inner -->\n\t\t\t\t\t<\/div><!-- .box-text -->\n\t\t\t\t\t\t\t\t\t\t\t\t\t\t\t\t<div class=\"badge absolute top post-date badge-circle-inside\">\n\t\t\t\t\t\t\t<div class=\"badge-inner\">\n\t\t\t\t\t\t\t\t<span class=\"post-date-day\">07<\/span><br>\n\t\t\t\t\t\t\t\t<span class=\"post-date-month is-xsmall\">Oct<\/span>\n\t\t\t\t\t\t\t<\/div>\n\t\t\t\t\t\t<\/div>\n\t\t\t\t\t\t\t\t\t<\/div><!-- .box -->\n\t\t\t\t<\/a><!-- .link -->\n\t\t\t<\/div><!-- .col-inner -->\n\t\t<\/div><!-- .col -->\n\t\t<div class=\"col post-item\" >\n\t\t\t<div class=\"col-inner\">\n\t\t\t<a href=\"https:\/\/sosmedecinmarrakech.com\/es\/bronchite\/\" class=\"plain\">\n\t\t\t\t<div class=\"box box-push box-text-bottom box-blog-post has-hover\">\n            \t\t\t\t\t<div class=\"box-image\" >\n  \t\t\t\t\t\t<div class=\"image-cover\" style=\"padding-top:75%;\">\n  \t\t\t\t\t\t\t<img loading=\"lazy\" decoding=\"async\" width=\"704\" height=\"396\" src=\"https:\/\/sosmedecinmarrakech.com\/wp-content\/uploads\/2024\/10\/Bronchite.webp\" class=\"attachment-medium size-medium wp-post-image\" alt=\"Bronchite\" \/>  \t\t\t\t\t\t\t  \t\t\t\t\t\t\t  \t\t\t\t\t\t<\/div>\n  \t\t\t\t\t\t  \t\t\t\t\t<\/div><!-- .box-image -->\n          \t\t\t\t\t<div class=\"box-text text-center\" >\n\t\t\t\t\t<div class=\"box-text-inner blog-post-inner\">\n\n\t\t\t\t\t\n\t\t\t\t\t\t\t\t\t\t<h5 class=\"post-title is-large \">Comprendre la Bronchite : Sympt\u00f4mes et Solutions<\/h5>\n\t\t\t\t\t\t\t\t\t\t<div class=\"is-divider\"><\/div>\n\t\t\t\t\t\t\t\t\t\t<p class=\"from_the_blog_excerpt \">La bronchite est une inflammation des bronches qui peut provoquer une toux persistante, des douleurs [...]\t\t\t\t\t<\/p>\n\t\t\t\t\t                    \n\t\t\t\t\t\n\t\t\t\t\t\n\t\t\t\t\t<\/div><!-- .box-text-inner -->\n\t\t\t\t\t<\/div><!-- .box-text -->\n\t\t\t\t\t\t\t\t\t\t\t\t\t\t\t\t<div class=\"badge absolute top post-date badge-circle-inside\">\n\t\t\t\t\t\t\t<div class=\"badge-inner\">\n\t\t\t\t\t\t\t\t<span class=\"post-date-day\">07<\/span><br>\n\t\t\t\t\t\t\t\t<span class=\"post-date-month is-xsmall\">Oct<\/span>\n\t\t\t\t\t\t\t<\/div>\n\t\t\t\t\t\t<\/div>\n\t\t\t\t\t\t\t\t\t<\/div><!-- .box -->\n\t\t\t\t<\/a><!-- .link -->\n\t\t\t<\/div><!-- .col-inner -->\n\t\t<\/div><!-- .col -->\n\t\t<div class=\"col post-item\" >\n\t\t\t<div class=\"col-inner\">\n\t\t\t<a href=\"https:\/\/sosmedecinmarrakech.com\/es\/grippe-et-son-association-avec-un-nombre-plus-eleve-dinfarctus-du-myocarde\/\" class=\"plain\">\n\t\t\t\t<div class=\"box box-push box-text-bottom box-blog-post has-hover\">\n            \t\t\t\t\t<div class=\"box-image\" >\n  \t\t\t\t\t\t<div class=\"image-cover\" style=\"padding-top:75%;\">\n  \t\t\t\t\t\t\t<img loading=\"lazy\" decoding=\"async\" width=\"288\" height=\"175\" src=\"https:\/\/sosmedecinmarrakech.com\/wp-content\/uploads\/2024\/10\/grippe.jpg\" class=\"attachment-medium size-medium wp-post-image\" alt=\"Grippe\" \/>  \t\t\t\t\t\t\t  \t\t\t\t\t\t\t  \t\t\t\t\t\t<\/div>\n  \t\t\t\t\t\t  \t\t\t\t\t<\/div><!-- .box-image -->\n          \t\t\t\t\t<div class=\"box-text text-center\" >\n\t\t\t\t\t<div class=\"box-text-inner blog-post-inner\">\n\n\t\t\t\t\t\n\t\t\t\t\t\t\t\t\t\t<h5 class=\"post-title is-large \">La Grippe et Son Association avec un Nombre Plus \u00c9lev\u00e9 d\u2019Infarctus du Myocarde<\/h5>\n\t\t\t\t\t\t\t\t\t\t<div class=\"is-divider\"><\/div>\n\t\t\t\t\t\t\t\t\t\t<p class=\"from_the_blog_excerpt \">La grippe, une infection virale saisonni\u00e8re, est souvent consid\u00e9r\u00e9e comme une simple maladie respiratoire. Cependant, [...]\t\t\t\t\t<\/p>\n\t\t\t\t\t                    \n\t\t\t\t\t\n\t\t\t\t\t\n\t\t\t\t\t<\/div><!-- .box-text-inner -->\n\t\t\t\t\t<\/div><!-- .box-text -->\n\t\t\t\t\t\t\t\t\t\t\t\t\t\t\t\t<div class=\"badge absolute top post-date badge-circle-inside\">\n\t\t\t\t\t\t\t<div class=\"badge-inner\">\n\t\t\t\t\t\t\t\t<span class=\"post-date-day\">06<\/span><br>\n\t\t\t\t\t\t\t\t<span class=\"post-date-month is-xsmall\">Oct<\/span>\n\t\t\t\t\t\t\t<\/div>\n\t\t\t\t\t\t<\/div>\n\t\t\t\t\t\t\t\t\t<\/div><!-- .box -->\n\t\t\t\t<\/a><!-- .link -->\n\t\t\t<\/div><!-- .col-inner -->\n\t\t<\/div><!-- .col -->\n\t\t<div class=\"col post-item\" >\n\t\t\t<div class=\"col-inner\">\n\t\t\t<a href=\"https:\/\/sosmedecinmarrakech.com\/es\/imjudo-un-nuevo-farmaco-hospitalario-para-el-tratamiento-del-cancer-de-higado-y-pulmon\/\" class=\"plain\">\n\t\t\t\t<div class=\"box box-push box-text-bottom box-blog-post has-hover\">\n            \t\t\t\t\t<div class=\"box-image\" >\n  \t\t\t\t\t\t<div class=\"image-cover\" style=\"padding-top:75%;\">\n  \t\t\t\t\t\t\t<img loading=\"lazy\" decoding=\"async\" width=\"300\" height=\"168\" src=\"https:\/\/sosmedecinmarrakech.com\/wp-content\/uploads\/2024\/10\/IMJUDO-2.jpg\" class=\"attachment-medium size-medium wp-post-image\" alt=\"IMJUDO\" \/>  \t\t\t\t\t\t\t  \t\t\t\t\t\t\t  \t\t\t\t\t\t<\/div>\n  \t\t\t\t\t\t  \t\t\t\t\t<\/div><!-- .box-image -->\n          \t\t\t\t\t<div class=\"box-text text-center\" >\n\t\t\t\t\t<div class=\"box-text-inner blog-post-inner\">\n\n\t\t\t\t\t\n\t\t\t\t\t\t\t\t\t\t<h5 class=\"post-title is-large \">IMJUDO : Nouveau M\u00e9dicament Hospitalier dans le Traitement des Cancers du Foie et du Poumon<\/h5>\n\t\t\t\t\t\t\t\t\t\t<div class=\"is-divider\"><\/div>\n\t\t\t\t\t\t\t\t\t\t<p class=\"from_the_blog_excerpt \">IMJUDO, un m\u00e9dicament r\u00e9cemment introduit dans le cadre des traitements hospitaliers, suscite un grand int\u00e9r\u00eat [...]\t\t\t\t\t<\/p>\n\t\t\t\t\t                    \n\t\t\t\t\t\n\t\t\t\t\t\n\t\t\t\t\t<\/div><!-- .box-text-inner -->\n\t\t\t\t\t<\/div><!-- .box-text -->\n\t\t\t\t\t\t\t\t\t\t\t\t\t\t\t\t<div class=\"badge absolute top post-date badge-circle-inside\">\n\t\t\t\t\t\t\t<div class=\"badge-inner\">\n\t\t\t\t\t\t\t\t<span class=\"post-date-day\">06<\/span><br>\n\t\t\t\t\t\t\t\t<span class=\"post-date-month is-xsmall\">Oct<\/span>\n\t\t\t\t\t\t\t<\/div>\n\t\t\t\t\t\t<\/div>\n\t\t\t\t\t\t\t\t\t<\/div><!-- .box -->\n\t\t\t\t<\/a><!-- .link -->\n\t\t\t<\/div><!-- .col-inner -->\n\t\t<\/div><!-- .col -->\n\t\t<div class=\"col post-item\" >\n\t\t\t<div class=\"col-inner\">\n\t\t\t<a href=\"https:\/\/sosmedecinmarrakech.com\/es\/tension-des-formes-injectables\/\" class=\"plain\">\n\t\t\t\t<div class=\"box box-push box-text-bottom box-blog-post has-hover\">\n            \t\t\t\t\t<div class=\"box-image\" >\n  \t\t\t\t\t\t<div class=\"image-cover\" style=\"padding-top:75%;\">\n  \t\t\t\t\t\t\t<img loading=\"lazy\" decoding=\"async\" width=\"628\" height=\"400\" src=\"https:\/\/sosmedecinmarrakech.com\/wp-content\/uploads\/2024\/10\/Tension-des-Formes-Injectables-628x400.webp\" class=\"attachment-medium size-medium wp-post-image\" alt=\"Tension des Formes Injectables\" srcset=\"https:\/\/sosmedecinmarrakech.com\/wp-content\/uploads\/2024\/10\/Tension-des-Formes-Injectables-628x400.webp 628w, https:\/\/sosmedecinmarrakech.com\/wp-content\/uploads\/2024\/10\/Tension-des-Formes-Injectables-1256x800.webp 1256w, https:\/\/sosmedecinmarrakech.com\/wp-content\/uploads\/2024\/10\/Tension-des-Formes-Injectables-768x489.webp 768w, https:\/\/sosmedecinmarrakech.com\/wp-content\/uploads\/2024\/10\/Tension-des-Formes-Injectables.webp 1444w\" sizes=\"auto, (max-width: 628px) 100vw, 628px\" \/>  \t\t\t\t\t\t\t  \t\t\t\t\t\t\t  \t\t\t\t\t\t<\/div>\n  \t\t\t\t\t\t  \t\t\t\t\t<\/div><!-- .box-image -->\n          \t\t\t\t\t<div class=\"box-text text-center\" >\n\t\t\t\t\t<div class=\"box-text-inner blog-post-inner\">\n\n\t\t\t\t\t\n\t\t\t\t\t\t\t\t\t\t<h5 class=\"post-title is-large \">Tension des Formes Injectables\/Buvables de Vitamine B12 : Passer au Comprim\u00e9 quand la Voie Orale est Possible<\/h5>\n\t\t\t\t\t\t\t\t\t\t<div class=\"is-divider\"><\/div>\n\t\t\t\t\t\t\t\t\t\t<p class=\"from_the_blog_excerpt \">La vitamine B12 est essentielle pour la sant\u00e9 neurologique la Tension des Formes Injectables et [...]\t\t\t\t\t<\/p>\n\t\t\t\t\t                    \n\t\t\t\t\t\n\t\t\t\t\t\n\t\t\t\t\t<\/div><!-- .box-text-inner -->\n\t\t\t\t\t<\/div><!-- .box-text -->\n\t\t\t\t\t\t\t\t\t\t\t\t\t\t\t\t<div class=\"badge absolute top post-date badge-circle-inside\">\n\t\t\t\t\t\t\t<div class=\"badge-inner\">\n\t\t\t\t\t\t\t\t<span class=\"post-date-day\">06<\/span><br>\n\t\t\t\t\t\t\t\t<span class=\"post-date-month is-xsmall\">Oct<\/span>\n\t\t\t\t\t\t\t<\/div>\n\t\t\t\t\t\t<\/div>\n\t\t\t\t\t\t\t\t\t<\/div><!-- .box -->\n\t\t\t\t<\/a><!-- .link -->\n\t\t\t<\/div><!-- .col-inner -->\n\t\t<\/div><!-- .col -->\n\t\t<div class=\"col post-item\" >\n\t\t\t<div class=\"col-inner\">\n\t\t\t<a href=\"https:\/\/sosmedecinmarrakech.com\/es\/infections-a-vrs\/\" class=\"plain\">\n\t\t\t\t<div class=\"box box-push box-text-bottom box-blog-post has-hover\">\n            \t\t\t\t\t<div class=\"box-image\" >\n  \t\t\t\t\t\t<div class=\"image-cover\" style=\"padding-top:75%;\">\n  \t\t\t\t\t\t\t<img loading=\"lazy\" decoding=\"async\" width=\"711\" height=\"400\" src=\"https:\/\/sosmedecinmarrakech.com\/wp-content\/uploads\/2024\/10\/Infections-a-VRS-711x400.jpg\" class=\"attachment-medium size-medium wp-post-image\" alt=\"Infections \u00e0 VRS\" srcset=\"https:\/\/sosmedecinmarrakech.com\/wp-content\/uploads\/2024\/10\/Infections-a-VRS-711x400.jpg 711w, https:\/\/sosmedecinmarrakech.com\/wp-content\/uploads\/2024\/10\/Infections-a-VRS-768x432.jpg 768w, https:\/\/sosmedecinmarrakech.com\/wp-content\/uploads\/2024\/10\/Infections-a-VRS.jpg 771w\" sizes=\"auto, (max-width: 711px) 100vw, 711px\" \/>  \t\t\t\t\t\t\t  \t\t\t\t\t\t\t  \t\t\t\t\t\t<\/div>\n  \t\t\t\t\t\t  \t\t\t\t\t<\/div><!-- .box-image -->\n          \t\t\t\t\t<div class=\"box-text text-center\" >\n\t\t\t\t\t<div class=\"box-text-inner blog-post-inner\">\n\n\t\t\t\t\t\n\t\t\t\t\t\t\t\t\t\t<h5 class=\"post-title is-large \">Pr\u00e9vention des Infections \u00e0 VRS chez les Personnes \u00c2g\u00e9es : Faut-il Vacciner ?<\/h5>\n\t\t\t\t\t\t\t\t\t\t<div class=\"is-divider\"><\/div>\n\t\t\t\t\t\t\t\t\t\t<p class=\"from_the_blog_excerpt \">Les Infections \u00e0 VRS \u00e0 virus respiratoire syncytial (VRS) sont souvent consid\u00e9r\u00e9es comme des affections [...]\t\t\t\t\t<\/p>\n\t\t\t\t\t                    \n\t\t\t\t\t\n\t\t\t\t\t\n\t\t\t\t\t<\/div><!-- .box-text-inner -->\n\t\t\t\t\t<\/div><!-- .box-text -->\n\t\t\t\t\t\t\t\t\t\t\t\t\t\t\t\t<div class=\"badge absolute top post-date badge-circle-inside\">\n\t\t\t\t\t\t\t<div class=\"badge-inner\">\n\t\t\t\t\t\t\t\t<span class=\"post-date-day\">06<\/span><br>\n\t\t\t\t\t\t\t\t<span class=\"post-date-month is-xsmall\">Oct<\/span>\n\t\t\t\t\t\t\t<\/div>\n\t\t\t\t\t\t<\/div>\n\t\t\t\t\t\t\t\t\t<\/div><!-- .box -->\n\t\t\t\t<\/a><!-- .link -->\n\t\t\t<\/div><!-- .col-inner -->\n\t\t<\/div><!-- .col -->\n\t\t<div class=\"col post-item\" >\n\t\t\t<div class=\"col-inner\">\n\t\t\t<a href=\"https:\/\/sosmedecinmarrakech.com\/es\/biopsies-un-outil-cle-en-medecine\/\" class=\"plain\">\n\t\t\t\t<div class=\"box box-push box-text-bottom box-blog-post has-hover\">\n            \t\t\t\t\t<div class=\"box-image\" >\n  \t\t\t\t\t\t<div class=\"image-cover\" style=\"padding-top:75%;\">\n  \t\t\t\t\t\t\t<img loading=\"lazy\" decoding=\"async\" width=\"713\" height=\"400\" src=\"https:\/\/sosmedecinmarrakech.com\/wp-content\/uploads\/2024\/10\/Biopsies-713x400.jpg\" class=\"attachment-medium size-medium wp-post-image\" alt=\"Biopsies\" srcset=\"https:\/\/sosmedecinmarrakech.com\/wp-content\/uploads\/2024\/10\/Biopsies-713x400.jpg 713w, https:\/\/sosmedecinmarrakech.com\/wp-content\/uploads\/2024\/10\/Biopsies-768x431.jpg 768w, https:\/\/sosmedecinmarrakech.com\/wp-content\/uploads\/2024\/10\/Biopsies.jpg 1000w\" sizes=\"auto, (max-width: 713px) 100vw, 713px\" \/>  \t\t\t\t\t\t\t  \t\t\t\t\t\t\t  \t\t\t\t\t\t<\/div>\n  \t\t\t\t\t\t  \t\t\t\t\t<\/div><!-- .box-image -->\n          \t\t\t\t\t<div class=\"box-text text-center\" >\n\t\t\t\t\t<div class=\"box-text-inner blog-post-inner\">\n\n\t\t\t\t\t\n\t\t\t\t\t\t\t\t\t\t<h5 class=\"post-title is-large \">Biopsies : Un Outil Cl\u00e9 en M\u00e9decine<\/h5>\n\t\t\t\t\t\t\t\t\t\t<div class=\"is-divider\"><\/div>\n\t\t\t\t\t\t\t\t\t\t<p class=\"from_the_blog_excerpt \">La biopsies est une proc\u00e9dure m\u00e9dicale essentielle qui consiste \u00e0 pr\u00e9lever un \u00e9chantillon de tissu [...]\t\t\t\t\t<\/p>\n\t\t\t\t\t                    \n\t\t\t\t\t\n\t\t\t\t\t\n\t\t\t\t\t<\/div><!-- .box-text-inner -->\n\t\t\t\t\t<\/div><!-- .box-text -->\n\t\t\t\t\t\t\t\t\t\t\t\t\t\t\t\t<div class=\"badge absolute top post-date badge-circle-inside\">\n\t\t\t\t\t\t\t<div class=\"badge-inner\">\n\t\t\t\t\t\t\t\t<span class=\"post-date-day\">06<\/span><br>\n\t\t\t\t\t\t\t\t<span class=\"post-date-month is-xsmall\">Oct<\/span>\n\t\t\t\t\t\t\t<\/div>\n\t\t\t\t\t\t<\/div>\n\t\t\t\t\t\t\t\t\t<\/div><!-- .box -->\n\t\t\t\t<\/a><!-- .link -->\n\t\t\t<\/div><!-- .col-inner -->\n\t\t<\/div><!-- .col -->\n\t\t<div class=\"col post-item\" >\n\t\t\t<div class=\"col-inner\">\n\t\t\t<a href=\"https:\/\/sosmedecinmarrakech.com\/es\/cancer-de-la-prostate\/\" class=\"plain\">\n\t\t\t\t<div class=\"box box-push box-text-bottom box-blog-post has-hover\">\n            \t\t\t\t\t<div class=\"box-image\" >\n  \t\t\t\t\t\t<div class=\"image-cover\" style=\"padding-top:75%;\">\n  \t\t\t\t\t\t\t<img loading=\"lazy\" decoding=\"async\" width=\"309\" height=\"203\" src=\"https:\/\/sosmedecinmarrakech.com\/wp-content\/uploads\/2024\/07\/Cancer-de-la-Prostate.jpg\" class=\"attachment-medium size-medium wp-post-image\" alt=\"Cancer de la Prostate\" \/>  \t\t\t\t\t\t\t  \t\t\t\t\t\t\t  \t\t\t\t\t\t<\/div>\n  \t\t\t\t\t\t  \t\t\t\t\t<\/div><!-- .box-image -->\n          \t\t\t\t\t<div class=\"box-text text-center\" >\n\t\t\t\t\t<div class=\"box-text-inner blog-post-inner\">\n\n\t\t\t\t\t\n\t\t\t\t\t\t\t\t\t\t<h5 class=\"post-title is-large \">Cancer de la Prostate : D\u00e9tection Pr\u00e9coce et Soutien de SOS M\u00e9decins \u00e0 Domicile Marrakech<\/h5>\n\t\t\t\t\t\t\t\t\t\t<div class=\"is-divider\"><\/div>\n\t\t\t\t\t\t\t\t\t\t<p class=\"from_the_blog_excerpt \">Le cancer de la prostate est l&rsquo;un des cancers les plus courants chez les hommes, [...]\t\t\t\t\t<\/p>\n\t\t\t\t\t                    \n\t\t\t\t\t\n\t\t\t\t\t\n\t\t\t\t\t<\/div><!-- .box-text-inner -->\n\t\t\t\t\t<\/div><!-- .box-text -->\n\t\t\t\t\t\t\t\t\t\t\t\t\t\t\t\t<div class=\"badge absolute top post-date badge-circle-inside\">\n\t\t\t\t\t\t\t<div class=\"badge-inner\">\n\t\t\t\t\t\t\t\t<span class=\"post-date-day\">28<\/span><br>\n\t\t\t\t\t\t\t\t<span class=\"post-date-month is-xsmall\">Jul<\/span>\n\t\t\t\t\t\t\t<\/div>\n\t\t\t\t\t\t<\/div>\n\t\t\t\t\t\t\t\t\t<\/div><!-- .box -->\n\t\t\t\t<\/a><!-- .link -->\n\t\t\t<\/div><!-- .col-inner -->\n\t\t<\/div><!-- .col -->\n\t\t<div class=\"col post-item\" >\n\t\t\t<div class=\"col-inner\">\n\t\t\t<a href=\"https:\/\/sosmedecinmarrakech.com\/es\/cancer-des-seins\/\" class=\"plain\">\n\t\t\t\t<div class=\"box box-push box-text-bottom box-blog-post has-hover\">\n            \t\t\t\t\t<div class=\"box-image\" >\n  \t\t\t\t\t\t<div class=\"image-cover\" style=\"padding-top:75%;\">\n  \t\t\t\t\t\t\t<img loading=\"lazy\" decoding=\"async\" width=\"574\" height=\"400\" src=\"https:\/\/sosmedecinmarrakech.com\/wp-content\/uploads\/2024\/07\/Cancer-des-seins-574x400.jpg\" class=\"attachment-medium size-medium wp-post-image\" alt=\"Cancer des seins\" srcset=\"https:\/\/sosmedecinmarrakech.com\/wp-content\/uploads\/2024\/07\/Cancer-des-seins-574x400.jpg 574w, https:\/\/sosmedecinmarrakech.com\/wp-content\/uploads\/2024\/07\/Cancer-des-seins.jpg 750w\" sizes=\"auto, (max-width: 574px) 100vw, 574px\" \/>  \t\t\t\t\t\t\t  \t\t\t\t\t\t\t  \t\t\t\t\t\t<\/div>\n  \t\t\t\t\t\t  \t\t\t\t\t<\/div><!-- .box-image -->\n          \t\t\t\t\t<div class=\"box-text text-center\" >\n\t\t\t\t\t<div class=\"box-text-inner blog-post-inner\">\n\n\t\t\t\t\t\n\t\t\t\t\t\t\t\t\t\t<h5 class=\"post-title is-large \">Cancer des seins : Importance de la D\u00e9tection Pr\u00e9coce et R\u00f4le de SOS M\u00e9decins \u00e0 Domicile \u00e0 Marrakech<\/h5>\n\t\t\t\t\t\t\t\t\t\t<div class=\"is-divider\"><\/div>\n\t\t\t\t\t\t\t\t\t\t<p class=\"from_the_blog_excerpt \">Le cancer des seins est une maladie qui touche de nombreuses femmes dans le monde, [...]\t\t\t\t\t<\/p>\n\t\t\t\t\t                    \n\t\t\t\t\t\n\t\t\t\t\t\n\t\t\t\t\t<\/div><!-- .box-text-inner -->\n\t\t\t\t\t<\/div><!-- .box-text -->\n\t\t\t\t\t\t\t\t\t\t\t\t\t\t\t\t<div class=\"badge absolute top post-date badge-circle-inside\">\n\t\t\t\t\t\t\t<div class=\"badge-inner\">\n\t\t\t\t\t\t\t\t<span class=\"post-date-day\">28<\/span><br>\n\t\t\t\t\t\t\t\t<span class=\"post-date-month is-xsmall\">Jul<\/span>\n\t\t\t\t\t\t\t<\/div>\n\t\t\t\t\t\t<\/div>\n\t\t\t\t\t\t\t\t\t<\/div><!-- .box -->\n\t\t\t\t<\/a><!-- .link -->\n\t\t\t<\/div><!-- .col-inner -->\n\t\t<\/div><!-- .col -->\n\t\t<div class=\"col post-item\" >\n\t\t\t<div class=\"col-inner\">\n\t\t\t<a href=\"https:\/\/sosmedecinmarrakech.com\/es\/eczema-atopique\/\" class=\"plain\">\n\t\t\t\t<div class=\"box box-push box-text-bottom box-blog-post has-hover\">\n            \t\t\t\t\t<div class=\"box-image\" >\n  \t\t\t\t\t\t<div class=\"image-cover\" style=\"padding-top:75%;\">\n  \t\t\t\t\t\t\t<img loading=\"lazy\" decoding=\"async\" width=\"595\" height=\"400\" src=\"https:\/\/sosmedecinmarrakech.com\/wp-content\/uploads\/2024\/07\/eczema-atopique-1-595x400.jpg\" class=\"attachment-medium size-medium wp-post-image\" alt=\"ecz\u00e9ma atopique\" srcset=\"https:\/\/sosmedecinmarrakech.com\/wp-content\/uploads\/2024\/07\/eczema-atopique-1-595x400.jpg 595w, https:\/\/sosmedecinmarrakech.com\/wp-content\/uploads\/2024\/07\/eczema-atopique-1.jpg 640w\" sizes=\"auto, (max-width: 595px) 100vw, 595px\" \/>  \t\t\t\t\t\t\t  \t\t\t\t\t\t\t  \t\t\t\t\t\t<\/div>\n  \t\t\t\t\t\t  \t\t\t\t\t<\/div><!-- .box-image -->\n          \t\t\t\t\t<div class=\"box-text text-center\" >\n\t\t\t\t\t<div class=\"box-text-inner blog-post-inner\">\n\n\t\t\t\t\t\n\t\t\t\t\t\t\t\t\t\t<h5 class=\"post-title is-large \">L&rsquo;ecz\u00e9ma atopique : Comment SOS M\u00e9decins Marrakech peut aider<\/h5>\n\t\t\t\t\t\t\t\t\t\t<div class=\"is-divider\"><\/div>\n\t\t\t\t\t\t\t\t\t\t<p class=\"from_the_blog_excerpt \">L&rsquo;ecz\u00e9ma atopique est une maladie chronique de la peau qui provoque des d\u00e9mangeaisons, des rougeurs [...]\t\t\t\t\t<\/p>\n\t\t\t\t\t                    \n\t\t\t\t\t\n\t\t\t\t\t\n\t\t\t\t\t<\/div><!-- .box-text-inner -->\n\t\t\t\t\t<\/div><!-- .box-text -->\n\t\t\t\t\t\t\t\t\t\t\t\t\t\t\t\t<div class=\"badge absolute top post-date badge-circle-inside\">\n\t\t\t\t\t\t\t<div class=\"badge-inner\">\n\t\t\t\t\t\t\t\t<span class=\"post-date-day\">26<\/span><br>\n\t\t\t\t\t\t\t\t<span class=\"post-date-month is-xsmall\">Jul<\/span>\n\t\t\t\t\t\t\t<\/div>\n\t\t\t\t\t\t<\/div>\n\t\t\t\t\t\t\t\t\t<\/div><!-- .box -->\n\t\t\t\t<\/a><!-- .link -->\n\t\t\t<\/div><!-- .col-inner -->\n\t\t<\/div><!-- .col -->\n\t\t<div class=\"col post-item\" >\n\t\t\t<div class=\"col-inner\">\n\t\t\t<a href=\"https:\/\/sosmedecinmarrakech.com\/es\/dommages-aux-tissus\/\" class=\"plain\">\n\t\t\t\t<div class=\"box box-push box-text-bottom box-blog-post has-hover\">\n            \t\t\t\t\t<div class=\"box-image\" >\n  \t\t\t\t\t\t<div class=\"image-cover\" style=\"padding-top:75%;\">\n  \t\t\t\t\t\t\t<img loading=\"lazy\" decoding=\"async\" width=\"600\" height=\"400\" src=\"https:\/\/sosmedecinmarrakech.com\/wp-content\/uploads\/2024\/07\/Dommages-aux-tissus-600x400.jpg\" class=\"attachment-medium size-medium wp-post-image\" alt=\"Dommages aux tissus\" srcset=\"https:\/\/sosmedecinmarrakech.com\/wp-content\/uploads\/2024\/07\/Dommages-aux-tissus-600x400.jpg 600w, https:\/\/sosmedecinmarrakech.com\/wp-content\/uploads\/2024\/07\/Dommages-aux-tissus.jpg 758w\" sizes=\"auto, (max-width: 600px) 100vw, 600px\" \/>  \t\t\t\t\t\t\t  \t\t\t\t\t\t\t  \t\t\t\t\t\t<\/div>\n  \t\t\t\t\t\t  \t\t\t\t\t<\/div><!-- .box-image -->\n          \t\t\t\t\t<div class=\"box-text text-center\" >\n\t\t\t\t\t<div class=\"box-text-inner blog-post-inner\">\n\n\t\t\t\t\t\n\t\t\t\t\t\t\t\t\t\t<h5 class=\"post-title is-large \">Dommages aux tissus : SOS M\u00e9decins Marrakech \u00e0 votre secours<\/h5>\n\t\t\t\t\t\t\t\t\t\t<div class=\"is-divider\"><\/div>\n\t\t\t\t\t\t\t\t\t\t<p class=\"from_the_blog_excerpt \">Les dommages aux tissus peuvent r\u00e9sulter de diverses situations, telles que des blessures sportives, des [...]\t\t\t\t\t<\/p>\n\t\t\t\t\t                    \n\t\t\t\t\t\n\t\t\t\t\t\n\t\t\t\t\t<\/div><!-- .box-text-inner -->\n\t\t\t\t\t<\/div><!-- .box-text -->\n\t\t\t\t\t\t\t\t\t\t\t\t\t\t\t\t<div class=\"badge absolute top post-date badge-circle-inside\">\n\t\t\t\t\t\t\t<div class=\"badge-inner\">\n\t\t\t\t\t\t\t\t<span class=\"post-date-day\">26<\/span><br>\n\t\t\t\t\t\t\t\t<span class=\"post-date-month is-xsmall\">Jul<\/span>\n\t\t\t\t\t\t\t<\/div>\n\t\t\t\t\t\t<\/div>\n\t\t\t\t\t\t\t\t\t<\/div><!-- .box -->\n\t\t\t\t<\/a><!-- .link -->\n\t\t\t<\/div><!-- .col-inner -->\n\t\t<\/div><!-- .col -->\n\t\t<div class=\"col post-item\" >\n\t\t\t<div class=\"col-inner\">\n\t\t\t<a href=\"https:\/\/sosmedecinmarrakech.com\/es\/bacteries-contact-sos-medecins-marrakech\/\" class=\"plain\">\n\t\t\t\t<div class=\"box box-push box-text-bottom box-blog-post has-hover\">\n            \t\t\t\t\t<div class=\"box-image\" >\n  \t\t\t\t\t\t<div class=\"image-cover\" style=\"padding-top:75%;\">\n  \t\t\t\t\t\t\t<img loading=\"lazy\" decoding=\"async\" width=\"606\" height=\"400\" src=\"https:\/\/sosmedecinmarrakech.com\/wp-content\/uploads\/2024\/07\/Bacteries-606x400.png\" class=\"attachment-medium size-medium wp-post-image\" alt=\"Bact\u00e9ries\" srcset=\"https:\/\/sosmedecinmarrakech.com\/wp-content\/uploads\/2024\/07\/Bacteries-606x400.png 606w, https:\/\/sosmedecinmarrakech.com\/wp-content\/uploads\/2024\/07\/Bacteries-768x507.png 768w, https:\/\/sosmedecinmarrakech.com\/wp-content\/uploads\/2024\/07\/Bacteries.png 770w\" sizes=\"auto, (max-width: 606px) 100vw, 606px\" \/>  \t\t\t\t\t\t\t  \t\t\t\t\t\t\t  \t\t\t\t\t\t<\/div>\n  \t\t\t\t\t\t  \t\t\t\t\t<\/div><!-- .box-image -->\n          \t\t\t\t\t<div class=\"box-text text-center\" >\n\t\t\t\t\t<div class=\"box-text-inner blog-post-inner\">\n\n\t\t\t\t\t\n\t\t\t\t\t\t\t\t\t\t<h5 class=\"post-title is-large \">Les Bact\u00e9ries et leur Prise en Charge par SOS M\u00e9DECINS MARRAKECH<\/h5>\n\t\t\t\t\t\t\t\t\t\t<div class=\"is-divider\"><\/div>\n\t\t\t\t\t\t\t\t\t\t<p class=\"from_the_blog_excerpt \">Les bact\u00e9ries, ces micro-organismes unicellulaires, sont omnipr\u00e9sentes dans notre environnement. Elles jouent des r\u00f4les vari\u00e9s, [...]\t\t\t\t\t<\/p>\n\t\t\t\t\t                    \n\t\t\t\t\t\n\t\t\t\t\t\n\t\t\t\t\t<\/div><!-- .box-text-inner -->\n\t\t\t\t\t<\/div><!-- .box-text -->\n\t\t\t\t\t\t\t\t\t\t\t\t\t\t\t\t<div class=\"badge absolute top post-date badge-circle-inside\">\n\t\t\t\t\t\t\t<div class=\"badge-inner\">\n\t\t\t\t\t\t\t\t<span class=\"post-date-day\">26<\/span><br>\n\t\t\t\t\t\t\t\t<span class=\"post-date-month is-xsmall\">Jul<\/span>\n\t\t\t\t\t\t\t<\/div>\n\t\t\t\t\t\t<\/div>\n\t\t\t\t\t\t\t\t\t<\/div><!-- .box -->\n\t\t\t\t<\/a><!-- .link -->\n\t\t\t<\/div><!-- .col-inner -->\n\t\t<\/div><!-- .col -->\n<\/div>\n\t\t<\/div><!-- .section-content -->\n\n\t\t\n<style scope=\"scope\">\n\n#section_2112792486 {\n  padding-top: 30px;\n  padding-bottom: 30px;\n}\n<\/style>\n\t<\/section>\n\t\n\t<section class=\"section dark\" id=\"section_1070410516\">\n\t\t<div class=\"bg section-bg fill bg-fill  bg-loaded\" >\n\n\t\t\t\n\t\t\t\n\t\t\t\n\n\t\t<\/div><!-- .section-bg -->\n\n\t\t<div class=\"section-content relative\">\n\t\t\t\n<div class=\"container section-title-container\" ><h3 class=\"section-title section-title-center\"><b><\/b><span class=\"section-title-main\" style=\"font-size:undefined%;\">Blog posts inside a dark section<\/span><b><\/b><\/h3><\/div><!-- .section-title -->\n\n  \n    <div class=\"row large-columns-3 medium-columns- small-columns-1 slider row-slider slider-nav-simple slider-nav-outside slider-nav-light slider-nav-push\"  data-flickity-options='{\"imagesLoaded\": true, \"groupCells\": \"100%\", \"dragThreshold\" : 5, \"cellAlign\": \"left\",\"wrapAround\": true,\"prevNextButtons\": true,\"percentPosition\": true,\"pageDots\": false, \"rightToLeft\": false, \"autoPlay\" : false}'>\n\n  \t\t<div class=\"col post-item\" >\n\t\t\t<div class=\"col-inner\">\n\t\t\t<a href=\"https:\/\/sosmedecinmarrakech.com\/es\/infections-virales-comprendre-et-agir\/\" class=\"plain\">\n\t\t\t\t<div class=\"box box-normal box-text-bottom box-blog-post has-hover\">\n            \t\t\t\t\t<div class=\"box-image\" >\n  \t\t\t\t\t\t<div class=\"image-cover\" style=\"padding-top:56.25%;\">\n  \t\t\t\t\t\t\t<img loading=\"lazy\" decoding=\"async\" width=\"600\" height=\"400\" src=\"https:\/\/sosmedecinmarrakech.com\/wp-content\/uploads\/2024\/10\/Infections-Virales.jpg\" class=\"attachment-medium size-medium wp-post-image\" alt=\"Infections Virales\" \/>  \t\t\t\t\t\t\t  \t\t\t\t\t\t\t  \t\t\t\t\t\t<\/div>\n  \t\t\t\t\t\t  \t\t\t\t\t<\/div><!-- .box-image -->\n          \t\t\t\t\t<div class=\"box-text text-center\" >\n\t\t\t\t\t<div class=\"box-text-inner blog-post-inner\">\n\n\t\t\t\t\t\n\t\t\t\t\t\t\t\t\t\t<h5 class=\"post-title is-large \">Infections Virales : Comprendre et Agir<\/h5>\n\t\t\t\t\t\t\t\t\t\t<div class=\"is-divider\"><\/div>\n\t\t\t\t\t\t\t\t\t\t<p class=\"from_the_blog_excerpt \">Les infections virales sont des maladies caus\u00e9es par des virus, agents pathog\u00e8nes microscopiques qui se [...]\t\t\t\t\t<\/p>\n\t\t\t\t\t                    \n\t\t\t\t\t\n\t\t\t\t\t\n\t\t\t\t\t<\/div><!-- .box-text-inner -->\n\t\t\t\t\t<\/div><!-- .box-text -->\n\t\t\t\t\t\t\t\t\t\t\t\t\t\t\t\t<div class=\"badge absolute top post-date badge-outline\">\n\t\t\t\t\t\t\t<div class=\"badge-inner\">\n\t\t\t\t\t\t\t\t<span class=\"post-date-day\">07<\/span><br>\n\t\t\t\t\t\t\t\t<span class=\"post-date-month is-xsmall\">Oct<\/span>\n\t\t\t\t\t\t\t<\/div>\n\t\t\t\t\t\t<\/div>\n\t\t\t\t\t\t\t\t\t<\/div><!-- .box -->\n\t\t\t\t<\/a><!-- .link -->\n\t\t\t<\/div><!-- .col-inner -->\n\t\t<\/div><!-- .col -->\n\t\t<div class=\"col post-item\" >\n\t\t\t<div class=\"col-inner\">\n\t\t\t<a href=\"https:\/\/sosmedecinmarrakech.com\/es\/bronchite\/\" class=\"plain\">\n\t\t\t\t<div class=\"box box-normal box-text-bottom box-blog-post has-hover\">\n            \t\t\t\t\t<div class=\"box-image\" >\n  \t\t\t\t\t\t<div class=\"image-cover\" style=\"padding-top:56.25%;\">\n  \t\t\t\t\t\t\t<img loading=\"lazy\" decoding=\"async\" width=\"704\" height=\"396\" src=\"https:\/\/sosmedecinmarrakech.com\/wp-content\/uploads\/2024\/10\/Bronchite.webp\" class=\"attachment-medium size-medium wp-post-image\" alt=\"Bronchite\" \/>  \t\t\t\t\t\t\t  \t\t\t\t\t\t\t  \t\t\t\t\t\t<\/div>\n  \t\t\t\t\t\t  \t\t\t\t\t<\/div><!-- .box-image -->\n          \t\t\t\t\t<div class=\"box-text text-center\" >\n\t\t\t\t\t<div class=\"box-text-inner blog-post-inner\">\n\n\t\t\t\t\t\n\t\t\t\t\t\t\t\t\t\t<h5 class=\"post-title is-large \">Comprendre la Bronchite : Sympt\u00f4mes et Solutions<\/h5>\n\t\t\t\t\t\t\t\t\t\t<div class=\"is-divider\"><\/div>\n\t\t\t\t\t\t\t\t\t\t<p class=\"from_the_blog_excerpt \">La bronchite est une inflammation des bronches qui peut provoquer une toux persistante, des douleurs [...]\t\t\t\t\t<\/p>\n\t\t\t\t\t                    \n\t\t\t\t\t\n\t\t\t\t\t\n\t\t\t\t\t<\/div><!-- .box-text-inner -->\n\t\t\t\t\t<\/div><!-- .box-text -->\n\t\t\t\t\t\t\t\t\t\t\t\t\t\t\t\t<div class=\"badge absolute top post-date badge-outline\">\n\t\t\t\t\t\t\t<div class=\"badge-inner\">\n\t\t\t\t\t\t\t\t<span class=\"post-date-day\">07<\/span><br>\n\t\t\t\t\t\t\t\t<span class=\"post-date-month is-xsmall\">Oct<\/span>\n\t\t\t\t\t\t\t<\/div>\n\t\t\t\t\t\t<\/div>\n\t\t\t\t\t\t\t\t\t<\/div><!-- .box -->\n\t\t\t\t<\/a><!-- .link -->\n\t\t\t<\/div><!-- .col-inner -->\n\t\t<\/div><!-- .col -->\n\t\t<div class=\"col post-item\" >\n\t\t\t<div class=\"col-inner\">\n\t\t\t<a href=\"https:\/\/sosmedecinmarrakech.com\/es\/grippe-et-son-association-avec-un-nombre-plus-eleve-dinfarctus-du-myocarde\/\" class=\"plain\">\n\t\t\t\t<div class=\"box box-normal box-text-bottom box-blog-post has-hover\">\n            \t\t\t\t\t<div class=\"box-image\" >\n  \t\t\t\t\t\t<div class=\"image-cover\" style=\"padding-top:56.25%;\">\n  \t\t\t\t\t\t\t<img loading=\"lazy\" decoding=\"async\" width=\"288\" height=\"175\" src=\"https:\/\/sosmedecinmarrakech.com\/wp-content\/uploads\/2024\/10\/grippe.jpg\" class=\"attachment-medium size-medium wp-post-image\" alt=\"Grippe\" \/>  \t\t\t\t\t\t\t  \t\t\t\t\t\t\t  \t\t\t\t\t\t<\/div>\n  \t\t\t\t\t\t  \t\t\t\t\t<\/div><!-- .box-image -->\n          \t\t\t\t\t<div class=\"box-text text-center\" >\n\t\t\t\t\t<div class=\"box-text-inner blog-post-inner\">\n\n\t\t\t\t\t\n\t\t\t\t\t\t\t\t\t\t<h5 class=\"post-title is-large \">La Grippe et Son Association avec un Nombre Plus \u00c9lev\u00e9 d\u2019Infarctus du Myocarde<\/h5>\n\t\t\t\t\t\t\t\t\t\t<div class=\"is-divider\"><\/div>\n\t\t\t\t\t\t\t\t\t\t<p class=\"from_the_blog_excerpt \">La grippe, une infection virale saisonni\u00e8re, est souvent consid\u00e9r\u00e9e comme une simple maladie respiratoire. Cependant, [...]\t\t\t\t\t<\/p>\n\t\t\t\t\t                    \n\t\t\t\t\t\n\t\t\t\t\t\n\t\t\t\t\t<\/div><!-- .box-text-inner -->\n\t\t\t\t\t<\/div><!-- .box-text -->\n\t\t\t\t\t\t\t\t\t\t\t\t\t\t\t\t<div class=\"badge absolute top post-date badge-outline\">\n\t\t\t\t\t\t\t<div class=\"badge-inner\">\n\t\t\t\t\t\t\t\t<span class=\"post-date-day\">06<\/span><br>\n\t\t\t\t\t\t\t\t<span class=\"post-date-month is-xsmall\">Oct<\/span>\n\t\t\t\t\t\t\t<\/div>\n\t\t\t\t\t\t<\/div>\n\t\t\t\t\t\t\t\t\t<\/div><!-- .box -->\n\t\t\t\t<\/a><!-- .link -->\n\t\t\t<\/div><!-- .col-inner -->\n\t\t<\/div><!-- .col -->\n\t\t<div class=\"col post-item\" >\n\t\t\t<div class=\"col-inner\">\n\t\t\t<a href=\"https:\/\/sosmedecinmarrakech.com\/es\/imjudo-un-nuevo-farmaco-hospitalario-para-el-tratamiento-del-cancer-de-higado-y-pulmon\/\" class=\"plain\">\n\t\t\t\t<div class=\"box box-normal box-text-bottom box-blog-post has-hover\">\n            \t\t\t\t\t<div class=\"box-image\" >\n  \t\t\t\t\t\t<div class=\"image-cover\" style=\"padding-top:56.25%;\">\n  \t\t\t\t\t\t\t<img loading=\"lazy\" decoding=\"async\" width=\"300\" height=\"168\" src=\"https:\/\/sosmedecinmarrakech.com\/wp-content\/uploads\/2024\/10\/IMJUDO-2.jpg\" class=\"attachment-medium size-medium wp-post-image\" alt=\"IMJUDO\" \/>  \t\t\t\t\t\t\t  \t\t\t\t\t\t\t  \t\t\t\t\t\t<\/div>\n  \t\t\t\t\t\t  \t\t\t\t\t<\/div><!-- .box-image -->\n          \t\t\t\t\t<div class=\"box-text text-center\" >\n\t\t\t\t\t<div class=\"box-text-inner blog-post-inner\">\n\n\t\t\t\t\t\n\t\t\t\t\t\t\t\t\t\t<h5 class=\"post-title is-large \">IMJUDO : Nouveau M\u00e9dicament Hospitalier dans le Traitement des Cancers du Foie et du Poumon<\/h5>\n\t\t\t\t\t\t\t\t\t\t<div class=\"is-divider\"><\/div>\n\t\t\t\t\t\t\t\t\t\t<p class=\"from_the_blog_excerpt \">IMJUDO, un m\u00e9dicament r\u00e9cemment introduit dans le cadre des traitements hospitaliers, suscite un grand int\u00e9r\u00eat [...]\t\t\t\t\t<\/p>\n\t\t\t\t\t                    \n\t\t\t\t\t\n\t\t\t\t\t\n\t\t\t\t\t<\/div><!-- .box-text-inner -->\n\t\t\t\t\t<\/div><!-- .box-text -->\n\t\t\t\t\t\t\t\t\t\t\t\t\t\t\t\t<div class=\"badge absolute top post-date badge-outline\">\n\t\t\t\t\t\t\t<div class=\"badge-inner\">\n\t\t\t\t\t\t\t\t<span class=\"post-date-day\">06<\/span><br>\n\t\t\t\t\t\t\t\t<span class=\"post-date-month is-xsmall\">Oct<\/span>\n\t\t\t\t\t\t\t<\/div>\n\t\t\t\t\t\t<\/div>\n\t\t\t\t\t\t\t\t\t<\/div><!-- .box -->\n\t\t\t\t<\/a><!-- .link -->\n\t\t\t<\/div><!-- .col-inner -->\n\t\t<\/div><!-- .col -->\n\t\t<div class=\"col post-item\" >\n\t\t\t<div class=\"col-inner\">\n\t\t\t<a href=\"https:\/\/sosmedecinmarrakech.com\/es\/tension-des-formes-injectables\/\" class=\"plain\">\n\t\t\t\t<div class=\"box box-normal box-text-bottom box-blog-post has-hover\">\n            \t\t\t\t\t<div class=\"box-image\" >\n  \t\t\t\t\t\t<div class=\"image-cover\" style=\"padding-top:56.25%;\">\n  \t\t\t\t\t\t\t<img loading=\"lazy\" decoding=\"async\" width=\"628\" height=\"400\" src=\"https:\/\/sosmedecinmarrakech.com\/wp-content\/uploads\/2024\/10\/Tension-des-Formes-Injectables-628x400.webp\" class=\"attachment-medium size-medium wp-post-image\" alt=\"Tension des Formes Injectables\" srcset=\"https:\/\/sosmedecinmarrakech.com\/wp-content\/uploads\/2024\/10\/Tension-des-Formes-Injectables-628x400.webp 628w, https:\/\/sosmedecinmarrakech.com\/wp-content\/uploads\/2024\/10\/Tension-des-Formes-Injectables-1256x800.webp 1256w, https:\/\/sosmedecinmarrakech.com\/wp-content\/uploads\/2024\/10\/Tension-des-Formes-Injectables-768x489.webp 768w, https:\/\/sosmedecinmarrakech.com\/wp-content\/uploads\/2024\/10\/Tension-des-Formes-Injectables.webp 1444w\" sizes=\"auto, (max-width: 628px) 100vw, 628px\" \/>  \t\t\t\t\t\t\t  \t\t\t\t\t\t\t  \t\t\t\t\t\t<\/div>\n  \t\t\t\t\t\t  \t\t\t\t\t<\/div><!-- .box-image -->\n          \t\t\t\t\t<div class=\"box-text text-center\" >\n\t\t\t\t\t<div class=\"box-text-inner blog-post-inner\">\n\n\t\t\t\t\t\n\t\t\t\t\t\t\t\t\t\t<h5 class=\"post-title is-large \">Tension des Formes Injectables\/Buvables de Vitamine B12 : Passer au Comprim\u00e9 quand la Voie Orale est Possible<\/h5>\n\t\t\t\t\t\t\t\t\t\t<div class=\"is-divider\"><\/div>\n\t\t\t\t\t\t\t\t\t\t<p class=\"from_the_blog_excerpt \">La vitamine B12 est essentielle pour la sant\u00e9 neurologique la Tension des Formes Injectables et [...]\t\t\t\t\t<\/p>\n\t\t\t\t\t                    \n\t\t\t\t\t\n\t\t\t\t\t\n\t\t\t\t\t<\/div><!-- .box-text-inner -->\n\t\t\t\t\t<\/div><!-- .box-text -->\n\t\t\t\t\t\t\t\t\t\t\t\t\t\t\t\t<div class=\"badge absolute top post-date badge-outline\">\n\t\t\t\t\t\t\t<div class=\"badge-inner\">\n\t\t\t\t\t\t\t\t<span class=\"post-date-day\">06<\/span><br>\n\t\t\t\t\t\t\t\t<span class=\"post-date-month is-xsmall\">Oct<\/span>\n\t\t\t\t\t\t\t<\/div>\n\t\t\t\t\t\t<\/div>\n\t\t\t\t\t\t\t\t\t<\/div><!-- .box -->\n\t\t\t\t<\/a><!-- .link -->\n\t\t\t<\/div><!-- .col-inner -->\n\t\t<\/div><!-- .col -->\n\t\t<div class=\"col post-item\" >\n\t\t\t<div class=\"col-inner\">\n\t\t\t<a href=\"https:\/\/sosmedecinmarrakech.com\/es\/infections-a-vrs\/\" class=\"plain\">\n\t\t\t\t<div class=\"box box-normal box-text-bottom box-blog-post has-hover\">\n            \t\t\t\t\t<div class=\"box-image\" >\n  \t\t\t\t\t\t<div class=\"image-cover\" style=\"padding-top:56.25%;\">\n  \t\t\t\t\t\t\t<img loading=\"lazy\" decoding=\"async\" width=\"711\" height=\"400\" src=\"https:\/\/sosmedecinmarrakech.com\/wp-content\/uploads\/2024\/10\/Infections-a-VRS-711x400.jpg\" class=\"attachment-medium size-medium wp-post-image\" alt=\"Infections \u00e0 VRS\" srcset=\"https:\/\/sosmedecinmarrakech.com\/wp-content\/uploads\/2024\/10\/Infections-a-VRS-711x400.jpg 711w, https:\/\/sosmedecinmarrakech.com\/wp-content\/uploads\/2024\/10\/Infections-a-VRS-768x432.jpg 768w, https:\/\/sosmedecinmarrakech.com\/wp-content\/uploads\/2024\/10\/Infections-a-VRS.jpg 771w\" sizes=\"auto, (max-width: 711px) 100vw, 711px\" \/>  \t\t\t\t\t\t\t  \t\t\t\t\t\t\t  \t\t\t\t\t\t<\/div>\n  \t\t\t\t\t\t  \t\t\t\t\t<\/div><!-- .box-image -->\n          \t\t\t\t\t<div class=\"box-text text-center\" >\n\t\t\t\t\t<div class=\"box-text-inner blog-post-inner\">\n\n\t\t\t\t\t\n\t\t\t\t\t\t\t\t\t\t<h5 class=\"post-title is-large \">Pr\u00e9vention des Infections \u00e0 VRS chez les Personnes \u00c2g\u00e9es : Faut-il Vacciner ?<\/h5>\n\t\t\t\t\t\t\t\t\t\t<div class=\"is-divider\"><\/div>\n\t\t\t\t\t\t\t\t\t\t<p class=\"from_the_blog_excerpt \">Les Infections \u00e0 VRS \u00e0 virus respiratoire syncytial (VRS) sont souvent consid\u00e9r\u00e9es comme des affections [...]\t\t\t\t\t<\/p>\n\t\t\t\t\t                    \n\t\t\t\t\t\n\t\t\t\t\t\n\t\t\t\t\t<\/div><!-- .box-text-inner -->\n\t\t\t\t\t<\/div><!-- .box-text -->\n\t\t\t\t\t\t\t\t\t\t\t\t\t\t\t\t<div class=\"badge absolute top post-date badge-outline\">\n\t\t\t\t\t\t\t<div class=\"badge-inner\">\n\t\t\t\t\t\t\t\t<span class=\"post-date-day\">06<\/span><br>\n\t\t\t\t\t\t\t\t<span class=\"post-date-month is-xsmall\">Oct<\/span>\n\t\t\t\t\t\t\t<\/div>\n\t\t\t\t\t\t<\/div>\n\t\t\t\t\t\t\t\t\t<\/div><!-- .box -->\n\t\t\t\t<\/a><!-- .link -->\n\t\t\t<\/div><!-- .col-inner -->\n\t\t<\/div><!-- .col -->\n\t\t<div class=\"col post-item\" >\n\t\t\t<div class=\"col-inner\">\n\t\t\t<a href=\"https:\/\/sosmedecinmarrakech.com\/es\/biopsies-un-outil-cle-en-medecine\/\" class=\"plain\">\n\t\t\t\t<div class=\"box box-normal box-text-bottom box-blog-post has-hover\">\n            \t\t\t\t\t<div class=\"box-image\" >\n  \t\t\t\t\t\t<div class=\"image-cover\" style=\"padding-top:56.25%;\">\n  \t\t\t\t\t\t\t<img loading=\"lazy\" decoding=\"async\" width=\"713\" height=\"400\" src=\"https:\/\/sosmedecinmarrakech.com\/wp-content\/uploads\/2024\/10\/Biopsies-713x400.jpg\" class=\"attachment-medium size-medium wp-post-image\" alt=\"Biopsies\" srcset=\"https:\/\/sosmedecinmarrakech.com\/wp-content\/uploads\/2024\/10\/Biopsies-713x400.jpg 713w, https:\/\/sosmedecinmarrakech.com\/wp-content\/uploads\/2024\/10\/Biopsies-768x431.jpg 768w, https:\/\/sosmedecinmarrakech.com\/wp-content\/uploads\/2024\/10\/Biopsies.jpg 1000w\" sizes=\"auto, (max-width: 713px) 100vw, 713px\" \/>  \t\t\t\t\t\t\t  \t\t\t\t\t\t\t  \t\t\t\t\t\t<\/div>\n  \t\t\t\t\t\t  \t\t\t\t\t<\/div><!-- .box-image -->\n          \t\t\t\t\t<div class=\"box-text text-center\" >\n\t\t\t\t\t<div class=\"box-text-inner blog-post-inner\">\n\n\t\t\t\t\t\n\t\t\t\t\t\t\t\t\t\t<h5 class=\"post-title is-large \">Biopsies : Un Outil Cl\u00e9 en M\u00e9decine<\/h5>\n\t\t\t\t\t\t\t\t\t\t<div class=\"is-divider\"><\/div>\n\t\t\t\t\t\t\t\t\t\t<p class=\"from_the_blog_excerpt \">La biopsies est une proc\u00e9dure m\u00e9dicale essentielle qui consiste \u00e0 pr\u00e9lever un \u00e9chantillon de tissu [...]\t\t\t\t\t<\/p>\n\t\t\t\t\t                    \n\t\t\t\t\t\n\t\t\t\t\t\n\t\t\t\t\t<\/div><!-- .box-text-inner -->\n\t\t\t\t\t<\/div><!-- .box-text -->\n\t\t\t\t\t\t\t\t\t\t\t\t\t\t\t\t<div class=\"badge absolute top post-date badge-outline\">\n\t\t\t\t\t\t\t<div class=\"badge-inner\">\n\t\t\t\t\t\t\t\t<span class=\"post-date-day\">06<\/span><br>\n\t\t\t\t\t\t\t\t<span class=\"post-date-month is-xsmall\">Oct<\/span>\n\t\t\t\t\t\t\t<\/div>\n\t\t\t\t\t\t<\/div>\n\t\t\t\t\t\t\t\t\t<\/div><!-- .box -->\n\t\t\t\t<\/a><!-- .link -->\n\t\t\t<\/div><!-- .col-inner -->\n\t\t<\/div><!-- .col -->\n\t\t<div class=\"col post-item\" >\n\t\t\t<div class=\"col-inner\">\n\t\t\t<a href=\"https:\/\/sosmedecinmarrakech.com\/es\/cancer-de-la-prostate\/\" class=\"plain\">\n\t\t\t\t<div class=\"box box-normal box-text-bottom box-blog-post has-hover\">\n            \t\t\t\t\t<div class=\"box-image\" >\n  \t\t\t\t\t\t<div class=\"image-cover\" style=\"padding-top:56.25%;\">\n  \t\t\t\t\t\t\t<img loading=\"lazy\" decoding=\"async\" width=\"309\" height=\"203\" src=\"https:\/\/sosmedecinmarrakech.com\/wp-content\/uploads\/2024\/07\/Cancer-de-la-Prostate.jpg\" class=\"attachment-medium size-medium wp-post-image\" alt=\"Cancer de la Prostate\" \/>  \t\t\t\t\t\t\t  \t\t\t\t\t\t\t  \t\t\t\t\t\t<\/div>\n  \t\t\t\t\t\t  \t\t\t\t\t<\/div><!-- .box-image -->\n          \t\t\t\t\t<div class=\"box-text text-center\" >\n\t\t\t\t\t<div class=\"box-text-inner blog-post-inner\">\n\n\t\t\t\t\t\n\t\t\t\t\t\t\t\t\t\t<h5 class=\"post-title is-large \">Cancer de la Prostate : D\u00e9tection Pr\u00e9coce et Soutien de SOS M\u00e9decins \u00e0 Domicile Marrakech<\/h5>\n\t\t\t\t\t\t\t\t\t\t<div class=\"is-divider\"><\/div>\n\t\t\t\t\t\t\t\t\t\t<p class=\"from_the_blog_excerpt \">Le cancer de la prostate est l&rsquo;un des cancers les plus courants chez les hommes, [...]\t\t\t\t\t<\/p>\n\t\t\t\t\t                    \n\t\t\t\t\t\n\t\t\t\t\t\n\t\t\t\t\t<\/div><!-- .box-text-inner -->\n\t\t\t\t\t<\/div><!-- .box-text -->\n\t\t\t\t\t\t\t\t\t\t\t\t\t\t\t\t<div class=\"badge absolute top post-date badge-outline\">\n\t\t\t\t\t\t\t<div class=\"badge-inner\">\n\t\t\t\t\t\t\t\t<span class=\"post-date-day\">28<\/span><br>\n\t\t\t\t\t\t\t\t<span class=\"post-date-month is-xsmall\">Jul<\/span>\n\t\t\t\t\t\t\t<\/div>\n\t\t\t\t\t\t<\/div>\n\t\t\t\t\t\t\t\t\t<\/div><!-- .box -->\n\t\t\t\t<\/a><!-- .link -->\n\t\t\t<\/div><!-- .col-inner -->\n\t\t<\/div><!-- .col -->\n\t\t<div class=\"col post-item\" >\n\t\t\t<div class=\"col-inner\">\n\t\t\t<a href=\"https:\/\/sosmedecinmarrakech.com\/es\/cancer-des-seins\/\" class=\"plain\">\n\t\t\t\t<div class=\"box box-normal box-text-bottom box-blog-post has-hover\">\n            \t\t\t\t\t<div class=\"box-image\" >\n  \t\t\t\t\t\t<div class=\"image-cover\" style=\"padding-top:56.25%;\">\n  \t\t\t\t\t\t\t<img loading=\"lazy\" decoding=\"async\" width=\"574\" height=\"400\" src=\"https:\/\/sosmedecinmarrakech.com\/wp-content\/uploads\/2024\/07\/Cancer-des-seins-574x400.jpg\" class=\"attachment-medium size-medium wp-post-image\" alt=\"Cancer des seins\" srcset=\"https:\/\/sosmedecinmarrakech.com\/wp-content\/uploads\/2024\/07\/Cancer-des-seins-574x400.jpg 574w, https:\/\/sosmedecinmarrakech.com\/wp-content\/uploads\/2024\/07\/Cancer-des-seins.jpg 750w\" sizes=\"auto, (max-width: 574px) 100vw, 574px\" \/>  \t\t\t\t\t\t\t  \t\t\t\t\t\t\t  \t\t\t\t\t\t<\/div>\n  \t\t\t\t\t\t  \t\t\t\t\t<\/div><!-- .box-image -->\n          \t\t\t\t\t<div class=\"box-text text-center\" >\n\t\t\t\t\t<div class=\"box-text-inner blog-post-inner\">\n\n\t\t\t\t\t\n\t\t\t\t\t\t\t\t\t\t<h5 class=\"post-title is-large \">Cancer des seins : Importance de la D\u00e9tection Pr\u00e9coce et R\u00f4le de SOS M\u00e9decins \u00e0 Domicile \u00e0 Marrakech<\/h5>\n\t\t\t\t\t\t\t\t\t\t<div class=\"is-divider\"><\/div>\n\t\t\t\t\t\t\t\t\t\t<p class=\"from_the_blog_excerpt \">Le cancer des seins est une maladie qui touche de nombreuses femmes dans le monde, [...]\t\t\t\t\t<\/p>\n\t\t\t\t\t                    \n\t\t\t\t\t\n\t\t\t\t\t\n\t\t\t\t\t<\/div><!-- .box-text-inner -->\n\t\t\t\t\t<\/div><!-- .box-text -->\n\t\t\t\t\t\t\t\t\t\t\t\t\t\t\t\t<div class=\"badge absolute top post-date badge-outline\">\n\t\t\t\t\t\t\t<div class=\"badge-inner\">\n\t\t\t\t\t\t\t\t<span class=\"post-date-day\">28<\/span><br>\n\t\t\t\t\t\t\t\t<span class=\"post-date-month is-xsmall\">Jul<\/span>\n\t\t\t\t\t\t\t<\/div>\n\t\t\t\t\t\t<\/div>\n\t\t\t\t\t\t\t\t\t<\/div><!-- .box -->\n\t\t\t\t<\/a><!-- .link -->\n\t\t\t<\/div><!-- .col-inner -->\n\t\t<\/div><!-- .col -->\n\t\t<div class=\"col post-item\" >\n\t\t\t<div class=\"col-inner\">\n\t\t\t<a href=\"https:\/\/sosmedecinmarrakech.com\/es\/eczema-atopique\/\" class=\"plain\">\n\t\t\t\t<div class=\"box box-normal box-text-bottom box-blog-post has-hover\">\n            \t\t\t\t\t<div class=\"box-image\" >\n  \t\t\t\t\t\t<div class=\"image-cover\" style=\"padding-top:56.25%;\">\n  \t\t\t\t\t\t\t<img loading=\"lazy\" decoding=\"async\" width=\"595\" height=\"400\" src=\"https:\/\/sosmedecinmarrakech.com\/wp-content\/uploads\/2024\/07\/eczema-atopique-1-595x400.jpg\" class=\"attachment-medium size-medium wp-post-image\" alt=\"ecz\u00e9ma atopique\" srcset=\"https:\/\/sosmedecinmarrakech.com\/wp-content\/uploads\/2024\/07\/eczema-atopique-1-595x400.jpg 595w, https:\/\/sosmedecinmarrakech.com\/wp-content\/uploads\/2024\/07\/eczema-atopique-1.jpg 640w\" sizes=\"auto, (max-width: 595px) 100vw, 595px\" \/>  \t\t\t\t\t\t\t  \t\t\t\t\t\t\t  \t\t\t\t\t\t<\/div>\n  \t\t\t\t\t\t  \t\t\t\t\t<\/div><!-- .box-image -->\n          \t\t\t\t\t<div class=\"box-text text-center\" >\n\t\t\t\t\t<div class=\"box-text-inner blog-post-inner\">\n\n\t\t\t\t\t\n\t\t\t\t\t\t\t\t\t\t<h5 class=\"post-title is-large \">L&rsquo;ecz\u00e9ma atopique : Comment SOS M\u00e9decins Marrakech peut aider<\/h5>\n\t\t\t\t\t\t\t\t\t\t<div class=\"is-divider\"><\/div>\n\t\t\t\t\t\t\t\t\t\t<p class=\"from_the_blog_excerpt \">L&rsquo;ecz\u00e9ma atopique est une maladie chronique de la peau qui provoque des d\u00e9mangeaisons, des rougeurs [...]\t\t\t\t\t<\/p>\n\t\t\t\t\t                    \n\t\t\t\t\t\n\t\t\t\t\t\n\t\t\t\t\t<\/div><!-- .box-text-inner -->\n\t\t\t\t\t<\/div><!-- .box-text -->\n\t\t\t\t\t\t\t\t\t\t\t\t\t\t\t\t<div class=\"badge absolute top post-date badge-outline\">\n\t\t\t\t\t\t\t<div class=\"badge-inner\">\n\t\t\t\t\t\t\t\t<span class=\"post-date-day\">26<\/span><br>\n\t\t\t\t\t\t\t\t<span class=\"post-date-month is-xsmall\">Jul<\/span>\n\t\t\t\t\t\t\t<\/div>\n\t\t\t\t\t\t<\/div>\n\t\t\t\t\t\t\t\t\t<\/div><!-- .box -->\n\t\t\t\t<\/a><!-- .link -->\n\t\t\t<\/div><!-- .col-inner -->\n\t\t<\/div><!-- .col -->\n\t\t<div class=\"col post-item\" >\n\t\t\t<div class=\"col-inner\">\n\t\t\t<a href=\"https:\/\/sosmedecinmarrakech.com\/es\/dommages-aux-tissus\/\" class=\"plain\">\n\t\t\t\t<div class=\"box box-normal box-text-bottom box-blog-post has-hover\">\n            \t\t\t\t\t<div class=\"box-image\" >\n  \t\t\t\t\t\t<div class=\"image-cover\" style=\"padding-top:56.25%;\">\n  \t\t\t\t\t\t\t<img loading=\"lazy\" decoding=\"async\" width=\"600\" height=\"400\" src=\"https:\/\/sosmedecinmarrakech.com\/wp-content\/uploads\/2024\/07\/Dommages-aux-tissus-600x400.jpg\" class=\"attachment-medium size-medium wp-post-image\" alt=\"Dommages aux tissus\" srcset=\"https:\/\/sosmedecinmarrakech.com\/wp-content\/uploads\/2024\/07\/Dommages-aux-tissus-600x400.jpg 600w, https:\/\/sosmedecinmarrakech.com\/wp-content\/uploads\/2024\/07\/Dommages-aux-tissus.jpg 758w\" sizes=\"auto, (max-width: 600px) 100vw, 600px\" \/>  \t\t\t\t\t\t\t  \t\t\t\t\t\t\t  \t\t\t\t\t\t<\/div>\n  \t\t\t\t\t\t  \t\t\t\t\t<\/div><!-- .box-image -->\n          \t\t\t\t\t<div class=\"box-text text-center\" >\n\t\t\t\t\t<div class=\"box-text-inner blog-post-inner\">\n\n\t\t\t\t\t\n\t\t\t\t\t\t\t\t\t\t<h5 class=\"post-title is-large \">Dommages aux tissus : SOS M\u00e9decins Marrakech \u00e0 votre secours<\/h5>\n\t\t\t\t\t\t\t\t\t\t<div class=\"is-divider\"><\/div>\n\t\t\t\t\t\t\t\t\t\t<p class=\"from_the_blog_excerpt \">Les dommages aux tissus peuvent r\u00e9sulter de diverses situations, telles que des blessures sportives, des [...]\t\t\t\t\t<\/p>\n\t\t\t\t\t                    \n\t\t\t\t\t\n\t\t\t\t\t\n\t\t\t\t\t<\/div><!-- .box-text-inner -->\n\t\t\t\t\t<\/div><!-- .box-text -->\n\t\t\t\t\t\t\t\t\t\t\t\t\t\t\t\t<div class=\"badge absolute top post-date badge-outline\">\n\t\t\t\t\t\t\t<div class=\"badge-inner\">\n\t\t\t\t\t\t\t\t<span class=\"post-date-day\">26<\/span><br>\n\t\t\t\t\t\t\t\t<span class=\"post-date-month is-xsmall\">Jul<\/span>\n\t\t\t\t\t\t\t<\/div>\n\t\t\t\t\t\t<\/div>\n\t\t\t\t\t\t\t\t\t<\/div><!-- .box -->\n\t\t\t\t<\/a><!-- .link -->\n\t\t\t<\/div><!-- .col-inner -->\n\t\t<\/div><!-- .col -->\n\t\t<div class=\"col post-item\" >\n\t\t\t<div class=\"col-inner\">\n\t\t\t<a href=\"https:\/\/sosmedecinmarrakech.com\/es\/bacteries-contact-sos-medecins-marrakech\/\" class=\"plain\">\n\t\t\t\t<div class=\"box box-normal box-text-bottom box-blog-post has-hover\">\n            \t\t\t\t\t<div class=\"box-image\" >\n  \t\t\t\t\t\t<div class=\"image-cover\" style=\"padding-top:56.25%;\">\n  \t\t\t\t\t\t\t<img loading=\"lazy\" decoding=\"async\" width=\"606\" height=\"400\" src=\"https:\/\/sosmedecinmarrakech.com\/wp-content\/uploads\/2024\/07\/Bacteries-606x400.png\" class=\"attachment-medium size-medium wp-post-image\" alt=\"Bact\u00e9ries\" srcset=\"https:\/\/sosmedecinmarrakech.com\/wp-content\/uploads\/2024\/07\/Bacteries-606x400.png 606w, https:\/\/sosmedecinmarrakech.com\/wp-content\/uploads\/2024\/07\/Bacteries-768x507.png 768w, https:\/\/sosmedecinmarrakech.com\/wp-content\/uploads\/2024\/07\/Bacteries.png 770w\" sizes=\"auto, (max-width: 606px) 100vw, 606px\" \/>  \t\t\t\t\t\t\t  \t\t\t\t\t\t\t  \t\t\t\t\t\t<\/div>\n  \t\t\t\t\t\t  \t\t\t\t\t<\/div><!-- .box-image -->\n          \t\t\t\t\t<div class=\"box-text text-center\" >\n\t\t\t\t\t<div class=\"box-text-inner blog-post-inner\">\n\n\t\t\t\t\t\n\t\t\t\t\t\t\t\t\t\t<h5 class=\"post-title is-large \">Les Bact\u00e9ries et leur Prise en Charge par SOS M\u00e9DECINS MARRAKECH<\/h5>\n\t\t\t\t\t\t\t\t\t\t<div class=\"is-divider\"><\/div>\n\t\t\t\t\t\t\t\t\t\t<p class=\"from_the_blog_excerpt \">Les bact\u00e9ries, ces micro-organismes unicellulaires, sont omnipr\u00e9sentes dans notre environnement. Elles jouent des r\u00f4les vari\u00e9s, [...]\t\t\t\t\t<\/p>\n\t\t\t\t\t                    \n\t\t\t\t\t\n\t\t\t\t\t\n\t\t\t\t\t<\/div><!-- .box-text-inner -->\n\t\t\t\t\t<\/div><!-- .box-text -->\n\t\t\t\t\t\t\t\t\t\t\t\t\t\t\t\t<div class=\"badge absolute top post-date badge-outline\">\n\t\t\t\t\t\t\t<div class=\"badge-inner\">\n\t\t\t\t\t\t\t\t<span class=\"post-date-day\">26<\/span><br>\n\t\t\t\t\t\t\t\t<span class=\"post-date-month is-xsmall\">Jul<\/span>\n\t\t\t\t\t\t\t<\/div>\n\t\t\t\t\t\t<\/div>\n\t\t\t\t\t\t\t\t\t<\/div><!-- .box -->\n\t\t\t\t<\/a><!-- .link -->\n\t\t\t<\/div><!-- .col-inner -->\n\t\t<\/div><!-- .col -->\n<\/div>\n\t\t<\/div><!-- .section-content -->\n\n\t\t\n<style scope=\"scope\">\n\n#section_1070410516 {\n  padding-top: 30px;\n  padding-bottom: 30px;\n  background-color: rgb(62, 62, 62);\n}\n<\/style>\n\t<\/section>\n\t\n<div class=\"container section-title-container\" style=\"margin-top:31px;\"><h3 class=\"section-title section-title-center\"><b><\/b><span class=\"section-title-main\" style=\"font-size:undefined%;\">Vertical Slide Style<\/span><b><\/b><\/h3><\/div><!-- .section-title -->\n\n  \n    <div class=\"row large-columns-2 medium-columns- small-columns-1 has-shadow row-box-shadow-2 slider row-slider slider-nav-simple slider-nav-outside\"  data-flickity-options='{\"imagesLoaded\": true, \"groupCells\": \"100%\", \"dragThreshold\" : 5, \"cellAlign\": \"left\",\"wrapAround\": true,\"prevNextButtons\": true,\"percentPosition\": true,\"pageDots\": false, \"rightToLeft\": false, \"autoPlay\" : false}'>\n\n  \t\t<div class=\"col post-item\" >\n\t\t\t<div class=\"col-inner\">\n\t\t\t<a href=\"https:\/\/sosmedecinmarrakech.com\/es\/infections-virales-comprendre-et-agir\/\" class=\"plain\">\n\t\t\t\t<div class=\"box box-vertical box-text-bottom box-blog-post has-hover\">\n            \t\t\t\t\t<div class=\"box-image\" style=\"width:43%;\">\n  \t\t\t\t\t\t<div class=\"image-cover\" style=\"padding-top:89%;\">\n  \t\t\t\t\t\t\t<img loading=\"lazy\" decoding=\"async\" width=\"600\" height=\"400\" src=\"https:\/\/sosmedecinmarrakech.com\/wp-content\/uploads\/2024\/10\/Infections-Virales.jpg\" class=\"attachment-medium size-medium wp-post-image\" alt=\"Infections Virales\" \/>  \t\t\t\t\t\t\t  \t\t\t\t\t\t\t  \t\t\t\t\t\t<\/div>\n  \t\t\t\t\t\t  \t\t\t\t\t<\/div><!-- .box-image -->\n          \t\t\t\t\t<div class=\"box-text text-center\" >\n\t\t\t\t\t<div class=\"box-text-inner blog-post-inner\">\n\n\t\t\t\t\t\n\t\t\t\t\t\t\t\t\t\t<h5 class=\"post-title is-large \">Infections Virales : Comprendre et Agir<\/h5>\n\t\t\t\t\t\t\t\t\t\t<div class=\"is-divider\"><\/div>\n\t\t\t\t\t\t\t\t\t\t<p class=\"from_the_blog_excerpt \">Les infections virales sont des maladies caus\u00e9es par des virus, agents pathog\u00e8nes microscopiques qui se [...]\t\t\t\t\t<\/p>\n\t\t\t\t\t                    \n\t\t\t\t\t\n\t\t\t\t\t\n\t\t\t\t\t<\/div><!-- .box-text-inner -->\n\t\t\t\t\t<\/div><!-- .box-text -->\n\t\t\t\t\t\t\t\t\t\t\t\t\t\t\t\t<div class=\"badge absolute top post-date badge-outline\">\n\t\t\t\t\t\t\t<div class=\"badge-inner\">\n\t\t\t\t\t\t\t\t<span class=\"post-date-day\">07<\/span><br>\n\t\t\t\t\t\t\t\t<span class=\"post-date-month is-xsmall\">Oct<\/span>\n\t\t\t\t\t\t\t<\/div>\n\t\t\t\t\t\t<\/div>\n\t\t\t\t\t\t\t\t\t<\/div><!-- .box -->\n\t\t\t\t<\/a><!-- .link -->\n\t\t\t<\/div><!-- .col-inner -->\n\t\t<\/div><!-- .col -->\n\t\t<div class=\"col post-item\" >\n\t\t\t<div class=\"col-inner\">\n\t\t\t<a href=\"https:\/\/sosmedecinmarrakech.com\/es\/bronchite\/\" class=\"plain\">\n\t\t\t\t<div class=\"box box-vertical box-text-bottom box-blog-post has-hover\">\n            \t\t\t\t\t<div class=\"box-image\" style=\"width:43%;\">\n  \t\t\t\t\t\t<div class=\"image-cover\" style=\"padding-top:89%;\">\n  \t\t\t\t\t\t\t<img loading=\"lazy\" decoding=\"async\" width=\"704\" height=\"396\" src=\"https:\/\/sosmedecinmarrakech.com\/wp-content\/uploads\/2024\/10\/Bronchite.webp\" class=\"attachment-medium size-medium wp-post-image\" alt=\"Bronchite\" \/>  \t\t\t\t\t\t\t  \t\t\t\t\t\t\t  \t\t\t\t\t\t<\/div>\n  \t\t\t\t\t\t  \t\t\t\t\t<\/div><!-- .box-image -->\n          \t\t\t\t\t<div class=\"box-text text-center\" >\n\t\t\t\t\t<div class=\"box-text-inner blog-post-inner\">\n\n\t\t\t\t\t\n\t\t\t\t\t\t\t\t\t\t<h5 class=\"post-title is-large \">Comprendre la Bronchite : Sympt\u00f4mes et Solutions<\/h5>\n\t\t\t\t\t\t\t\t\t\t<div class=\"is-divider\"><\/div>\n\t\t\t\t\t\t\t\t\t\t<p class=\"from_the_blog_excerpt \">La bronchite est une inflammation des bronches qui peut provoquer une toux persistante, des douleurs [...]\t\t\t\t\t<\/p>\n\t\t\t\t\t                    \n\t\t\t\t\t\n\t\t\t\t\t\n\t\t\t\t\t<\/div><!-- .box-text-inner -->\n\t\t\t\t\t<\/div><!-- .box-text -->\n\t\t\t\t\t\t\t\t\t\t\t\t\t\t\t\t<div class=\"badge absolute top post-date badge-outline\">\n\t\t\t\t\t\t\t<div class=\"badge-inner\">\n\t\t\t\t\t\t\t\t<span class=\"post-date-day\">07<\/span><br>\n\t\t\t\t\t\t\t\t<span class=\"post-date-month is-xsmall\">Oct<\/span>\n\t\t\t\t\t\t\t<\/div>\n\t\t\t\t\t\t<\/div>\n\t\t\t\t\t\t\t\t\t<\/div><!-- .box -->\n\t\t\t\t<\/a><!-- .link -->\n\t\t\t<\/div><!-- .col-inner -->\n\t\t<\/div><!-- .col -->\n\t\t<div class=\"col post-item\" >\n\t\t\t<div class=\"col-inner\">\n\t\t\t<a href=\"https:\/\/sosmedecinmarrakech.com\/es\/grippe-et-son-association-avec-un-nombre-plus-eleve-dinfarctus-du-myocarde\/\" class=\"plain\">\n\t\t\t\t<div class=\"box box-vertical box-text-bottom box-blog-post has-hover\">\n            \t\t\t\t\t<div class=\"box-image\" style=\"width:43%;\">\n  \t\t\t\t\t\t<div class=\"image-cover\" style=\"padding-top:89%;\">\n  \t\t\t\t\t\t\t<img loading=\"lazy\" decoding=\"async\" width=\"288\" height=\"175\" src=\"https:\/\/sosmedecinmarrakech.com\/wp-content\/uploads\/2024\/10\/grippe.jpg\" class=\"attachment-medium size-medium wp-post-image\" alt=\"Grippe\" \/>  \t\t\t\t\t\t\t  \t\t\t\t\t\t\t  \t\t\t\t\t\t<\/div>\n  \t\t\t\t\t\t  \t\t\t\t\t<\/div><!-- .box-image -->\n          \t\t\t\t\t<div class=\"box-text text-center\" >\n\t\t\t\t\t<div class=\"box-text-inner blog-post-inner\">\n\n\t\t\t\t\t\n\t\t\t\t\t\t\t\t\t\t<h5 class=\"post-title is-large \">La Grippe et Son Association avec un Nombre Plus \u00c9lev\u00e9 d\u2019Infarctus du Myocarde<\/h5>\n\t\t\t\t\t\t\t\t\t\t<div class=\"is-divider\"><\/div>\n\t\t\t\t\t\t\t\t\t\t<p class=\"from_the_blog_excerpt \">La grippe, une infection virale saisonni\u00e8re, est souvent consid\u00e9r\u00e9e comme une simple maladie respiratoire. Cependant, [...]\t\t\t\t\t<\/p>\n\t\t\t\t\t                    \n\t\t\t\t\t\n\t\t\t\t\t\n\t\t\t\t\t<\/div><!-- .box-text-inner -->\n\t\t\t\t\t<\/div><!-- .box-text -->\n\t\t\t\t\t\t\t\t\t\t\t\t\t\t\t\t<div class=\"badge absolute top post-date badge-outline\">\n\t\t\t\t\t\t\t<div class=\"badge-inner\">\n\t\t\t\t\t\t\t\t<span class=\"post-date-day\">06<\/span><br>\n\t\t\t\t\t\t\t\t<span class=\"post-date-month is-xsmall\">Oct<\/span>\n\t\t\t\t\t\t\t<\/div>\n\t\t\t\t\t\t<\/div>\n\t\t\t\t\t\t\t\t\t<\/div><!-- .box -->\n\t\t\t\t<\/a><!-- .link -->\n\t\t\t<\/div><!-- .col-inner -->\n\t\t<\/div><!-- .col -->\n\t\t<div class=\"col post-item\" >\n\t\t\t<div class=\"col-inner\">\n\t\t\t<a href=\"https:\/\/sosmedecinmarrakech.com\/es\/imjudo-un-nuevo-farmaco-hospitalario-para-el-tratamiento-del-cancer-de-higado-y-pulmon\/\" class=\"plain\">\n\t\t\t\t<div class=\"box box-vertical box-text-bottom box-blog-post has-hover\">\n            \t\t\t\t\t<div class=\"box-image\" style=\"width:43%;\">\n  \t\t\t\t\t\t<div class=\"image-cover\" style=\"padding-top:89%;\">\n  \t\t\t\t\t\t\t<img loading=\"lazy\" decoding=\"async\" width=\"300\" height=\"168\" src=\"https:\/\/sosmedecinmarrakech.com\/wp-content\/uploads\/2024\/10\/IMJUDO-2.jpg\" class=\"attachment-medium size-medium wp-post-image\" alt=\"IMJUDO\" \/>  \t\t\t\t\t\t\t  \t\t\t\t\t\t\t  \t\t\t\t\t\t<\/div>\n  \t\t\t\t\t\t  \t\t\t\t\t<\/div><!-- .box-image -->\n          \t\t\t\t\t<div class=\"box-text text-center\" >\n\t\t\t\t\t<div class=\"box-text-inner blog-post-inner\">\n\n\t\t\t\t\t\n\t\t\t\t\t\t\t\t\t\t<h5 class=\"post-title is-large \">IMJUDO : Nouveau M\u00e9dicament Hospitalier dans le Traitement des Cancers du Foie et du Poumon<\/h5>\n\t\t\t\t\t\t\t\t\t\t<div class=\"is-divider\"><\/div>\n\t\t\t\t\t\t\t\t\t\t<p class=\"from_the_blog_excerpt \">IMJUDO, un m\u00e9dicament r\u00e9cemment introduit dans le cadre des traitements hospitaliers, suscite un grand int\u00e9r\u00eat [...]\t\t\t\t\t<\/p>\n\t\t\t\t\t                    \n\t\t\t\t\t\n\t\t\t\t\t\n\t\t\t\t\t<\/div><!-- .box-text-inner -->\n\t\t\t\t\t<\/div><!-- .box-text -->\n\t\t\t\t\t\t\t\t\t\t\t\t\t\t\t\t<div class=\"badge absolute top post-date badge-outline\">\n\t\t\t\t\t\t\t<div class=\"badge-inner\">\n\t\t\t\t\t\t\t\t<span class=\"post-date-day\">06<\/span><br>\n\t\t\t\t\t\t\t\t<span class=\"post-date-month is-xsmall\">Oct<\/span>\n\t\t\t\t\t\t\t<\/div>\n\t\t\t\t\t\t<\/div>\n\t\t\t\t\t\t\t\t\t<\/div><!-- .box -->\n\t\t\t\t<\/a><!-- .link -->\n\t\t\t<\/div><!-- .col-inner -->\n\t\t<\/div><!-- .col -->\n\t\t<div class=\"col post-item\" >\n\t\t\t<div class=\"col-inner\">\n\t\t\t<a href=\"https:\/\/sosmedecinmarrakech.com\/es\/tension-des-formes-injectables\/\" class=\"plain\">\n\t\t\t\t<div class=\"box box-vertical box-text-bottom box-blog-post has-hover\">\n            \t\t\t\t\t<div class=\"box-image\" style=\"width:43%;\">\n  \t\t\t\t\t\t<div class=\"image-cover\" style=\"padding-top:89%;\">\n  \t\t\t\t\t\t\t<img loading=\"lazy\" decoding=\"async\" width=\"628\" height=\"400\" src=\"https:\/\/sosmedecinmarrakech.com\/wp-content\/uploads\/2024\/10\/Tension-des-Formes-Injectables-628x400.webp\" class=\"attachment-medium size-medium wp-post-image\" alt=\"Tension des Formes Injectables\" srcset=\"https:\/\/sosmedecinmarrakech.com\/wp-content\/uploads\/2024\/10\/Tension-des-Formes-Injectables-628x400.webp 628w, https:\/\/sosmedecinmarrakech.com\/wp-content\/uploads\/2024\/10\/Tension-des-Formes-Injectables-1256x800.webp 1256w, https:\/\/sosmedecinmarrakech.com\/wp-content\/uploads\/2024\/10\/Tension-des-Formes-Injectables-768x489.webp 768w, https:\/\/sosmedecinmarrakech.com\/wp-content\/uploads\/2024\/10\/Tension-des-Formes-Injectables.webp 1444w\" sizes=\"auto, (max-width: 628px) 100vw, 628px\" \/>  \t\t\t\t\t\t\t  \t\t\t\t\t\t\t  \t\t\t\t\t\t<\/div>\n  \t\t\t\t\t\t  \t\t\t\t\t<\/div><!-- .box-image -->\n          \t\t\t\t\t<div class=\"box-text text-center\" >\n\t\t\t\t\t<div class=\"box-text-inner blog-post-inner\">\n\n\t\t\t\t\t\n\t\t\t\t\t\t\t\t\t\t<h5 class=\"post-title is-large \">Tension des Formes Injectables\/Buvables de Vitamine B12 : Passer au Comprim\u00e9 quand la Voie Orale est Possible<\/h5>\n\t\t\t\t\t\t\t\t\t\t<div class=\"is-divider\"><\/div>\n\t\t\t\t\t\t\t\t\t\t<p class=\"from_the_blog_excerpt \">La vitamine B12 est essentielle pour la sant\u00e9 neurologique la Tension des Formes Injectables et [...]\t\t\t\t\t<\/p>\n\t\t\t\t\t                    \n\t\t\t\t\t\n\t\t\t\t\t\n\t\t\t\t\t<\/div><!-- .box-text-inner -->\n\t\t\t\t\t<\/div><!-- .box-text -->\n\t\t\t\t\t\t\t\t\t\t\t\t\t\t\t\t<div class=\"badge absolute top post-date badge-outline\">\n\t\t\t\t\t\t\t<div class=\"badge-inner\">\n\t\t\t\t\t\t\t\t<span class=\"post-date-day\">06<\/span><br>\n\t\t\t\t\t\t\t\t<span class=\"post-date-month is-xsmall\">Oct<\/span>\n\t\t\t\t\t\t\t<\/div>\n\t\t\t\t\t\t<\/div>\n\t\t\t\t\t\t\t\t\t<\/div><!-- .box -->\n\t\t\t\t<\/a><!-- .link -->\n\t\t\t<\/div><!-- .col-inner -->\n\t\t<\/div><!-- .col -->\n\t\t<div class=\"col post-item\" >\n\t\t\t<div class=\"col-inner\">\n\t\t\t<a href=\"https:\/\/sosmedecinmarrakech.com\/es\/infections-a-vrs\/\" class=\"plain\">\n\t\t\t\t<div class=\"box box-vertical box-text-bottom box-blog-post has-hover\">\n            \t\t\t\t\t<div class=\"box-image\" style=\"width:43%;\">\n  \t\t\t\t\t\t<div class=\"image-cover\" style=\"padding-top:89%;\">\n  \t\t\t\t\t\t\t<img loading=\"lazy\" decoding=\"async\" width=\"711\" height=\"400\" src=\"https:\/\/sosmedecinmarrakech.com\/wp-content\/uploads\/2024\/10\/Infections-a-VRS-711x400.jpg\" class=\"attachment-medium size-medium wp-post-image\" alt=\"Infections \u00e0 VRS\" srcset=\"https:\/\/sosmedecinmarrakech.com\/wp-content\/uploads\/2024\/10\/Infections-a-VRS-711x400.jpg 711w, https:\/\/sosmedecinmarrakech.com\/wp-content\/uploads\/2024\/10\/Infections-a-VRS-768x432.jpg 768w, https:\/\/sosmedecinmarrakech.com\/wp-content\/uploads\/2024\/10\/Infections-a-VRS.jpg 771w\" sizes=\"auto, (max-width: 711px) 100vw, 711px\" \/>  \t\t\t\t\t\t\t  \t\t\t\t\t\t\t  \t\t\t\t\t\t<\/div>\n  \t\t\t\t\t\t  \t\t\t\t\t<\/div><!-- .box-image -->\n          \t\t\t\t\t<div class=\"box-text text-center\" >\n\t\t\t\t\t<div class=\"box-text-inner blog-post-inner\">\n\n\t\t\t\t\t\n\t\t\t\t\t\t\t\t\t\t<h5 class=\"post-title is-large \">Pr\u00e9vention des Infections \u00e0 VRS chez les Personnes \u00c2g\u00e9es : Faut-il Vacciner ?<\/h5>\n\t\t\t\t\t\t\t\t\t\t<div class=\"is-divider\"><\/div>\n\t\t\t\t\t\t\t\t\t\t<p class=\"from_the_blog_excerpt \">Les Infections \u00e0 VRS \u00e0 virus respiratoire syncytial (VRS) sont souvent consid\u00e9r\u00e9es comme des affections [...]\t\t\t\t\t<\/p>\n\t\t\t\t\t                    \n\t\t\t\t\t\n\t\t\t\t\t\n\t\t\t\t\t<\/div><!-- .box-text-inner -->\n\t\t\t\t\t<\/div><!-- .box-text -->\n\t\t\t\t\t\t\t\t\t\t\t\t\t\t\t\t<div class=\"badge absolute top post-date badge-outline\">\n\t\t\t\t\t\t\t<div class=\"badge-inner\">\n\t\t\t\t\t\t\t\t<span class=\"post-date-day\">06<\/span><br>\n\t\t\t\t\t\t\t\t<span class=\"post-date-month is-xsmall\">Oct<\/span>\n\t\t\t\t\t\t\t<\/div>\n\t\t\t\t\t\t<\/div>\n\t\t\t\t\t\t\t\t\t<\/div><!-- .box -->\n\t\t\t\t<\/a><!-- .link -->\n\t\t\t<\/div><!-- .col-inner -->\n\t\t<\/div><!-- .col -->\n\t\t<div class=\"col post-item\" >\n\t\t\t<div class=\"col-inner\">\n\t\t\t<a href=\"https:\/\/sosmedecinmarrakech.com\/es\/biopsies-un-outil-cle-en-medecine\/\" class=\"plain\">\n\t\t\t\t<div class=\"box box-vertical box-text-bottom box-blog-post has-hover\">\n            \t\t\t\t\t<div class=\"box-image\" style=\"width:43%;\">\n  \t\t\t\t\t\t<div class=\"image-cover\" style=\"padding-top:89%;\">\n  \t\t\t\t\t\t\t<img loading=\"lazy\" decoding=\"async\" width=\"713\" height=\"400\" src=\"https:\/\/sosmedecinmarrakech.com\/wp-content\/uploads\/2024\/10\/Biopsies-713x400.jpg\" class=\"attachment-medium size-medium wp-post-image\" alt=\"Biopsies\" srcset=\"https:\/\/sosmedecinmarrakech.com\/wp-content\/uploads\/2024\/10\/Biopsies-713x400.jpg 713w, https:\/\/sosmedecinmarrakech.com\/wp-content\/uploads\/2024\/10\/Biopsies-768x431.jpg 768w, https:\/\/sosmedecinmarrakech.com\/wp-content\/uploads\/2024\/10\/Biopsies.jpg 1000w\" sizes=\"auto, (max-width: 713px) 100vw, 713px\" \/>  \t\t\t\t\t\t\t  \t\t\t\t\t\t\t  \t\t\t\t\t\t<\/div>\n  \t\t\t\t\t\t  \t\t\t\t\t<\/div><!-- .box-image -->\n          \t\t\t\t\t<div class=\"box-text text-center\" >\n\t\t\t\t\t<div class=\"box-text-inner blog-post-inner\">\n\n\t\t\t\t\t\n\t\t\t\t\t\t\t\t\t\t<h5 class=\"post-title is-large \">Biopsies : Un Outil Cl\u00e9 en M\u00e9decine<\/h5>\n\t\t\t\t\t\t\t\t\t\t<div class=\"is-divider\"><\/div>\n\t\t\t\t\t\t\t\t\t\t<p class=\"from_the_blog_excerpt \">La biopsies est une proc\u00e9dure m\u00e9dicale essentielle qui consiste \u00e0 pr\u00e9lever un \u00e9chantillon de tissu [...]\t\t\t\t\t<\/p>\n\t\t\t\t\t                    \n\t\t\t\t\t\n\t\t\t\t\t\n\t\t\t\t\t<\/div><!-- .box-text-inner -->\n\t\t\t\t\t<\/div><!-- .box-text -->\n\t\t\t\t\t\t\t\t\t\t\t\t\t\t\t\t<div class=\"badge absolute top post-date badge-outline\">\n\t\t\t\t\t\t\t<div class=\"badge-inner\">\n\t\t\t\t\t\t\t\t<span class=\"post-date-day\">06<\/span><br>\n\t\t\t\t\t\t\t\t<span class=\"post-date-month is-xsmall\">Oct<\/span>\n\t\t\t\t\t\t\t<\/div>\n\t\t\t\t\t\t<\/div>\n\t\t\t\t\t\t\t\t\t<\/div><!-- .box -->\n\t\t\t\t<\/a><!-- .link -->\n\t\t\t<\/div><!-- .col-inner -->\n\t\t<\/div><!-- .col -->\n\t\t<div class=\"col post-item\" >\n\t\t\t<div class=\"col-inner\">\n\t\t\t<a href=\"https:\/\/sosmedecinmarrakech.com\/es\/cancer-de-la-prostate\/\" class=\"plain\">\n\t\t\t\t<div class=\"box box-vertical box-text-bottom box-blog-post has-hover\">\n            \t\t\t\t\t<div class=\"box-image\" style=\"width:43%;\">\n  \t\t\t\t\t\t<div class=\"image-cover\" style=\"padding-top:89%;\">\n  \t\t\t\t\t\t\t<img loading=\"lazy\" decoding=\"async\" width=\"309\" height=\"203\" src=\"https:\/\/sosmedecinmarrakech.com\/wp-content\/uploads\/2024\/07\/Cancer-de-la-Prostate.jpg\" class=\"attachment-medium size-medium wp-post-image\" alt=\"Cancer de la Prostate\" \/>  \t\t\t\t\t\t\t  \t\t\t\t\t\t\t  \t\t\t\t\t\t<\/div>\n  \t\t\t\t\t\t  \t\t\t\t\t<\/div><!-- .box-image -->\n          \t\t\t\t\t<div class=\"box-text text-center\" >\n\t\t\t\t\t<div class=\"box-text-inner blog-post-inner\">\n\n\t\t\t\t\t\n\t\t\t\t\t\t\t\t\t\t<h5 class=\"post-title is-large \">Cancer de la Prostate : D\u00e9tection Pr\u00e9coce et Soutien de SOS M\u00e9decins \u00e0 Domicile Marrakech<\/h5>\n\t\t\t\t\t\t\t\t\t\t<div class=\"is-divider\"><\/div>\n\t\t\t\t\t\t\t\t\t\t<p class=\"from_the_blog_excerpt \">Le cancer de la prostate est l&rsquo;un des cancers les plus courants chez les hommes, [...]\t\t\t\t\t<\/p>\n\t\t\t\t\t                    \n\t\t\t\t\t\n\t\t\t\t\t\n\t\t\t\t\t<\/div><!-- .box-text-inner -->\n\t\t\t\t\t<\/div><!-- .box-text -->\n\t\t\t\t\t\t\t\t\t\t\t\t\t\t\t\t<div class=\"badge absolute top post-date badge-outline\">\n\t\t\t\t\t\t\t<div class=\"badge-inner\">\n\t\t\t\t\t\t\t\t<span class=\"post-date-day\">28<\/span><br>\n\t\t\t\t\t\t\t\t<span class=\"post-date-month is-xsmall\">Jul<\/span>\n\t\t\t\t\t\t\t<\/div>\n\t\t\t\t\t\t<\/div>\n\t\t\t\t\t\t\t\t\t<\/div><!-- .box -->\n\t\t\t\t<\/a><!-- .link -->\n\t\t\t<\/div><!-- .col-inner -->\n\t\t<\/div><!-- .col -->\n\t\t<div class=\"col post-item\" >\n\t\t\t<div class=\"col-inner\">\n\t\t\t<a href=\"https:\/\/sosmedecinmarrakech.com\/es\/cancer-des-seins\/\" class=\"plain\">\n\t\t\t\t<div class=\"box box-vertical box-text-bottom box-blog-post has-hover\">\n            \t\t\t\t\t<div class=\"box-image\" style=\"width:43%;\">\n  \t\t\t\t\t\t<div class=\"image-cover\" style=\"padding-top:89%;\">\n  \t\t\t\t\t\t\t<img loading=\"lazy\" decoding=\"async\" width=\"574\" height=\"400\" src=\"https:\/\/sosmedecinmarrakech.com\/wp-content\/uploads\/2024\/07\/Cancer-des-seins-574x400.jpg\" class=\"attachment-medium size-medium wp-post-image\" alt=\"Cancer des seins\" srcset=\"https:\/\/sosmedecinmarrakech.com\/wp-content\/uploads\/2024\/07\/Cancer-des-seins-574x400.jpg 574w, https:\/\/sosmedecinmarrakech.com\/wp-content\/uploads\/2024\/07\/Cancer-des-seins.jpg 750w\" sizes=\"auto, (max-width: 574px) 100vw, 574px\" \/>  \t\t\t\t\t\t\t  \t\t\t\t\t\t\t  \t\t\t\t\t\t<\/div>\n  \t\t\t\t\t\t  \t\t\t\t\t<\/div><!-- .box-image -->\n          \t\t\t\t\t<div class=\"box-text text-center\" >\n\t\t\t\t\t<div class=\"box-text-inner blog-post-inner\">\n\n\t\t\t\t\t\n\t\t\t\t\t\t\t\t\t\t<h5 class=\"post-title is-large \">Cancer des seins : Importance de la D\u00e9tection Pr\u00e9coce et R\u00f4le de SOS M\u00e9decins \u00e0 Domicile \u00e0 Marrakech<\/h5>\n\t\t\t\t\t\t\t\t\t\t<div class=\"is-divider\"><\/div>\n\t\t\t\t\t\t\t\t\t\t<p class=\"from_the_blog_excerpt \">Le cancer des seins est une maladie qui touche de nombreuses femmes dans le monde, [...]\t\t\t\t\t<\/p>\n\t\t\t\t\t                    \n\t\t\t\t\t\n\t\t\t\t\t\n\t\t\t\t\t<\/div><!-- .box-text-inner -->\n\t\t\t\t\t<\/div><!-- .box-text -->\n\t\t\t\t\t\t\t\t\t\t\t\t\t\t\t\t<div class=\"badge absolute top post-date badge-outline\">\n\t\t\t\t\t\t\t<div class=\"badge-inner\">\n\t\t\t\t\t\t\t\t<span class=\"post-date-day\">28<\/span><br>\n\t\t\t\t\t\t\t\t<span class=\"post-date-month is-xsmall\">Jul<\/span>\n\t\t\t\t\t\t\t<\/div>\n\t\t\t\t\t\t<\/div>\n\t\t\t\t\t\t\t\t\t<\/div><!-- .box -->\n\t\t\t\t<\/a><!-- .link -->\n\t\t\t<\/div><!-- .col-inner -->\n\t\t<\/div><!-- .col -->\n\t\t<div class=\"col post-item\" >\n\t\t\t<div class=\"col-inner\">\n\t\t\t<a href=\"https:\/\/sosmedecinmarrakech.com\/es\/eczema-atopique\/\" class=\"plain\">\n\t\t\t\t<div class=\"box box-vertical box-text-bottom box-blog-post has-hover\">\n            \t\t\t\t\t<div class=\"box-image\" style=\"width:43%;\">\n  \t\t\t\t\t\t<div class=\"image-cover\" style=\"padding-top:89%;\">\n  \t\t\t\t\t\t\t<img loading=\"lazy\" decoding=\"async\" width=\"595\" height=\"400\" src=\"https:\/\/sosmedecinmarrakech.com\/wp-content\/uploads\/2024\/07\/eczema-atopique-1-595x400.jpg\" class=\"attachment-medium size-medium wp-post-image\" alt=\"ecz\u00e9ma atopique\" srcset=\"https:\/\/sosmedecinmarrakech.com\/wp-content\/uploads\/2024\/07\/eczema-atopique-1-595x400.jpg 595w, https:\/\/sosmedecinmarrakech.com\/wp-content\/uploads\/2024\/07\/eczema-atopique-1.jpg 640w\" sizes=\"auto, (max-width: 595px) 100vw, 595px\" \/>  \t\t\t\t\t\t\t  \t\t\t\t\t\t\t  \t\t\t\t\t\t<\/div>\n  \t\t\t\t\t\t  \t\t\t\t\t<\/div><!-- .box-image -->\n          \t\t\t\t\t<div class=\"box-text text-center\" >\n\t\t\t\t\t<div class=\"box-text-inner blog-post-inner\">\n\n\t\t\t\t\t\n\t\t\t\t\t\t\t\t\t\t<h5 class=\"post-title is-large \">L&rsquo;ecz\u00e9ma atopique : Comment SOS M\u00e9decins Marrakech peut aider<\/h5>\n\t\t\t\t\t\t\t\t\t\t<div class=\"is-divider\"><\/div>\n\t\t\t\t\t\t\t\t\t\t<p class=\"from_the_blog_excerpt \">L&rsquo;ecz\u00e9ma atopique est une maladie chronique de la peau qui provoque des d\u00e9mangeaisons, des rougeurs [...]\t\t\t\t\t<\/p>\n\t\t\t\t\t                    \n\t\t\t\t\t\n\t\t\t\t\t\n\t\t\t\t\t<\/div><!-- .box-text-inner -->\n\t\t\t\t\t<\/div><!-- .box-text -->\n\t\t\t\t\t\t\t\t\t\t\t\t\t\t\t\t<div class=\"badge absolute top post-date badge-outline\">\n\t\t\t\t\t\t\t<div class=\"badge-inner\">\n\t\t\t\t\t\t\t\t<span class=\"post-date-day\">26<\/span><br>\n\t\t\t\t\t\t\t\t<span class=\"post-date-month is-xsmall\">Jul<\/span>\n\t\t\t\t\t\t\t<\/div>\n\t\t\t\t\t\t<\/div>\n\t\t\t\t\t\t\t\t\t<\/div><!-- .box -->\n\t\t\t\t<\/a><!-- .link -->\n\t\t\t<\/div><!-- .col-inner -->\n\t\t<\/div><!-- .col -->\n\t\t<div class=\"col post-item\" >\n\t\t\t<div class=\"col-inner\">\n\t\t\t<a href=\"https:\/\/sosmedecinmarrakech.com\/es\/dommages-aux-tissus\/\" class=\"plain\">\n\t\t\t\t<div class=\"box box-vertical box-text-bottom box-blog-post has-hover\">\n            \t\t\t\t\t<div class=\"box-image\" style=\"width:43%;\">\n  \t\t\t\t\t\t<div class=\"image-cover\" style=\"padding-top:89%;\">\n  \t\t\t\t\t\t\t<img loading=\"lazy\" decoding=\"async\" width=\"600\" height=\"400\" src=\"https:\/\/sosmedecinmarrakech.com\/wp-content\/uploads\/2024\/07\/Dommages-aux-tissus-600x400.jpg\" class=\"attachment-medium size-medium wp-post-image\" alt=\"Dommages aux tissus\" srcset=\"https:\/\/sosmedecinmarrakech.com\/wp-content\/uploads\/2024\/07\/Dommages-aux-tissus-600x400.jpg 600w, https:\/\/sosmedecinmarrakech.com\/wp-content\/uploads\/2024\/07\/Dommages-aux-tissus.jpg 758w\" sizes=\"auto, (max-width: 600px) 100vw, 600px\" \/>  \t\t\t\t\t\t\t  \t\t\t\t\t\t\t  \t\t\t\t\t\t<\/div>\n  \t\t\t\t\t\t  \t\t\t\t\t<\/div><!-- .box-image -->\n          \t\t\t\t\t<div class=\"box-text text-center\" >\n\t\t\t\t\t<div class=\"box-text-inner blog-post-inner\">\n\n\t\t\t\t\t\n\t\t\t\t\t\t\t\t\t\t<h5 class=\"post-title is-large \">Dommages aux tissus : SOS M\u00e9decins Marrakech \u00e0 votre secours<\/h5>\n\t\t\t\t\t\t\t\t\t\t<div class=\"is-divider\"><\/div>\n\t\t\t\t\t\t\t\t\t\t<p class=\"from_the_blog_excerpt \">Les dommages aux tissus peuvent r\u00e9sulter de diverses situations, telles que des blessures sportives, des [...]\t\t\t\t\t<\/p>\n\t\t\t\t\t                    \n\t\t\t\t\t\n\t\t\t\t\t\n\t\t\t\t\t<\/div><!-- .box-text-inner -->\n\t\t\t\t\t<\/div><!-- .box-text -->\n\t\t\t\t\t\t\t\t\t\t\t\t\t\t\t\t<div class=\"badge absolute top post-date badge-outline\">\n\t\t\t\t\t\t\t<div class=\"badge-inner\">\n\t\t\t\t\t\t\t\t<span class=\"post-date-day\">26<\/span><br>\n\t\t\t\t\t\t\t\t<span class=\"post-date-month is-xsmall\">Jul<\/span>\n\t\t\t\t\t\t\t<\/div>\n\t\t\t\t\t\t<\/div>\n\t\t\t\t\t\t\t\t\t<\/div><!-- .box -->\n\t\t\t\t<\/a><!-- .link -->\n\t\t\t<\/div><!-- .col-inner -->\n\t\t<\/div><!-- .col -->\n\t\t<div class=\"col post-item\" >\n\t\t\t<div class=\"col-inner\">\n\t\t\t<a href=\"https:\/\/sosmedecinmarrakech.com\/es\/bacteries-contact-sos-medecins-marrakech\/\" class=\"plain\">\n\t\t\t\t<div class=\"box box-vertical box-text-bottom box-blog-post has-hover\">\n            \t\t\t\t\t<div class=\"box-image\" style=\"width:43%;\">\n  \t\t\t\t\t\t<div class=\"image-cover\" style=\"padding-top:89%;\">\n  \t\t\t\t\t\t\t<img loading=\"lazy\" decoding=\"async\" width=\"606\" height=\"400\" src=\"https:\/\/sosmedecinmarrakech.com\/wp-content\/uploads\/2024\/07\/Bacteries-606x400.png\" class=\"attachment-medium size-medium wp-post-image\" alt=\"Bact\u00e9ries\" srcset=\"https:\/\/sosmedecinmarrakech.com\/wp-content\/uploads\/2024\/07\/Bacteries-606x400.png 606w, https:\/\/sosmedecinmarrakech.com\/wp-content\/uploads\/2024\/07\/Bacteries-768x507.png 768w, https:\/\/sosmedecinmarrakech.com\/wp-content\/uploads\/2024\/07\/Bacteries.png 770w\" sizes=\"auto, (max-width: 606px) 100vw, 606px\" \/>  \t\t\t\t\t\t\t  \t\t\t\t\t\t\t  \t\t\t\t\t\t<\/div>\n  \t\t\t\t\t\t  \t\t\t\t\t<\/div><!-- .box-image -->\n          \t\t\t\t\t<div class=\"box-text text-center\" >\n\t\t\t\t\t<div class=\"box-text-inner blog-post-inner\">\n\n\t\t\t\t\t\n\t\t\t\t\t\t\t\t\t\t<h5 class=\"post-title is-large \">Les Bact\u00e9ries et leur Prise en Charge par SOS M\u00e9DECINS MARRAKECH<\/h5>\n\t\t\t\t\t\t\t\t\t\t<div class=\"is-divider\"><\/div>\n\t\t\t\t\t\t\t\t\t\t<p class=\"from_the_blog_excerpt \">Les bact\u00e9ries, ces micro-organismes unicellulaires, sont omnipr\u00e9sentes dans notre environnement. Elles jouent des r\u00f4les vari\u00e9s, [...]\t\t\t\t\t<\/p>\n\t\t\t\t\t                    \n\t\t\t\t\t\n\t\t\t\t\t\n\t\t\t\t\t<\/div><!-- .box-text-inner -->\n\t\t\t\t\t<\/div><!-- .box-text -->\n\t\t\t\t\t\t\t\t\t\t\t\t\t\t\t\t<div class=\"badge absolute top post-date badge-outline\">\n\t\t\t\t\t\t\t<div class=\"badge-inner\">\n\t\t\t\t\t\t\t\t<span class=\"post-date-day\">26<\/span><br>\n\t\t\t\t\t\t\t\t<span class=\"post-date-month is-xsmall\">Jul<\/span>\n\t\t\t\t\t\t\t<\/div>\n\t\t\t\t\t\t<\/div>\n\t\t\t\t\t\t\t\t\t<\/div><!-- .box -->\n\t\t\t\t<\/a><!-- .link -->\n\t\t\t<\/div><!-- .col-inner -->\n\t\t<\/div><!-- .col -->\n<\/div>\n<div class=\"container section-title-container\" style=\"margin-top:31px;\"><h3 class=\"section-title section-title-center\"><b><\/b><span class=\"section-title-main\" style=\"font-size:undefined%;\">Animated Blog posts in grid<\/span><b><\/b><\/h3><\/div><!-- .section-title -->\n\n  \n    <div class=\"row large-columns-4 medium-columns- small-columns-1\">\n  \t\t<div class=\"col post-item\" data-animate=\"fadeInUp\">\n\t\t\t<div class=\"col-inner\">\n\t\t\t<a href=\"https:\/\/sosmedecinmarrakech.com\/es\/infections-virales-comprendre-et-agir\/\" class=\"plain\">\n\t\t\t\t<div class=\"box box-text-bottom box-blog-post has-hover\">\n            \t\t\t\t\t<div class=\"box-image\" >\n  \t\t\t\t\t\t<div class=\"image-cover\" style=\"padding-top:180px;\">\n  \t\t\t\t\t\t\t<img loading=\"lazy\" decoding=\"async\" width=\"600\" height=\"400\" src=\"https:\/\/sosmedecinmarrakech.com\/wp-content\/uploads\/2024\/10\/Infections-Virales.jpg\" class=\"attachment-medium size-medium wp-post-image\" alt=\"Infections Virales\" \/>  \t\t\t\t\t\t\t  \t\t\t\t\t\t\t  \t\t\t\t\t\t<\/div>\n  \t\t\t\t\t\t  \t\t\t\t\t<\/div><!-- .box-image -->\n          \t\t\t\t\t<div class=\"box-text text-center\" >\n\t\t\t\t\t<div class=\"box-text-inner blog-post-inner\">\n\n\t\t\t\t\t\n\t\t\t\t\t\t\t\t\t\t<h5 class=\"post-title is-large \">Infections Virales : Comprendre et Agir<\/h5>\n\t\t\t\t\t\t\t\t\t\t<div class=\"is-divider\"><\/div>\n\t\t\t\t\t\t\t\t\t\t<p class=\"from_the_blog_excerpt \">Les infections virales sont des maladies caus\u00e9es par des virus, agents pathog\u00e8nes microscopiques qui se [...]\t\t\t\t\t<\/p>\n\t\t\t\t\t                    \n\t\t\t\t\t\n\t\t\t\t\t\n\t\t\t\t\t<\/div><!-- .box-text-inner -->\n\t\t\t\t\t<\/div><!-- .box-text -->\n\t\t\t\t\t\t\t\t\t\t\t\t\t\t\t\t<div class=\"badge absolute top post-date badge-outline\">\n\t\t\t\t\t\t\t<div class=\"badge-inner\">\n\t\t\t\t\t\t\t\t<span class=\"post-date-day\">07<\/span><br>\n\t\t\t\t\t\t\t\t<span class=\"post-date-month is-xsmall\">Oct<\/span>\n\t\t\t\t\t\t\t<\/div>\n\t\t\t\t\t\t<\/div>\n\t\t\t\t\t\t\t\t\t<\/div><!-- .box -->\n\t\t\t\t<\/a><!-- .link -->\n\t\t\t<\/div><!-- .col-inner -->\n\t\t<\/div><!-- .col -->\n\t\t<div class=\"col post-item\" data-animate=\"fadeInUp\">\n\t\t\t<div class=\"col-inner\">\n\t\t\t<a href=\"https:\/\/sosmedecinmarrakech.com\/es\/bronchite\/\" class=\"plain\">\n\t\t\t\t<div class=\"box box-text-bottom box-blog-post has-hover\">\n            \t\t\t\t\t<div class=\"box-image\" >\n  \t\t\t\t\t\t<div class=\"image-cover\" style=\"padding-top:180px;\">\n  \t\t\t\t\t\t\t<img loading=\"lazy\" decoding=\"async\" width=\"704\" height=\"396\" src=\"https:\/\/sosmedecinmarrakech.com\/wp-content\/uploads\/2024\/10\/Bronchite.webp\" class=\"attachment-medium size-medium wp-post-image\" alt=\"Bronchite\" \/>  \t\t\t\t\t\t\t  \t\t\t\t\t\t\t  \t\t\t\t\t\t<\/div>\n  \t\t\t\t\t\t  \t\t\t\t\t<\/div><!-- .box-image -->\n          \t\t\t\t\t<div class=\"box-text text-center\" >\n\t\t\t\t\t<div class=\"box-text-inner blog-post-inner\">\n\n\t\t\t\t\t\n\t\t\t\t\t\t\t\t\t\t<h5 class=\"post-title is-large \">Comprendre la Bronchite : Sympt\u00f4mes et Solutions<\/h5>\n\t\t\t\t\t\t\t\t\t\t<div class=\"is-divider\"><\/div>\n\t\t\t\t\t\t\t\t\t\t<p class=\"from_the_blog_excerpt \">La bronchite est une inflammation des bronches qui peut provoquer une toux persistante, des douleurs [...]\t\t\t\t\t<\/p>\n\t\t\t\t\t                    \n\t\t\t\t\t\n\t\t\t\t\t\n\t\t\t\t\t<\/div><!-- .box-text-inner -->\n\t\t\t\t\t<\/div><!-- .box-text -->\n\t\t\t\t\t\t\t\t\t\t\t\t\t\t\t\t<div class=\"badge absolute top post-date badge-outline\">\n\t\t\t\t\t\t\t<div class=\"badge-inner\">\n\t\t\t\t\t\t\t\t<span class=\"post-date-day\">07<\/span><br>\n\t\t\t\t\t\t\t\t<span class=\"post-date-month is-xsmall\">Oct<\/span>\n\t\t\t\t\t\t\t<\/div>\n\t\t\t\t\t\t<\/div>\n\t\t\t\t\t\t\t\t\t<\/div><!-- .box -->\n\t\t\t\t<\/a><!-- .link -->\n\t\t\t<\/div><!-- .col-inner -->\n\t\t<\/div><!-- .col -->\n\t\t<div class=\"col post-item\" data-animate=\"fadeInUp\">\n\t\t\t<div class=\"col-inner\">\n\t\t\t<a href=\"https:\/\/sosmedecinmarrakech.com\/es\/grippe-et-son-association-avec-un-nombre-plus-eleve-dinfarctus-du-myocarde\/\" class=\"plain\">\n\t\t\t\t<div class=\"box box-text-bottom box-blog-post has-hover\">\n            \t\t\t\t\t<div class=\"box-image\" >\n  \t\t\t\t\t\t<div class=\"image-cover\" style=\"padding-top:180px;\">\n  \t\t\t\t\t\t\t<img loading=\"lazy\" decoding=\"async\" width=\"288\" height=\"175\" src=\"https:\/\/sosmedecinmarrakech.com\/wp-content\/uploads\/2024\/10\/grippe.jpg\" class=\"attachment-medium size-medium wp-post-image\" alt=\"Grippe\" \/>  \t\t\t\t\t\t\t  \t\t\t\t\t\t\t  \t\t\t\t\t\t<\/div>\n  \t\t\t\t\t\t  \t\t\t\t\t<\/div><!-- .box-image -->\n          \t\t\t\t\t<div class=\"box-text text-center\" >\n\t\t\t\t\t<div class=\"box-text-inner blog-post-inner\">\n\n\t\t\t\t\t\n\t\t\t\t\t\t\t\t\t\t<h5 class=\"post-title is-large \">La Grippe et Son Association avec un Nombre Plus \u00c9lev\u00e9 d\u2019Infarctus du Myocarde<\/h5>\n\t\t\t\t\t\t\t\t\t\t<div class=\"is-divider\"><\/div>\n\t\t\t\t\t\t\t\t\t\t<p class=\"from_the_blog_excerpt \">La grippe, une infection virale saisonni\u00e8re, est souvent consid\u00e9r\u00e9e comme une simple maladie respiratoire. Cependant, [...]\t\t\t\t\t<\/p>\n\t\t\t\t\t                    \n\t\t\t\t\t\n\t\t\t\t\t\n\t\t\t\t\t<\/div><!-- .box-text-inner -->\n\t\t\t\t\t<\/div><!-- .box-text -->\n\t\t\t\t\t\t\t\t\t\t\t\t\t\t\t\t<div class=\"badge absolute top post-date badge-outline\">\n\t\t\t\t\t\t\t<div class=\"badge-inner\">\n\t\t\t\t\t\t\t\t<span class=\"post-date-day\">06<\/span><br>\n\t\t\t\t\t\t\t\t<span class=\"post-date-month is-xsmall\">Oct<\/span>\n\t\t\t\t\t\t\t<\/div>\n\t\t\t\t\t\t<\/div>\n\t\t\t\t\t\t\t\t\t<\/div><!-- .box -->\n\t\t\t\t<\/a><!-- .link -->\n\t\t\t<\/div><!-- .col-inner -->\n\t\t<\/div><!-- .col -->\n\t\t<div class=\"col post-item\" data-animate=\"fadeInUp\">\n\t\t\t<div class=\"col-inner\">\n\t\t\t<a href=\"https:\/\/sosmedecinmarrakech.com\/es\/imjudo-un-nuevo-farmaco-hospitalario-para-el-tratamiento-del-cancer-de-higado-y-pulmon\/\" class=\"plain\">\n\t\t\t\t<div class=\"box box-text-bottom box-blog-post has-hover\">\n            \t\t\t\t\t<div class=\"box-image\" >\n  \t\t\t\t\t\t<div class=\"image-cover\" style=\"padding-top:180px;\">\n  \t\t\t\t\t\t\t<img loading=\"lazy\" decoding=\"async\" width=\"300\" height=\"168\" src=\"https:\/\/sosmedecinmarrakech.com\/wp-content\/uploads\/2024\/10\/IMJUDO-2.jpg\" class=\"attachment-medium size-medium wp-post-image\" alt=\"IMJUDO\" \/>  \t\t\t\t\t\t\t  \t\t\t\t\t\t\t  \t\t\t\t\t\t<\/div>\n  \t\t\t\t\t\t  \t\t\t\t\t<\/div><!-- .box-image -->\n          \t\t\t\t\t<div class=\"box-text text-center\" >\n\t\t\t\t\t<div class=\"box-text-inner blog-post-inner\">\n\n\t\t\t\t\t\n\t\t\t\t\t\t\t\t\t\t<h5 class=\"post-title is-large \">IMJUDO : Nouveau M\u00e9dicament Hospitalier dans le Traitement des Cancers du Foie et du Poumon<\/h5>\n\t\t\t\t\t\t\t\t\t\t<div class=\"is-divider\"><\/div>\n\t\t\t\t\t\t\t\t\t\t<p class=\"from_the_blog_excerpt \">IMJUDO, un m\u00e9dicament r\u00e9cemment introduit dans le cadre des traitements hospitaliers, suscite un grand int\u00e9r\u00eat [...]\t\t\t\t\t<\/p>\n\t\t\t\t\t                    \n\t\t\t\t\t\n\t\t\t\t\t\n\t\t\t\t\t<\/div><!-- .box-text-inner -->\n\t\t\t\t\t<\/div><!-- .box-text -->\n\t\t\t\t\t\t\t\t\t\t\t\t\t\t\t\t<div class=\"badge absolute top post-date badge-outline\">\n\t\t\t\t\t\t\t<div class=\"badge-inner\">\n\t\t\t\t\t\t\t\t<span class=\"post-date-day\">06<\/span><br>\n\t\t\t\t\t\t\t\t<span class=\"post-date-month is-xsmall\">Oct<\/span>\n\t\t\t\t\t\t\t<\/div>\n\t\t\t\t\t\t<\/div>\n\t\t\t\t\t\t\t\t\t<\/div><!-- .box -->\n\t\t\t\t<\/a><!-- .link -->\n\t\t\t<\/div><!-- .col-inner -->\n\t\t<\/div><!-- .col -->\n\t\t<div class=\"col post-item\" data-animate=\"fadeInUp\">\n\t\t\t<div class=\"col-inner\">\n\t\t\t<a href=\"https:\/\/sosmedecinmarrakech.com\/es\/tension-des-formes-injectables\/\" class=\"plain\">\n\t\t\t\t<div class=\"box box-text-bottom box-blog-post has-hover\">\n            \t\t\t\t\t<div class=\"box-image\" >\n  \t\t\t\t\t\t<div class=\"image-cover\" style=\"padding-top:180px;\">\n  \t\t\t\t\t\t\t<img loading=\"lazy\" decoding=\"async\" width=\"628\" height=\"400\" src=\"https:\/\/sosmedecinmarrakech.com\/wp-content\/uploads\/2024\/10\/Tension-des-Formes-Injectables-628x400.webp\" class=\"attachment-medium size-medium wp-post-image\" alt=\"Tension des Formes Injectables\" srcset=\"https:\/\/sosmedecinmarrakech.com\/wp-content\/uploads\/2024\/10\/Tension-des-Formes-Injectables-628x400.webp 628w, https:\/\/sosmedecinmarrakech.com\/wp-content\/uploads\/2024\/10\/Tension-des-Formes-Injectables-1256x800.webp 1256w, https:\/\/sosmedecinmarrakech.com\/wp-content\/uploads\/2024\/10\/Tension-des-Formes-Injectables-768x489.webp 768w, https:\/\/sosmedecinmarrakech.com\/wp-content\/uploads\/2024\/10\/Tension-des-Formes-Injectables.webp 1444w\" sizes=\"auto, (max-width: 628px) 100vw, 628px\" \/>  \t\t\t\t\t\t\t  \t\t\t\t\t\t\t  \t\t\t\t\t\t<\/div>\n  \t\t\t\t\t\t  \t\t\t\t\t<\/div><!-- .box-image -->\n          \t\t\t\t\t<div class=\"box-text text-center\" >\n\t\t\t\t\t<div class=\"box-text-inner blog-post-inner\">\n\n\t\t\t\t\t\n\t\t\t\t\t\t\t\t\t\t<h5 class=\"post-title is-large \">Tension des Formes Injectables\/Buvables de Vitamine B12 : Passer au Comprim\u00e9 quand la Voie Orale est Possible<\/h5>\n\t\t\t\t\t\t\t\t\t\t<div class=\"is-divider\"><\/div>\n\t\t\t\t\t\t\t\t\t\t<p class=\"from_the_blog_excerpt \">La vitamine B12 est essentielle pour la sant\u00e9 neurologique la Tension des Formes Injectables et [...]\t\t\t\t\t<\/p>\n\t\t\t\t\t                    \n\t\t\t\t\t\n\t\t\t\t\t\n\t\t\t\t\t<\/div><!-- .box-text-inner -->\n\t\t\t\t\t<\/div><!-- .box-text -->\n\t\t\t\t\t\t\t\t\t\t\t\t\t\t\t\t<div class=\"badge absolute top post-date badge-outline\">\n\t\t\t\t\t\t\t<div class=\"badge-inner\">\n\t\t\t\t\t\t\t\t<span class=\"post-date-day\">06<\/span><br>\n\t\t\t\t\t\t\t\t<span class=\"post-date-month is-xsmall\">Oct<\/span>\n\t\t\t\t\t\t\t<\/div>\n\t\t\t\t\t\t<\/div>\n\t\t\t\t\t\t\t\t\t<\/div><!-- .box -->\n\t\t\t\t<\/a><!-- .link -->\n\t\t\t<\/div><!-- .col-inner -->\n\t\t<\/div><!-- .col -->\n\t\t<div class=\"col post-item\" data-animate=\"fadeInUp\">\n\t\t\t<div class=\"col-inner\">\n\t\t\t<a href=\"https:\/\/sosmedecinmarrakech.com\/es\/infections-a-vrs\/\" class=\"plain\">\n\t\t\t\t<div class=\"box box-text-bottom box-blog-post has-hover\">\n            \t\t\t\t\t<div class=\"box-image\" >\n  \t\t\t\t\t\t<div class=\"image-cover\" style=\"padding-top:180px;\">\n  \t\t\t\t\t\t\t<img loading=\"lazy\" decoding=\"async\" width=\"711\" height=\"400\" src=\"https:\/\/sosmedecinmarrakech.com\/wp-content\/uploads\/2024\/10\/Infections-a-VRS-711x400.jpg\" class=\"attachment-medium size-medium wp-post-image\" alt=\"Infections \u00e0 VRS\" srcset=\"https:\/\/sosmedecinmarrakech.com\/wp-content\/uploads\/2024\/10\/Infections-a-VRS-711x400.jpg 711w, https:\/\/sosmedecinmarrakech.com\/wp-content\/uploads\/2024\/10\/Infections-a-VRS-768x432.jpg 768w, https:\/\/sosmedecinmarrakech.com\/wp-content\/uploads\/2024\/10\/Infections-a-VRS.jpg 771w\" sizes=\"auto, (max-width: 711px) 100vw, 711px\" \/>  \t\t\t\t\t\t\t  \t\t\t\t\t\t\t  \t\t\t\t\t\t<\/div>\n  \t\t\t\t\t\t  \t\t\t\t\t<\/div><!-- .box-image -->\n          \t\t\t\t\t<div class=\"box-text text-center\" >\n\t\t\t\t\t<div class=\"box-text-inner blog-post-inner\">\n\n\t\t\t\t\t\n\t\t\t\t\t\t\t\t\t\t<h5 class=\"post-title is-large \">Pr\u00e9vention des Infections \u00e0 VRS chez les Personnes \u00c2g\u00e9es : Faut-il Vacciner ?<\/h5>\n\t\t\t\t\t\t\t\t\t\t<div class=\"is-divider\"><\/div>\n\t\t\t\t\t\t\t\t\t\t<p class=\"from_the_blog_excerpt \">Les Infections \u00e0 VRS \u00e0 virus respiratoire syncytial (VRS) sont souvent consid\u00e9r\u00e9es comme des affections [...]\t\t\t\t\t<\/p>\n\t\t\t\t\t                    \n\t\t\t\t\t\n\t\t\t\t\t\n\t\t\t\t\t<\/div><!-- .box-text-inner -->\n\t\t\t\t\t<\/div><!-- .box-text -->\n\t\t\t\t\t\t\t\t\t\t\t\t\t\t\t\t<div class=\"badge absolute top post-date badge-outline\">\n\t\t\t\t\t\t\t<div class=\"badge-inner\">\n\t\t\t\t\t\t\t\t<span class=\"post-date-day\">06<\/span><br>\n\t\t\t\t\t\t\t\t<span class=\"post-date-month is-xsmall\">Oct<\/span>\n\t\t\t\t\t\t\t<\/div>\n\t\t\t\t\t\t<\/div>\n\t\t\t\t\t\t\t\t\t<\/div><!-- .box -->\n\t\t\t\t<\/a><!-- .link -->\n\t\t\t<\/div><!-- .col-inner -->\n\t\t<\/div><!-- .col -->\n\t\t<div class=\"col post-item\" data-animate=\"fadeInUp\">\n\t\t\t<div class=\"col-inner\">\n\t\t\t<a href=\"https:\/\/sosmedecinmarrakech.com\/es\/biopsies-un-outil-cle-en-medecine\/\" class=\"plain\">\n\t\t\t\t<div class=\"box box-text-bottom box-blog-post has-hover\">\n            \t\t\t\t\t<div class=\"box-image\" >\n  \t\t\t\t\t\t<div class=\"image-cover\" style=\"padding-top:180px;\">\n  \t\t\t\t\t\t\t<img loading=\"lazy\" decoding=\"async\" width=\"713\" height=\"400\" src=\"https:\/\/sosmedecinmarrakech.com\/wp-content\/uploads\/2024\/10\/Biopsies-713x400.jpg\" class=\"attachment-medium size-medium wp-post-image\" alt=\"Biopsies\" srcset=\"https:\/\/sosmedecinmarrakech.com\/wp-content\/uploads\/2024\/10\/Biopsies-713x400.jpg 713w, https:\/\/sosmedecinmarrakech.com\/wp-content\/uploads\/2024\/10\/Biopsies-768x431.jpg 768w, https:\/\/sosmedecinmarrakech.com\/wp-content\/uploads\/2024\/10\/Biopsies.jpg 1000w\" sizes=\"auto, (max-width: 713px) 100vw, 713px\" \/>  \t\t\t\t\t\t\t  \t\t\t\t\t\t\t  \t\t\t\t\t\t<\/div>\n  \t\t\t\t\t\t  \t\t\t\t\t<\/div><!-- .box-image -->\n          \t\t\t\t\t<div class=\"box-text text-center\" >\n\t\t\t\t\t<div class=\"box-text-inner blog-post-inner\">\n\n\t\t\t\t\t\n\t\t\t\t\t\t\t\t\t\t<h5 class=\"post-title is-large \">Biopsies : Un Outil Cl\u00e9 en M\u00e9decine<\/h5>\n\t\t\t\t\t\t\t\t\t\t<div class=\"is-divider\"><\/div>\n\t\t\t\t\t\t\t\t\t\t<p class=\"from_the_blog_excerpt \">La biopsies est une proc\u00e9dure m\u00e9dicale essentielle qui consiste \u00e0 pr\u00e9lever un \u00e9chantillon de tissu [...]\t\t\t\t\t<\/p>\n\t\t\t\t\t                    \n\t\t\t\t\t\n\t\t\t\t\t\n\t\t\t\t\t<\/div><!-- .box-text-inner -->\n\t\t\t\t\t<\/div><!-- .box-text -->\n\t\t\t\t\t\t\t\t\t\t\t\t\t\t\t\t<div class=\"badge absolute top post-date badge-outline\">\n\t\t\t\t\t\t\t<div class=\"badge-inner\">\n\t\t\t\t\t\t\t\t<span class=\"post-date-day\">06<\/span><br>\n\t\t\t\t\t\t\t\t<span class=\"post-date-month is-xsmall\">Oct<\/span>\n\t\t\t\t\t\t\t<\/div>\n\t\t\t\t\t\t<\/div>\n\t\t\t\t\t\t\t\t\t<\/div><!-- .box -->\n\t\t\t\t<\/a><!-- .link -->\n\t\t\t<\/div><!-- .col-inner -->\n\t\t<\/div><!-- .col -->\n\t\t<div class=\"col post-item\" data-animate=\"fadeInUp\">\n\t\t\t<div class=\"col-inner\">\n\t\t\t<a href=\"https:\/\/sosmedecinmarrakech.com\/es\/cancer-de-la-prostate\/\" class=\"plain\">\n\t\t\t\t<div class=\"box box-text-bottom box-blog-post has-hover\">\n            \t\t\t\t\t<div class=\"box-image\" >\n  \t\t\t\t\t\t<div class=\"image-cover\" style=\"padding-top:180px;\">\n  \t\t\t\t\t\t\t<img loading=\"lazy\" decoding=\"async\" width=\"309\" height=\"203\" src=\"https:\/\/sosmedecinmarrakech.com\/wp-content\/uploads\/2024\/07\/Cancer-de-la-Prostate.jpg\" class=\"attachment-medium size-medium wp-post-image\" alt=\"Cancer de la Prostate\" \/>  \t\t\t\t\t\t\t  \t\t\t\t\t\t\t  \t\t\t\t\t\t<\/div>\n  \t\t\t\t\t\t  \t\t\t\t\t<\/div><!-- .box-image -->\n          \t\t\t\t\t<div class=\"box-text text-center\" >\n\t\t\t\t\t<div class=\"box-text-inner blog-post-inner\">\n\n\t\t\t\t\t\n\t\t\t\t\t\t\t\t\t\t<h5 class=\"post-title is-large \">Cancer de la Prostate : D\u00e9tection Pr\u00e9coce et Soutien de SOS M\u00e9decins \u00e0 Domicile Marrakech<\/h5>\n\t\t\t\t\t\t\t\t\t\t<div class=\"is-divider\"><\/div>\n\t\t\t\t\t\t\t\t\t\t<p class=\"from_the_blog_excerpt \">Le cancer de la prostate est l&rsquo;un des cancers les plus courants chez les hommes, [...]\t\t\t\t\t<\/p>\n\t\t\t\t\t                    \n\t\t\t\t\t\n\t\t\t\t\t\n\t\t\t\t\t<\/div><!-- .box-text-inner -->\n\t\t\t\t\t<\/div><!-- .box-text -->\n\t\t\t\t\t\t\t\t\t\t\t\t\t\t\t\t<div class=\"badge absolute top post-date badge-outline\">\n\t\t\t\t\t\t\t<div class=\"badge-inner\">\n\t\t\t\t\t\t\t\t<span class=\"post-date-day\">28<\/span><br>\n\t\t\t\t\t\t\t\t<span class=\"post-date-month is-xsmall\">Jul<\/span>\n\t\t\t\t\t\t\t<\/div>\n\t\t\t\t\t\t<\/div>\n\t\t\t\t\t\t\t\t\t<\/div><!-- .box -->\n\t\t\t\t<\/a><!-- .link -->\n\t\t\t<\/div><!-- .col-inner -->\n\t\t<\/div><!-- .col -->\n\t\t<div class=\"col post-item\" data-animate=\"fadeInUp\">\n\t\t\t<div class=\"col-inner\">\n\t\t\t<a href=\"https:\/\/sosmedecinmarrakech.com\/es\/cancer-des-seins\/\" class=\"plain\">\n\t\t\t\t<div class=\"box box-text-bottom box-blog-post has-hover\">\n            \t\t\t\t\t<div class=\"box-image\" >\n  \t\t\t\t\t\t<div class=\"image-cover\" style=\"padding-top:180px;\">\n  \t\t\t\t\t\t\t<img loading=\"lazy\" decoding=\"async\" width=\"574\" height=\"400\" src=\"https:\/\/sosmedecinmarrakech.com\/wp-content\/uploads\/2024\/07\/Cancer-des-seins-574x400.jpg\" class=\"attachment-medium size-medium wp-post-image\" alt=\"Cancer des seins\" srcset=\"https:\/\/sosmedecinmarrakech.com\/wp-content\/uploads\/2024\/07\/Cancer-des-seins-574x400.jpg 574w, https:\/\/sosmedecinmarrakech.com\/wp-content\/uploads\/2024\/07\/Cancer-des-seins.jpg 750w\" sizes=\"auto, (max-width: 574px) 100vw, 574px\" \/>  \t\t\t\t\t\t\t  \t\t\t\t\t\t\t  \t\t\t\t\t\t<\/div>\n  \t\t\t\t\t\t  \t\t\t\t\t<\/div><!-- .box-image -->\n          \t\t\t\t\t<div class=\"box-text text-center\" >\n\t\t\t\t\t<div class=\"box-text-inner blog-post-inner\">\n\n\t\t\t\t\t\n\t\t\t\t\t\t\t\t\t\t<h5 class=\"post-title is-large \">Cancer des seins : Importance de la D\u00e9tection Pr\u00e9coce et R\u00f4le de SOS M\u00e9decins \u00e0 Domicile \u00e0 Marrakech<\/h5>\n\t\t\t\t\t\t\t\t\t\t<div class=\"is-divider\"><\/div>\n\t\t\t\t\t\t\t\t\t\t<p class=\"from_the_blog_excerpt \">Le cancer des seins est une maladie qui touche de nombreuses femmes dans le monde, [...]\t\t\t\t\t<\/p>\n\t\t\t\t\t                    \n\t\t\t\t\t\n\t\t\t\t\t\n\t\t\t\t\t<\/div><!-- .box-text-inner -->\n\t\t\t\t\t<\/div><!-- .box-text -->\n\t\t\t\t\t\t\t\t\t\t\t\t\t\t\t\t<div class=\"badge absolute top post-date badge-outline\">\n\t\t\t\t\t\t\t<div class=\"badge-inner\">\n\t\t\t\t\t\t\t\t<span class=\"post-date-day\">28<\/span><br>\n\t\t\t\t\t\t\t\t<span class=\"post-date-month is-xsmall\">Jul<\/span>\n\t\t\t\t\t\t\t<\/div>\n\t\t\t\t\t\t<\/div>\n\t\t\t\t\t\t\t\t\t<\/div><!-- .box -->\n\t\t\t\t<\/a><!-- .link -->\n\t\t\t<\/div><!-- .col-inner -->\n\t\t<\/div><!-- .col -->\n\t\t<div class=\"col post-item\" data-animate=\"fadeInUp\">\n\t\t\t<div class=\"col-inner\">\n\t\t\t<a href=\"https:\/\/sosmedecinmarrakech.com\/es\/eczema-atopique\/\" class=\"plain\">\n\t\t\t\t<div class=\"box box-text-bottom box-blog-post has-hover\">\n            \t\t\t\t\t<div class=\"box-image\" >\n  \t\t\t\t\t\t<div class=\"image-cover\" style=\"padding-top:180px;\">\n  \t\t\t\t\t\t\t<img loading=\"lazy\" decoding=\"async\" width=\"595\" height=\"400\" src=\"https:\/\/sosmedecinmarrakech.com\/wp-content\/uploads\/2024\/07\/eczema-atopique-1-595x400.jpg\" class=\"attachment-medium size-medium wp-post-image\" alt=\"ecz\u00e9ma atopique\" srcset=\"https:\/\/sosmedecinmarrakech.com\/wp-content\/uploads\/2024\/07\/eczema-atopique-1-595x400.jpg 595w, https:\/\/sosmedecinmarrakech.com\/wp-content\/uploads\/2024\/07\/eczema-atopique-1.jpg 640w\" sizes=\"auto, (max-width: 595px) 100vw, 595px\" \/>  \t\t\t\t\t\t\t  \t\t\t\t\t\t\t  \t\t\t\t\t\t<\/div>\n  \t\t\t\t\t\t  \t\t\t\t\t<\/div><!-- .box-image -->\n          \t\t\t\t\t<div class=\"box-text text-center\" >\n\t\t\t\t\t<div class=\"box-text-inner blog-post-inner\">\n\n\t\t\t\t\t\n\t\t\t\t\t\t\t\t\t\t<h5 class=\"post-title is-large \">L&rsquo;ecz\u00e9ma atopique : Comment SOS M\u00e9decins Marrakech peut aider<\/h5>\n\t\t\t\t\t\t\t\t\t\t<div class=\"is-divider\"><\/div>\n\t\t\t\t\t\t\t\t\t\t<p class=\"from_the_blog_excerpt \">L&rsquo;ecz\u00e9ma atopique est une maladie chronique de la peau qui provoque des d\u00e9mangeaisons, des rougeurs [...]\t\t\t\t\t<\/p>\n\t\t\t\t\t                    \n\t\t\t\t\t\n\t\t\t\t\t\n\t\t\t\t\t<\/div><!-- .box-text-inner -->\n\t\t\t\t\t<\/div><!-- .box-text -->\n\t\t\t\t\t\t\t\t\t\t\t\t\t\t\t\t<div class=\"badge absolute top post-date badge-outline\">\n\t\t\t\t\t\t\t<div class=\"badge-inner\">\n\t\t\t\t\t\t\t\t<span class=\"post-date-day\">26<\/span><br>\n\t\t\t\t\t\t\t\t<span class=\"post-date-month is-xsmall\">Jul<\/span>\n\t\t\t\t\t\t\t<\/div>\n\t\t\t\t\t\t<\/div>\n\t\t\t\t\t\t\t\t\t<\/div><!-- .box -->\n\t\t\t\t<\/a><!-- .link -->\n\t\t\t<\/div><!-- .col-inner -->\n\t\t<\/div><!-- .col -->\n\t\t<div class=\"col post-item\" data-animate=\"fadeInUp\">\n\t\t\t<div class=\"col-inner\">\n\t\t\t<a href=\"https:\/\/sosmedecinmarrakech.com\/es\/dommages-aux-tissus\/\" class=\"plain\">\n\t\t\t\t<div class=\"box box-text-bottom box-blog-post has-hover\">\n            \t\t\t\t\t<div class=\"box-image\" >\n  \t\t\t\t\t\t<div class=\"image-cover\" style=\"padding-top:180px;\">\n  \t\t\t\t\t\t\t<img loading=\"lazy\" decoding=\"async\" width=\"600\" height=\"400\" src=\"https:\/\/sosmedecinmarrakech.com\/wp-content\/uploads\/2024\/07\/Dommages-aux-tissus-600x400.jpg\" class=\"attachment-medium size-medium wp-post-image\" alt=\"Dommages aux tissus\" srcset=\"https:\/\/sosmedecinmarrakech.com\/wp-content\/uploads\/2024\/07\/Dommages-aux-tissus-600x400.jpg 600w, https:\/\/sosmedecinmarrakech.com\/wp-content\/uploads\/2024\/07\/Dommages-aux-tissus.jpg 758w\" sizes=\"auto, (max-width: 600px) 100vw, 600px\" \/>  \t\t\t\t\t\t\t  \t\t\t\t\t\t\t  \t\t\t\t\t\t<\/div>\n  \t\t\t\t\t\t  \t\t\t\t\t<\/div><!-- .box-image -->\n          \t\t\t\t\t<div class=\"box-text text-center\" >\n\t\t\t\t\t<div class=\"box-text-inner blog-post-inner\">\n\n\t\t\t\t\t\n\t\t\t\t\t\t\t\t\t\t<h5 class=\"post-title is-large \">Dommages aux tissus : SOS M\u00e9decins Marrakech \u00e0 votre secours<\/h5>\n\t\t\t\t\t\t\t\t\t\t<div class=\"is-divider\"><\/div>\n\t\t\t\t\t\t\t\t\t\t<p class=\"from_the_blog_excerpt \">Les dommages aux tissus peuvent r\u00e9sulter de diverses situations, telles que des blessures sportives, des [...]\t\t\t\t\t<\/p>\n\t\t\t\t\t                    \n\t\t\t\t\t\n\t\t\t\t\t\n\t\t\t\t\t<\/div><!-- .box-text-inner -->\n\t\t\t\t\t<\/div><!-- .box-text -->\n\t\t\t\t\t\t\t\t\t\t\t\t\t\t\t\t<div class=\"badge absolute top post-date badge-outline\">\n\t\t\t\t\t\t\t<div class=\"badge-inner\">\n\t\t\t\t\t\t\t\t<span class=\"post-date-day\">26<\/span><br>\n\t\t\t\t\t\t\t\t<span class=\"post-date-month is-xsmall\">Jul<\/span>\n\t\t\t\t\t\t\t<\/div>\n\t\t\t\t\t\t<\/div>\n\t\t\t\t\t\t\t\t\t<\/div><!-- .box -->\n\t\t\t\t<\/a><!-- .link -->\n\t\t\t<\/div><!-- .col-inner -->\n\t\t<\/div><!-- .col -->\n\t\t<div class=\"col post-item\" data-animate=\"fadeInUp\">\n\t\t\t<div class=\"col-inner\">\n\t\t\t<a href=\"https:\/\/sosmedecinmarrakech.com\/es\/bacteries-contact-sos-medecins-marrakech\/\" class=\"plain\">\n\t\t\t\t<div class=\"box box-text-bottom box-blog-post has-hover\">\n            \t\t\t\t\t<div class=\"box-image\" >\n  \t\t\t\t\t\t<div class=\"image-cover\" style=\"padding-top:180px;\">\n  \t\t\t\t\t\t\t<img loading=\"lazy\" decoding=\"async\" width=\"606\" height=\"400\" src=\"https:\/\/sosmedecinmarrakech.com\/wp-content\/uploads\/2024\/07\/Bacteries-606x400.png\" class=\"attachment-medium size-medium wp-post-image\" alt=\"Bact\u00e9ries\" srcset=\"https:\/\/sosmedecinmarrakech.com\/wp-content\/uploads\/2024\/07\/Bacteries-606x400.png 606w, https:\/\/sosmedecinmarrakech.com\/wp-content\/uploads\/2024\/07\/Bacteries-768x507.png 768w, https:\/\/sosmedecinmarrakech.com\/wp-content\/uploads\/2024\/07\/Bacteries.png 770w\" sizes=\"auto, (max-width: 606px) 100vw, 606px\" \/>  \t\t\t\t\t\t\t  \t\t\t\t\t\t\t  \t\t\t\t\t\t<\/div>\n  \t\t\t\t\t\t  \t\t\t\t\t<\/div><!-- .box-image -->\n          \t\t\t\t\t<div class=\"box-text text-center\" >\n\t\t\t\t\t<div class=\"box-text-inner blog-post-inner\">\n\n\t\t\t\t\t\n\t\t\t\t\t\t\t\t\t\t<h5 class=\"post-title is-large \">Les Bact\u00e9ries et leur Prise en Charge par SOS M\u00e9DECINS MARRAKECH<\/h5>\n\t\t\t\t\t\t\t\t\t\t<div class=\"is-divider\"><\/div>\n\t\t\t\t\t\t\t\t\t\t<p class=\"from_the_blog_excerpt \">Les bact\u00e9ries, ces micro-organismes unicellulaires, sont omnipr\u00e9sentes dans notre environnement. Elles jouent des r\u00f4les vari\u00e9s, [...]\t\t\t\t\t<\/p>\n\t\t\t\t\t                    \n\t\t\t\t\t\n\t\t\t\t\t\n\t\t\t\t\t<\/div><!-- .box-text-inner -->\n\t\t\t\t\t<\/div><!-- .box-text -->\n\t\t\t\t\t\t\t\t\t\t\t\t\t\t\t\t<div class=\"badge absolute top post-date badge-outline\">\n\t\t\t\t\t\t\t<div class=\"badge-inner\">\n\t\t\t\t\t\t\t\t<span class=\"post-date-day\">26<\/span><br>\n\t\t\t\t\t\t\t\t<span class=\"post-date-month is-xsmall\">Jul<\/span>\n\t\t\t\t\t\t\t<\/div>\n\t\t\t\t\t\t<\/div>\n\t\t\t\t\t\t\t\t\t<\/div><!-- .box -->\n\t\t\t\t<\/a><!-- .link -->\n\t\t\t<\/div><!-- .col-inner -->\n\t\t<\/div><!-- .col -->\n<\/div>\n<div class=\"container section-title-container\" style=\"margin-top:31px;\"><h3 class=\"section-title section-title-center\"><b><\/b><span class=\"section-title-main\" style=\"font-size:undefined%;\">Overlay Style<\/span><b><\/b><\/h3><\/div><!-- .section-title -->\n\n  \n    <div class=\"row large-columns-4 medium-columns- small-columns-1 has-shadow row-box-shadow-1 slider row-slider slider-nav-reveal\"  data-flickity-options='{\"imagesLoaded\": true, \"groupCells\": \"100%\", \"dragThreshold\" : 5, \"cellAlign\": \"left\",\"wrapAround\": true,\"prevNextButtons\": true,\"percentPosition\": true,\"pageDots\": false, \"rightToLeft\": false, \"autoPlay\" : false}'>\n\n  \t\t<div class=\"col post-item\" >\n\t\t\t<div class=\"col-inner\">\n\t\t\t<a href=\"https:\/\/sosmedecinmarrakech.com\/es\/infections-virales-comprendre-et-agir\/\" class=\"plain\">\n\t\t\t\t<div class=\"box box-overlay dark box-text-bottom box-blog-post has-hover\">\n            \t\t\t\t\t<div class=\"box-image\" >\n  \t\t\t\t\t\t<div class=\"image-zoom image-cover\" style=\"padding-top:144%;\">\n  \t\t\t\t\t\t\t<img loading=\"lazy\" decoding=\"async\" width=\"600\" height=\"400\" src=\"https:\/\/sosmedecinmarrakech.com\/wp-content\/uploads\/2024\/10\/Infections-Virales.jpg\" class=\"attachment-medium size-medium wp-post-image\" alt=\"Infections Virales\" \/>  \t\t\t\t\t\t\t<div class=\"overlay\" style=\"background-color: rgba(0, 0, 0, 0.17)\"><\/div>  \t\t\t\t\t\t\t  \t\t\t\t\t\t<\/div>\n  \t\t\t\t\t\t  \t\t\t\t\t<\/div><!-- .box-image -->\n          \t\t\t\t\t<div class=\"box-text text-center\" >\n\t\t\t\t\t<div class=\"box-text-inner blog-post-inner\">\n\n\t\t\t\t\t\n\t\t\t\t\t\t\t\t\t\t<h5 class=\"post-title is-large uppercase\">Infections Virales : Comprendre et Agir<\/h5>\n\t\t\t\t\t<div class=\"post-meta is-small op-8\">octubre 7, 2024<\/div>\t\t\t\t\t<div class=\"is-divider\"><\/div>\n\t\t\t\t\t\t\t\t\t\t<p class=\"from_the_blog_excerpt \">Les infections virales sont des maladies caus\u00e9es par des virus, agents pathog\u00e8nes microscopiques qui se [...]\t\t\t\t\t<\/p>\n\t\t\t\t\t                    \n\t\t\t\t\t\n\t\t\t\t\t\n\t\t\t\t\t<\/div><!-- .box-text-inner -->\n\t\t\t\t\t<\/div><!-- .box-text -->\n\t\t\t\t\t\t\t\t\t<\/div><!-- .box -->\n\t\t\t\t<\/a><!-- .link -->\n\t\t\t<\/div><!-- .col-inner -->\n\t\t<\/div><!-- .col -->\n\t\t<div class=\"col post-item\" >\n\t\t\t<div class=\"col-inner\">\n\t\t\t<a href=\"https:\/\/sosmedecinmarrakech.com\/es\/bronchite\/\" class=\"plain\">\n\t\t\t\t<div class=\"box box-overlay dark box-text-bottom box-blog-post has-hover\">\n            \t\t\t\t\t<div class=\"box-image\" >\n  \t\t\t\t\t\t<div class=\"image-zoom image-cover\" style=\"padding-top:144%;\">\n  \t\t\t\t\t\t\t<img loading=\"lazy\" decoding=\"async\" width=\"704\" height=\"396\" src=\"https:\/\/sosmedecinmarrakech.com\/wp-content\/uploads\/2024\/10\/Bronchite.webp\" class=\"attachment-medium size-medium wp-post-image\" alt=\"Bronchite\" \/>  \t\t\t\t\t\t\t<div class=\"overlay\" style=\"background-color: rgba(0, 0, 0, 0.17)\"><\/div>  \t\t\t\t\t\t\t  \t\t\t\t\t\t<\/div>\n  \t\t\t\t\t\t  \t\t\t\t\t<\/div><!-- .box-image -->\n          \t\t\t\t\t<div class=\"box-text text-center\" >\n\t\t\t\t\t<div class=\"box-text-inner blog-post-inner\">\n\n\t\t\t\t\t\n\t\t\t\t\t\t\t\t\t\t<h5 class=\"post-title is-large uppercase\">Comprendre la Bronchite : Sympt\u00f4mes et Solutions<\/h5>\n\t\t\t\t\t<div class=\"post-meta is-small op-8\">octubre 7, 2024<\/div>\t\t\t\t\t<div class=\"is-divider\"><\/div>\n\t\t\t\t\t\t\t\t\t\t<p class=\"from_the_blog_excerpt \">La bronchite est une inflammation des bronches qui peut provoquer une toux persistante, des douleurs [...]\t\t\t\t\t<\/p>\n\t\t\t\t\t                    \n\t\t\t\t\t\n\t\t\t\t\t\n\t\t\t\t\t<\/div><!-- .box-text-inner -->\n\t\t\t\t\t<\/div><!-- .box-text -->\n\t\t\t\t\t\t\t\t\t<\/div><!-- .box -->\n\t\t\t\t<\/a><!-- .link -->\n\t\t\t<\/div><!-- .col-inner -->\n\t\t<\/div><!-- .col -->\n\t\t<div class=\"col post-item\" >\n\t\t\t<div class=\"col-inner\">\n\t\t\t<a href=\"https:\/\/sosmedecinmarrakech.com\/es\/grippe-et-son-association-avec-un-nombre-plus-eleve-dinfarctus-du-myocarde\/\" class=\"plain\">\n\t\t\t\t<div class=\"box box-overlay dark box-text-bottom box-blog-post has-hover\">\n            \t\t\t\t\t<div class=\"box-image\" >\n  \t\t\t\t\t\t<div class=\"image-zoom image-cover\" style=\"padding-top:144%;\">\n  \t\t\t\t\t\t\t<img loading=\"lazy\" decoding=\"async\" width=\"288\" height=\"175\" src=\"https:\/\/sosmedecinmarrakech.com\/wp-content\/uploads\/2024\/10\/grippe.jpg\" class=\"attachment-medium size-medium wp-post-image\" alt=\"Grippe\" \/>  \t\t\t\t\t\t\t<div class=\"overlay\" style=\"background-color: rgba(0, 0, 0, 0.17)\"><\/div>  \t\t\t\t\t\t\t  \t\t\t\t\t\t<\/div>\n  \t\t\t\t\t\t  \t\t\t\t\t<\/div><!-- .box-image -->\n          \t\t\t\t\t<div class=\"box-text text-center\" >\n\t\t\t\t\t<div class=\"box-text-inner blog-post-inner\">\n\n\t\t\t\t\t\n\t\t\t\t\t\t\t\t\t\t<h5 class=\"post-title is-large uppercase\">La Grippe et Son Association avec un Nombre Plus \u00c9lev\u00e9 d\u2019Infarctus du Myocarde<\/h5>\n\t\t\t\t\t<div class=\"post-meta is-small op-8\">octubre 6, 2024<\/div>\t\t\t\t\t<div class=\"is-divider\"><\/div>\n\t\t\t\t\t\t\t\t\t\t<p class=\"from_the_blog_excerpt \">La grippe, une infection virale saisonni\u00e8re, est souvent consid\u00e9r\u00e9e comme une simple maladie respiratoire. Cependant, [...]\t\t\t\t\t<\/p>\n\t\t\t\t\t                    \n\t\t\t\t\t\n\t\t\t\t\t\n\t\t\t\t\t<\/div><!-- .box-text-inner -->\n\t\t\t\t\t<\/div><!-- .box-text -->\n\t\t\t\t\t\t\t\t\t<\/div><!-- .box -->\n\t\t\t\t<\/a><!-- .link -->\n\t\t\t<\/div><!-- .col-inner -->\n\t\t<\/div><!-- .col -->\n\t\t<div class=\"col post-item\" >\n\t\t\t<div class=\"col-inner\">\n\t\t\t<a href=\"https:\/\/sosmedecinmarrakech.com\/es\/imjudo-un-nuevo-farmaco-hospitalario-para-el-tratamiento-del-cancer-de-higado-y-pulmon\/\" class=\"plain\">\n\t\t\t\t<div class=\"box box-overlay dark box-text-bottom box-blog-post has-hover\">\n            \t\t\t\t\t<div class=\"box-image\" >\n  \t\t\t\t\t\t<div class=\"image-zoom image-cover\" style=\"padding-top:144%;\">\n  \t\t\t\t\t\t\t<img loading=\"lazy\" decoding=\"async\" width=\"300\" height=\"168\" src=\"https:\/\/sosmedecinmarrakech.com\/wp-content\/uploads\/2024\/10\/IMJUDO-2.jpg\" class=\"attachment-medium size-medium wp-post-image\" alt=\"IMJUDO\" \/>  \t\t\t\t\t\t\t<div class=\"overlay\" style=\"background-color: rgba(0, 0, 0, 0.17)\"><\/div>  \t\t\t\t\t\t\t  \t\t\t\t\t\t<\/div>\n  \t\t\t\t\t\t  \t\t\t\t\t<\/div><!-- .box-image -->\n          \t\t\t\t\t<div class=\"box-text text-center\" >\n\t\t\t\t\t<div class=\"box-text-inner blog-post-inner\">\n\n\t\t\t\t\t\n\t\t\t\t\t\t\t\t\t\t<h5 class=\"post-title is-large uppercase\">IMJUDO : Nouveau M\u00e9dicament Hospitalier dans le Traitement des Cancers du Foie et du Poumon<\/h5>\n\t\t\t\t\t<div class=\"post-meta is-small op-8\">octubre 6, 2024<\/div>\t\t\t\t\t<div class=\"is-divider\"><\/div>\n\t\t\t\t\t\t\t\t\t\t<p class=\"from_the_blog_excerpt \">IMJUDO, un m\u00e9dicament r\u00e9cemment introduit dans le cadre des traitements hospitaliers, suscite un grand int\u00e9r\u00eat [...]\t\t\t\t\t<\/p>\n\t\t\t\t\t                    \n\t\t\t\t\t\n\t\t\t\t\t\n\t\t\t\t\t<\/div><!-- .box-text-inner -->\n\t\t\t\t\t<\/div><!-- .box-text -->\n\t\t\t\t\t\t\t\t\t<\/div><!-- .box -->\n\t\t\t\t<\/a><!-- .link -->\n\t\t\t<\/div><!-- .col-inner -->\n\t\t<\/div><!-- .col -->\n\t\t<div class=\"col post-item\" >\n\t\t\t<div class=\"col-inner\">\n\t\t\t<a href=\"https:\/\/sosmedecinmarrakech.com\/es\/tension-des-formes-injectables\/\" class=\"plain\">\n\t\t\t\t<div class=\"box box-overlay dark box-text-bottom box-blog-post has-hover\">\n            \t\t\t\t\t<div class=\"box-image\" >\n  \t\t\t\t\t\t<div class=\"image-zoom image-cover\" style=\"padding-top:144%;\">\n  \t\t\t\t\t\t\t<img loading=\"lazy\" decoding=\"async\" width=\"628\" height=\"400\" src=\"https:\/\/sosmedecinmarrakech.com\/wp-content\/uploads\/2024\/10\/Tension-des-Formes-Injectables-628x400.webp\" class=\"attachment-medium size-medium wp-post-image\" alt=\"Tension des Formes Injectables\" srcset=\"https:\/\/sosmedecinmarrakech.com\/wp-content\/uploads\/2024\/10\/Tension-des-Formes-Injectables-628x400.webp 628w, https:\/\/sosmedecinmarrakech.com\/wp-content\/uploads\/2024\/10\/Tension-des-Formes-Injectables-1256x800.webp 1256w, https:\/\/sosmedecinmarrakech.com\/wp-content\/uploads\/2024\/10\/Tension-des-Formes-Injectables-768x489.webp 768w, https:\/\/sosmedecinmarrakech.com\/wp-content\/uploads\/2024\/10\/Tension-des-Formes-Injectables.webp 1444w\" sizes=\"auto, (max-width: 628px) 100vw, 628px\" \/>  \t\t\t\t\t\t\t<div class=\"overlay\" style=\"background-color: rgba(0, 0, 0, 0.17)\"><\/div>  \t\t\t\t\t\t\t  \t\t\t\t\t\t<\/div>\n  \t\t\t\t\t\t  \t\t\t\t\t<\/div><!-- .box-image -->\n          \t\t\t\t\t<div class=\"box-text text-center\" >\n\t\t\t\t\t<div class=\"box-text-inner blog-post-inner\">\n\n\t\t\t\t\t\n\t\t\t\t\t\t\t\t\t\t<h5 class=\"post-title is-large uppercase\">Tension des Formes Injectables\/Buvables de Vitamine B12 : Passer au Comprim\u00e9 quand la Voie Orale est Possible<\/h5>\n\t\t\t\t\t<div class=\"post-meta is-small op-8\">octubre 6, 2024<\/div>\t\t\t\t\t<div class=\"is-divider\"><\/div>\n\t\t\t\t\t\t\t\t\t\t<p class=\"from_the_blog_excerpt \">La vitamine B12 est essentielle pour la sant\u00e9 neurologique la Tension des Formes Injectables et [...]\t\t\t\t\t<\/p>\n\t\t\t\t\t                    \n\t\t\t\t\t\n\t\t\t\t\t\n\t\t\t\t\t<\/div><!-- .box-text-inner -->\n\t\t\t\t\t<\/div><!-- .box-text -->\n\t\t\t\t\t\t\t\t\t<\/div><!-- .box -->\n\t\t\t\t<\/a><!-- .link -->\n\t\t\t<\/div><!-- .col-inner -->\n\t\t<\/div><!-- .col -->\n\t\t<div class=\"col post-item\" >\n\t\t\t<div class=\"col-inner\">\n\t\t\t<a href=\"https:\/\/sosmedecinmarrakech.com\/es\/infections-a-vrs\/\" class=\"plain\">\n\t\t\t\t<div class=\"box box-overlay dark box-text-bottom box-blog-post has-hover\">\n            \t\t\t\t\t<div class=\"box-image\" >\n  \t\t\t\t\t\t<div class=\"image-zoom image-cover\" style=\"padding-top:144%;\">\n  \t\t\t\t\t\t\t<img loading=\"lazy\" decoding=\"async\" width=\"711\" height=\"400\" src=\"https:\/\/sosmedecinmarrakech.com\/wp-content\/uploads\/2024\/10\/Infections-a-VRS-711x400.jpg\" class=\"attachment-medium size-medium wp-post-image\" alt=\"Infections \u00e0 VRS\" srcset=\"https:\/\/sosmedecinmarrakech.com\/wp-content\/uploads\/2024\/10\/Infections-a-VRS-711x400.jpg 711w, https:\/\/sosmedecinmarrakech.com\/wp-content\/uploads\/2024\/10\/Infections-a-VRS-768x432.jpg 768w, https:\/\/sosmedecinmarrakech.com\/wp-content\/uploads\/2024\/10\/Infections-a-VRS.jpg 771w\" sizes=\"auto, (max-width: 711px) 100vw, 711px\" \/>  \t\t\t\t\t\t\t<div class=\"overlay\" style=\"background-color: rgba(0, 0, 0, 0.17)\"><\/div>  \t\t\t\t\t\t\t  \t\t\t\t\t\t<\/div>\n  \t\t\t\t\t\t  \t\t\t\t\t<\/div><!-- .box-image -->\n          \t\t\t\t\t<div class=\"box-text text-center\" >\n\t\t\t\t\t<div class=\"box-text-inner blog-post-inner\">\n\n\t\t\t\t\t\n\t\t\t\t\t\t\t\t\t\t<h5 class=\"post-title is-large uppercase\">Pr\u00e9vention des Infections \u00e0 VRS chez les Personnes \u00c2g\u00e9es : Faut-il Vacciner ?<\/h5>\n\t\t\t\t\t<div class=\"post-meta is-small op-8\">octubre 6, 2024<\/div>\t\t\t\t\t<div class=\"is-divider\"><\/div>\n\t\t\t\t\t\t\t\t\t\t<p class=\"from_the_blog_excerpt \">Les Infections \u00e0 VRS \u00e0 virus respiratoire syncytial (VRS) sont souvent consid\u00e9r\u00e9es comme des affections [...]\t\t\t\t\t<\/p>\n\t\t\t\t\t                    \n\t\t\t\t\t\n\t\t\t\t\t\n\t\t\t\t\t<\/div><!-- .box-text-inner -->\n\t\t\t\t\t<\/div><!-- .box-text -->\n\t\t\t\t\t\t\t\t\t<\/div><!-- .box -->\n\t\t\t\t<\/a><!-- .link -->\n\t\t\t<\/div><!-- .col-inner -->\n\t\t<\/div><!-- .col -->\n\t\t<div class=\"col post-item\" >\n\t\t\t<div class=\"col-inner\">\n\t\t\t<a href=\"https:\/\/sosmedecinmarrakech.com\/es\/biopsies-un-outil-cle-en-medecine\/\" class=\"plain\">\n\t\t\t\t<div class=\"box box-overlay dark box-text-bottom box-blog-post has-hover\">\n            \t\t\t\t\t<div class=\"box-image\" >\n  \t\t\t\t\t\t<div class=\"image-zoom image-cover\" style=\"padding-top:144%;\">\n  \t\t\t\t\t\t\t<img loading=\"lazy\" decoding=\"async\" width=\"713\" height=\"400\" src=\"https:\/\/sosmedecinmarrakech.com\/wp-content\/uploads\/2024\/10\/Biopsies-713x400.jpg\" class=\"attachment-medium size-medium wp-post-image\" alt=\"Biopsies\" srcset=\"https:\/\/sosmedecinmarrakech.com\/wp-content\/uploads\/2024\/10\/Biopsies-713x400.jpg 713w, https:\/\/sosmedecinmarrakech.com\/wp-content\/uploads\/2024\/10\/Biopsies-768x431.jpg 768w, https:\/\/sosmedecinmarrakech.com\/wp-content\/uploads\/2024\/10\/Biopsies.jpg 1000w\" sizes=\"auto, (max-width: 713px) 100vw, 713px\" \/>  \t\t\t\t\t\t\t<div class=\"overlay\" style=\"background-color: rgba(0, 0, 0, 0.17)\"><\/div>  \t\t\t\t\t\t\t  \t\t\t\t\t\t<\/div>\n  \t\t\t\t\t\t  \t\t\t\t\t<\/div><!-- .box-image -->\n          \t\t\t\t\t<div class=\"box-text text-center\" >\n\t\t\t\t\t<div class=\"box-text-inner blog-post-inner\">\n\n\t\t\t\t\t\n\t\t\t\t\t\t\t\t\t\t<h5 class=\"post-title is-large uppercase\">Biopsies : Un Outil Cl\u00e9 en M\u00e9decine<\/h5>\n\t\t\t\t\t<div class=\"post-meta is-small op-8\">octubre 6, 2024<\/div>\t\t\t\t\t<div class=\"is-divider\"><\/div>\n\t\t\t\t\t\t\t\t\t\t<p class=\"from_the_blog_excerpt \">La biopsies est une proc\u00e9dure m\u00e9dicale essentielle qui consiste \u00e0 pr\u00e9lever un \u00e9chantillon de tissu [...]\t\t\t\t\t<\/p>\n\t\t\t\t\t                    \n\t\t\t\t\t\n\t\t\t\t\t\n\t\t\t\t\t<\/div><!-- .box-text-inner -->\n\t\t\t\t\t<\/div><!-- .box-text -->\n\t\t\t\t\t\t\t\t\t<\/div><!-- .box -->\n\t\t\t\t<\/a><!-- .link -->\n\t\t\t<\/div><!-- .col-inner -->\n\t\t<\/div><!-- .col -->\n\t\t<div class=\"col post-item\" >\n\t\t\t<div class=\"col-inner\">\n\t\t\t<a href=\"https:\/\/sosmedecinmarrakech.com\/es\/cancer-de-la-prostate\/\" class=\"plain\">\n\t\t\t\t<div class=\"box box-overlay dark box-text-bottom box-blog-post has-hover\">\n            \t\t\t\t\t<div class=\"box-image\" >\n  \t\t\t\t\t\t<div class=\"image-zoom image-cover\" style=\"padding-top:144%;\">\n  \t\t\t\t\t\t\t<img loading=\"lazy\" decoding=\"async\" width=\"309\" height=\"203\" src=\"https:\/\/sosmedecinmarrakech.com\/wp-content\/uploads\/2024\/07\/Cancer-de-la-Prostate.jpg\" class=\"attachment-medium size-medium wp-post-image\" alt=\"Cancer de la Prostate\" \/>  \t\t\t\t\t\t\t<div class=\"overlay\" style=\"background-color: rgba(0, 0, 0, 0.17)\"><\/div>  \t\t\t\t\t\t\t  \t\t\t\t\t\t<\/div>\n  \t\t\t\t\t\t  \t\t\t\t\t<\/div><!-- .box-image -->\n          \t\t\t\t\t<div class=\"box-text text-center\" >\n\t\t\t\t\t<div class=\"box-text-inner blog-post-inner\">\n\n\t\t\t\t\t\n\t\t\t\t\t\t\t\t\t\t<h5 class=\"post-title is-large uppercase\">Cancer de la Prostate : D\u00e9tection Pr\u00e9coce et Soutien de SOS M\u00e9decins \u00e0 Domicile Marrakech<\/h5>\n\t\t\t\t\t<div class=\"post-meta is-small op-8\">julio 28, 2024<\/div>\t\t\t\t\t<div class=\"is-divider\"><\/div>\n\t\t\t\t\t\t\t\t\t\t<p class=\"from_the_blog_excerpt \">Le cancer de la prostate est l&rsquo;un des cancers les plus courants chez les hommes, [...]\t\t\t\t\t<\/p>\n\t\t\t\t\t                    \n\t\t\t\t\t\n\t\t\t\t\t\n\t\t\t\t\t<\/div><!-- .box-text-inner -->\n\t\t\t\t\t<\/div><!-- .box-text -->\n\t\t\t\t\t\t\t\t\t<\/div><!-- .box -->\n\t\t\t\t<\/a><!-- .link -->\n\t\t\t<\/div><!-- .col-inner -->\n\t\t<\/div><!-- .col -->\n\t\t<div class=\"col post-item\" >\n\t\t\t<div class=\"col-inner\">\n\t\t\t<a href=\"https:\/\/sosmedecinmarrakech.com\/es\/cancer-des-seins\/\" class=\"plain\">\n\t\t\t\t<div class=\"box box-overlay dark box-text-bottom box-blog-post has-hover\">\n            \t\t\t\t\t<div class=\"box-image\" >\n  \t\t\t\t\t\t<div class=\"image-zoom image-cover\" style=\"padding-top:144%;\">\n  \t\t\t\t\t\t\t<img loading=\"lazy\" decoding=\"async\" width=\"574\" height=\"400\" src=\"https:\/\/sosmedecinmarrakech.com\/wp-content\/uploads\/2024\/07\/Cancer-des-seins-574x400.jpg\" class=\"attachment-medium size-medium wp-post-image\" alt=\"Cancer des seins\" srcset=\"https:\/\/sosmedecinmarrakech.com\/wp-content\/uploads\/2024\/07\/Cancer-des-seins-574x400.jpg 574w, https:\/\/sosmedecinmarrakech.com\/wp-content\/uploads\/2024\/07\/Cancer-des-seins.jpg 750w\" sizes=\"auto, (max-width: 574px) 100vw, 574px\" \/>  \t\t\t\t\t\t\t<div class=\"overlay\" style=\"background-color: rgba(0, 0, 0, 0.17)\"><\/div>  \t\t\t\t\t\t\t  \t\t\t\t\t\t<\/div>\n  \t\t\t\t\t\t  \t\t\t\t\t<\/div><!-- .box-image -->\n          \t\t\t\t\t<div class=\"box-text text-center\" >\n\t\t\t\t\t<div class=\"box-text-inner blog-post-inner\">\n\n\t\t\t\t\t\n\t\t\t\t\t\t\t\t\t\t<h5 class=\"post-title is-large uppercase\">Cancer des seins : Importance de la D\u00e9tection Pr\u00e9coce et R\u00f4le de SOS M\u00e9decins \u00e0 Domicile \u00e0 Marrakech<\/h5>\n\t\t\t\t\t<div class=\"post-meta is-small op-8\">julio 28, 2024<\/div>\t\t\t\t\t<div class=\"is-divider\"><\/div>\n\t\t\t\t\t\t\t\t\t\t<p class=\"from_the_blog_excerpt \">Le cancer des seins est une maladie qui touche de nombreuses femmes dans le monde, [...]\t\t\t\t\t<\/p>\n\t\t\t\t\t                    \n\t\t\t\t\t\n\t\t\t\t\t\n\t\t\t\t\t<\/div><!-- .box-text-inner -->\n\t\t\t\t\t<\/div><!-- .box-text -->\n\t\t\t\t\t\t\t\t\t<\/div><!-- .box -->\n\t\t\t\t<\/a><!-- .link -->\n\t\t\t<\/div><!-- .col-inner -->\n\t\t<\/div><!-- .col -->\n\t\t<div class=\"col post-item\" >\n\t\t\t<div class=\"col-inner\">\n\t\t\t<a href=\"https:\/\/sosmedecinmarrakech.com\/es\/eczema-atopique\/\" class=\"plain\">\n\t\t\t\t<div class=\"box box-overlay dark box-text-bottom box-blog-post has-hover\">\n            \t\t\t\t\t<div class=\"box-image\" >\n  \t\t\t\t\t\t<div class=\"image-zoom image-cover\" style=\"padding-top:144%;\">\n  \t\t\t\t\t\t\t<img loading=\"lazy\" decoding=\"async\" width=\"595\" height=\"400\" src=\"https:\/\/sosmedecinmarrakech.com\/wp-content\/uploads\/2024\/07\/eczema-atopique-1-595x400.jpg\" class=\"attachment-medium size-medium wp-post-image\" alt=\"ecz\u00e9ma atopique\" srcset=\"https:\/\/sosmedecinmarrakech.com\/wp-content\/uploads\/2024\/07\/eczema-atopique-1-595x400.jpg 595w, https:\/\/sosmedecinmarrakech.com\/wp-content\/uploads\/2024\/07\/eczema-atopique-1.jpg 640w\" sizes=\"auto, (max-width: 595px) 100vw, 595px\" \/>  \t\t\t\t\t\t\t<div class=\"overlay\" style=\"background-color: rgba(0, 0, 0, 0.17)\"><\/div>  \t\t\t\t\t\t\t  \t\t\t\t\t\t<\/div>\n  \t\t\t\t\t\t  \t\t\t\t\t<\/div><!-- .box-image -->\n          \t\t\t\t\t<div class=\"box-text text-center\" >\n\t\t\t\t\t<div class=\"box-text-inner blog-post-inner\">\n\n\t\t\t\t\t\n\t\t\t\t\t\t\t\t\t\t<h5 class=\"post-title is-large uppercase\">L&rsquo;ecz\u00e9ma atopique : Comment SOS M\u00e9decins Marrakech peut aider<\/h5>\n\t\t\t\t\t<div class=\"post-meta is-small op-8\">julio 26, 2024<\/div>\t\t\t\t\t<div class=\"is-divider\"><\/div>\n\t\t\t\t\t\t\t\t\t\t<p class=\"from_the_blog_excerpt \">L&rsquo;ecz\u00e9ma atopique est une maladie chronique de la peau qui provoque des d\u00e9mangeaisons, des rougeurs [...]\t\t\t\t\t<\/p>\n\t\t\t\t\t                    \n\t\t\t\t\t\n\t\t\t\t\t\n\t\t\t\t\t<\/div><!-- .box-text-inner -->\n\t\t\t\t\t<\/div><!-- .box-text -->\n\t\t\t\t\t\t\t\t\t<\/div><!-- .box -->\n\t\t\t\t<\/a><!-- .link -->\n\t\t\t<\/div><!-- .col-inner -->\n\t\t<\/div><!-- .col -->\n\t\t<div class=\"col post-item\" >\n\t\t\t<div class=\"col-inner\">\n\t\t\t<a href=\"https:\/\/sosmedecinmarrakech.com\/es\/dommages-aux-tissus\/\" class=\"plain\">\n\t\t\t\t<div class=\"box box-overlay dark box-text-bottom box-blog-post has-hover\">\n            \t\t\t\t\t<div class=\"box-image\" >\n  \t\t\t\t\t\t<div class=\"image-zoom image-cover\" style=\"padding-top:144%;\">\n  \t\t\t\t\t\t\t<img loading=\"lazy\" decoding=\"async\" width=\"600\" height=\"400\" src=\"https:\/\/sosmedecinmarrakech.com\/wp-content\/uploads\/2024\/07\/Dommages-aux-tissus-600x400.jpg\" class=\"attachment-medium size-medium wp-post-image\" alt=\"Dommages aux tissus\" srcset=\"https:\/\/sosmedecinmarrakech.com\/wp-content\/uploads\/2024\/07\/Dommages-aux-tissus-600x400.jpg 600w, https:\/\/sosmedecinmarrakech.com\/wp-content\/uploads\/2024\/07\/Dommages-aux-tissus.jpg 758w\" sizes=\"auto, (max-width: 600px) 100vw, 600px\" \/>  \t\t\t\t\t\t\t<div class=\"overlay\" style=\"background-color: rgba(0, 0, 0, 0.17)\"><\/div>  \t\t\t\t\t\t\t  \t\t\t\t\t\t<\/div>\n  \t\t\t\t\t\t  \t\t\t\t\t<\/div><!-- .box-image -->\n          \t\t\t\t\t<div class=\"box-text text-center\" >\n\t\t\t\t\t<div class=\"box-text-inner blog-post-inner\">\n\n\t\t\t\t\t\n\t\t\t\t\t\t\t\t\t\t<h5 class=\"post-title is-large uppercase\">Dommages aux tissus : SOS M\u00e9decins Marrakech \u00e0 votre secours<\/h5>\n\t\t\t\t\t<div class=\"post-meta is-small op-8\">julio 26, 2024<\/div>\t\t\t\t\t<div class=\"is-divider\"><\/div>\n\t\t\t\t\t\t\t\t\t\t<p class=\"from_the_blog_excerpt \">Les dommages aux tissus peuvent r\u00e9sulter de diverses situations, telles que des blessures sportives, des [...]\t\t\t\t\t<\/p>\n\t\t\t\t\t                    \n\t\t\t\t\t\n\t\t\t\t\t\n\t\t\t\t\t<\/div><!-- .box-text-inner -->\n\t\t\t\t\t<\/div><!-- .box-text -->\n\t\t\t\t\t\t\t\t\t<\/div><!-- .box -->\n\t\t\t\t<\/a><!-- .link -->\n\t\t\t<\/div><!-- .col-inner -->\n\t\t<\/div><!-- .col -->\n\t\t<div class=\"col post-item\" >\n\t\t\t<div class=\"col-inner\">\n\t\t\t<a href=\"https:\/\/sosmedecinmarrakech.com\/es\/bacteries-contact-sos-medecins-marrakech\/\" class=\"plain\">\n\t\t\t\t<div class=\"box box-overlay dark box-text-bottom box-blog-post has-hover\">\n            \t\t\t\t\t<div class=\"box-image\" >\n  \t\t\t\t\t\t<div class=\"image-zoom image-cover\" style=\"padding-top:144%;\">\n  \t\t\t\t\t\t\t<img loading=\"lazy\" decoding=\"async\" width=\"606\" height=\"400\" src=\"https:\/\/sosmedecinmarrakech.com\/wp-content\/uploads\/2024\/07\/Bacteries-606x400.png\" class=\"attachment-medium size-medium wp-post-image\" alt=\"Bact\u00e9ries\" srcset=\"https:\/\/sosmedecinmarrakech.com\/wp-content\/uploads\/2024\/07\/Bacteries-606x400.png 606w, https:\/\/sosmedecinmarrakech.com\/wp-content\/uploads\/2024\/07\/Bacteries-768x507.png 768w, https:\/\/sosmedecinmarrakech.com\/wp-content\/uploads\/2024\/07\/Bacteries.png 770w\" sizes=\"auto, (max-width: 606px) 100vw, 606px\" \/>  \t\t\t\t\t\t\t<div class=\"overlay\" style=\"background-color: rgba(0, 0, 0, 0.17)\"><\/div>  \t\t\t\t\t\t\t  \t\t\t\t\t\t<\/div>\n  \t\t\t\t\t\t  \t\t\t\t\t<\/div><!-- .box-image -->\n          \t\t\t\t\t<div class=\"box-text text-center\" >\n\t\t\t\t\t<div class=\"box-text-inner blog-post-inner\">\n\n\t\t\t\t\t\n\t\t\t\t\t\t\t\t\t\t<h5 class=\"post-title is-large uppercase\">Les Bact\u00e9ries et leur Prise en Charge par SOS M\u00e9DECINS MARRAKECH<\/h5>\n\t\t\t\t\t<div class=\"post-meta is-small op-8\">julio 26, 2024<\/div>\t\t\t\t\t<div class=\"is-divider\"><\/div>\n\t\t\t\t\t\t\t\t\t\t<p class=\"from_the_blog_excerpt \">Les bact\u00e9ries, ces micro-organismes unicellulaires, sont omnipr\u00e9sentes dans notre environnement. Elles jouent des r\u00f4les vari\u00e9s, [...]\t\t\t\t\t<\/p>\n\t\t\t\t\t                    \n\t\t\t\t\t\n\t\t\t\t\t\n\t\t\t\t\t<\/div><!-- .box-text-inner -->\n\t\t\t\t\t<\/div><!-- .box-text -->\n\t\t\t\t\t\t\t\t\t<\/div><!-- .box -->\n\t\t\t\t<\/a><!-- .link -->\n\t\t\t<\/div><!-- .col-inner -->\n\t\t<\/div><!-- .col -->\n<\/div>\n<div class=\"container section-title-container\" style=\"margin-top:31px;\"><h3 class=\"section-title section-title-center\"><b><\/b><span class=\"section-title-main\" style=\"font-size:undefined%;\">Overlay Grayscale<\/span><b><\/b><\/h3><\/div><!-- .section-title -->\n\n  \n    <div class=\"row large-columns-4 medium-columns- small-columns-1 has-shadow row-box-shadow-1 slider row-slider slider-nav-reveal\"  data-flickity-options='{\"imagesLoaded\": true, \"groupCells\": \"100%\", \"dragThreshold\" : 5, \"cellAlign\": \"left\",\"wrapAround\": true,\"prevNextButtons\": true,\"percentPosition\": true,\"pageDots\": false, \"rightToLeft\": false, \"autoPlay\" : false}'>\n\n  \t\t<div class=\"col post-item\" data-animate=\"fadeInLeft\">\n\t\t\t<div class=\"col-inner\">\n\t\t\t<a href=\"https:\/\/sosmedecinmarrakech.com\/es\/infections-virales-comprendre-et-agir\/\" class=\"plain\">\n\t\t\t\t<div class=\"box box-overlay dark box-text-bottom box-blog-post has-hover\">\n            \t\t\t\t\t<div class=\"box-image\" >\n  \t\t\t\t\t\t<div class=\"image-color image-overlay-remove-50 image-cover\" style=\"padding-top:144%;\">\n  \t\t\t\t\t\t\t<img loading=\"lazy\" decoding=\"async\" width=\"600\" height=\"400\" src=\"https:\/\/sosmedecinmarrakech.com\/wp-content\/uploads\/2024\/10\/Infections-Virales.jpg\" class=\"attachment-medium size-medium wp-post-image\" alt=\"Infections Virales\" \/>  \t\t\t\t\t\t\t<div class=\"overlay\" style=\"background-color: rgba(0, 0, 0, 0.56)\"><\/div>  \t\t\t\t\t\t\t  \t\t\t\t\t\t<\/div>\n  \t\t\t\t\t\t  \t\t\t\t\t<\/div><!-- .box-image -->\n          \t\t\t\t\t<div class=\"box-text text-center\" >\n\t\t\t\t\t<div class=\"box-text-inner blog-post-inner\">\n\n\t\t\t\t\t\n\t\t\t\t\t\t\t\t\t\t<h5 class=\"post-title is-large uppercase\">Infections Virales : Comprendre et Agir<\/h5>\n\t\t\t\t\t<div class=\"post-meta is-small op-8\">octubre 7, 2024<\/div>\t\t\t\t\t<div class=\"is-divider\"><\/div>\n\t\t\t\t\t\t\t\t\t\t<p class=\"from_the_blog_excerpt \">Les infections virales sont des maladies caus\u00e9es par des virus, agents pathog\u00e8nes microscopiques qui se [...]\t\t\t\t\t<\/p>\n\t\t\t\t\t                    \n\t\t\t\t\t\n\t\t\t\t\t\n\t\t\t\t\t<\/div><!-- .box-text-inner -->\n\t\t\t\t\t<\/div><!-- .box-text -->\n\t\t\t\t\t\t\t\t\t<\/div><!-- .box -->\n\t\t\t\t<\/a><!-- .link -->\n\t\t\t<\/div><!-- .col-inner -->\n\t\t<\/div><!-- .col -->\n\t\t<div class=\"col post-item\" data-animate=\"fadeInLeft\">\n\t\t\t<div class=\"col-inner\">\n\t\t\t<a href=\"https:\/\/sosmedecinmarrakech.com\/es\/bronchite\/\" class=\"plain\">\n\t\t\t\t<div class=\"box box-overlay dark box-text-bottom box-blog-post has-hover\">\n            \t\t\t\t\t<div class=\"box-image\" >\n  \t\t\t\t\t\t<div class=\"image-color image-overlay-remove-50 image-cover\" style=\"padding-top:144%;\">\n  \t\t\t\t\t\t\t<img loading=\"lazy\" decoding=\"async\" width=\"704\" height=\"396\" src=\"https:\/\/sosmedecinmarrakech.com\/wp-content\/uploads\/2024\/10\/Bronchite.webp\" class=\"attachment-medium size-medium wp-post-image\" alt=\"Bronchite\" \/>  \t\t\t\t\t\t\t<div class=\"overlay\" style=\"background-color: rgba(0, 0, 0, 0.56)\"><\/div>  \t\t\t\t\t\t\t  \t\t\t\t\t\t<\/div>\n  \t\t\t\t\t\t  \t\t\t\t\t<\/div><!-- .box-image -->\n          \t\t\t\t\t<div class=\"box-text text-center\" >\n\t\t\t\t\t<div class=\"box-text-inner blog-post-inner\">\n\n\t\t\t\t\t\n\t\t\t\t\t\t\t\t\t\t<h5 class=\"post-title is-large uppercase\">Comprendre la Bronchite : Sympt\u00f4mes et Solutions<\/h5>\n\t\t\t\t\t<div class=\"post-meta is-small op-8\">octubre 7, 2024<\/div>\t\t\t\t\t<div class=\"is-divider\"><\/div>\n\t\t\t\t\t\t\t\t\t\t<p class=\"from_the_blog_excerpt \">La bronchite est une inflammation des bronches qui peut provoquer une toux persistante, des douleurs [...]\t\t\t\t\t<\/p>\n\t\t\t\t\t                    \n\t\t\t\t\t\n\t\t\t\t\t\n\t\t\t\t\t<\/div><!-- .box-text-inner -->\n\t\t\t\t\t<\/div><!-- .box-text -->\n\t\t\t\t\t\t\t\t\t<\/div><!-- .box -->\n\t\t\t\t<\/a><!-- .link -->\n\t\t\t<\/div><!-- .col-inner -->\n\t\t<\/div><!-- .col -->\n\t\t<div class=\"col post-item\" data-animate=\"fadeInLeft\">\n\t\t\t<div class=\"col-inner\">\n\t\t\t<a href=\"https:\/\/sosmedecinmarrakech.com\/es\/grippe-et-son-association-avec-un-nombre-plus-eleve-dinfarctus-du-myocarde\/\" class=\"plain\">\n\t\t\t\t<div class=\"box box-overlay dark box-text-bottom box-blog-post has-hover\">\n            \t\t\t\t\t<div class=\"box-image\" >\n  \t\t\t\t\t\t<div class=\"image-color image-overlay-remove-50 image-cover\" style=\"padding-top:144%;\">\n  \t\t\t\t\t\t\t<img loading=\"lazy\" decoding=\"async\" width=\"288\" height=\"175\" src=\"https:\/\/sosmedecinmarrakech.com\/wp-content\/uploads\/2024\/10\/grippe.jpg\" class=\"attachment-medium size-medium wp-post-image\" alt=\"Grippe\" \/>  \t\t\t\t\t\t\t<div class=\"overlay\" style=\"background-color: rgba(0, 0, 0, 0.56)\"><\/div>  \t\t\t\t\t\t\t  \t\t\t\t\t\t<\/div>\n  \t\t\t\t\t\t  \t\t\t\t\t<\/div><!-- .box-image -->\n          \t\t\t\t\t<div class=\"box-text text-center\" >\n\t\t\t\t\t<div class=\"box-text-inner blog-post-inner\">\n\n\t\t\t\t\t\n\t\t\t\t\t\t\t\t\t\t<h5 class=\"post-title is-large uppercase\">La Grippe et Son Association avec un Nombre Plus \u00c9lev\u00e9 d\u2019Infarctus du Myocarde<\/h5>\n\t\t\t\t\t<div class=\"post-meta is-small op-8\">octubre 6, 2024<\/div>\t\t\t\t\t<div class=\"is-divider\"><\/div>\n\t\t\t\t\t\t\t\t\t\t<p class=\"from_the_blog_excerpt \">La grippe, une infection virale saisonni\u00e8re, est souvent consid\u00e9r\u00e9e comme une simple maladie respiratoire. Cependant, [...]\t\t\t\t\t<\/p>\n\t\t\t\t\t                    \n\t\t\t\t\t\n\t\t\t\t\t\n\t\t\t\t\t<\/div><!-- .box-text-inner -->\n\t\t\t\t\t<\/div><!-- .box-text -->\n\t\t\t\t\t\t\t\t\t<\/div><!-- .box -->\n\t\t\t\t<\/a><!-- .link -->\n\t\t\t<\/div><!-- .col-inner -->\n\t\t<\/div><!-- .col -->\n\t\t<div class=\"col post-item\" data-animate=\"fadeInLeft\">\n\t\t\t<div class=\"col-inner\">\n\t\t\t<a href=\"https:\/\/sosmedecinmarrakech.com\/es\/imjudo-un-nuevo-farmaco-hospitalario-para-el-tratamiento-del-cancer-de-higado-y-pulmon\/\" class=\"plain\">\n\t\t\t\t<div class=\"box box-overlay dark box-text-bottom box-blog-post has-hover\">\n            \t\t\t\t\t<div class=\"box-image\" >\n  \t\t\t\t\t\t<div class=\"image-color image-overlay-remove-50 image-cover\" style=\"padding-top:144%;\">\n  \t\t\t\t\t\t\t<img loading=\"lazy\" decoding=\"async\" width=\"300\" height=\"168\" src=\"https:\/\/sosmedecinmarrakech.com\/wp-content\/uploads\/2024\/10\/IMJUDO-2.jpg\" class=\"attachment-medium size-medium wp-post-image\" alt=\"IMJUDO\" \/>  \t\t\t\t\t\t\t<div class=\"overlay\" style=\"background-color: rgba(0, 0, 0, 0.56)\"><\/div>  \t\t\t\t\t\t\t  \t\t\t\t\t\t<\/div>\n  \t\t\t\t\t\t  \t\t\t\t\t<\/div><!-- .box-image -->\n          \t\t\t\t\t<div class=\"box-text text-center\" >\n\t\t\t\t\t<div class=\"box-text-inner blog-post-inner\">\n\n\t\t\t\t\t\n\t\t\t\t\t\t\t\t\t\t<h5 class=\"post-title is-large uppercase\">IMJUDO : Nouveau M\u00e9dicament Hospitalier dans le Traitement des Cancers du Foie et du Poumon<\/h5>\n\t\t\t\t\t<div class=\"post-meta is-small op-8\">octubre 6, 2024<\/div>\t\t\t\t\t<div class=\"is-divider\"><\/div>\n\t\t\t\t\t\t\t\t\t\t<p class=\"from_the_blog_excerpt \">IMJUDO, un m\u00e9dicament r\u00e9cemment introduit dans le cadre des traitements hospitaliers, suscite un grand int\u00e9r\u00eat [...]\t\t\t\t\t<\/p>\n\t\t\t\t\t                    \n\t\t\t\t\t\n\t\t\t\t\t\n\t\t\t\t\t<\/div><!-- .box-text-inner -->\n\t\t\t\t\t<\/div><!-- .box-text -->\n\t\t\t\t\t\t\t\t\t<\/div><!-- .box -->\n\t\t\t\t<\/a><!-- .link -->\n\t\t\t<\/div><!-- .col-inner -->\n\t\t<\/div><!-- .col -->\n\t\t<div class=\"col post-item\" data-animate=\"fadeInLeft\">\n\t\t\t<div class=\"col-inner\">\n\t\t\t<a href=\"https:\/\/sosmedecinmarrakech.com\/es\/tension-des-formes-injectables\/\" class=\"plain\">\n\t\t\t\t<div class=\"box box-overlay dark box-text-bottom box-blog-post has-hover\">\n            \t\t\t\t\t<div class=\"box-image\" >\n  \t\t\t\t\t\t<div class=\"image-color image-overlay-remove-50 image-cover\" style=\"padding-top:144%;\">\n  \t\t\t\t\t\t\t<img loading=\"lazy\" decoding=\"async\" width=\"628\" height=\"400\" src=\"https:\/\/sosmedecinmarrakech.com\/wp-content\/uploads\/2024\/10\/Tension-des-Formes-Injectables-628x400.webp\" class=\"attachment-medium size-medium wp-post-image\" alt=\"Tension des Formes Injectables\" srcset=\"https:\/\/sosmedecinmarrakech.com\/wp-content\/uploads\/2024\/10\/Tension-des-Formes-Injectables-628x400.webp 628w, https:\/\/sosmedecinmarrakech.com\/wp-content\/uploads\/2024\/10\/Tension-des-Formes-Injectables-1256x800.webp 1256w, https:\/\/sosmedecinmarrakech.com\/wp-content\/uploads\/2024\/10\/Tension-des-Formes-Injectables-768x489.webp 768w, https:\/\/sosmedecinmarrakech.com\/wp-content\/uploads\/2024\/10\/Tension-des-Formes-Injectables.webp 1444w\" sizes=\"auto, (max-width: 628px) 100vw, 628px\" \/>  \t\t\t\t\t\t\t<div class=\"overlay\" style=\"background-color: rgba(0, 0, 0, 0.56)\"><\/div>  \t\t\t\t\t\t\t  \t\t\t\t\t\t<\/div>\n  \t\t\t\t\t\t  \t\t\t\t\t<\/div><!-- .box-image -->\n          \t\t\t\t\t<div class=\"box-text text-center\" >\n\t\t\t\t\t<div class=\"box-text-inner blog-post-inner\">\n\n\t\t\t\t\t\n\t\t\t\t\t\t\t\t\t\t<h5 class=\"post-title is-large uppercase\">Tension des Formes Injectables\/Buvables de Vitamine B12 : Passer au Comprim\u00e9 quand la Voie Orale est Possible<\/h5>\n\t\t\t\t\t<div class=\"post-meta is-small op-8\">octubre 6, 2024<\/div>\t\t\t\t\t<div class=\"is-divider\"><\/div>\n\t\t\t\t\t\t\t\t\t\t<p class=\"from_the_blog_excerpt \">La vitamine B12 est essentielle pour la sant\u00e9 neurologique la Tension des Formes Injectables et [...]\t\t\t\t\t<\/p>\n\t\t\t\t\t                    \n\t\t\t\t\t\n\t\t\t\t\t\n\t\t\t\t\t<\/div><!-- .box-text-inner -->\n\t\t\t\t\t<\/div><!-- .box-text -->\n\t\t\t\t\t\t\t\t\t<\/div><!-- .box -->\n\t\t\t\t<\/a><!-- .link -->\n\t\t\t<\/div><!-- .col-inner -->\n\t\t<\/div><!-- .col -->\n\t\t<div class=\"col post-item\" data-animate=\"fadeInLeft\">\n\t\t\t<div class=\"col-inner\">\n\t\t\t<a href=\"https:\/\/sosmedecinmarrakech.com\/es\/infections-a-vrs\/\" class=\"plain\">\n\t\t\t\t<div class=\"box box-overlay dark box-text-bottom box-blog-post has-hover\">\n            \t\t\t\t\t<div class=\"box-image\" >\n  \t\t\t\t\t\t<div class=\"image-color image-overlay-remove-50 image-cover\" style=\"padding-top:144%;\">\n  \t\t\t\t\t\t\t<img loading=\"lazy\" decoding=\"async\" width=\"711\" height=\"400\" src=\"https:\/\/sosmedecinmarrakech.com\/wp-content\/uploads\/2024\/10\/Infections-a-VRS-711x400.jpg\" class=\"attachment-medium size-medium wp-post-image\" alt=\"Infections \u00e0 VRS\" srcset=\"https:\/\/sosmedecinmarrakech.com\/wp-content\/uploads\/2024\/10\/Infections-a-VRS-711x400.jpg 711w, https:\/\/sosmedecinmarrakech.com\/wp-content\/uploads\/2024\/10\/Infections-a-VRS-768x432.jpg 768w, https:\/\/sosmedecinmarrakech.com\/wp-content\/uploads\/2024\/10\/Infections-a-VRS.jpg 771w\" sizes=\"auto, (max-width: 711px) 100vw, 711px\" \/>  \t\t\t\t\t\t\t<div class=\"overlay\" style=\"background-color: rgba(0, 0, 0, 0.56)\"><\/div>  \t\t\t\t\t\t\t  \t\t\t\t\t\t<\/div>\n  \t\t\t\t\t\t  \t\t\t\t\t<\/div><!-- .box-image -->\n          \t\t\t\t\t<div class=\"box-text text-center\" >\n\t\t\t\t\t<div class=\"box-text-inner blog-post-inner\">\n\n\t\t\t\t\t\n\t\t\t\t\t\t\t\t\t\t<h5 class=\"post-title is-large uppercase\">Pr\u00e9vention des Infections \u00e0 VRS chez les Personnes \u00c2g\u00e9es : Faut-il Vacciner ?<\/h5>\n\t\t\t\t\t<div class=\"post-meta is-small op-8\">octubre 6, 2024<\/div>\t\t\t\t\t<div class=\"is-divider\"><\/div>\n\t\t\t\t\t\t\t\t\t\t<p class=\"from_the_blog_excerpt \">Les Infections \u00e0 VRS \u00e0 virus respiratoire syncytial (VRS) sont souvent consid\u00e9r\u00e9es comme des affections [...]\t\t\t\t\t<\/p>\n\t\t\t\t\t                    \n\t\t\t\t\t\n\t\t\t\t\t\n\t\t\t\t\t<\/div><!-- .box-text-inner -->\n\t\t\t\t\t<\/div><!-- .box-text -->\n\t\t\t\t\t\t\t\t\t<\/div><!-- .box -->\n\t\t\t\t<\/a><!-- .link -->\n\t\t\t<\/div><!-- .col-inner -->\n\t\t<\/div><!-- .col -->\n\t\t<div class=\"col post-item\" data-animate=\"fadeInLeft\">\n\t\t\t<div class=\"col-inner\">\n\t\t\t<a href=\"https:\/\/sosmedecinmarrakech.com\/es\/biopsies-un-outil-cle-en-medecine\/\" class=\"plain\">\n\t\t\t\t<div class=\"box box-overlay dark box-text-bottom box-blog-post has-hover\">\n            \t\t\t\t\t<div class=\"box-image\" >\n  \t\t\t\t\t\t<div class=\"image-color image-overlay-remove-50 image-cover\" style=\"padding-top:144%;\">\n  \t\t\t\t\t\t\t<img loading=\"lazy\" decoding=\"async\" width=\"713\" height=\"400\" src=\"https:\/\/sosmedecinmarrakech.com\/wp-content\/uploads\/2024\/10\/Biopsies-713x400.jpg\" class=\"attachment-medium size-medium wp-post-image\" alt=\"Biopsies\" srcset=\"https:\/\/sosmedecinmarrakech.com\/wp-content\/uploads\/2024\/10\/Biopsies-713x400.jpg 713w, https:\/\/sosmedecinmarrakech.com\/wp-content\/uploads\/2024\/10\/Biopsies-768x431.jpg 768w, https:\/\/sosmedecinmarrakech.com\/wp-content\/uploads\/2024\/10\/Biopsies.jpg 1000w\" sizes=\"auto, (max-width: 713px) 100vw, 713px\" \/>  \t\t\t\t\t\t\t<div class=\"overlay\" style=\"background-color: rgba(0, 0, 0, 0.56)\"><\/div>  \t\t\t\t\t\t\t  \t\t\t\t\t\t<\/div>\n  \t\t\t\t\t\t  \t\t\t\t\t<\/div><!-- .box-image -->\n          \t\t\t\t\t<div class=\"box-text text-center\" >\n\t\t\t\t\t<div class=\"box-text-inner blog-post-inner\">\n\n\t\t\t\t\t\n\t\t\t\t\t\t\t\t\t\t<h5 class=\"post-title is-large uppercase\">Biopsies : Un Outil Cl\u00e9 en M\u00e9decine<\/h5>\n\t\t\t\t\t<div class=\"post-meta is-small op-8\">octubre 6, 2024<\/div>\t\t\t\t\t<div class=\"is-divider\"><\/div>\n\t\t\t\t\t\t\t\t\t\t<p class=\"from_the_blog_excerpt \">La biopsies est une proc\u00e9dure m\u00e9dicale essentielle qui consiste \u00e0 pr\u00e9lever un \u00e9chantillon de tissu [...]\t\t\t\t\t<\/p>\n\t\t\t\t\t                    \n\t\t\t\t\t\n\t\t\t\t\t\n\t\t\t\t\t<\/div><!-- .box-text-inner -->\n\t\t\t\t\t<\/div><!-- .box-text -->\n\t\t\t\t\t\t\t\t\t<\/div><!-- .box -->\n\t\t\t\t<\/a><!-- .link -->\n\t\t\t<\/div><!-- .col-inner -->\n\t\t<\/div><!-- .col -->\n\t\t<div class=\"col post-item\" data-animate=\"fadeInLeft\">\n\t\t\t<div class=\"col-inner\">\n\t\t\t<a href=\"https:\/\/sosmedecinmarrakech.com\/es\/cancer-de-la-prostate\/\" class=\"plain\">\n\t\t\t\t<div class=\"box box-overlay dark box-text-bottom box-blog-post has-hover\">\n            \t\t\t\t\t<div class=\"box-image\" >\n  \t\t\t\t\t\t<div class=\"image-color image-overlay-remove-50 image-cover\" style=\"padding-top:144%;\">\n  \t\t\t\t\t\t\t<img loading=\"lazy\" decoding=\"async\" width=\"309\" height=\"203\" src=\"https:\/\/sosmedecinmarrakech.com\/wp-content\/uploads\/2024\/07\/Cancer-de-la-Prostate.jpg\" class=\"attachment-medium size-medium wp-post-image\" alt=\"Cancer de la Prostate\" \/>  \t\t\t\t\t\t\t<div class=\"overlay\" style=\"background-color: rgba(0, 0, 0, 0.56)\"><\/div>  \t\t\t\t\t\t\t  \t\t\t\t\t\t<\/div>\n  \t\t\t\t\t\t  \t\t\t\t\t<\/div><!-- .box-image -->\n          \t\t\t\t\t<div class=\"box-text text-center\" >\n\t\t\t\t\t<div class=\"box-text-inner blog-post-inner\">\n\n\t\t\t\t\t\n\t\t\t\t\t\t\t\t\t\t<h5 class=\"post-title is-large uppercase\">Cancer de la Prostate : D\u00e9tection Pr\u00e9coce et Soutien de SOS M\u00e9decins \u00e0 Domicile Marrakech<\/h5>\n\t\t\t\t\t<div class=\"post-meta is-small op-8\">julio 28, 2024<\/div>\t\t\t\t\t<div class=\"is-divider\"><\/div>\n\t\t\t\t\t\t\t\t\t\t<p class=\"from_the_blog_excerpt \">Le cancer de la prostate est l&rsquo;un des cancers les plus courants chez les hommes, [...]\t\t\t\t\t<\/p>\n\t\t\t\t\t                    \n\t\t\t\t\t\n\t\t\t\t\t\n\t\t\t\t\t<\/div><!-- .box-text-inner -->\n\t\t\t\t\t<\/div><!-- .box-text -->\n\t\t\t\t\t\t\t\t\t<\/div><!-- .box -->\n\t\t\t\t<\/a><!-- .link -->\n\t\t\t<\/div><!-- .col-inner -->\n\t\t<\/div><!-- .col -->\n\t\t<div class=\"col post-item\" data-animate=\"fadeInLeft\">\n\t\t\t<div class=\"col-inner\">\n\t\t\t<a href=\"https:\/\/sosmedecinmarrakech.com\/es\/cancer-des-seins\/\" class=\"plain\">\n\t\t\t\t<div class=\"box box-overlay dark box-text-bottom box-blog-post has-hover\">\n            \t\t\t\t\t<div class=\"box-image\" >\n  \t\t\t\t\t\t<div class=\"image-color image-overlay-remove-50 image-cover\" style=\"padding-top:144%;\">\n  \t\t\t\t\t\t\t<img loading=\"lazy\" decoding=\"async\" width=\"574\" height=\"400\" src=\"https:\/\/sosmedecinmarrakech.com\/wp-content\/uploads\/2024\/07\/Cancer-des-seins-574x400.jpg\" class=\"attachment-medium size-medium wp-post-image\" alt=\"Cancer des seins\" srcset=\"https:\/\/sosmedecinmarrakech.com\/wp-content\/uploads\/2024\/07\/Cancer-des-seins-574x400.jpg 574w, https:\/\/sosmedecinmarrakech.com\/wp-content\/uploads\/2024\/07\/Cancer-des-seins.jpg 750w\" sizes=\"auto, (max-width: 574px) 100vw, 574px\" \/>  \t\t\t\t\t\t\t<div class=\"overlay\" style=\"background-color: rgba(0, 0, 0, 0.56)\"><\/div>  \t\t\t\t\t\t\t  \t\t\t\t\t\t<\/div>\n  \t\t\t\t\t\t  \t\t\t\t\t<\/div><!-- .box-image -->\n          \t\t\t\t\t<div class=\"box-text text-center\" >\n\t\t\t\t\t<div class=\"box-text-inner blog-post-inner\">\n\n\t\t\t\t\t\n\t\t\t\t\t\t\t\t\t\t<h5 class=\"post-title is-large uppercase\">Cancer des seins : Importance de la D\u00e9tection Pr\u00e9coce et R\u00f4le de SOS M\u00e9decins \u00e0 Domicile \u00e0 Marrakech<\/h5>\n\t\t\t\t\t<div class=\"post-meta is-small op-8\">julio 28, 2024<\/div>\t\t\t\t\t<div class=\"is-divider\"><\/div>\n\t\t\t\t\t\t\t\t\t\t<p class=\"from_the_blog_excerpt \">Le cancer des seins est une maladie qui touche de nombreuses femmes dans le monde, [...]\t\t\t\t\t<\/p>\n\t\t\t\t\t                    \n\t\t\t\t\t\n\t\t\t\t\t\n\t\t\t\t\t<\/div><!-- .box-text-inner -->\n\t\t\t\t\t<\/div><!-- .box-text -->\n\t\t\t\t\t\t\t\t\t<\/div><!-- .box -->\n\t\t\t\t<\/a><!-- .link -->\n\t\t\t<\/div><!-- .col-inner -->\n\t\t<\/div><!-- .col -->\n\t\t<div class=\"col post-item\" data-animate=\"fadeInLeft\">\n\t\t\t<div class=\"col-inner\">\n\t\t\t<a href=\"https:\/\/sosmedecinmarrakech.com\/es\/eczema-atopique\/\" class=\"plain\">\n\t\t\t\t<div class=\"box box-overlay dark box-text-bottom box-blog-post has-hover\">\n            \t\t\t\t\t<div class=\"box-image\" >\n  \t\t\t\t\t\t<div class=\"image-color image-overlay-remove-50 image-cover\" style=\"padding-top:144%;\">\n  \t\t\t\t\t\t\t<img loading=\"lazy\" decoding=\"async\" width=\"595\" height=\"400\" src=\"https:\/\/sosmedecinmarrakech.com\/wp-content\/uploads\/2024\/07\/eczema-atopique-1-595x400.jpg\" class=\"attachment-medium size-medium wp-post-image\" alt=\"ecz\u00e9ma atopique\" srcset=\"https:\/\/sosmedecinmarrakech.com\/wp-content\/uploads\/2024\/07\/eczema-atopique-1-595x400.jpg 595w, https:\/\/sosmedecinmarrakech.com\/wp-content\/uploads\/2024\/07\/eczema-atopique-1.jpg 640w\" sizes=\"auto, (max-width: 595px) 100vw, 595px\" \/>  \t\t\t\t\t\t\t<div class=\"overlay\" style=\"background-color: rgba(0, 0, 0, 0.56)\"><\/div>  \t\t\t\t\t\t\t  \t\t\t\t\t\t<\/div>\n  \t\t\t\t\t\t  \t\t\t\t\t<\/div><!-- .box-image -->\n          \t\t\t\t\t<div class=\"box-text text-center\" >\n\t\t\t\t\t<div class=\"box-text-inner blog-post-inner\">\n\n\t\t\t\t\t\n\t\t\t\t\t\t\t\t\t\t<h5 class=\"post-title is-large uppercase\">L&rsquo;ecz\u00e9ma atopique : Comment SOS M\u00e9decins Marrakech peut aider<\/h5>\n\t\t\t\t\t<div class=\"post-meta is-small op-8\">julio 26, 2024<\/div>\t\t\t\t\t<div class=\"is-divider\"><\/div>\n\t\t\t\t\t\t\t\t\t\t<p class=\"from_the_blog_excerpt \">L&rsquo;ecz\u00e9ma atopique est une maladie chronique de la peau qui provoque des d\u00e9mangeaisons, des rougeurs [...]\t\t\t\t\t<\/p>\n\t\t\t\t\t                    \n\t\t\t\t\t\n\t\t\t\t\t\n\t\t\t\t\t<\/div><!-- .box-text-inner -->\n\t\t\t\t\t<\/div><!-- .box-text -->\n\t\t\t\t\t\t\t\t\t<\/div><!-- .box -->\n\t\t\t\t<\/a><!-- .link -->\n\t\t\t<\/div><!-- .col-inner -->\n\t\t<\/div><!-- .col -->\n\t\t<div class=\"col post-item\" data-animate=\"fadeInLeft\">\n\t\t\t<div class=\"col-inner\">\n\t\t\t<a href=\"https:\/\/sosmedecinmarrakech.com\/es\/dommages-aux-tissus\/\" class=\"plain\">\n\t\t\t\t<div class=\"box box-overlay dark box-text-bottom box-blog-post has-hover\">\n            \t\t\t\t\t<div class=\"box-image\" >\n  \t\t\t\t\t\t<div class=\"image-color image-overlay-remove-50 image-cover\" style=\"padding-top:144%;\">\n  \t\t\t\t\t\t\t<img loading=\"lazy\" decoding=\"async\" width=\"600\" height=\"400\" src=\"https:\/\/sosmedecinmarrakech.com\/wp-content\/uploads\/2024\/07\/Dommages-aux-tissus-600x400.jpg\" class=\"attachment-medium size-medium wp-post-image\" alt=\"Dommages aux tissus\" srcset=\"https:\/\/sosmedecinmarrakech.com\/wp-content\/uploads\/2024\/07\/Dommages-aux-tissus-600x400.jpg 600w, https:\/\/sosmedecinmarrakech.com\/wp-content\/uploads\/2024\/07\/Dommages-aux-tissus.jpg 758w\" sizes=\"auto, (max-width: 600px) 100vw, 600px\" \/>  \t\t\t\t\t\t\t<div class=\"overlay\" style=\"background-color: rgba(0, 0, 0, 0.56)\"><\/div>  \t\t\t\t\t\t\t  \t\t\t\t\t\t<\/div>\n  \t\t\t\t\t\t  \t\t\t\t\t<\/div><!-- .box-image -->\n          \t\t\t\t\t<div class=\"box-text text-center\" >\n\t\t\t\t\t<div class=\"box-text-inner blog-post-inner\">\n\n\t\t\t\t\t\n\t\t\t\t\t\t\t\t\t\t<h5 class=\"post-title is-large uppercase\">Dommages aux tissus : SOS M\u00e9decins Marrakech \u00e0 votre secours<\/h5>\n\t\t\t\t\t<div class=\"post-meta is-small op-8\">julio 26, 2024<\/div>\t\t\t\t\t<div class=\"is-divider\"><\/div>\n\t\t\t\t\t\t\t\t\t\t<p class=\"from_the_blog_excerpt \">Les dommages aux tissus peuvent r\u00e9sulter de diverses situations, telles que des blessures sportives, des [...]\t\t\t\t\t<\/p>\n\t\t\t\t\t                    \n\t\t\t\t\t\n\t\t\t\t\t\n\t\t\t\t\t<\/div><!-- .box-text-inner -->\n\t\t\t\t\t<\/div><!-- .box-text -->\n\t\t\t\t\t\t\t\t\t<\/div><!-- .box -->\n\t\t\t\t<\/a><!-- .link -->\n\t\t\t<\/div><!-- .col-inner -->\n\t\t<\/div><!-- .col -->\n\t\t<div class=\"col post-item\" data-animate=\"fadeInLeft\">\n\t\t\t<div class=\"col-inner\">\n\t\t\t<a href=\"https:\/\/sosmedecinmarrakech.com\/es\/bacteries-contact-sos-medecins-marrakech\/\" class=\"plain\">\n\t\t\t\t<div class=\"box box-overlay dark box-text-bottom box-blog-post has-hover\">\n            \t\t\t\t\t<div class=\"box-image\" >\n  \t\t\t\t\t\t<div class=\"image-color image-overlay-remove-50 image-cover\" style=\"padding-top:144%;\">\n  \t\t\t\t\t\t\t<img loading=\"lazy\" decoding=\"async\" width=\"606\" height=\"400\" src=\"https:\/\/sosmedecinmarrakech.com\/wp-content\/uploads\/2024\/07\/Bacteries-606x400.png\" class=\"attachment-medium size-medium wp-post-image\" alt=\"Bact\u00e9ries\" srcset=\"https:\/\/sosmedecinmarrakech.com\/wp-content\/uploads\/2024\/07\/Bacteries-606x400.png 606w, https:\/\/sosmedecinmarrakech.com\/wp-content\/uploads\/2024\/07\/Bacteries-768x507.png 768w, https:\/\/sosmedecinmarrakech.com\/wp-content\/uploads\/2024\/07\/Bacteries.png 770w\" sizes=\"auto, (max-width: 606px) 100vw, 606px\" \/>  \t\t\t\t\t\t\t<div class=\"overlay\" style=\"background-color: rgba(0, 0, 0, 0.56)\"><\/div>  \t\t\t\t\t\t\t  \t\t\t\t\t\t<\/div>\n  \t\t\t\t\t\t  \t\t\t\t\t<\/div><!-- .box-image -->\n          \t\t\t\t\t<div class=\"box-text text-center\" >\n\t\t\t\t\t<div class=\"box-text-inner blog-post-inner\">\n\n\t\t\t\t\t\n\t\t\t\t\t\t\t\t\t\t<h5 class=\"post-title is-large uppercase\">Les Bact\u00e9ries et leur Prise en Charge par SOS M\u00e9DECINS MARRAKECH<\/h5>\n\t\t\t\t\t<div class=\"post-meta is-small op-8\">julio 26, 2024<\/div>\t\t\t\t\t<div class=\"is-divider\"><\/div>\n\t\t\t\t\t\t\t\t\t\t<p class=\"from_the_blog_excerpt \">Les bact\u00e9ries, ces micro-organismes unicellulaires, sont omnipr\u00e9sentes dans notre environnement. Elles jouent des r\u00f4les vari\u00e9s, [...]\t\t\t\t\t<\/p>\n\t\t\t\t\t                    \n\t\t\t\t\t\n\t\t\t\t\t\n\t\t\t\t\t<\/div><!-- .box-text-inner -->\n\t\t\t\t\t<\/div><!-- .box-text -->\n\t\t\t\t\t\t\t\t\t<\/div><!-- .box -->\n\t\t\t\t<\/a><!-- .link -->\n\t\t\t<\/div><!-- .col-inner -->\n\t\t<\/div><!-- .col -->\n<\/div>\n<div class=\"row\"  id=\"row-1712076337\">\n<div class=\"col small-12 large-12\"  ><div class=\"col-inner\"  >\n<p>Select between many different\u00a0Hover Styles<\/p>\n<\/div><\/div>\n<\/div>\n<div class=\"container section-title-container\" style=\"margin-top:31px;\"><h3 class=\"section-title section-title-center\"><b><\/b><span class=\"section-title-main\" style=\"font-size:undefined%;\">Read More button<\/span><b><\/b><\/h3><\/div><!-- .section-title -->\n\n  \n    <div class=\"row large-columns-4 medium-columns- small-columns-1 has-shadow row-box-shadow-2\">\n  \t\t<div class=\"col post-item\" >\n\t\t\t<div class=\"col-inner\">\n\t\t\t<a href=\"https:\/\/sosmedecinmarrakech.com\/es\/infections-virales-comprendre-et-agir\/\" class=\"plain\">\n\t\t\t\t<div class=\"box box-text-bottom box-blog-post has-hover\">\n            \t\t\t\t\t<div class=\"box-image\" >\n  \t\t\t\t\t\t<div class=\"image-cover\" style=\"padding-top:180px;\">\n  \t\t\t\t\t\t\t<img loading=\"lazy\" decoding=\"async\" width=\"600\" height=\"400\" src=\"https:\/\/sosmedecinmarrakech.com\/wp-content\/uploads\/2024\/10\/Infections-Virales.jpg\" class=\"attachment-medium size-medium wp-post-image\" alt=\"Infections Virales\" \/>  \t\t\t\t\t\t\t  \t\t\t\t\t\t\t  \t\t\t\t\t\t<\/div>\n  \t\t\t\t\t\t  \t\t\t\t\t<\/div><!-- .box-image -->\n          \t\t\t\t\t<div class=\"box-text text-center\" >\n\t\t\t\t\t<div class=\"box-text-inner blog-post-inner\">\n\n\t\t\t\t\t\n\t\t\t\t\t\t\t\t\t\t<h5 class=\"post-title is-large \">Infections Virales : Comprendre et Agir<\/h5>\n\t\t\t\t\t\t\t\t\t\t<div class=\"is-divider\"><\/div>\n\t\t\t\t\t\t\t\t\t\t<p class=\"from_the_blog_excerpt \">Les infections virales sont des maladies caus\u00e9es par des virus, agents pathog\u00e8nes microscopiques qui se [...]\t\t\t\t\t<\/p>\n\t\t\t\t\t                    \n\t\t\t\t\t\t\t\t\t\t\t<button href=\"https:\/\/sosmedecinmarrakech.com\/es\/infections-virales-comprendre-et-agir\/\" class=\"button  is-outline is-small mb-0\">\n\t\t\t\t\t\t\tRead More\t\t\t\t\t\t<\/button>\n\t\t\t\t\t\n\t\t\t\t\t\n\t\t\t\t\t<\/div><!-- .box-text-inner -->\n\t\t\t\t\t<\/div><!-- .box-text -->\n\t\t\t\t\t\t\t\t\t\t\t\t\t\t\t\t<div class=\"badge absolute top post-date badge-outline\">\n\t\t\t\t\t\t\t<div class=\"badge-inner\">\n\t\t\t\t\t\t\t\t<span class=\"post-date-day\">07<\/span><br>\n\t\t\t\t\t\t\t\t<span class=\"post-date-month is-xsmall\">Oct<\/span>\n\t\t\t\t\t\t\t<\/div>\n\t\t\t\t\t\t<\/div>\n\t\t\t\t\t\t\t\t\t<\/div><!-- .box -->\n\t\t\t\t<\/a><!-- .link -->\n\t\t\t<\/div><!-- .col-inner -->\n\t\t<\/div><!-- .col -->\n\t\t<div class=\"col post-item\" >\n\t\t\t<div class=\"col-inner\">\n\t\t\t<a href=\"https:\/\/sosmedecinmarrakech.com\/es\/bronchite\/\" class=\"plain\">\n\t\t\t\t<div class=\"box box-text-bottom box-blog-post has-hover\">\n            \t\t\t\t\t<div class=\"box-image\" >\n  \t\t\t\t\t\t<div class=\"image-cover\" style=\"padding-top:180px;\">\n  \t\t\t\t\t\t\t<img loading=\"lazy\" decoding=\"async\" width=\"704\" height=\"396\" src=\"https:\/\/sosmedecinmarrakech.com\/wp-content\/uploads\/2024\/10\/Bronchite.webp\" class=\"attachment-medium size-medium wp-post-image\" alt=\"Bronchite\" \/>  \t\t\t\t\t\t\t  \t\t\t\t\t\t\t  \t\t\t\t\t\t<\/div>\n  \t\t\t\t\t\t  \t\t\t\t\t<\/div><!-- .box-image -->\n          \t\t\t\t\t<div class=\"box-text text-center\" >\n\t\t\t\t\t<div class=\"box-text-inner blog-post-inner\">\n\n\t\t\t\t\t\n\t\t\t\t\t\t\t\t\t\t<h5 class=\"post-title is-large \">Comprendre la Bronchite : Sympt\u00f4mes et Solutions<\/h5>\n\t\t\t\t\t\t\t\t\t\t<div class=\"is-divider\"><\/div>\n\t\t\t\t\t\t\t\t\t\t<p class=\"from_the_blog_excerpt \">La bronchite est une inflammation des bronches qui peut provoquer une toux persistante, des douleurs [...]\t\t\t\t\t<\/p>\n\t\t\t\t\t                    \n\t\t\t\t\t\t\t\t\t\t\t<button href=\"https:\/\/sosmedecinmarrakech.com\/es\/bronchite\/\" class=\"button  is-outline is-small mb-0\">\n\t\t\t\t\t\t\tRead More\t\t\t\t\t\t<\/button>\n\t\t\t\t\t\n\t\t\t\t\t\n\t\t\t\t\t<\/div><!-- .box-text-inner -->\n\t\t\t\t\t<\/div><!-- .box-text -->\n\t\t\t\t\t\t\t\t\t\t\t\t\t\t\t\t<div class=\"badge absolute top post-date badge-outline\">\n\t\t\t\t\t\t\t<div class=\"badge-inner\">\n\t\t\t\t\t\t\t\t<span class=\"post-date-day\">07<\/span><br>\n\t\t\t\t\t\t\t\t<span class=\"post-date-month is-xsmall\">Oct<\/span>\n\t\t\t\t\t\t\t<\/div>\n\t\t\t\t\t\t<\/div>\n\t\t\t\t\t\t\t\t\t<\/div><!-- .box -->\n\t\t\t\t<\/a><!-- .link -->\n\t\t\t<\/div><!-- .col-inner -->\n\t\t<\/div><!-- .col -->\n\t\t<div class=\"col post-item\" >\n\t\t\t<div class=\"col-inner\">\n\t\t\t<a href=\"https:\/\/sosmedecinmarrakech.com\/es\/grippe-et-son-association-avec-un-nombre-plus-eleve-dinfarctus-du-myocarde\/\" class=\"plain\">\n\t\t\t\t<div class=\"box box-text-bottom box-blog-post has-hover\">\n            \t\t\t\t\t<div class=\"box-image\" >\n  \t\t\t\t\t\t<div class=\"image-cover\" style=\"padding-top:180px;\">\n  \t\t\t\t\t\t\t<img loading=\"lazy\" decoding=\"async\" width=\"288\" height=\"175\" src=\"https:\/\/sosmedecinmarrakech.com\/wp-content\/uploads\/2024\/10\/grippe.jpg\" class=\"attachment-medium size-medium wp-post-image\" alt=\"Grippe\" \/>  \t\t\t\t\t\t\t  \t\t\t\t\t\t\t  \t\t\t\t\t\t<\/div>\n  \t\t\t\t\t\t  \t\t\t\t\t<\/div><!-- .box-image -->\n          \t\t\t\t\t<div class=\"box-text text-center\" >\n\t\t\t\t\t<div class=\"box-text-inner blog-post-inner\">\n\n\t\t\t\t\t\n\t\t\t\t\t\t\t\t\t\t<h5 class=\"post-title is-large \">La Grippe et Son Association avec un Nombre Plus \u00c9lev\u00e9 d\u2019Infarctus du Myocarde<\/h5>\n\t\t\t\t\t\t\t\t\t\t<div class=\"is-divider\"><\/div>\n\t\t\t\t\t\t\t\t\t\t<p class=\"from_the_blog_excerpt \">La grippe, une infection virale saisonni\u00e8re, est souvent consid\u00e9r\u00e9e comme une simple maladie respiratoire. Cependant, [...]\t\t\t\t\t<\/p>\n\t\t\t\t\t                    \n\t\t\t\t\t\t\t\t\t\t\t<button href=\"https:\/\/sosmedecinmarrakech.com\/es\/grippe-et-son-association-avec-un-nombre-plus-eleve-dinfarctus-du-myocarde\/\" class=\"button  is-outline is-small mb-0\">\n\t\t\t\t\t\t\tRead More\t\t\t\t\t\t<\/button>\n\t\t\t\t\t\n\t\t\t\t\t\n\t\t\t\t\t<\/div><!-- .box-text-inner -->\n\t\t\t\t\t<\/div><!-- .box-text -->\n\t\t\t\t\t\t\t\t\t\t\t\t\t\t\t\t<div class=\"badge absolute top post-date badge-outline\">\n\t\t\t\t\t\t\t<div class=\"badge-inner\">\n\t\t\t\t\t\t\t\t<span class=\"post-date-day\">06<\/span><br>\n\t\t\t\t\t\t\t\t<span class=\"post-date-month is-xsmall\">Oct<\/span>\n\t\t\t\t\t\t\t<\/div>\n\t\t\t\t\t\t<\/div>\n\t\t\t\t\t\t\t\t\t<\/div><!-- .box -->\n\t\t\t\t<\/a><!-- .link -->\n\t\t\t<\/div><!-- .col-inner -->\n\t\t<\/div><!-- .col -->\n\t\t<div class=\"col post-item\" >\n\t\t\t<div class=\"col-inner\">\n\t\t\t<a href=\"https:\/\/sosmedecinmarrakech.com\/es\/imjudo-un-nuevo-farmaco-hospitalario-para-el-tratamiento-del-cancer-de-higado-y-pulmon\/\" class=\"plain\">\n\t\t\t\t<div class=\"box box-text-bottom box-blog-post has-hover\">\n            \t\t\t\t\t<div class=\"box-image\" >\n  \t\t\t\t\t\t<div class=\"image-cover\" style=\"padding-top:180px;\">\n  \t\t\t\t\t\t\t<img loading=\"lazy\" decoding=\"async\" width=\"300\" height=\"168\" src=\"https:\/\/sosmedecinmarrakech.com\/wp-content\/uploads\/2024\/10\/IMJUDO-2.jpg\" class=\"attachment-medium size-medium wp-post-image\" alt=\"IMJUDO\" \/>  \t\t\t\t\t\t\t  \t\t\t\t\t\t\t  \t\t\t\t\t\t<\/div>\n  \t\t\t\t\t\t  \t\t\t\t\t<\/div><!-- .box-image -->\n          \t\t\t\t\t<div class=\"box-text text-center\" >\n\t\t\t\t\t<div class=\"box-text-inner blog-post-inner\">\n\n\t\t\t\t\t\n\t\t\t\t\t\t\t\t\t\t<h5 class=\"post-title is-large \">IMJUDO : Nouveau M\u00e9dicament Hospitalier dans le Traitement des Cancers du Foie et du Poumon<\/h5>\n\t\t\t\t\t\t\t\t\t\t<div class=\"is-divider\"><\/div>\n\t\t\t\t\t\t\t\t\t\t<p class=\"from_the_blog_excerpt \">IMJUDO, un m\u00e9dicament r\u00e9cemment introduit dans le cadre des traitements hospitaliers, suscite un grand int\u00e9r\u00eat [...]\t\t\t\t\t<\/p>\n\t\t\t\t\t                    \n\t\t\t\t\t\t\t\t\t\t\t<button href=\"https:\/\/sosmedecinmarrakech.com\/es\/imjudo-un-nuevo-farmaco-hospitalario-para-el-tratamiento-del-cancer-de-higado-y-pulmon\/\" class=\"button  is-outline is-small mb-0\">\n\t\t\t\t\t\t\tRead More\t\t\t\t\t\t<\/button>\n\t\t\t\t\t\n\t\t\t\t\t\n\t\t\t\t\t<\/div><!-- .box-text-inner -->\n\t\t\t\t\t<\/div><!-- .box-text -->\n\t\t\t\t\t\t\t\t\t\t\t\t\t\t\t\t<div class=\"badge absolute top post-date badge-outline\">\n\t\t\t\t\t\t\t<div class=\"badge-inner\">\n\t\t\t\t\t\t\t\t<span class=\"post-date-day\">06<\/span><br>\n\t\t\t\t\t\t\t\t<span class=\"post-date-month is-xsmall\">Oct<\/span>\n\t\t\t\t\t\t\t<\/div>\n\t\t\t\t\t\t<\/div>\n\t\t\t\t\t\t\t\t\t<\/div><!-- .box -->\n\t\t\t\t<\/a><!-- .link -->\n\t\t\t<\/div><!-- .col-inner -->\n\t\t<\/div><!-- .col -->\n\t\t<div class=\"col post-item\" >\n\t\t\t<div class=\"col-inner\">\n\t\t\t<a href=\"https:\/\/sosmedecinmarrakech.com\/es\/tension-des-formes-injectables\/\" class=\"plain\">\n\t\t\t\t<div class=\"box box-text-bottom box-blog-post has-hover\">\n            \t\t\t\t\t<div class=\"box-image\" >\n  \t\t\t\t\t\t<div class=\"image-cover\" style=\"padding-top:180px;\">\n  \t\t\t\t\t\t\t<img loading=\"lazy\" decoding=\"async\" width=\"628\" height=\"400\" src=\"https:\/\/sosmedecinmarrakech.com\/wp-content\/uploads\/2024\/10\/Tension-des-Formes-Injectables-628x400.webp\" class=\"attachment-medium size-medium wp-post-image\" alt=\"Tension des Formes Injectables\" srcset=\"https:\/\/sosmedecinmarrakech.com\/wp-content\/uploads\/2024\/10\/Tension-des-Formes-Injectables-628x400.webp 628w, https:\/\/sosmedecinmarrakech.com\/wp-content\/uploads\/2024\/10\/Tension-des-Formes-Injectables-1256x800.webp 1256w, https:\/\/sosmedecinmarrakech.com\/wp-content\/uploads\/2024\/10\/Tension-des-Formes-Injectables-768x489.webp 768w, https:\/\/sosmedecinmarrakech.com\/wp-content\/uploads\/2024\/10\/Tension-des-Formes-Injectables.webp 1444w\" sizes=\"auto, (max-width: 628px) 100vw, 628px\" \/>  \t\t\t\t\t\t\t  \t\t\t\t\t\t\t  \t\t\t\t\t\t<\/div>\n  \t\t\t\t\t\t  \t\t\t\t\t<\/div><!-- .box-image -->\n          \t\t\t\t\t<div class=\"box-text text-center\" >\n\t\t\t\t\t<div class=\"box-text-inner blog-post-inner\">\n\n\t\t\t\t\t\n\t\t\t\t\t\t\t\t\t\t<h5 class=\"post-title is-large \">Tension des Formes Injectables\/Buvables de Vitamine B12 : Passer au Comprim\u00e9 quand la Voie Orale est Possible<\/h5>\n\t\t\t\t\t\t\t\t\t\t<div class=\"is-divider\"><\/div>\n\t\t\t\t\t\t\t\t\t\t<p class=\"from_the_blog_excerpt \">La vitamine B12 est essentielle pour la sant\u00e9 neurologique la Tension des Formes Injectables et [...]\t\t\t\t\t<\/p>\n\t\t\t\t\t                    \n\t\t\t\t\t\t\t\t\t\t\t<button href=\"https:\/\/sosmedecinmarrakech.com\/es\/tension-des-formes-injectables\/\" class=\"button  is-outline is-small mb-0\">\n\t\t\t\t\t\t\tRead More\t\t\t\t\t\t<\/button>\n\t\t\t\t\t\n\t\t\t\t\t\n\t\t\t\t\t<\/div><!-- .box-text-inner -->\n\t\t\t\t\t<\/div><!-- .box-text -->\n\t\t\t\t\t\t\t\t\t\t\t\t\t\t\t\t<div class=\"badge absolute top post-date badge-outline\">\n\t\t\t\t\t\t\t<div class=\"badge-inner\">\n\t\t\t\t\t\t\t\t<span class=\"post-date-day\">06<\/span><br>\n\t\t\t\t\t\t\t\t<span class=\"post-date-month is-xsmall\">Oct<\/span>\n\t\t\t\t\t\t\t<\/div>\n\t\t\t\t\t\t<\/div>\n\t\t\t\t\t\t\t\t\t<\/div><!-- .box -->\n\t\t\t\t<\/a><!-- .link -->\n\t\t\t<\/div><!-- .col-inner -->\n\t\t<\/div><!-- .col -->\n\t\t<div class=\"col post-item\" >\n\t\t\t<div class=\"col-inner\">\n\t\t\t<a href=\"https:\/\/sosmedecinmarrakech.com\/es\/infections-a-vrs\/\" class=\"plain\">\n\t\t\t\t<div class=\"box box-text-bottom box-blog-post has-hover\">\n            \t\t\t\t\t<div class=\"box-image\" >\n  \t\t\t\t\t\t<div class=\"image-cover\" style=\"padding-top:180px;\">\n  \t\t\t\t\t\t\t<img loading=\"lazy\" decoding=\"async\" width=\"711\" height=\"400\" src=\"https:\/\/sosmedecinmarrakech.com\/wp-content\/uploads\/2024\/10\/Infections-a-VRS-711x400.jpg\" class=\"attachment-medium size-medium wp-post-image\" alt=\"Infections \u00e0 VRS\" srcset=\"https:\/\/sosmedecinmarrakech.com\/wp-content\/uploads\/2024\/10\/Infections-a-VRS-711x400.jpg 711w, https:\/\/sosmedecinmarrakech.com\/wp-content\/uploads\/2024\/10\/Infections-a-VRS-768x432.jpg 768w, https:\/\/sosmedecinmarrakech.com\/wp-content\/uploads\/2024\/10\/Infections-a-VRS.jpg 771w\" sizes=\"auto, (max-width: 711px) 100vw, 711px\" \/>  \t\t\t\t\t\t\t  \t\t\t\t\t\t\t  \t\t\t\t\t\t<\/div>\n  \t\t\t\t\t\t  \t\t\t\t\t<\/div><!-- .box-image -->\n          \t\t\t\t\t<div class=\"box-text text-center\" >\n\t\t\t\t\t<div class=\"box-text-inner blog-post-inner\">\n\n\t\t\t\t\t\n\t\t\t\t\t\t\t\t\t\t<h5 class=\"post-title is-large \">Pr\u00e9vention des Infections \u00e0 VRS chez les Personnes \u00c2g\u00e9es : Faut-il Vacciner ?<\/h5>\n\t\t\t\t\t\t\t\t\t\t<div class=\"is-divider\"><\/div>\n\t\t\t\t\t\t\t\t\t\t<p class=\"from_the_blog_excerpt \">Les Infections \u00e0 VRS \u00e0 virus respiratoire syncytial (VRS) sont souvent consid\u00e9r\u00e9es comme des affections [...]\t\t\t\t\t<\/p>\n\t\t\t\t\t                    \n\t\t\t\t\t\t\t\t\t\t\t<button href=\"https:\/\/sosmedecinmarrakech.com\/es\/infections-a-vrs\/\" class=\"button  is-outline is-small mb-0\">\n\t\t\t\t\t\t\tRead More\t\t\t\t\t\t<\/button>\n\t\t\t\t\t\n\t\t\t\t\t\n\t\t\t\t\t<\/div><!-- .box-text-inner -->\n\t\t\t\t\t<\/div><!-- .box-text -->\n\t\t\t\t\t\t\t\t\t\t\t\t\t\t\t\t<div class=\"badge absolute top post-date badge-outline\">\n\t\t\t\t\t\t\t<div class=\"badge-inner\">\n\t\t\t\t\t\t\t\t<span class=\"post-date-day\">06<\/span><br>\n\t\t\t\t\t\t\t\t<span class=\"post-date-month is-xsmall\">Oct<\/span>\n\t\t\t\t\t\t\t<\/div>\n\t\t\t\t\t\t<\/div>\n\t\t\t\t\t\t\t\t\t<\/div><!-- .box -->\n\t\t\t\t<\/a><!-- .link -->\n\t\t\t<\/div><!-- .col-inner -->\n\t\t<\/div><!-- .col -->\n\t\t<div class=\"col post-item\" >\n\t\t\t<div class=\"col-inner\">\n\t\t\t<a href=\"https:\/\/sosmedecinmarrakech.com\/es\/biopsies-un-outil-cle-en-medecine\/\" class=\"plain\">\n\t\t\t\t<div class=\"box box-text-bottom box-blog-post has-hover\">\n            \t\t\t\t\t<div class=\"box-image\" >\n  \t\t\t\t\t\t<div class=\"image-cover\" style=\"padding-top:180px;\">\n  \t\t\t\t\t\t\t<img loading=\"lazy\" decoding=\"async\" width=\"713\" height=\"400\" src=\"https:\/\/sosmedecinmarrakech.com\/wp-content\/uploads\/2024\/10\/Biopsies-713x400.jpg\" class=\"attachment-medium size-medium wp-post-image\" alt=\"Biopsies\" srcset=\"https:\/\/sosmedecinmarrakech.com\/wp-content\/uploads\/2024\/10\/Biopsies-713x400.jpg 713w, https:\/\/sosmedecinmarrakech.com\/wp-content\/uploads\/2024\/10\/Biopsies-768x431.jpg 768w, https:\/\/sosmedecinmarrakech.com\/wp-content\/uploads\/2024\/10\/Biopsies.jpg 1000w\" sizes=\"auto, (max-width: 713px) 100vw, 713px\" \/>  \t\t\t\t\t\t\t  \t\t\t\t\t\t\t  \t\t\t\t\t\t<\/div>\n  \t\t\t\t\t\t  \t\t\t\t\t<\/div><!-- .box-image -->\n          \t\t\t\t\t<div class=\"box-text text-center\" >\n\t\t\t\t\t<div class=\"box-text-inner blog-post-inner\">\n\n\t\t\t\t\t\n\t\t\t\t\t\t\t\t\t\t<h5 class=\"post-title is-large \">Biopsies : Un Outil Cl\u00e9 en M\u00e9decine<\/h5>\n\t\t\t\t\t\t\t\t\t\t<div class=\"is-divider\"><\/div>\n\t\t\t\t\t\t\t\t\t\t<p class=\"from_the_blog_excerpt \">La biopsies est une proc\u00e9dure m\u00e9dicale essentielle qui consiste \u00e0 pr\u00e9lever un \u00e9chantillon de tissu [...]\t\t\t\t\t<\/p>\n\t\t\t\t\t                    \n\t\t\t\t\t\t\t\t\t\t\t<button href=\"https:\/\/sosmedecinmarrakech.com\/es\/biopsies-un-outil-cle-en-medecine\/\" class=\"button  is-outline is-small mb-0\">\n\t\t\t\t\t\t\tRead More\t\t\t\t\t\t<\/button>\n\t\t\t\t\t\n\t\t\t\t\t\n\t\t\t\t\t<\/div><!-- .box-text-inner -->\n\t\t\t\t\t<\/div><!-- .box-text -->\n\t\t\t\t\t\t\t\t\t\t\t\t\t\t\t\t<div class=\"badge absolute top post-date badge-outline\">\n\t\t\t\t\t\t\t<div class=\"badge-inner\">\n\t\t\t\t\t\t\t\t<span class=\"post-date-day\">06<\/span><br>\n\t\t\t\t\t\t\t\t<span class=\"post-date-month is-xsmall\">Oct<\/span>\n\t\t\t\t\t\t\t<\/div>\n\t\t\t\t\t\t<\/div>\n\t\t\t\t\t\t\t\t\t<\/div><!-- .box -->\n\t\t\t\t<\/a><!-- .link -->\n\t\t\t<\/div><!-- .col-inner -->\n\t\t<\/div><!-- .col -->\n\t\t<div class=\"col post-item\" >\n\t\t\t<div class=\"col-inner\">\n\t\t\t<a href=\"https:\/\/sosmedecinmarrakech.com\/es\/cancer-de-la-prostate\/\" class=\"plain\">\n\t\t\t\t<div class=\"box box-text-bottom box-blog-post has-hover\">\n            \t\t\t\t\t<div class=\"box-image\" >\n  \t\t\t\t\t\t<div class=\"image-cover\" style=\"padding-top:180px;\">\n  \t\t\t\t\t\t\t<img loading=\"lazy\" decoding=\"async\" width=\"309\" height=\"203\" src=\"https:\/\/sosmedecinmarrakech.com\/wp-content\/uploads\/2024\/07\/Cancer-de-la-Prostate.jpg\" class=\"attachment-medium size-medium wp-post-image\" alt=\"Cancer de la Prostate\" \/>  \t\t\t\t\t\t\t  \t\t\t\t\t\t\t  \t\t\t\t\t\t<\/div>\n  \t\t\t\t\t\t  \t\t\t\t\t<\/div><!-- .box-image -->\n          \t\t\t\t\t<div class=\"box-text text-center\" >\n\t\t\t\t\t<div class=\"box-text-inner blog-post-inner\">\n\n\t\t\t\t\t\n\t\t\t\t\t\t\t\t\t\t<h5 class=\"post-title is-large \">Cancer de la Prostate : D\u00e9tection Pr\u00e9coce et Soutien de SOS M\u00e9decins \u00e0 Domicile Marrakech<\/h5>\n\t\t\t\t\t\t\t\t\t\t<div class=\"is-divider\"><\/div>\n\t\t\t\t\t\t\t\t\t\t<p class=\"from_the_blog_excerpt \">Le cancer de la prostate est l&rsquo;un des cancers les plus courants chez les hommes, [...]\t\t\t\t\t<\/p>\n\t\t\t\t\t                    \n\t\t\t\t\t\t\t\t\t\t\t<button href=\"https:\/\/sosmedecinmarrakech.com\/es\/cancer-de-la-prostate\/\" class=\"button  is-outline is-small mb-0\">\n\t\t\t\t\t\t\tRead More\t\t\t\t\t\t<\/button>\n\t\t\t\t\t\n\t\t\t\t\t\n\t\t\t\t\t<\/div><!-- .box-text-inner -->\n\t\t\t\t\t<\/div><!-- .box-text -->\n\t\t\t\t\t\t\t\t\t\t\t\t\t\t\t\t<div class=\"badge absolute top post-date badge-outline\">\n\t\t\t\t\t\t\t<div class=\"badge-inner\">\n\t\t\t\t\t\t\t\t<span class=\"post-date-day\">28<\/span><br>\n\t\t\t\t\t\t\t\t<span class=\"post-date-month is-xsmall\">Jul<\/span>\n\t\t\t\t\t\t\t<\/div>\n\t\t\t\t\t\t<\/div>\n\t\t\t\t\t\t\t\t\t<\/div><!-- .box -->\n\t\t\t\t<\/a><!-- .link -->\n\t\t\t<\/div><!-- .col-inner -->\n\t\t<\/div><!-- .col -->\n\t\t<div class=\"col post-item\" >\n\t\t\t<div class=\"col-inner\">\n\t\t\t<a href=\"https:\/\/sosmedecinmarrakech.com\/es\/cancer-des-seins\/\" class=\"plain\">\n\t\t\t\t<div class=\"box box-text-bottom box-blog-post has-hover\">\n            \t\t\t\t\t<div class=\"box-image\" >\n  \t\t\t\t\t\t<div class=\"image-cover\" style=\"padding-top:180px;\">\n  \t\t\t\t\t\t\t<img loading=\"lazy\" decoding=\"async\" width=\"574\" height=\"400\" src=\"https:\/\/sosmedecinmarrakech.com\/wp-content\/uploads\/2024\/07\/Cancer-des-seins-574x400.jpg\" class=\"attachment-medium size-medium wp-post-image\" alt=\"Cancer des seins\" srcset=\"https:\/\/sosmedecinmarrakech.com\/wp-content\/uploads\/2024\/07\/Cancer-des-seins-574x400.jpg 574w, https:\/\/sosmedecinmarrakech.com\/wp-content\/uploads\/2024\/07\/Cancer-des-seins.jpg 750w\" sizes=\"auto, (max-width: 574px) 100vw, 574px\" \/>  \t\t\t\t\t\t\t  \t\t\t\t\t\t\t  \t\t\t\t\t\t<\/div>\n  \t\t\t\t\t\t  \t\t\t\t\t<\/div><!-- .box-image -->\n          \t\t\t\t\t<div class=\"box-text text-center\" >\n\t\t\t\t\t<div class=\"box-text-inner blog-post-inner\">\n\n\t\t\t\t\t\n\t\t\t\t\t\t\t\t\t\t<h5 class=\"post-title is-large \">Cancer des seins : Importance de la D\u00e9tection Pr\u00e9coce et R\u00f4le de SOS M\u00e9decins \u00e0 Domicile \u00e0 Marrakech<\/h5>\n\t\t\t\t\t\t\t\t\t\t<div class=\"is-divider\"><\/div>\n\t\t\t\t\t\t\t\t\t\t<p class=\"from_the_blog_excerpt \">Le cancer des seins est une maladie qui touche de nombreuses femmes dans le monde, [...]\t\t\t\t\t<\/p>\n\t\t\t\t\t                    \n\t\t\t\t\t\t\t\t\t\t\t<button href=\"https:\/\/sosmedecinmarrakech.com\/es\/cancer-des-seins\/\" class=\"button  is-outline is-small mb-0\">\n\t\t\t\t\t\t\tRead More\t\t\t\t\t\t<\/button>\n\t\t\t\t\t\n\t\t\t\t\t\n\t\t\t\t\t<\/div><!-- .box-text-inner -->\n\t\t\t\t\t<\/div><!-- .box-text -->\n\t\t\t\t\t\t\t\t\t\t\t\t\t\t\t\t<div class=\"badge absolute top post-date badge-outline\">\n\t\t\t\t\t\t\t<div class=\"badge-inner\">\n\t\t\t\t\t\t\t\t<span class=\"post-date-day\">28<\/span><br>\n\t\t\t\t\t\t\t\t<span class=\"post-date-month is-xsmall\">Jul<\/span>\n\t\t\t\t\t\t\t<\/div>\n\t\t\t\t\t\t<\/div>\n\t\t\t\t\t\t\t\t\t<\/div><!-- .box -->\n\t\t\t\t<\/a><!-- .link -->\n\t\t\t<\/div><!-- .col-inner -->\n\t\t<\/div><!-- .col -->\n\t\t<div class=\"col post-item\" >\n\t\t\t<div class=\"col-inner\">\n\t\t\t<a href=\"https:\/\/sosmedecinmarrakech.com\/es\/eczema-atopique\/\" class=\"plain\">\n\t\t\t\t<div class=\"box box-text-bottom box-blog-post has-hover\">\n            \t\t\t\t\t<div class=\"box-image\" >\n  \t\t\t\t\t\t<div class=\"image-cover\" style=\"padding-top:180px;\">\n  \t\t\t\t\t\t\t<img loading=\"lazy\" decoding=\"async\" width=\"595\" height=\"400\" src=\"https:\/\/sosmedecinmarrakech.com\/wp-content\/uploads\/2024\/07\/eczema-atopique-1-595x400.jpg\" class=\"attachment-medium size-medium wp-post-image\" alt=\"ecz\u00e9ma atopique\" srcset=\"https:\/\/sosmedecinmarrakech.com\/wp-content\/uploads\/2024\/07\/eczema-atopique-1-595x400.jpg 595w, https:\/\/sosmedecinmarrakech.com\/wp-content\/uploads\/2024\/07\/eczema-atopique-1.jpg 640w\" sizes=\"auto, (max-width: 595px) 100vw, 595px\" \/>  \t\t\t\t\t\t\t  \t\t\t\t\t\t\t  \t\t\t\t\t\t<\/div>\n  \t\t\t\t\t\t  \t\t\t\t\t<\/div><!-- .box-image -->\n          \t\t\t\t\t<div class=\"box-text text-center\" >\n\t\t\t\t\t<div class=\"box-text-inner blog-post-inner\">\n\n\t\t\t\t\t\n\t\t\t\t\t\t\t\t\t\t<h5 class=\"post-title is-large \">L&rsquo;ecz\u00e9ma atopique : Comment SOS M\u00e9decins Marrakech peut aider<\/h5>\n\t\t\t\t\t\t\t\t\t\t<div class=\"is-divider\"><\/div>\n\t\t\t\t\t\t\t\t\t\t<p class=\"from_the_blog_excerpt \">L&rsquo;ecz\u00e9ma atopique est une maladie chronique de la peau qui provoque des d\u00e9mangeaisons, des rougeurs [...]\t\t\t\t\t<\/p>\n\t\t\t\t\t                    \n\t\t\t\t\t\t\t\t\t\t\t<button href=\"https:\/\/sosmedecinmarrakech.com\/es\/eczema-atopique\/\" class=\"button  is-outline is-small mb-0\">\n\t\t\t\t\t\t\tRead More\t\t\t\t\t\t<\/button>\n\t\t\t\t\t\n\t\t\t\t\t\n\t\t\t\t\t<\/div><!-- .box-text-inner -->\n\t\t\t\t\t<\/div><!-- .box-text -->\n\t\t\t\t\t\t\t\t\t\t\t\t\t\t\t\t<div class=\"badge absolute top post-date badge-outline\">\n\t\t\t\t\t\t\t<div class=\"badge-inner\">\n\t\t\t\t\t\t\t\t<span class=\"post-date-day\">26<\/span><br>\n\t\t\t\t\t\t\t\t<span class=\"post-date-month is-xsmall\">Jul<\/span>\n\t\t\t\t\t\t\t<\/div>\n\t\t\t\t\t\t<\/div>\n\t\t\t\t\t\t\t\t\t<\/div><!-- .box -->\n\t\t\t\t<\/a><!-- .link -->\n\t\t\t<\/div><!-- .col-inner -->\n\t\t<\/div><!-- .col -->\n\t\t<div class=\"col post-item\" >\n\t\t\t<div class=\"col-inner\">\n\t\t\t<a href=\"https:\/\/sosmedecinmarrakech.com\/es\/dommages-aux-tissus\/\" class=\"plain\">\n\t\t\t\t<div class=\"box box-text-bottom box-blog-post has-hover\">\n            \t\t\t\t\t<div class=\"box-image\" >\n  \t\t\t\t\t\t<div class=\"image-cover\" style=\"padding-top:180px;\">\n  \t\t\t\t\t\t\t<img loading=\"lazy\" decoding=\"async\" width=\"600\" height=\"400\" src=\"https:\/\/sosmedecinmarrakech.com\/wp-content\/uploads\/2024\/07\/Dommages-aux-tissus-600x400.jpg\" class=\"attachment-medium size-medium wp-post-image\" alt=\"Dommages aux tissus\" srcset=\"https:\/\/sosmedecinmarrakech.com\/wp-content\/uploads\/2024\/07\/Dommages-aux-tissus-600x400.jpg 600w, https:\/\/sosmedecinmarrakech.com\/wp-content\/uploads\/2024\/07\/Dommages-aux-tissus.jpg 758w\" sizes=\"auto, (max-width: 600px) 100vw, 600px\" \/>  \t\t\t\t\t\t\t  \t\t\t\t\t\t\t  \t\t\t\t\t\t<\/div>\n  \t\t\t\t\t\t  \t\t\t\t\t<\/div><!-- .box-image -->\n          \t\t\t\t\t<div class=\"box-text text-center\" >\n\t\t\t\t\t<div class=\"box-text-inner blog-post-inner\">\n\n\t\t\t\t\t\n\t\t\t\t\t\t\t\t\t\t<h5 class=\"post-title is-large \">Dommages aux tissus : SOS M\u00e9decins Marrakech \u00e0 votre secours<\/h5>\n\t\t\t\t\t\t\t\t\t\t<div class=\"is-divider\"><\/div>\n\t\t\t\t\t\t\t\t\t\t<p class=\"from_the_blog_excerpt \">Les dommages aux tissus peuvent r\u00e9sulter de diverses situations, telles que des blessures sportives, des [...]\t\t\t\t\t<\/p>\n\t\t\t\t\t                    \n\t\t\t\t\t\t\t\t\t\t\t<button href=\"https:\/\/sosmedecinmarrakech.com\/es\/dommages-aux-tissus\/\" class=\"button  is-outline is-small mb-0\">\n\t\t\t\t\t\t\tRead More\t\t\t\t\t\t<\/button>\n\t\t\t\t\t\n\t\t\t\t\t\n\t\t\t\t\t<\/div><!-- .box-text-inner -->\n\t\t\t\t\t<\/div><!-- .box-text -->\n\t\t\t\t\t\t\t\t\t\t\t\t\t\t\t\t<div class=\"badge absolute top post-date badge-outline\">\n\t\t\t\t\t\t\t<div class=\"badge-inner\">\n\t\t\t\t\t\t\t\t<span class=\"post-date-day\">26<\/span><br>\n\t\t\t\t\t\t\t\t<span class=\"post-date-month is-xsmall\">Jul<\/span>\n\t\t\t\t\t\t\t<\/div>\n\t\t\t\t\t\t<\/div>\n\t\t\t\t\t\t\t\t\t<\/div><!-- .box -->\n\t\t\t\t<\/a><!-- .link -->\n\t\t\t<\/div><!-- .col-inner -->\n\t\t<\/div><!-- .col -->\n\t\t<div class=\"col post-item\" >\n\t\t\t<div class=\"col-inner\">\n\t\t\t<a href=\"https:\/\/sosmedecinmarrakech.com\/es\/bacteries-contact-sos-medecins-marrakech\/\" class=\"plain\">\n\t\t\t\t<div class=\"box box-text-bottom box-blog-post has-hover\">\n            \t\t\t\t\t<div class=\"box-image\" >\n  \t\t\t\t\t\t<div class=\"image-cover\" style=\"padding-top:180px;\">\n  \t\t\t\t\t\t\t<img loading=\"lazy\" decoding=\"async\" width=\"606\" height=\"400\" src=\"https:\/\/sosmedecinmarrakech.com\/wp-content\/uploads\/2024\/07\/Bacteries-606x400.png\" class=\"attachment-medium size-medium wp-post-image\" alt=\"Bact\u00e9ries\" srcset=\"https:\/\/sosmedecinmarrakech.com\/wp-content\/uploads\/2024\/07\/Bacteries-606x400.png 606w, https:\/\/sosmedecinmarrakech.com\/wp-content\/uploads\/2024\/07\/Bacteries-768x507.png 768w, https:\/\/sosmedecinmarrakech.com\/wp-content\/uploads\/2024\/07\/Bacteries.png 770w\" sizes=\"auto, (max-width: 606px) 100vw, 606px\" \/>  \t\t\t\t\t\t\t  \t\t\t\t\t\t\t  \t\t\t\t\t\t<\/div>\n  \t\t\t\t\t\t  \t\t\t\t\t<\/div><!-- .box-image -->\n          \t\t\t\t\t<div class=\"box-text text-center\" >\n\t\t\t\t\t<div class=\"box-text-inner blog-post-inner\">\n\n\t\t\t\t\t\n\t\t\t\t\t\t\t\t\t\t<h5 class=\"post-title is-large \">Les Bact\u00e9ries et leur Prise en Charge par SOS M\u00e9DECINS MARRAKECH<\/h5>\n\t\t\t\t\t\t\t\t\t\t<div class=\"is-divider\"><\/div>\n\t\t\t\t\t\t\t\t\t\t<p class=\"from_the_blog_excerpt \">Les bact\u00e9ries, ces micro-organismes unicellulaires, sont omnipr\u00e9sentes dans notre environnement. Elles jouent des r\u00f4les vari\u00e9s, [...]\t\t\t\t\t<\/p>\n\t\t\t\t\t                    \n\t\t\t\t\t\t\t\t\t\t\t<button href=\"https:\/\/sosmedecinmarrakech.com\/es\/bacteries-contact-sos-medecins-marrakech\/\" class=\"button  is-outline is-small mb-0\">\n\t\t\t\t\t\t\tRead More\t\t\t\t\t\t<\/button>\n\t\t\t\t\t\n\t\t\t\t\t\n\t\t\t\t\t<\/div><!-- .box-text-inner -->\n\t\t\t\t\t<\/div><!-- .box-text -->\n\t\t\t\t\t\t\t\t\t\t\t\t\t\t\t\t<div class=\"badge absolute top post-date badge-outline\">\n\t\t\t\t\t\t\t<div class=\"badge-inner\">\n\t\t\t\t\t\t\t\t<span class=\"post-date-day\">26<\/span><br>\n\t\t\t\t\t\t\t\t<span class=\"post-date-month is-xsmall\">Jul<\/span>\n\t\t\t\t\t\t\t<\/div>\n\t\t\t\t\t\t<\/div>\n\t\t\t\t\t\t\t\t\t<\/div><!-- .box -->\n\t\t\t\t<\/a><!-- .link -->\n\t\t\t<\/div><!-- .col-inner -->\n\t\t<\/div><!-- .col -->\n<\/div>\n<div class=\"container section-title-container\" style=\"margin-top:31px;\"><h3 class=\"section-title section-title-center\"><b><\/b><span class=\"section-title-main\" style=\"font-size:undefined%;\">Blog post in A Grid<\/span><b><\/b><\/h3><\/div><!-- .section-title -->\n  <style scope=\"scope\">\n    #row-613706547 .grid-col-1{height: 600px}\n    #row-613706547 .grid-col-1-2{height: 300px}\n    #row-613706547 .grid-col-1-3{height:200px}\n    #row-613706547 .grid-col-2-3{height: 400px}\n    #row-613706547 .grid-col-1-4{height: 150px}\n    #row-613706547 .grid-col-3-4{height: 450px}\n\n\n        \/* Tablet *\/\n    @media (max-width: 850px){\n      #row-613706547 .grid-col-1{height: 400px}\n      #row-613706547 .grid-col-1-2{height: 200px}\n      #row-613706547 .grid-col-1-3{height:133.33333333333px}\n      #row-613706547 .grid-col-2-3{height: 266.66666666667px}\n      #row-613706547 .grid-col-1-4{height: 100px}\n      #row-613706547 .grid-col-3-4{height: 300px}\n    }\n    \n        \/* Mobile *\/\n    @media (max-width: 550px){\n      #row-613706547 .grid-col-1{height: 400px}\n      #row-613706547 .grid-col-1-2{height: 200px}\n      #row-613706547 .grid-col-1-3{height:133.33333333333px}\n      #row-613706547 .grid-col-2-3{height: 266.66666666667px}\n      #row-613706547 .grid-col-1-4{height: 100px}\n      #row-613706547 .grid-col-3-4{height: 300px}\n    }\n    \n\n  <\/style>\n  \n  \n    <div id=\"row-613706547\" class=\"row has-shadow row-box-shadow-1 row-grid\" data-packery-options='{\"itemSelector\": \".col\", \"gutter\": 0, \"presentageWidth\" : true}'>\n\n  \t\t<div class=\"col post-item grid-col grid-col-1 large-6 medium-12\" >\n\t\t\t<div class=\"col-inner\">\n\t\t\t<a href=\"https:\/\/sosmedecinmarrakech.com\/es\/infections-virales-comprendre-et-agir\/\" class=\"plain\">\n\t\t\t\t<div class=\"box box-shade dark box-text-bottom box-blog-post has-hover\">\n            \t\t\t\t\t<div class=\"box-image\" >\n  \t\t\t\t\t\t<div class=\"image-cover\" style=\"padding-top:180px;\">\n  \t\t\t\t\t\t\t<img loading=\"lazy\" decoding=\"async\" width=\"600\" height=\"400\" src=\"https:\/\/sosmedecinmarrakech.com\/wp-content\/uploads\/2024\/10\/Infections-Virales.jpg\" class=\"attachment-medium size-medium wp-post-image\" alt=\"Infections Virales\" \/>  \t\t\t\t\t\t\t  \t\t\t\t\t\t\t<div class=\"shade\"><\/div>  \t\t\t\t\t\t<\/div>\n  \t\t\t\t\t\t  \t\t\t\t\t<\/div><!-- .box-image -->\n          \t\t\t\t\t<div class=\"box-text text-center\" >\n\t\t\t\t\t<div class=\"box-text-inner blog-post-inner\">\n\n\t\t\t\t\t\n\t\t\t\t\t\t\t\t\t\t<h5 class=\"post-title is-larger uppercase\">Infections Virales : Comprendre et Agir<\/h5>\n\t\t\t\t\t\t\t\t\t\t<div class=\"is-divider\"><\/div>\n\t\t\t\t\t\t\t\t\t\t<p class=\"from_the_blog_excerpt \">Les infections virales sont des maladies caus\u00e9es par des virus, agents pathog\u00e8nes microscopiques qui se [...]\t\t\t\t\t<\/p>\n\t\t\t\t\t                    \n\t\t\t\t\t\t\t\t\t\t\t<button href=\"https:\/\/sosmedecinmarrakech.com\/es\/infections-virales-comprendre-et-agir\/\" class=\"button  is-outline is-small mb-0\">\n\t\t\t\t\t\t\tRead More\t\t\t\t\t\t<\/button>\n\t\t\t\t\t\n\t\t\t\t\t\n\t\t\t\t\t<\/div><!-- .box-text-inner -->\n\t\t\t\t\t<\/div><!-- .box-text -->\n\t\t\t\t\t\t\t\t\t\t\t\t\t\t\t\t<div class=\"badge absolute top post-date badge-circle-inside\">\n\t\t\t\t\t\t\t<div class=\"badge-inner\">\n\t\t\t\t\t\t\t\t<span class=\"post-date-day\">07<\/span><br>\n\t\t\t\t\t\t\t\t<span class=\"post-date-month is-xsmall\">Oct<\/span>\n\t\t\t\t\t\t\t<\/div>\n\t\t\t\t\t\t<\/div>\n\t\t\t\t\t\t\t\t\t<\/div><!-- .box -->\n\t\t\t\t<\/a><!-- .link -->\n\t\t\t<\/div><!-- .col-inner -->\n\t\t<\/div><!-- .col -->\n\t\t<div class=\"col post-item grid-col grid-col-1 large-3 medium-6\" >\n\t\t\t<div class=\"col-inner\">\n\t\t\t<a href=\"https:\/\/sosmedecinmarrakech.com\/es\/bronchite\/\" class=\"plain\">\n\t\t\t\t<div class=\"box box-shade dark box-text-bottom box-blog-post has-hover\">\n            \t\t\t\t\t<div class=\"box-image\" >\n  \t\t\t\t\t\t<div class=\"image-cover\" style=\"padding-top:180px;\">\n  \t\t\t\t\t\t\t<img loading=\"lazy\" decoding=\"async\" width=\"704\" height=\"396\" src=\"https:\/\/sosmedecinmarrakech.com\/wp-content\/uploads\/2024\/10\/Bronchite.webp\" class=\"attachment-medium size-medium wp-post-image\" alt=\"Bronchite\" \/>  \t\t\t\t\t\t\t  \t\t\t\t\t\t\t<div class=\"shade\"><\/div>  \t\t\t\t\t\t<\/div>\n  \t\t\t\t\t\t  \t\t\t\t\t<\/div><!-- .box-image -->\n          \t\t\t\t\t<div class=\"box-text text-center\" >\n\t\t\t\t\t<div class=\"box-text-inner blog-post-inner\">\n\n\t\t\t\t\t\n\t\t\t\t\t\t\t\t\t\t<h5 class=\"post-title is-larger uppercase\">Comprendre la Bronchite : Sympt\u00f4mes et Solutions<\/h5>\n\t\t\t\t\t\t\t\t\t\t<div class=\"is-divider\"><\/div>\n\t\t\t\t\t\t\t\t\t\t<p class=\"from_the_blog_excerpt \">La bronchite est une inflammation des bronches qui peut provoquer une toux persistante, des douleurs [...]\t\t\t\t\t<\/p>\n\t\t\t\t\t                    \n\t\t\t\t\t\t\t\t\t\t\t<button href=\"https:\/\/sosmedecinmarrakech.com\/es\/bronchite\/\" class=\"button  is-outline is-small mb-0\">\n\t\t\t\t\t\t\tRead More\t\t\t\t\t\t<\/button>\n\t\t\t\t\t\n\t\t\t\t\t\n\t\t\t\t\t<\/div><!-- .box-text-inner -->\n\t\t\t\t\t<\/div><!-- .box-text -->\n\t\t\t\t\t\t\t\t\t\t\t\t\t\t\t\t<div class=\"badge absolute top post-date badge-circle-inside\">\n\t\t\t\t\t\t\t<div class=\"badge-inner\">\n\t\t\t\t\t\t\t\t<span class=\"post-date-day\">07<\/span><br>\n\t\t\t\t\t\t\t\t<span class=\"post-date-month is-xsmall\">Oct<\/span>\n\t\t\t\t\t\t\t<\/div>\n\t\t\t\t\t\t<\/div>\n\t\t\t\t\t\t\t\t\t<\/div><!-- .box -->\n\t\t\t\t<\/a><!-- .link -->\n\t\t\t<\/div><!-- .col-inner -->\n\t\t<\/div><!-- .col -->\n\t\t<div class=\"col post-item grid-col grid-col-1-2 large-3 medium-6\" >\n\t\t\t<div class=\"col-inner\">\n\t\t\t<a href=\"https:\/\/sosmedecinmarrakech.com\/es\/grippe-et-son-association-avec-un-nombre-plus-eleve-dinfarctus-du-myocarde\/\" class=\"plain\">\n\t\t\t\t<div class=\"box box-shade dark box-text-bottom box-blog-post has-hover\">\n            \t\t\t\t\t<div class=\"box-image\" >\n  \t\t\t\t\t\t<div class=\"image-cover\" style=\"padding-top:180px;\">\n  \t\t\t\t\t\t\t<img loading=\"lazy\" decoding=\"async\" width=\"280\" height=\"175\" src=\"https:\/\/sosmedecinmarrakech.com\/wp-content\/uploads\/2024\/10\/grippe-280x175.jpg\" class=\"attachment-thumbnail size-thumbnail wp-post-image\" alt=\"Grippe\" \/>  \t\t\t\t\t\t\t  \t\t\t\t\t\t\t<div class=\"shade\"><\/div>  \t\t\t\t\t\t<\/div>\n  \t\t\t\t\t\t  \t\t\t\t\t<\/div><!-- .box-image -->\n          \t\t\t\t\t<div class=\"box-text text-center\" >\n\t\t\t\t\t<div class=\"box-text-inner blog-post-inner\">\n\n\t\t\t\t\t\n\t\t\t\t\t\t\t\t\t\t<h5 class=\"post-title is-larger uppercase\">La Grippe et Son Association avec un Nombre Plus \u00c9lev\u00e9 d\u2019Infarctus du Myocarde<\/h5>\n\t\t\t\t\t\t\t\t\t\t<div class=\"is-divider\"><\/div>\n\t\t\t\t\t                    \n\t\t\t\t\t\t\t\t\t\t\t<button href=\"https:\/\/sosmedecinmarrakech.com\/es\/grippe-et-son-association-avec-un-nombre-plus-eleve-dinfarctus-du-myocarde\/\" class=\"button  is-outline is-small mb-0\">\n\t\t\t\t\t\t\tRead More\t\t\t\t\t\t<\/button>\n\t\t\t\t\t\n\t\t\t\t\t\n\t\t\t\t\t<\/div><!-- .box-text-inner -->\n\t\t\t\t\t<\/div><!-- .box-text -->\n\t\t\t\t\t\t\t\t\t\t\t\t\t\t\t\t<div class=\"badge absolute top post-date badge-circle-inside\">\n\t\t\t\t\t\t\t<div class=\"badge-inner\">\n\t\t\t\t\t\t\t\t<span class=\"post-date-day\">06<\/span><br>\n\t\t\t\t\t\t\t\t<span class=\"post-date-month is-xsmall\">Oct<\/span>\n\t\t\t\t\t\t\t<\/div>\n\t\t\t\t\t\t<\/div>\n\t\t\t\t\t\t\t\t\t<\/div><!-- .box -->\n\t\t\t\t<\/a><!-- .link -->\n\t\t\t<\/div><!-- .col-inner -->\n\t\t<\/div><!-- .col -->\n\t\t<div class=\"col post-item grid-col grid-col-1-2 large-3 medium-6\" >\n\t\t\t<div class=\"col-inner\">\n\t\t\t<a href=\"https:\/\/sosmedecinmarrakech.com\/es\/imjudo-un-nuevo-farmaco-hospitalario-para-el-tratamiento-del-cancer-de-higado-y-pulmon\/\" class=\"plain\">\n\t\t\t\t<div class=\"box box-shade dark box-text-bottom box-blog-post has-hover\">\n            \t\t\t\t\t<div class=\"box-image\" >\n  \t\t\t\t\t\t<div class=\"image-cover\" style=\"padding-top:180px;\">\n  \t\t\t\t\t\t\t<img loading=\"lazy\" decoding=\"async\" width=\"280\" height=\"168\" src=\"https:\/\/sosmedecinmarrakech.com\/wp-content\/uploads\/2024\/10\/IMJUDO-2-280x168.jpg\" class=\"attachment-thumbnail size-thumbnail wp-post-image\" alt=\"IMJUDO\" \/>  \t\t\t\t\t\t\t  \t\t\t\t\t\t\t<div class=\"shade\"><\/div>  \t\t\t\t\t\t<\/div>\n  \t\t\t\t\t\t  \t\t\t\t\t<\/div><!-- .box-image -->\n          \t\t\t\t\t<div class=\"box-text text-center\" >\n\t\t\t\t\t<div class=\"box-text-inner blog-post-inner\">\n\n\t\t\t\t\t\n\t\t\t\t\t\t\t\t\t\t<h5 class=\"post-title is-larger uppercase\">IMJUDO : Nouveau M\u00e9dicament Hospitalier dans le Traitement des Cancers du Foie et du Poumon<\/h5>\n\t\t\t\t\t\t\t\t\t\t<div class=\"is-divider\"><\/div>\n\t\t\t\t\t                    \n\t\t\t\t\t\t\t\t\t\t\t<button href=\"https:\/\/sosmedecinmarrakech.com\/es\/imjudo-un-nuevo-farmaco-hospitalario-para-el-tratamiento-del-cancer-de-higado-y-pulmon\/\" class=\"button  is-outline is-small mb-0\">\n\t\t\t\t\t\t\tRead More\t\t\t\t\t\t<\/button>\n\t\t\t\t\t\n\t\t\t\t\t\n\t\t\t\t\t<\/div><!-- .box-text-inner -->\n\t\t\t\t\t<\/div><!-- .box-text -->\n\t\t\t\t\t\t\t\t\t\t\t\t\t\t\t\t<div class=\"badge absolute top post-date badge-circle-inside\">\n\t\t\t\t\t\t\t<div class=\"badge-inner\">\n\t\t\t\t\t\t\t\t<span class=\"post-date-day\">06<\/span><br>\n\t\t\t\t\t\t\t\t<span class=\"post-date-month is-xsmall\">Oct<\/span>\n\t\t\t\t\t\t\t<\/div>\n\t\t\t\t\t\t<\/div>\n\t\t\t\t\t\t\t\t\t<\/div><!-- .box -->\n\t\t\t\t<\/a><!-- .link -->\n\t\t\t<\/div><!-- .col-inner -->\n\t\t<\/div><!-- .col -->\n<\/div>\n<div class=\"container section-title-container\" style=\"margin-top:31px;\"><h3 class=\"section-title section-title-center\"><b><\/b><span class=\"section-title-main\" style=\"font-size:undefined%;\">Blog post in A Masonery Grid<\/span><b><\/b><\/h3><\/div><!-- .section-title -->\n\n  \n    <div id=\"row-739308514\" class=\"row large-columns-3 medium-columns- small-columns-1 has-shadow row-box-shadow-2 row-masonry\" data-packery-options='{\"itemSelector\": \".col\", \"gutter\": 0, \"presentageWidth\" : true}'>\n\n  \t\t<div class=\"col post-item\" >\n\t\t\t<div class=\"col-inner\">\n\t\t\t<a href=\"https:\/\/sosmedecinmarrakech.com\/es\/infections-virales-comprendre-et-agir\/\" class=\"plain\">\n\t\t\t\t<div class=\"box box-text-bottom box-blog-post has-hover\">\n            \t\t\t\t\t<div class=\"box-image\" >\n  \t\t\t\t\t\t<div class=\"image-cover\" style=\"padding-top:180px;\">\n  \t\t\t\t\t\t\t<img loading=\"lazy\" decoding=\"async\" width=\"600\" height=\"400\" src=\"https:\/\/sosmedecinmarrakech.com\/wp-content\/uploads\/2024\/10\/Infections-Virales.jpg\" class=\"attachment-medium size-medium wp-post-image\" alt=\"Infections Virales\" \/>  \t\t\t\t\t\t\t  \t\t\t\t\t\t\t  \t\t\t\t\t\t<\/div>\n  \t\t\t\t\t\t  \t\t\t\t\t<\/div><!-- .box-image -->\n          \t\t\t\t\t<div class=\"box-text text-center\" >\n\t\t\t\t\t<div class=\"box-text-inner blog-post-inner\">\n\n\t\t\t\t\t\n\t\t\t\t\t\t\t\t\t\t<h5 class=\"post-title is-large \">Infections Virales : Comprendre et Agir<\/h5>\n\t\t\t\t\t\t\t\t\t\t<div class=\"is-divider\"><\/div>\n\t\t\t\t\t\t\t\t\t\t<p class=\"from_the_blog_excerpt \">Les infections virales sont des maladies caus\u00e9es par des virus, agents pathog\u00e8nes microscopiques qui se [...]\t\t\t\t\t<\/p>\n\t\t\t\t\t                    \n\t\t\t\t\t\n\t\t\t\t\t\n\t\t\t\t\t<\/div><!-- .box-text-inner -->\n\t\t\t\t\t<\/div><!-- .box-text -->\n\t\t\t\t\t\t\t\t\t\t\t\t\t\t\t\t<div class=\"badge absolute top post-date badge-outline\">\n\t\t\t\t\t\t\t<div class=\"badge-inner\">\n\t\t\t\t\t\t\t\t<span class=\"post-date-day\">07<\/span><br>\n\t\t\t\t\t\t\t\t<span class=\"post-date-month is-xsmall\">Oct<\/span>\n\t\t\t\t\t\t\t<\/div>\n\t\t\t\t\t\t<\/div>\n\t\t\t\t\t\t\t\t\t<\/div><!-- .box -->\n\t\t\t\t<\/a><!-- .link -->\n\t\t\t<\/div><!-- .col-inner -->\n\t\t<\/div><!-- .col -->\n\t\t<div class=\"col post-item\" >\n\t\t\t<div class=\"col-inner\">\n\t\t\t<a href=\"https:\/\/sosmedecinmarrakech.com\/es\/bronchite\/\" class=\"plain\">\n\t\t\t\t<div class=\"box box-text-bottom box-blog-post has-hover\">\n            \t\t\t\t\t<div class=\"box-image\" >\n  \t\t\t\t\t\t<div class=\"image-cover\" style=\"padding-top:180px;\">\n  \t\t\t\t\t\t\t<img loading=\"lazy\" decoding=\"async\" width=\"704\" height=\"396\" src=\"https:\/\/sosmedecinmarrakech.com\/wp-content\/uploads\/2024\/10\/Bronchite.webp\" class=\"attachment-medium size-medium wp-post-image\" alt=\"Bronchite\" \/>  \t\t\t\t\t\t\t  \t\t\t\t\t\t\t  \t\t\t\t\t\t<\/div>\n  \t\t\t\t\t\t  \t\t\t\t\t<\/div><!-- .box-image -->\n          \t\t\t\t\t<div class=\"box-text text-center\" >\n\t\t\t\t\t<div class=\"box-text-inner blog-post-inner\">\n\n\t\t\t\t\t\n\t\t\t\t\t\t\t\t\t\t<h5 class=\"post-title is-large \">Comprendre la Bronchite : Sympt\u00f4mes et Solutions<\/h5>\n\t\t\t\t\t\t\t\t\t\t<div class=\"is-divider\"><\/div>\n\t\t\t\t\t\t\t\t\t\t<p class=\"from_the_blog_excerpt \">La bronchite est une inflammation des bronches qui peut provoquer une toux persistante, des douleurs [...]\t\t\t\t\t<\/p>\n\t\t\t\t\t                    \n\t\t\t\t\t\n\t\t\t\t\t\n\t\t\t\t\t<\/div><!-- .box-text-inner -->\n\t\t\t\t\t<\/div><!-- .box-text -->\n\t\t\t\t\t\t\t\t\t\t\t\t\t\t\t\t<div class=\"badge absolute top post-date badge-outline\">\n\t\t\t\t\t\t\t<div class=\"badge-inner\">\n\t\t\t\t\t\t\t\t<span class=\"post-date-day\">07<\/span><br>\n\t\t\t\t\t\t\t\t<span class=\"post-date-month is-xsmall\">Oct<\/span>\n\t\t\t\t\t\t\t<\/div>\n\t\t\t\t\t\t<\/div>\n\t\t\t\t\t\t\t\t\t<\/div><!-- .box -->\n\t\t\t\t<\/a><!-- .link -->\n\t\t\t<\/div><!-- .col-inner -->\n\t\t<\/div><!-- .col -->\n\t\t<div class=\"col post-item\" >\n\t\t\t<div class=\"col-inner\">\n\t\t\t<a href=\"https:\/\/sosmedecinmarrakech.com\/es\/grippe-et-son-association-avec-un-nombre-plus-eleve-dinfarctus-du-myocarde\/\" class=\"plain\">\n\t\t\t\t<div class=\"box box-text-bottom box-blog-post has-hover\">\n            \t\t\t\t\t<div class=\"box-image\" >\n  \t\t\t\t\t\t<div class=\"image-cover\" style=\"padding-top:180px;\">\n  \t\t\t\t\t\t\t<img loading=\"lazy\" decoding=\"async\" width=\"288\" height=\"175\" src=\"https:\/\/sosmedecinmarrakech.com\/wp-content\/uploads\/2024\/10\/grippe.jpg\" class=\"attachment-medium size-medium wp-post-image\" alt=\"Grippe\" \/>  \t\t\t\t\t\t\t  \t\t\t\t\t\t\t  \t\t\t\t\t\t<\/div>\n  \t\t\t\t\t\t  \t\t\t\t\t<\/div><!-- .box-image -->\n          \t\t\t\t\t<div class=\"box-text text-center\" >\n\t\t\t\t\t<div class=\"box-text-inner blog-post-inner\">\n\n\t\t\t\t\t\n\t\t\t\t\t\t\t\t\t\t<h5 class=\"post-title is-large \">La Grippe et Son Association avec un Nombre Plus \u00c9lev\u00e9 d\u2019Infarctus du Myocarde<\/h5>\n\t\t\t\t\t\t\t\t\t\t<div class=\"is-divider\"><\/div>\n\t\t\t\t\t\t\t\t\t\t<p class=\"from_the_blog_excerpt \">La grippe, une infection virale saisonni\u00e8re, est souvent consid\u00e9r\u00e9e comme une simple maladie respiratoire. Cependant, [...]\t\t\t\t\t<\/p>\n\t\t\t\t\t                    \n\t\t\t\t\t\n\t\t\t\t\t\n\t\t\t\t\t<\/div><!-- .box-text-inner -->\n\t\t\t\t\t<\/div><!-- .box-text -->\n\t\t\t\t\t\t\t\t\t\t\t\t\t\t\t\t<div class=\"badge absolute top post-date badge-outline\">\n\t\t\t\t\t\t\t<div class=\"badge-inner\">\n\t\t\t\t\t\t\t\t<span class=\"post-date-day\">06<\/span><br>\n\t\t\t\t\t\t\t\t<span class=\"post-date-month is-xsmall\">Oct<\/span>\n\t\t\t\t\t\t\t<\/div>\n\t\t\t\t\t\t<\/div>\n\t\t\t\t\t\t\t\t\t<\/div><!-- .box -->\n\t\t\t\t<\/a><!-- .link -->\n\t\t\t<\/div><!-- .col-inner -->\n\t\t<\/div><!-- .col -->\n\t\t<div class=\"col post-item\" >\n\t\t\t<div class=\"col-inner\">\n\t\t\t<a href=\"https:\/\/sosmedecinmarrakech.com\/es\/imjudo-un-nuevo-farmaco-hospitalario-para-el-tratamiento-del-cancer-de-higado-y-pulmon\/\" class=\"plain\">\n\t\t\t\t<div class=\"box box-text-bottom box-blog-post has-hover\">\n            \t\t\t\t\t<div class=\"box-image\" >\n  \t\t\t\t\t\t<div class=\"image-cover\" style=\"padding-top:180px;\">\n  \t\t\t\t\t\t\t<img loading=\"lazy\" decoding=\"async\" width=\"300\" height=\"168\" src=\"https:\/\/sosmedecinmarrakech.com\/wp-content\/uploads\/2024\/10\/IMJUDO-2.jpg\" class=\"attachment-medium size-medium wp-post-image\" alt=\"IMJUDO\" \/>  \t\t\t\t\t\t\t  \t\t\t\t\t\t\t  \t\t\t\t\t\t<\/div>\n  \t\t\t\t\t\t  \t\t\t\t\t<\/div><!-- .box-image -->\n          \t\t\t\t\t<div class=\"box-text text-center\" >\n\t\t\t\t\t<div class=\"box-text-inner blog-post-inner\">\n\n\t\t\t\t\t\n\t\t\t\t\t\t\t\t\t\t<h5 class=\"post-title is-large \">IMJUDO : Nouveau M\u00e9dicament Hospitalier dans le Traitement des Cancers du Foie et du Poumon<\/h5>\n\t\t\t\t\t\t\t\t\t\t<div class=\"is-divider\"><\/div>\n\t\t\t\t\t\t\t\t\t\t<p class=\"from_the_blog_excerpt \">IMJUDO, un m\u00e9dicament r\u00e9cemment introduit dans le cadre des traitements hospitaliers, suscite un grand int\u00e9r\u00eat [...]\t\t\t\t\t<\/p>\n\t\t\t\t\t                    \n\t\t\t\t\t\n\t\t\t\t\t\n\t\t\t\t\t<\/div><!-- .box-text-inner -->\n\t\t\t\t\t<\/div><!-- .box-text -->\n\t\t\t\t\t\t\t\t\t\t\t\t\t\t\t\t<div class=\"badge absolute top post-date badge-outline\">\n\t\t\t\t\t\t\t<div class=\"badge-inner\">\n\t\t\t\t\t\t\t\t<span class=\"post-date-day\">06<\/span><br>\n\t\t\t\t\t\t\t\t<span class=\"post-date-month is-xsmall\">Oct<\/span>\n\t\t\t\t\t\t\t<\/div>\n\t\t\t\t\t\t<\/div>\n\t\t\t\t\t\t\t\t\t<\/div><!-- .box -->\n\t\t\t\t<\/a><!-- .link -->\n\t\t\t<\/div><!-- .col-inner -->\n\t\t<\/div><!-- .col -->\n\t\t<div class=\"col post-item\" >\n\t\t\t<div class=\"col-inner\">\n\t\t\t<a href=\"https:\/\/sosmedecinmarrakech.com\/es\/tension-des-formes-injectables\/\" class=\"plain\">\n\t\t\t\t<div class=\"box box-text-bottom box-blog-post has-hover\">\n            \t\t\t\t\t<div class=\"box-image\" >\n  \t\t\t\t\t\t<div class=\"image-cover\" style=\"padding-top:180px;\">\n  \t\t\t\t\t\t\t<img loading=\"lazy\" decoding=\"async\" width=\"628\" height=\"400\" src=\"https:\/\/sosmedecinmarrakech.com\/wp-content\/uploads\/2024\/10\/Tension-des-Formes-Injectables-628x400.webp\" class=\"attachment-medium size-medium wp-post-image\" alt=\"Tension des Formes Injectables\" srcset=\"https:\/\/sosmedecinmarrakech.com\/wp-content\/uploads\/2024\/10\/Tension-des-Formes-Injectables-628x400.webp 628w, https:\/\/sosmedecinmarrakech.com\/wp-content\/uploads\/2024\/10\/Tension-des-Formes-Injectables-1256x800.webp 1256w, https:\/\/sosmedecinmarrakech.com\/wp-content\/uploads\/2024\/10\/Tension-des-Formes-Injectables-768x489.webp 768w, https:\/\/sosmedecinmarrakech.com\/wp-content\/uploads\/2024\/10\/Tension-des-Formes-Injectables.webp 1444w\" sizes=\"auto, (max-width: 628px) 100vw, 628px\" \/>  \t\t\t\t\t\t\t  \t\t\t\t\t\t\t  \t\t\t\t\t\t<\/div>\n  \t\t\t\t\t\t  \t\t\t\t\t<\/div><!-- .box-image -->\n          \t\t\t\t\t<div class=\"box-text text-center\" >\n\t\t\t\t\t<div class=\"box-text-inner blog-post-inner\">\n\n\t\t\t\t\t\n\t\t\t\t\t\t\t\t\t\t<h5 class=\"post-title is-large \">Tension des Formes Injectables\/Buvables de Vitamine B12 : Passer au Comprim\u00e9 quand la Voie Orale est Possible<\/h5>\n\t\t\t\t\t\t\t\t\t\t<div class=\"is-divider\"><\/div>\n\t\t\t\t\t\t\t\t\t\t<p class=\"from_the_blog_excerpt \">La vitamine B12 est essentielle pour la sant\u00e9 neurologique la Tension des Formes Injectables et [...]\t\t\t\t\t<\/p>\n\t\t\t\t\t                    \n\t\t\t\t\t\n\t\t\t\t\t\n\t\t\t\t\t<\/div><!-- .box-text-inner -->\n\t\t\t\t\t<\/div><!-- .box-text -->\n\t\t\t\t\t\t\t\t\t\t\t\t\t\t\t\t<div class=\"badge absolute top post-date badge-outline\">\n\t\t\t\t\t\t\t<div class=\"badge-inner\">\n\t\t\t\t\t\t\t\t<span class=\"post-date-day\">06<\/span><br>\n\t\t\t\t\t\t\t\t<span class=\"post-date-month is-xsmall\">Oct<\/span>\n\t\t\t\t\t\t\t<\/div>\n\t\t\t\t\t\t<\/div>\n\t\t\t\t\t\t\t\t\t<\/div><!-- .box -->\n\t\t\t\t<\/a><!-- .link -->\n\t\t\t<\/div><!-- .col-inner -->\n\t\t<\/div><!-- .col -->\n\t\t<div class=\"col post-item\" >\n\t\t\t<div class=\"col-inner\">\n\t\t\t<a href=\"https:\/\/sosmedecinmarrakech.com\/es\/infections-a-vrs\/\" class=\"plain\">\n\t\t\t\t<div class=\"box box-text-bottom box-blog-post has-hover\">\n            \t\t\t\t\t<div class=\"box-image\" >\n  \t\t\t\t\t\t<div class=\"image-cover\" style=\"padding-top:180px;\">\n  \t\t\t\t\t\t\t<img loading=\"lazy\" decoding=\"async\" width=\"711\" height=\"400\" src=\"https:\/\/sosmedecinmarrakech.com\/wp-content\/uploads\/2024\/10\/Infections-a-VRS-711x400.jpg\" class=\"attachment-medium size-medium wp-post-image\" alt=\"Infections \u00e0 VRS\" srcset=\"https:\/\/sosmedecinmarrakech.com\/wp-content\/uploads\/2024\/10\/Infections-a-VRS-711x400.jpg 711w, https:\/\/sosmedecinmarrakech.com\/wp-content\/uploads\/2024\/10\/Infections-a-VRS-768x432.jpg 768w, https:\/\/sosmedecinmarrakech.com\/wp-content\/uploads\/2024\/10\/Infections-a-VRS.jpg 771w\" sizes=\"auto, (max-width: 711px) 100vw, 711px\" \/>  \t\t\t\t\t\t\t  \t\t\t\t\t\t\t  \t\t\t\t\t\t<\/div>\n  \t\t\t\t\t\t  \t\t\t\t\t<\/div><!-- .box-image -->\n          \t\t\t\t\t<div class=\"box-text text-center\" >\n\t\t\t\t\t<div class=\"box-text-inner blog-post-inner\">\n\n\t\t\t\t\t\n\t\t\t\t\t\t\t\t\t\t<h5 class=\"post-title is-large \">Pr\u00e9vention des Infections \u00e0 VRS chez les Personnes \u00c2g\u00e9es : Faut-il Vacciner ?<\/h5>\n\t\t\t\t\t\t\t\t\t\t<div class=\"is-divider\"><\/div>\n\t\t\t\t\t\t\t\t\t\t<p class=\"from_the_blog_excerpt \">Les Infections \u00e0 VRS \u00e0 virus respiratoire syncytial (VRS) sont souvent consid\u00e9r\u00e9es comme des affections [...]\t\t\t\t\t<\/p>\n\t\t\t\t\t                    \n\t\t\t\t\t\n\t\t\t\t\t\n\t\t\t\t\t<\/div><!-- .box-text-inner -->\n\t\t\t\t\t<\/div><!-- .box-text -->\n\t\t\t\t\t\t\t\t\t\t\t\t\t\t\t\t<div class=\"badge absolute top post-date badge-outline\">\n\t\t\t\t\t\t\t<div class=\"badge-inner\">\n\t\t\t\t\t\t\t\t<span class=\"post-date-day\">06<\/span><br>\n\t\t\t\t\t\t\t\t<span class=\"post-date-month is-xsmall\">Oct<\/span>\n\t\t\t\t\t\t\t<\/div>\n\t\t\t\t\t\t<\/div>\n\t\t\t\t\t\t\t\t\t<\/div><!-- .box -->\n\t\t\t\t<\/a><!-- .link -->\n\t\t\t<\/div><!-- .col-inner -->\n\t\t<\/div><!-- .col -->\n\t\t<div class=\"col post-item\" >\n\t\t\t<div class=\"col-inner\">\n\t\t\t<a href=\"https:\/\/sosmedecinmarrakech.com\/es\/biopsies-un-outil-cle-en-medecine\/\" class=\"plain\">\n\t\t\t\t<div class=\"box box-text-bottom box-blog-post has-hover\">\n            \t\t\t\t\t<div class=\"box-image\" >\n  \t\t\t\t\t\t<div class=\"image-cover\" style=\"padding-top:180px;\">\n  \t\t\t\t\t\t\t<img loading=\"lazy\" decoding=\"async\" width=\"713\" height=\"400\" src=\"https:\/\/sosmedecinmarrakech.com\/wp-content\/uploads\/2024\/10\/Biopsies-713x400.jpg\" class=\"attachment-medium size-medium wp-post-image\" alt=\"Biopsies\" srcset=\"https:\/\/sosmedecinmarrakech.com\/wp-content\/uploads\/2024\/10\/Biopsies-713x400.jpg 713w, https:\/\/sosmedecinmarrakech.com\/wp-content\/uploads\/2024\/10\/Biopsies-768x431.jpg 768w, https:\/\/sosmedecinmarrakech.com\/wp-content\/uploads\/2024\/10\/Biopsies.jpg 1000w\" sizes=\"auto, (max-width: 713px) 100vw, 713px\" \/>  \t\t\t\t\t\t\t  \t\t\t\t\t\t\t  \t\t\t\t\t\t<\/div>\n  \t\t\t\t\t\t  \t\t\t\t\t<\/div><!-- .box-image -->\n          \t\t\t\t\t<div class=\"box-text text-center\" >\n\t\t\t\t\t<div class=\"box-text-inner blog-post-inner\">\n\n\t\t\t\t\t\n\t\t\t\t\t\t\t\t\t\t<h5 class=\"post-title is-large \">Biopsies : Un Outil Cl\u00e9 en M\u00e9decine<\/h5>\n\t\t\t\t\t\t\t\t\t\t<div class=\"is-divider\"><\/div>\n\t\t\t\t\t\t\t\t\t\t<p class=\"from_the_blog_excerpt \">La biopsies est une proc\u00e9dure m\u00e9dicale essentielle qui consiste \u00e0 pr\u00e9lever un \u00e9chantillon de tissu [...]\t\t\t\t\t<\/p>\n\t\t\t\t\t                    \n\t\t\t\t\t\n\t\t\t\t\t\n\t\t\t\t\t<\/div><!-- .box-text-inner -->\n\t\t\t\t\t<\/div><!-- .box-text -->\n\t\t\t\t\t\t\t\t\t\t\t\t\t\t\t\t<div class=\"badge absolute top post-date badge-outline\">\n\t\t\t\t\t\t\t<div class=\"badge-inner\">\n\t\t\t\t\t\t\t\t<span class=\"post-date-day\">06<\/span><br>\n\t\t\t\t\t\t\t\t<span class=\"post-date-month is-xsmall\">Oct<\/span>\n\t\t\t\t\t\t\t<\/div>\n\t\t\t\t\t\t<\/div>\n\t\t\t\t\t\t\t\t\t<\/div><!-- .box -->\n\t\t\t\t<\/a><!-- .link -->\n\t\t\t<\/div><!-- .col-inner -->\n\t\t<\/div><!-- .col -->\n\t\t<div class=\"col post-item\" >\n\t\t\t<div class=\"col-inner\">\n\t\t\t<a href=\"https:\/\/sosmedecinmarrakech.com\/es\/cancer-de-la-prostate\/\" class=\"plain\">\n\t\t\t\t<div class=\"box box-text-bottom box-blog-post has-hover\">\n            \t\t\t\t\t<div class=\"box-image\" >\n  \t\t\t\t\t\t<div class=\"image-cover\" style=\"padding-top:180px;\">\n  \t\t\t\t\t\t\t<img loading=\"lazy\" decoding=\"async\" width=\"309\" height=\"203\" src=\"https:\/\/sosmedecinmarrakech.com\/wp-content\/uploads\/2024\/07\/Cancer-de-la-Prostate.jpg\" class=\"attachment-medium size-medium wp-post-image\" alt=\"Cancer de la Prostate\" \/>  \t\t\t\t\t\t\t  \t\t\t\t\t\t\t  \t\t\t\t\t\t<\/div>\n  \t\t\t\t\t\t  \t\t\t\t\t<\/div><!-- .box-image -->\n          \t\t\t\t\t<div class=\"box-text text-center\" >\n\t\t\t\t\t<div class=\"box-text-inner blog-post-inner\">\n\n\t\t\t\t\t\n\t\t\t\t\t\t\t\t\t\t<h5 class=\"post-title is-large \">Cancer de la Prostate : D\u00e9tection Pr\u00e9coce et Soutien de SOS M\u00e9decins \u00e0 Domicile Marrakech<\/h5>\n\t\t\t\t\t\t\t\t\t\t<div class=\"is-divider\"><\/div>\n\t\t\t\t\t\t\t\t\t\t<p class=\"from_the_blog_excerpt \">Le cancer de la prostate est l&rsquo;un des cancers les plus courants chez les hommes, [...]\t\t\t\t\t<\/p>\n\t\t\t\t\t                    \n\t\t\t\t\t\n\t\t\t\t\t\n\t\t\t\t\t<\/div><!-- .box-text-inner -->\n\t\t\t\t\t<\/div><!-- .box-text -->\n\t\t\t\t\t\t\t\t\t\t\t\t\t\t\t\t<div class=\"badge absolute top post-date badge-outline\">\n\t\t\t\t\t\t\t<div class=\"badge-inner\">\n\t\t\t\t\t\t\t\t<span class=\"post-date-day\">28<\/span><br>\n\t\t\t\t\t\t\t\t<span class=\"post-date-month is-xsmall\">Jul<\/span>\n\t\t\t\t\t\t\t<\/div>\n\t\t\t\t\t\t<\/div>\n\t\t\t\t\t\t\t\t\t<\/div><!-- .box -->\n\t\t\t\t<\/a><!-- .link -->\n\t\t\t<\/div><!-- .col-inner -->\n\t\t<\/div><!-- .col -->\n\t\t<div class=\"col post-item\" >\n\t\t\t<div class=\"col-inner\">\n\t\t\t<a href=\"https:\/\/sosmedecinmarrakech.com\/es\/cancer-des-seins\/\" class=\"plain\">\n\t\t\t\t<div class=\"box box-text-bottom box-blog-post has-hover\">\n            \t\t\t\t\t<div class=\"box-image\" >\n  \t\t\t\t\t\t<div class=\"image-cover\" style=\"padding-top:180px;\">\n  \t\t\t\t\t\t\t<img loading=\"lazy\" decoding=\"async\" width=\"574\" height=\"400\" src=\"https:\/\/sosmedecinmarrakech.com\/wp-content\/uploads\/2024\/07\/Cancer-des-seins-574x400.jpg\" class=\"attachment-medium size-medium wp-post-image\" alt=\"Cancer des seins\" srcset=\"https:\/\/sosmedecinmarrakech.com\/wp-content\/uploads\/2024\/07\/Cancer-des-seins-574x400.jpg 574w, https:\/\/sosmedecinmarrakech.com\/wp-content\/uploads\/2024\/07\/Cancer-des-seins.jpg 750w\" sizes=\"auto, (max-width: 574px) 100vw, 574px\" \/>  \t\t\t\t\t\t\t  \t\t\t\t\t\t\t  \t\t\t\t\t\t<\/div>\n  \t\t\t\t\t\t  \t\t\t\t\t<\/div><!-- .box-image -->\n          \t\t\t\t\t<div class=\"box-text text-center\" >\n\t\t\t\t\t<div class=\"box-text-inner blog-post-inner\">\n\n\t\t\t\t\t\n\t\t\t\t\t\t\t\t\t\t<h5 class=\"post-title is-large \">Cancer des seins : Importance de la D\u00e9tection Pr\u00e9coce et R\u00f4le de SOS M\u00e9decins \u00e0 Domicile \u00e0 Marrakech<\/h5>\n\t\t\t\t\t\t\t\t\t\t<div class=\"is-divider\"><\/div>\n\t\t\t\t\t\t\t\t\t\t<p class=\"from_the_blog_excerpt \">Le cancer des seins est une maladie qui touche de nombreuses femmes dans le monde, [...]\t\t\t\t\t<\/p>\n\t\t\t\t\t                    \n\t\t\t\t\t\n\t\t\t\t\t\n\t\t\t\t\t<\/div><!-- .box-text-inner -->\n\t\t\t\t\t<\/div><!-- .box-text -->\n\t\t\t\t\t\t\t\t\t\t\t\t\t\t\t\t<div class=\"badge absolute top post-date badge-outline\">\n\t\t\t\t\t\t\t<div class=\"badge-inner\">\n\t\t\t\t\t\t\t\t<span class=\"post-date-day\">28<\/span><br>\n\t\t\t\t\t\t\t\t<span class=\"post-date-month is-xsmall\">Jul<\/span>\n\t\t\t\t\t\t\t<\/div>\n\t\t\t\t\t\t<\/div>\n\t\t\t\t\t\t\t\t\t<\/div><!-- .box -->\n\t\t\t\t<\/a><!-- .link -->\n\t\t\t<\/div><!-- .col-inner -->\n\t\t<\/div><!-- .col -->\n\t\t<div class=\"col post-item\" >\n\t\t\t<div class=\"col-inner\">\n\t\t\t<a href=\"https:\/\/sosmedecinmarrakech.com\/es\/eczema-atopique\/\" class=\"plain\">\n\t\t\t\t<div class=\"box box-text-bottom box-blog-post has-hover\">\n            \t\t\t\t\t<div class=\"box-image\" >\n  \t\t\t\t\t\t<div class=\"image-cover\" style=\"padding-top:180px;\">\n  \t\t\t\t\t\t\t<img loading=\"lazy\" decoding=\"async\" width=\"595\" height=\"400\" src=\"https:\/\/sosmedecinmarrakech.com\/wp-content\/uploads\/2024\/07\/eczema-atopique-1-595x400.jpg\" class=\"attachment-medium size-medium wp-post-image\" alt=\"ecz\u00e9ma atopique\" srcset=\"https:\/\/sosmedecinmarrakech.com\/wp-content\/uploads\/2024\/07\/eczema-atopique-1-595x400.jpg 595w, https:\/\/sosmedecinmarrakech.com\/wp-content\/uploads\/2024\/07\/eczema-atopique-1.jpg 640w\" sizes=\"auto, (max-width: 595px) 100vw, 595px\" \/>  \t\t\t\t\t\t\t  \t\t\t\t\t\t\t  \t\t\t\t\t\t<\/div>\n  \t\t\t\t\t\t  \t\t\t\t\t<\/div><!-- .box-image -->\n          \t\t\t\t\t<div class=\"box-text text-center\" >\n\t\t\t\t\t<div class=\"box-text-inner blog-post-inner\">\n\n\t\t\t\t\t\n\t\t\t\t\t\t\t\t\t\t<h5 class=\"post-title is-large \">L&rsquo;ecz\u00e9ma atopique : Comment SOS M\u00e9decins Marrakech peut aider<\/h5>\n\t\t\t\t\t\t\t\t\t\t<div class=\"is-divider\"><\/div>\n\t\t\t\t\t\t\t\t\t\t<p class=\"from_the_blog_excerpt \">L&rsquo;ecz\u00e9ma atopique est une maladie chronique de la peau qui provoque des d\u00e9mangeaisons, des rougeurs [...]\t\t\t\t\t<\/p>\n\t\t\t\t\t                    \n\t\t\t\t\t\n\t\t\t\t\t\n\t\t\t\t\t<\/div><!-- .box-text-inner -->\n\t\t\t\t\t<\/div><!-- .box-text -->\n\t\t\t\t\t\t\t\t\t\t\t\t\t\t\t\t<div class=\"badge absolute top post-date badge-outline\">\n\t\t\t\t\t\t\t<div class=\"badge-inner\">\n\t\t\t\t\t\t\t\t<span class=\"post-date-day\">26<\/span><br>\n\t\t\t\t\t\t\t\t<span class=\"post-date-month is-xsmall\">Jul<\/span>\n\t\t\t\t\t\t\t<\/div>\n\t\t\t\t\t\t<\/div>\n\t\t\t\t\t\t\t\t\t<\/div><!-- .box -->\n\t\t\t\t<\/a><!-- .link -->\n\t\t\t<\/div><!-- .col-inner -->\n\t\t<\/div><!-- .col -->\n\t\t<div class=\"col post-item\" >\n\t\t\t<div class=\"col-inner\">\n\t\t\t<a href=\"https:\/\/sosmedecinmarrakech.com\/es\/dommages-aux-tissus\/\" class=\"plain\">\n\t\t\t\t<div class=\"box box-text-bottom box-blog-post has-hover\">\n            \t\t\t\t\t<div class=\"box-image\" >\n  \t\t\t\t\t\t<div class=\"image-cover\" style=\"padding-top:180px;\">\n  \t\t\t\t\t\t\t<img loading=\"lazy\" decoding=\"async\" width=\"600\" height=\"400\" src=\"https:\/\/sosmedecinmarrakech.com\/wp-content\/uploads\/2024\/07\/Dommages-aux-tissus-600x400.jpg\" class=\"attachment-medium size-medium wp-post-image\" alt=\"Dommages aux tissus\" srcset=\"https:\/\/sosmedecinmarrakech.com\/wp-content\/uploads\/2024\/07\/Dommages-aux-tissus-600x400.jpg 600w, https:\/\/sosmedecinmarrakech.com\/wp-content\/uploads\/2024\/07\/Dommages-aux-tissus.jpg 758w\" sizes=\"auto, (max-width: 600px) 100vw, 600px\" \/>  \t\t\t\t\t\t\t  \t\t\t\t\t\t\t  \t\t\t\t\t\t<\/div>\n  \t\t\t\t\t\t  \t\t\t\t\t<\/div><!-- .box-image -->\n          \t\t\t\t\t<div class=\"box-text text-center\" >\n\t\t\t\t\t<div class=\"box-text-inner blog-post-inner\">\n\n\t\t\t\t\t\n\t\t\t\t\t\t\t\t\t\t<h5 class=\"post-title is-large \">Dommages aux tissus : SOS M\u00e9decins Marrakech \u00e0 votre secours<\/h5>\n\t\t\t\t\t\t\t\t\t\t<div class=\"is-divider\"><\/div>\n\t\t\t\t\t\t\t\t\t\t<p class=\"from_the_blog_excerpt \">Les dommages aux tissus peuvent r\u00e9sulter de diverses situations, telles que des blessures sportives, des [...]\t\t\t\t\t<\/p>\n\t\t\t\t\t                    \n\t\t\t\t\t\n\t\t\t\t\t\n\t\t\t\t\t<\/div><!-- .box-text-inner -->\n\t\t\t\t\t<\/div><!-- .box-text -->\n\t\t\t\t\t\t\t\t\t\t\t\t\t\t\t\t<div class=\"badge absolute top post-date badge-outline\">\n\t\t\t\t\t\t\t<div class=\"badge-inner\">\n\t\t\t\t\t\t\t\t<span class=\"post-date-day\">26<\/span><br>\n\t\t\t\t\t\t\t\t<span class=\"post-date-month is-xsmall\">Jul<\/span>\n\t\t\t\t\t\t\t<\/div>\n\t\t\t\t\t\t<\/div>\n\t\t\t\t\t\t\t\t\t<\/div><!-- .box -->\n\t\t\t\t<\/a><!-- .link -->\n\t\t\t<\/div><!-- .col-inner -->\n\t\t<\/div><!-- .col -->\n\t\t<div class=\"col post-item\" >\n\t\t\t<div class=\"col-inner\">\n\t\t\t<a href=\"https:\/\/sosmedecinmarrakech.com\/es\/bacteries-contact-sos-medecins-marrakech\/\" class=\"plain\">\n\t\t\t\t<div class=\"box box-text-bottom box-blog-post has-hover\">\n            \t\t\t\t\t<div class=\"box-image\" >\n  \t\t\t\t\t\t<div class=\"image-cover\" style=\"padding-top:180px;\">\n  \t\t\t\t\t\t\t<img loading=\"lazy\" decoding=\"async\" width=\"606\" height=\"400\" src=\"https:\/\/sosmedecinmarrakech.com\/wp-content\/uploads\/2024\/07\/Bacteries-606x400.png\" class=\"attachment-medium size-medium wp-post-image\" alt=\"Bact\u00e9ries\" srcset=\"https:\/\/sosmedecinmarrakech.com\/wp-content\/uploads\/2024\/07\/Bacteries-606x400.png 606w, https:\/\/sosmedecinmarrakech.com\/wp-content\/uploads\/2024\/07\/Bacteries-768x507.png 768w, https:\/\/sosmedecinmarrakech.com\/wp-content\/uploads\/2024\/07\/Bacteries.png 770w\" sizes=\"auto, (max-width: 606px) 100vw, 606px\" \/>  \t\t\t\t\t\t\t  \t\t\t\t\t\t\t  \t\t\t\t\t\t<\/div>\n  \t\t\t\t\t\t  \t\t\t\t\t<\/div><!-- .box-image -->\n          \t\t\t\t\t<div class=\"box-text text-center\" >\n\t\t\t\t\t<div class=\"box-text-inner blog-post-inner\">\n\n\t\t\t\t\t\n\t\t\t\t\t\t\t\t\t\t<h5 class=\"post-title is-large \">Les Bact\u00e9ries et leur Prise en Charge par SOS M\u00e9DECINS MARRAKECH<\/h5>\n\t\t\t\t\t\t\t\t\t\t<div class=\"is-divider\"><\/div>\n\t\t\t\t\t\t\t\t\t\t<p class=\"from_the_blog_excerpt \">Les bact\u00e9ries, ces micro-organismes unicellulaires, sont omnipr\u00e9sentes dans notre environnement. Elles jouent des r\u00f4les vari\u00e9s, [...]\t\t\t\t\t<\/p>\n\t\t\t\t\t                    \n\t\t\t\t\t\n\t\t\t\t\t\n\t\t\t\t\t<\/div><!-- .box-text-inner -->\n\t\t\t\t\t<\/div><!-- .box-text -->\n\t\t\t\t\t\t\t\t\t\t\t\t\t\t\t\t<div class=\"badge absolute top post-date badge-outline\">\n\t\t\t\t\t\t\t<div class=\"badge-inner\">\n\t\t\t\t\t\t\t\t<span class=\"post-date-day\">26<\/span><br>\n\t\t\t\t\t\t\t\t<span class=\"post-date-month is-xsmall\">Jul<\/span>\n\t\t\t\t\t\t\t<\/div>\n\t\t\t\t\t\t<\/div>\n\t\t\t\t\t\t\t\t\t<\/div><!-- .box -->\n\t\t\t\t<\/a><!-- .link -->\n\t\t\t<\/div><!-- .col-inner -->\n\t\t<\/div><!-- .col -->\n<\/div>\n","protected":false},"excerpt":{"rendered":"","protected":false},"author":1,"featured_media":27,"parent":112,"menu_order":8,"comment_status":"closed","ping_status":"closed","template":"page-blank.php","meta":{"footnotes":""},"yst_prominent_words":[247,248,240,234,243,250,223,245,221,232,236,230,252,238,242,254,225,229,255,227],"class_list":["post-110","page","type-page","status-publish","has-post-thumbnail","hentry"],"_links":{"self":[{"href":"https:\/\/sosmedecinmarrakech.com\/es\/wp-json\/wp\/v2\/pages\/110","targetHints":{"allow":["GET"]}}],"collection":[{"href":"https:\/\/sosmedecinmarrakech.com\/es\/wp-json\/wp\/v2\/pages"}],"about":[{"href":"https:\/\/sosmedecinmarrakech.com\/es\/wp-json\/wp\/v2\/types\/page"}],"author":[{"embeddable":true,"href":"https:\/\/sosmedecinmarrakech.com\/es\/wp-json\/wp\/v2\/users\/1"}],"replies":[{"embeddable":true,"href":"https:\/\/sosmedecinmarrakech.com\/es\/wp-json\/wp\/v2\/comments?post=110"}],"version-history":[{"count":1,"href":"https:\/\/sosmedecinmarrakech.com\/es\/wp-json\/wp\/v2\/pages\/110\/revisions"}],"predecessor-version":[{"id":171,"href":"https:\/\/sosmedecinmarrakech.com\/es\/wp-json\/wp\/v2\/pages\/110\/revisions\/171"}],"up":[{"embeddable":true,"href":"https:\/\/sosmedecinmarrakech.com\/es\/wp-json\/wp\/v2\/pages\/112"}],"wp:featuredmedia":[{"embeddable":true,"href":"https:\/\/sosmedecinmarrakech.com\/es\/wp-json\/wp\/v2\/media\/27"}],"wp:attachment":[{"href":"https:\/\/sosmedecinmarrakech.com\/es\/wp-json\/wp\/v2\/media?parent=110"}],"wp:term":[{"taxonomy":"yst_prominent_words","embeddable":true,"href":"https:\/\/sosmedecinmarrakech.com\/es\/wp-json\/wp\/v2\/yst_prominent_words?post=110"}],"curies":[{"name":"wp","href":"https:\/\/api.w.org\/{rel}","templated":true}]}}