{"id":54,"date":"2016-04-04T10:53:41","date_gmt":"2016-04-04T10:53:41","guid":{"rendered":"http:\/\/flatsome.dev\/?page_id=7037"},"modified":"2025-05-13T09:02:25","modified_gmt":"2025-05-13T09:02:25","slug":"sos-arzt-marrakesch","status":"publish","type":"page","link":"https:\/\/sosmedecinmarrakech.com\/de\/","title":{"rendered":"SOS-Arzt Marrakesch"},"content":{"rendered":"<div class=\"slider-wrapper relative \" id=\"slider-1494319981\" >\n    <div class=\"slider slider-nav-circle slider-nav-large slider-nav-light slider-style-normal\"\n        data-flickity-options='{\n            \"cellAlign\": \"center\",\n            \"imagesLoaded\": true,\n            \"lazyLoad\": 1,\n            \"freeScroll\": false,\n            \"wrapAround\": true,\n            \"autoPlay\": 6000,\n            \"pauseAutoPlayOnHover\" : true,\n            \"prevNextButtons\": true,\n            \"contain\" : true,\n            \"adaptiveHeight\" : true,\n            \"dragThreshold\" : 5,\n            \"percentPosition\": true,\n            \"pageDots\": false,\n            \"rightToLeft\": false,\n            \"draggable\": true,\n            \"selectedAttraction\": 0.1,\n            \"parallax\" : 0,\n            \"friction\": 0.6        }'\n        >\n        \n\t<div class=\"img has-hover x md-x lg-x y md-y lg-y\" id=\"image_1142845355\">\n\t\t\t\t\t\t\t\t<div class=\"img-inner dark\" >\n\t\t\t<img loading=\"lazy\" decoding=\"async\" width=\"1020\" height=\"393\" src=\"https:\/\/sosmedecinmarrakech.com\/wp-content\/uploads\/2020\/07\/marrakech-avion.jpg\" class=\"attachment-large size-large\" alt=\"avion sos medecin marrakech\" srcset=\"https:\/\/sosmedecinmarrakech.com\/wp-content\/uploads\/2020\/07\/marrakech-avion.jpg 1152w, https:\/\/sosmedecinmarrakech.com\/wp-content\/uploads\/2020\/07\/marrakech-avion-800x308.jpg 800w, https:\/\/sosmedecinmarrakech.com\/wp-content\/uploads\/2020\/07\/marrakech-avion-768x296.jpg 768w\" sizes=\"auto, (max-width: 1020px) 100vw, 1020px\" \/>\t\t\t\t\t\t\n\t\t\t\t\t<\/div>\n\t\t\t\t\t\t\t\t\n<style scope=\"scope\">\n\n#image_1142845355 {\n  width: 100%;\n}\n<\/style>\n\t<\/div>\n\t\n\t<div class=\"img has-hover x md-x lg-x y md-y lg-y\" id=\"image_1607298966\">\n\t\t\t\t\t\t\t\t<div class=\"img-inner dark\" >\n\t\t\t<img loading=\"lazy\" decoding=\"async\" width=\"1020\" height=\"393\" src=\"https:\/\/sosmedecinmarrakech.com\/wp-content\/uploads\/2020\/07\/voiture-medecin-marrakech.jpg\" class=\"attachment-large size-large\" alt=\"\" srcset=\"https:\/\/sosmedecinmarrakech.com\/wp-content\/uploads\/2020\/07\/voiture-medecin-marrakech.jpg 1152w, https:\/\/sosmedecinmarrakech.com\/wp-content\/uploads\/2020\/07\/voiture-medecin-marrakech-800x308.jpg 800w, https:\/\/sosmedecinmarrakech.com\/wp-content\/uploads\/2020\/07\/voiture-medecin-marrakech-768x296.jpg 768w\" sizes=\"auto, (max-width: 1020px) 100vw, 1020px\" \/>\t\t\t\t\t\t\n\t\t\t\t\t<\/div>\n\t\t\t\t\t\t\t\t\n<style scope=\"scope\">\n\n#image_1607298966 {\n  width: 100%;\n}\n<\/style>\n\t<\/div>\n\t\n\t<div class=\"img has-hover x md-x lg-x y md-y lg-y\" id=\"image_825082900\">\n\t\t\t\t\t\t\t\t<div class=\"img-inner dark\" >\n\t\t\t<img loading=\"lazy\" decoding=\"async\" width=\"1020\" height=\"393\" src=\"https:\/\/sosmedecinmarrakech.com\/wp-content\/uploads\/2020\/07\/ambulance-marrakeck.jpg\" class=\"attachment-large size-large\" alt=\"Ambulance sos medecin marrakech\" srcset=\"https:\/\/sosmedecinmarrakech.com\/wp-content\/uploads\/2020\/07\/ambulance-marrakeck.jpg 1152w, https:\/\/sosmedecinmarrakech.com\/wp-content\/uploads\/2020\/07\/ambulance-marrakeck-800x308.jpg 800w, https:\/\/sosmedecinmarrakech.com\/wp-content\/uploads\/2020\/07\/ambulance-marrakeck-768x296.jpg 768w\" sizes=\"auto, (max-width: 1020px) 100vw, 1020px\" \/>\t\t\t\t\t\t\n\t\t\t\t\t<\/div>\n\t\t\t\t\t\t\t\t\n<style scope=\"scope\">\n\n#image_825082900 {\n  width: 100%;\n}\n<\/style>\n\t<\/div>\n\t\n     <\/div>\n\n     <div class=\"loading-spin dark large centered\"><\/div>\n\n     <style scope=\"scope\">\n             <\/style>\n<\/div><!-- .ux-slider-wrapper -->\n\n\n<p style=\"text-align: center;\"><span style=\"color: #3695eb; font-size: 160%;\"><strong>SOS MEDECIN MARRAKECH<br \/>\nUn service m\u00e9dical permanent 24h\/24 et 7j\/7<br \/>\nJoignable au 06 06 320 320<\/strong><\/span><\/p>\n<h1 style=\"text-align: center;\"><span style=\"color: #ed1c24;\"><b>\u00a0Votre sant\u00e9 , notre premi\u00e8re priorit\u00e9 .<\/b><\/span><\/h1>\n<div class=\"row\"  id=\"row-1708540965\">\n<div class=\"col medium-6 small-12 large-6\"  ><div class=\"col-inner\"  >\n\t<div class=\"img has-hover x md-x lg-x y md-y lg-y\" id=\"image_20232490\">\n\t\t\t\t\t\t\t\t<div class=\"img-inner dark\" >\n\t\t\t<img loading=\"lazy\" decoding=\"async\" width=\"300\" height=\"300\" src=\"https:\/\/sosmedecinmarrakech.com\/wp-content\/uploads\/2020\/12\/aaa-300x300-1.png\" class=\"attachment-large size-large\" alt=\"SOS MEDECIN MARRAKECH\" srcset=\"https:\/\/sosmedecinmarrakech.com\/wp-content\/uploads\/2020\/12\/aaa-300x300-1.png 300w, https:\/\/sosmedecinmarrakech.com\/wp-content\/uploads\/2020\/12\/aaa-300x300-1-280x280.png 280w\" sizes=\"auto, (max-width: 300px) 100vw, 300px\" \/>\t\t\t\t\t\t\n\t\t\t\t\t<\/div>\n\t\t\t\t\t\t\t\t\n<style scope=\"scope\">\n\n#image_20232490 {\n  width: 54%;\n}\n<\/style>\n\t<\/div>\n\t\n<\/div><\/div>\n<div class=\"col medium-6 small-12 large-6\"  ><div class=\"col-inner\"  >\n<h1 style=\"color: #3695eb;\">A propos de nous :<\/h1>\n<p style=\"text-align: justify;\" data-fontsize=\"26\" data-lineheight=\"39\"><strong>SOS medecins Marrakech se tient en permanence \u00e0 votre disposition 24h\/24 et 7j\/7. Notre \u00e9quipe m\u00e9dicale et param\u00e9dicale s&rsquo;engage \u00e0 vous fournir un bilan complet sur votre \u00e9tat de sant\u00e9 et \u00e0 vous accompagner dans les choix \u00e0 effectuer li\u00e9s \u00e0 ce dernier .Que vous ayez besoin d&rsquo;une <a href=\"https:\/\/www.samumaroc.com\/\">consultation medecin \u00e0 domicile<\/a> , d&rsquo;une t\u00e9l\u00e9consultation ou d&rsquo;une contre-visite, nous vous assurons des services de soins\u00a0 et d&rsquo;assistance m\u00e9dicale adapt\u00e9s \u00e0 vos besoins .<\/strong><\/p>\n<div style=\"height: 0px;width: 0px;overflow:hidden;\">\n<p>M\u00e5nga m\u00e4n b\u00f6rjar lida av erektil dysfunktion efter 30 \u00e5rs \u00e5lder, och de flesta av dem f\u00f6redrar att behandla problemet med piller. Ta reda p\u00e5 mer om det mest popul\u00e4ra l\u00e4kemedlet f\u00f6r behandling av erektil dysfunktion: Cialis. I v\u00e5rt onlineapotek kan du <a href=\"https:\/\/husbilsresorochaventyr.se\/kop-cialis-tadalafil-online-receptfritt\/\">k\u00f6pa Cialis online<\/a> receptfritt till b\u00e4sta pris.<\/p>\n<\/div>\n<\/div><\/div>\n<\/div>\n<p style=\"text-align: center;\"><span style=\"font-size: 180%; color: #00aae7;\"><b>prestations de SOS m\u00e9decins marrakech:<\/b><\/span><\/p>\n<div class=\"row\"  id=\"row-1656305434\">\n<div class=\"col medium-6 small-12 large-6\"  ><div class=\"col-inner\"  >\n<blockquote><p>T\u00e9l\u00e9-consultation.<\/p><\/blockquote>\n<blockquote><p>Consultation m\u00e9dicale \u00e0 domicile.<\/p><\/blockquote>\n<blockquote><p>Traitement d&rsquo;urgence.<\/p><\/blockquote>\n<blockquote><p>M\u00e9decin\u00a0sp\u00e9cialiste \u00e0 domicile ( psychiatre,\u00a0cardiologue&#8230;).<\/p><\/blockquote>\n<blockquote><p>Docteur g\u00e9n\u00e9raliste et m\u00e9decin\u00a0 sp\u00e9cialiste de garde.<\/p><\/blockquote>\n<blockquote><p>Docteur g\u00e9n\u00e9raliste et m\u00e9decin de jour.<\/p><\/blockquote>\n<\/div><\/div>\n<div class=\"col medium-6 small-12 large-6\"  ><div class=\"col-inner\"  >\n<blockquote><p>Sos m\u00e9decin marrakesh.<\/p><\/blockquote>\n<blockquote><p>Hospitalisation \u00e0 domicile marrakesh.<\/p><\/blockquote>\n<blockquote><p>Vaccination \u00e0 domicile marrakesh.<\/p><\/blockquote>\n<blockquote><p>M\u00e9decin \u00e0 domicile marrakesh.<\/p><\/blockquote>\n<blockquote><p>Contre-Visite marrakesh.<\/p><\/blockquote>\n<blockquote><p>Bilan Biologique marrakesh.<\/p><\/blockquote>\n<\/div><\/div>\n<\/div>\n<div class=\"row\"  id=\"row-505119090\">\n<div class=\"col medium-6 small-12 large-6\"  ><div class=\"col-inner\"  >\n<h3><span style=\"color: #00aae7;\">MEDECINS A domicile marrakesh<br \/>\n<\/span><\/h3>\n<ul>\n<li style=\"text-align: justify;\"><strong>L&rsquo;\u00e9quipe M\u00e9dicale et param\u00e9dicale de <a href=\"https:\/\/sosmedecinmarrakech.com\/sos-medecin-a-domicile-gueliz\/\">SOS M\u00e9decins Marrakech<\/a> est compos\u00e9e de m\u00e9decins urgentistes, g\u00e9n\u00e9ralistes et sp\u00e9cialistes conventionn\u00e9s et comp\u00e9tents, accompagn\u00e9s d&rsquo;une \u00e9quipe soignante qualifi\u00e9es et exp\u00e9riment\u00e9e<\/strong><\/li>\n<\/ul>\n<\/div><\/div>\n<div class=\"col medium-6 small-12 large-6\"  ><div class=\"col-inner\"  >\n\t<div class=\"img has-hover x md-x lg-x y md-y lg-y\" id=\"image_1102245335\">\n\t\t\t\t\t\t\t\t<div class=\"img-inner dark\" >\n\t\t\t<img loading=\"lazy\" decoding=\"async\" width=\"1020\" height=\"517\" src=\"https:\/\/sosmedecinmarrakech.com\/wp-content\/uploads\/2015\/11\/s_doctors.png\" class=\"attachment-large size-large\" alt=\"\" srcset=\"https:\/\/sosmedecinmarrakech.com\/wp-content\/uploads\/2015\/11\/s_doctors.png 1080w, https:\/\/sosmedecinmarrakech.com\/wp-content\/uploads\/2015\/11\/s_doctors-790x400.png 790w, https:\/\/sosmedecinmarrakech.com\/wp-content\/uploads\/2015\/11\/s_doctors-768x389.png 768w, https:\/\/sosmedecinmarrakech.com\/wp-content\/uploads\/2015\/11\/s_doctors-600x304.png 600w\" sizes=\"auto, (max-width: 1020px) 100vw, 1020px\" \/>\t\t\t\t\t\t\n\t\t\t\t\t<\/div>\n\t\t\t\t\t\t\t\t\n<style scope=\"scope\">\n\n#image_1102245335 {\n  width: 100%;\n}\n<\/style>\n\t<\/div>\n\t\n<\/div><\/div>\n<\/div>\n<div class=\"row\"  id=\"row-1940111521\">\n<div class=\"col small-12 large-12\"  ><div class=\"col-inner\"  >\n<h1 style=\"text-align: center;\" data-fontsize=\"26\" data-lineheight=\"39\"><span style=\"color: #00aae7;\"><strong>SOS MEDECIN MARRAKECH et environs\u00a0<\/strong><\/span><\/h1>\n<p style=\"text-align: justify;\" data-fontsize=\"26\" data-lineheight=\"39\"><strong>SOS m\u00e9decins est\u00a0 constamment \u00e0 votre service , intervenant\u00a0 sur toute la ville\u00a0 de Marrakech et ses environs. .D\u00e8s\u00a0la\u00a0r\u00e9ception de votre appel, une \u00e9quipe\u00a0m\u00e9dicale est\u00a0mobilis\u00e9e jusqu&rsquo;\u00e0\u00a0 vous, dans les plus bref\u00a0d\u00e9lais et\u00a0ceci peu importe votre zone\u00a0g\u00e9ographique.<\/strong><\/p>\n<\/div><\/div>\n<\/div>\n<h1 style=\"text-align: center;\"><span style=\"font-size: 120%; color: #00aae7;\"><b>Nos engagements :<\/b><\/span><\/h1>\n<div class=\"gap-element\" style=\"display:block; height:auto; padding-top:30px\" class=\"clearfix\"><\/div>\n<div class=\"row\"  id=\"row-155800756\">\n<div class=\"col medium-6 small-12 large-6\"  ><div class=\"col-inner\"  >\n<ul>\n<li><span style=\"font-size: 120%;\"><strong>Professionnalisme.<\/strong><\/span><\/li>\n<li><span style=\"font-size: 120%;\"><strong>R\u00e9activit\u00e9.<\/strong><\/span><\/li>\n<li><span style=\"font-size: 120%;\"><strong>Proximit\u00e9.<\/strong><\/span><\/li>\n<\/ul>\n<\/div><\/div>\n<div class=\"col medium-6 small-12 large-6\"  ><div class=\"col-inner\"  >\n<ul>\n<li><strong><span style=\"font-size: 120%;\">S\u00e9curit\u00e9.\u00a0<\/span><\/strong><\/li>\n<li><strong><span style=\"font-size: 120%;\">Respect et Humanit\u00e9.<\/span><\/strong><\/li>\n<li><strong><span style=\"font-size: 120%;\">Assistance personnalis\u00e9e.<\/span><\/strong><\/li>\n<\/ul>\n<\/div><\/div>\n<\/div>\n<div class=\"container section-title-container\" style=\"margin-top:25px;\"><h3 class=\"section-title section-title-center\"><b><\/b><span class=\"section-title-main\" >Actualit\u00e9s<\/span><b><\/b><\/h3><\/div><!-- .section-title -->\n\n  \n    <div class=\"row large-columns-3 medium-columns-1 small-columns-1 slider row-slider slider-nav-reveal slider-nav-push\"  data-flickity-options='{\"imagesLoaded\": true, \"groupCells\": \"100%\", \"dragThreshold\" : 5, \"cellAlign\": \"left\",\"wrapAround\": true,\"prevNextButtons\": true,\"percentPosition\": true,\"pageDots\": false, \"rightToLeft\": false, \"autoPlay\" : false}'>\n\n  \t\t<div class=\"col post-item\" >\n\t\t\t<div class=\"col-inner\">\n\t\t\t<a href=\"https:\/\/sosmedecinmarrakech.com\/de\/infections-virales-comprendre-et-agir\/\" class=\"plain\">\n\t\t\t\t<div class=\"box box-normal box-text-bottom box-blog-post has-hover\">\n            \t\t\t\t\t<div class=\"box-image\" >\n  \t\t\t\t\t\t<div class=\"image-cover\" style=\"padding-top:56.25%;\">\n  \t\t\t\t\t\t\t<img loading=\"lazy\" decoding=\"async\" width=\"600\" height=\"400\" src=\"https:\/\/sosmedecinmarrakech.com\/wp-content\/uploads\/2024\/10\/Infections-Virales.jpg\" class=\"attachment-medium size-medium wp-post-image\" alt=\"Infections Virales\" \/>  \t\t\t\t\t\t\t  \t\t\t\t\t\t\t  \t\t\t\t\t\t<\/div>\n  \t\t\t\t\t\t  \t\t\t\t\t<\/div><!-- .box-image -->\n          \t\t\t\t\t<div class=\"box-text text-center\" >\n\t\t\t\t\t<div class=\"box-text-inner blog-post-inner\">\n\n\t\t\t\t\t\n\t\t\t\t\t\t\t\t\t\t<h5 class=\"post-title is-large \">Infections Virales : Comprendre et Agir<\/h5>\n\t\t\t\t\t\t\t\t\t\t<div class=\"is-divider\"><\/div>\n\t\t\t\t\t\t\t\t\t\t<p class=\"from_the_blog_excerpt \">Les infections virales sont des maladies caus\u00e9es par des virus, agents pathog\u00e8nes microscopiques qui se [...]\t\t\t\t\t<\/p>\n\t\t\t\t\t                    \n\t\t\t\t\t\n\t\t\t\t\t\n\t\t\t\t\t<\/div><!-- .box-text-inner -->\n\t\t\t\t\t<\/div><!-- .box-text -->\n\t\t\t\t\t\t\t\t\t\t\t\t\t\t\t\t<div class=\"badge absolute top post-date badge-outline\">\n\t\t\t\t\t\t\t<div class=\"badge-inner\">\n\t\t\t\t\t\t\t\t<span class=\"post-date-day\">07<\/span><br>\n\t\t\t\t\t\t\t\t<span class=\"post-date-month is-xsmall\">Okt.<\/span>\n\t\t\t\t\t\t\t<\/div>\n\t\t\t\t\t\t<\/div>\n\t\t\t\t\t\t\t\t\t<\/div><!-- .box -->\n\t\t\t\t<\/a><!-- .link -->\n\t\t\t<\/div><!-- .col-inner -->\n\t\t<\/div><!-- .col -->\n\t\t<div class=\"col post-item\" >\n\t\t\t<div class=\"col-inner\">\n\t\t\t<a href=\"https:\/\/sosmedecinmarrakech.com\/de\/bronchite\/\" class=\"plain\">\n\t\t\t\t<div class=\"box box-normal box-text-bottom box-blog-post has-hover\">\n            \t\t\t\t\t<div class=\"box-image\" >\n  \t\t\t\t\t\t<div class=\"image-cover\" style=\"padding-top:56.25%;\">\n  \t\t\t\t\t\t\t<img loading=\"lazy\" decoding=\"async\" width=\"704\" height=\"396\" src=\"https:\/\/sosmedecinmarrakech.com\/wp-content\/uploads\/2024\/10\/Bronchite.webp\" class=\"attachment-medium size-medium wp-post-image\" alt=\"Bronchite\" \/>  \t\t\t\t\t\t\t  \t\t\t\t\t\t\t  \t\t\t\t\t\t<\/div>\n  \t\t\t\t\t\t  \t\t\t\t\t<\/div><!-- .box-image -->\n          \t\t\t\t\t<div class=\"box-text text-center\" >\n\t\t\t\t\t<div class=\"box-text-inner blog-post-inner\">\n\n\t\t\t\t\t\n\t\t\t\t\t\t\t\t\t\t<h5 class=\"post-title is-large \">Comprendre la Bronchite : Sympt\u00f4mes et Solutions<\/h5>\n\t\t\t\t\t\t\t\t\t\t<div class=\"is-divider\"><\/div>\n\t\t\t\t\t\t\t\t\t\t<p class=\"from_the_blog_excerpt \">La bronchite est une inflammation des bronches qui peut provoquer une toux persistante, des douleurs [...]\t\t\t\t\t<\/p>\n\t\t\t\t\t                    \n\t\t\t\t\t\n\t\t\t\t\t\n\t\t\t\t\t<\/div><!-- .box-text-inner -->\n\t\t\t\t\t<\/div><!-- .box-text -->\n\t\t\t\t\t\t\t\t\t\t\t\t\t\t\t\t<div class=\"badge absolute top post-date badge-outline\">\n\t\t\t\t\t\t\t<div class=\"badge-inner\">\n\t\t\t\t\t\t\t\t<span class=\"post-date-day\">07<\/span><br>\n\t\t\t\t\t\t\t\t<span class=\"post-date-month is-xsmall\">Okt.<\/span>\n\t\t\t\t\t\t\t<\/div>\n\t\t\t\t\t\t<\/div>\n\t\t\t\t\t\t\t\t\t<\/div><!-- .box -->\n\t\t\t\t<\/a><!-- .link -->\n\t\t\t<\/div><!-- .col-inner -->\n\t\t<\/div><!-- .col -->\n\t\t<div class=\"col post-item\" >\n\t\t\t<div class=\"col-inner\">\n\t\t\t<a href=\"https:\/\/sosmedecinmarrakech.com\/de\/grippe-et-son-association-avec-un-nombre-plus-eleve-dinfarctus-du-myocarde\/\" class=\"plain\">\n\t\t\t\t<div class=\"box box-normal box-text-bottom box-blog-post has-hover\">\n            \t\t\t\t\t<div class=\"box-image\" >\n  \t\t\t\t\t\t<div class=\"image-cover\" style=\"padding-top:56.25%;\">\n  \t\t\t\t\t\t\t<img loading=\"lazy\" decoding=\"async\" width=\"288\" height=\"175\" src=\"https:\/\/sosmedecinmarrakech.com\/wp-content\/uploads\/2024\/10\/grippe.jpg\" class=\"attachment-medium size-medium wp-post-image\" alt=\"Grippe\" \/>  \t\t\t\t\t\t\t  \t\t\t\t\t\t\t  \t\t\t\t\t\t<\/div>\n  \t\t\t\t\t\t  \t\t\t\t\t<\/div><!-- .box-image -->\n          \t\t\t\t\t<div class=\"box-text text-center\" >\n\t\t\t\t\t<div class=\"box-text-inner blog-post-inner\">\n\n\t\t\t\t\t\n\t\t\t\t\t\t\t\t\t\t<h5 class=\"post-title is-large \">La Grippe et Son Association avec un Nombre Plus \u00c9lev\u00e9 d\u2019Infarctus du Myocarde<\/h5>\n\t\t\t\t\t\t\t\t\t\t<div class=\"is-divider\"><\/div>\n\t\t\t\t\t\t\t\t\t\t<p class=\"from_the_blog_excerpt \">La grippe, une infection virale saisonni\u00e8re, est souvent consid\u00e9r\u00e9e comme une simple maladie respiratoire. Cependant, [...]\t\t\t\t\t<\/p>\n\t\t\t\t\t                    \n\t\t\t\t\t\n\t\t\t\t\t\n\t\t\t\t\t<\/div><!-- .box-text-inner -->\n\t\t\t\t\t<\/div><!-- .box-text -->\n\t\t\t\t\t\t\t\t\t\t\t\t\t\t\t\t<div class=\"badge absolute top post-date badge-outline\">\n\t\t\t\t\t\t\t<div class=\"badge-inner\">\n\t\t\t\t\t\t\t\t<span class=\"post-date-day\">06<\/span><br>\n\t\t\t\t\t\t\t\t<span class=\"post-date-month is-xsmall\">Okt.<\/span>\n\t\t\t\t\t\t\t<\/div>\n\t\t\t\t\t\t<\/div>\n\t\t\t\t\t\t\t\t\t<\/div><!-- .box -->\n\t\t\t\t<\/a><!-- .link -->\n\t\t\t<\/div><!-- .col-inner -->\n\t\t<\/div><!-- .col -->\n\t\t<div class=\"col post-item\" >\n\t\t\t<div class=\"col-inner\">\n\t\t\t<a href=\"https:\/\/sosmedecinmarrakech.com\/de\/imjudo-nouveau-medicament-hospitalier-dans-le-traitement-des-cancers-du-foie-et-du-poumon\/\" class=\"plain\">\n\t\t\t\t<div class=\"box box-normal box-text-bottom box-blog-post has-hover\">\n            \t\t\t\t\t<div class=\"box-image\" >\n  \t\t\t\t\t\t<div class=\"image-cover\" style=\"padding-top:56.25%;\">\n  \t\t\t\t\t\t\t<img loading=\"lazy\" decoding=\"async\" width=\"300\" height=\"168\" src=\"https:\/\/sosmedecinmarrakech.com\/wp-content\/uploads\/2024\/10\/IMJUDO-2.jpg\" class=\"attachment-medium size-medium wp-post-image\" alt=\"IMJUDO\" \/>  \t\t\t\t\t\t\t  \t\t\t\t\t\t\t  \t\t\t\t\t\t<\/div>\n  \t\t\t\t\t\t  \t\t\t\t\t<\/div><!-- .box-image -->\n          \t\t\t\t\t<div class=\"box-text text-center\" >\n\t\t\t\t\t<div class=\"box-text-inner blog-post-inner\">\n\n\t\t\t\t\t\n\t\t\t\t\t\t\t\t\t\t<h5 class=\"post-title is-large \">IMJUDO : Nouveau M\u00e9dicament Hospitalier dans le Traitement des Cancers du Foie et du Poumon<\/h5>\n\t\t\t\t\t\t\t\t\t\t<div class=\"is-divider\"><\/div>\n\t\t\t\t\t\t\t\t\t\t<p class=\"from_the_blog_excerpt \">IMJUDO, un m\u00e9dicament r\u00e9cemment introduit dans le cadre des traitements hospitaliers, suscite un grand int\u00e9r\u00eat [...]\t\t\t\t\t<\/p>\n\t\t\t\t\t                    \n\t\t\t\t\t\n\t\t\t\t\t\n\t\t\t\t\t<\/div><!-- .box-text-inner -->\n\t\t\t\t\t<\/div><!-- .box-text -->\n\t\t\t\t\t\t\t\t\t\t\t\t\t\t\t\t<div class=\"badge absolute top post-date badge-outline\">\n\t\t\t\t\t\t\t<div class=\"badge-inner\">\n\t\t\t\t\t\t\t\t<span class=\"post-date-day\">06<\/span><br>\n\t\t\t\t\t\t\t\t<span class=\"post-date-month is-xsmall\">Okt.<\/span>\n\t\t\t\t\t\t\t<\/div>\n\t\t\t\t\t\t<\/div>\n\t\t\t\t\t\t\t\t\t<\/div><!-- .box -->\n\t\t\t\t<\/a><!-- .link -->\n\t\t\t<\/div><!-- .col-inner -->\n\t\t<\/div><!-- .col -->\n\t\t<div class=\"col post-item\" >\n\t\t\t<div class=\"col-inner\">\n\t\t\t<a href=\"https:\/\/sosmedecinmarrakech.com\/de\/tension-des-formes-injectables\/\" class=\"plain\">\n\t\t\t\t<div class=\"box box-normal box-text-bottom box-blog-post has-hover\">\n            \t\t\t\t\t<div class=\"box-image\" >\n  \t\t\t\t\t\t<div class=\"image-cover\" style=\"padding-top:56.25%;\">\n  \t\t\t\t\t\t\t<img loading=\"lazy\" decoding=\"async\" width=\"628\" height=\"400\" src=\"https:\/\/sosmedecinmarrakech.com\/wp-content\/uploads\/2024\/10\/Tension-des-Formes-Injectables-628x400.webp\" class=\"attachment-medium size-medium wp-post-image\" alt=\"Tension des Formes Injectables\" srcset=\"https:\/\/sosmedecinmarrakech.com\/wp-content\/uploads\/2024\/10\/Tension-des-Formes-Injectables-628x400.webp 628w, https:\/\/sosmedecinmarrakech.com\/wp-content\/uploads\/2024\/10\/Tension-des-Formes-Injectables-1256x800.webp 1256w, https:\/\/sosmedecinmarrakech.com\/wp-content\/uploads\/2024\/10\/Tension-des-Formes-Injectables-768x489.webp 768w, https:\/\/sosmedecinmarrakech.com\/wp-content\/uploads\/2024\/10\/Tension-des-Formes-Injectables.webp 1444w\" sizes=\"auto, (max-width: 628px) 100vw, 628px\" \/>  \t\t\t\t\t\t\t  \t\t\t\t\t\t\t  \t\t\t\t\t\t<\/div>\n  \t\t\t\t\t\t  \t\t\t\t\t<\/div><!-- .box-image -->\n          \t\t\t\t\t<div class=\"box-text text-center\" >\n\t\t\t\t\t<div class=\"box-text-inner blog-post-inner\">\n\n\t\t\t\t\t\n\t\t\t\t\t\t\t\t\t\t<h5 class=\"post-title is-large \">Tension des Formes Injectables\/Buvables de Vitamine B12 : Passer au Comprim\u00e9 quand la Voie Orale est Possible<\/h5>\n\t\t\t\t\t\t\t\t\t\t<div class=\"is-divider\"><\/div>\n\t\t\t\t\t\t\t\t\t\t<p class=\"from_the_blog_excerpt \">La vitamine B12 est essentielle pour la sant\u00e9 neurologique la Tension des Formes Injectables et [...]\t\t\t\t\t<\/p>\n\t\t\t\t\t                    \n\t\t\t\t\t\n\t\t\t\t\t\n\t\t\t\t\t<\/div><!-- .box-text-inner -->\n\t\t\t\t\t<\/div><!-- .box-text -->\n\t\t\t\t\t\t\t\t\t\t\t\t\t\t\t\t<div class=\"badge absolute top post-date badge-outline\">\n\t\t\t\t\t\t\t<div class=\"badge-inner\">\n\t\t\t\t\t\t\t\t<span class=\"post-date-day\">06<\/span><br>\n\t\t\t\t\t\t\t\t<span class=\"post-date-month is-xsmall\">Okt.<\/span>\n\t\t\t\t\t\t\t<\/div>\n\t\t\t\t\t\t<\/div>\n\t\t\t\t\t\t\t\t\t<\/div><!-- .box -->\n\t\t\t\t<\/a><!-- .link -->\n\t\t\t<\/div><!-- .col-inner -->\n\t\t<\/div><!-- .col -->\n\t\t<div class=\"col post-item\" >\n\t\t\t<div class=\"col-inner\">\n\t\t\t<a href=\"https:\/\/sosmedecinmarrakech.com\/de\/infections-a-vrs\/\" class=\"plain\">\n\t\t\t\t<div class=\"box box-normal box-text-bottom box-blog-post has-hover\">\n            \t\t\t\t\t<div class=\"box-image\" >\n  \t\t\t\t\t\t<div class=\"image-cover\" style=\"padding-top:56.25%;\">\n  \t\t\t\t\t\t\t<img loading=\"lazy\" decoding=\"async\" width=\"711\" height=\"400\" src=\"https:\/\/sosmedecinmarrakech.com\/wp-content\/uploads\/2024\/10\/Infections-a-VRS-711x400.jpg\" class=\"attachment-medium size-medium wp-post-image\" alt=\"Infections \u00e0 VRS\" srcset=\"https:\/\/sosmedecinmarrakech.com\/wp-content\/uploads\/2024\/10\/Infections-a-VRS-711x400.jpg 711w, https:\/\/sosmedecinmarrakech.com\/wp-content\/uploads\/2024\/10\/Infections-a-VRS-768x432.jpg 768w, https:\/\/sosmedecinmarrakech.com\/wp-content\/uploads\/2024\/10\/Infections-a-VRS.jpg 771w\" sizes=\"auto, (max-width: 711px) 100vw, 711px\" \/>  \t\t\t\t\t\t\t  \t\t\t\t\t\t\t  \t\t\t\t\t\t<\/div>\n  \t\t\t\t\t\t  \t\t\t\t\t<\/div><!-- .box-image -->\n          \t\t\t\t\t<div class=\"box-text text-center\" >\n\t\t\t\t\t<div class=\"box-text-inner blog-post-inner\">\n\n\t\t\t\t\t\n\t\t\t\t\t\t\t\t\t\t<h5 class=\"post-title is-large \">Pr\u00e9vention des Infections \u00e0 VRS chez les Personnes \u00c2g\u00e9es : Faut-il Vacciner ?<\/h5>\n\t\t\t\t\t\t\t\t\t\t<div class=\"is-divider\"><\/div>\n\t\t\t\t\t\t\t\t\t\t<p class=\"from_the_blog_excerpt \">Les Infections \u00e0 VRS \u00e0 virus respiratoire syncytial (VRS) sont souvent consid\u00e9r\u00e9es comme des affections [...]\t\t\t\t\t<\/p>\n\t\t\t\t\t                    \n\t\t\t\t\t\n\t\t\t\t\t\n\t\t\t\t\t<\/div><!-- .box-text-inner -->\n\t\t\t\t\t<\/div><!-- .box-text -->\n\t\t\t\t\t\t\t\t\t\t\t\t\t\t\t\t<div class=\"badge absolute top post-date badge-outline\">\n\t\t\t\t\t\t\t<div class=\"badge-inner\">\n\t\t\t\t\t\t\t\t<span class=\"post-date-day\">06<\/span><br>\n\t\t\t\t\t\t\t\t<span class=\"post-date-month is-xsmall\">Okt.<\/span>\n\t\t\t\t\t\t\t<\/div>\n\t\t\t\t\t\t<\/div>\n\t\t\t\t\t\t\t\t\t<\/div><!-- .box -->\n\t\t\t\t<\/a><!-- .link -->\n\t\t\t<\/div><!-- .col-inner -->\n\t\t<\/div><!-- .col -->\n\t\t<div class=\"col post-item\" >\n\t\t\t<div class=\"col-inner\">\n\t\t\t<a href=\"https:\/\/sosmedecinmarrakech.com\/de\/biopsies-un-outil-cle-en-medecine\/\" class=\"plain\">\n\t\t\t\t<div class=\"box box-normal box-text-bottom box-blog-post has-hover\">\n            \t\t\t\t\t<div class=\"box-image\" >\n  \t\t\t\t\t\t<div class=\"image-cover\" style=\"padding-top:56.25%;\">\n  \t\t\t\t\t\t\t<img loading=\"lazy\" decoding=\"async\" width=\"713\" height=\"400\" src=\"https:\/\/sosmedecinmarrakech.com\/wp-content\/uploads\/2024\/10\/Biopsies-713x400.jpg\" class=\"attachment-medium size-medium wp-post-image\" alt=\"Biopsies\" srcset=\"https:\/\/sosmedecinmarrakech.com\/wp-content\/uploads\/2024\/10\/Biopsies-713x400.jpg 713w, https:\/\/sosmedecinmarrakech.com\/wp-content\/uploads\/2024\/10\/Biopsies-768x431.jpg 768w, https:\/\/sosmedecinmarrakech.com\/wp-content\/uploads\/2024\/10\/Biopsies.jpg 1000w\" sizes=\"auto, (max-width: 713px) 100vw, 713px\" \/>  \t\t\t\t\t\t\t  \t\t\t\t\t\t\t  \t\t\t\t\t\t<\/div>\n  \t\t\t\t\t\t  \t\t\t\t\t<\/div><!-- .box-image -->\n          \t\t\t\t\t<div class=\"box-text text-center\" >\n\t\t\t\t\t<div class=\"box-text-inner blog-post-inner\">\n\n\t\t\t\t\t\n\t\t\t\t\t\t\t\t\t\t<h5 class=\"post-title is-large \">Biopsies : Un Outil Cl\u00e9 en M\u00e9decine<\/h5>\n\t\t\t\t\t\t\t\t\t\t<div class=\"is-divider\"><\/div>\n\t\t\t\t\t\t\t\t\t\t<p class=\"from_the_blog_excerpt \">La biopsies est une proc\u00e9dure m\u00e9dicale essentielle qui consiste \u00e0 pr\u00e9lever un \u00e9chantillon de tissu [...]\t\t\t\t\t<\/p>\n\t\t\t\t\t                    \n\t\t\t\t\t\n\t\t\t\t\t\n\t\t\t\t\t<\/div><!-- .box-text-inner -->\n\t\t\t\t\t<\/div><!-- .box-text -->\n\t\t\t\t\t\t\t\t\t\t\t\t\t\t\t\t<div class=\"badge absolute top post-date badge-outline\">\n\t\t\t\t\t\t\t<div class=\"badge-inner\">\n\t\t\t\t\t\t\t\t<span class=\"post-date-day\">06<\/span><br>\n\t\t\t\t\t\t\t\t<span class=\"post-date-month is-xsmall\">Okt.<\/span>\n\t\t\t\t\t\t\t<\/div>\n\t\t\t\t\t\t<\/div>\n\t\t\t\t\t\t\t\t\t<\/div><!-- .box -->\n\t\t\t\t<\/a><!-- .link -->\n\t\t\t<\/div><!-- .col-inner -->\n\t\t<\/div><!-- .col -->\n\t\t<div class=\"col post-item\" >\n\t\t\t<div class=\"col-inner\">\n\t\t\t<a href=\"https:\/\/sosmedecinmarrakech.com\/de\/cancer-de-la-prostate\/\" class=\"plain\">\n\t\t\t\t<div class=\"box box-normal box-text-bottom box-blog-post has-hover\">\n            \t\t\t\t\t<div class=\"box-image\" >\n  \t\t\t\t\t\t<div class=\"image-cover\" style=\"padding-top:56.25%;\">\n  \t\t\t\t\t\t\t<img loading=\"lazy\" decoding=\"async\" width=\"309\" height=\"203\" src=\"https:\/\/sosmedecinmarrakech.com\/wp-content\/uploads\/2024\/07\/Cancer-de-la-Prostate.jpg\" class=\"attachment-medium size-medium wp-post-image\" alt=\"Cancer de la Prostate\" \/>  \t\t\t\t\t\t\t  \t\t\t\t\t\t\t  \t\t\t\t\t\t<\/div>\n  \t\t\t\t\t\t  \t\t\t\t\t<\/div><!-- .box-image -->\n          \t\t\t\t\t<div class=\"box-text text-center\" >\n\t\t\t\t\t<div class=\"box-text-inner blog-post-inner\">\n\n\t\t\t\t\t\n\t\t\t\t\t\t\t\t\t\t<h5 class=\"post-title is-large \">Cancer de la Prostate : D\u00e9tection Pr\u00e9coce et Soutien de SOS M\u00e9decins \u00e0 Domicile Marrakech<\/h5>\n\t\t\t\t\t\t\t\t\t\t<div class=\"is-divider\"><\/div>\n\t\t\t\t\t\t\t\t\t\t<p class=\"from_the_blog_excerpt \">Le cancer de la prostate est l&rsquo;un des cancers les plus courants chez les hommes, [...]\t\t\t\t\t<\/p>\n\t\t\t\t\t                    \n\t\t\t\t\t\n\t\t\t\t\t\n\t\t\t\t\t<\/div><!-- .box-text-inner -->\n\t\t\t\t\t<\/div><!-- .box-text -->\n\t\t\t\t\t\t\t\t\t\t\t\t\t\t\t\t<div class=\"badge absolute top post-date badge-outline\">\n\t\t\t\t\t\t\t<div class=\"badge-inner\">\n\t\t\t\t\t\t\t\t<span class=\"post-date-day\">28<\/span><br>\n\t\t\t\t\t\t\t\t<span class=\"post-date-month is-xsmall\">Juli<\/span>\n\t\t\t\t\t\t\t<\/div>\n\t\t\t\t\t\t<\/div>\n\t\t\t\t\t\t\t\t\t<\/div><!-- .box -->\n\t\t\t\t<\/a><!-- .link -->\n\t\t\t<\/div><!-- .col-inner -->\n\t\t<\/div><!-- .col -->\n\t\t<div class=\"col post-item\" >\n\t\t\t<div class=\"col-inner\">\n\t\t\t<a href=\"https:\/\/sosmedecinmarrakech.com\/de\/cancer-des-seins\/\" class=\"plain\">\n\t\t\t\t<div class=\"box box-normal box-text-bottom box-blog-post has-hover\">\n            \t\t\t\t\t<div class=\"box-image\" >\n  \t\t\t\t\t\t<div class=\"image-cover\" style=\"padding-top:56.25%;\">\n  \t\t\t\t\t\t\t<img loading=\"lazy\" decoding=\"async\" width=\"574\" height=\"400\" src=\"https:\/\/sosmedecinmarrakech.com\/wp-content\/uploads\/2024\/07\/Cancer-des-seins-574x400.jpg\" class=\"attachment-medium size-medium wp-post-image\" alt=\"Cancer des seins\" srcset=\"https:\/\/sosmedecinmarrakech.com\/wp-content\/uploads\/2024\/07\/Cancer-des-seins-574x400.jpg 574w, https:\/\/sosmedecinmarrakech.com\/wp-content\/uploads\/2024\/07\/Cancer-des-seins.jpg 750w\" sizes=\"auto, (max-width: 574px) 100vw, 574px\" \/>  \t\t\t\t\t\t\t  \t\t\t\t\t\t\t  \t\t\t\t\t\t<\/div>\n  \t\t\t\t\t\t  \t\t\t\t\t<\/div><!-- .box-image -->\n          \t\t\t\t\t<div class=\"box-text text-center\" >\n\t\t\t\t\t<div class=\"box-text-inner blog-post-inner\">\n\n\t\t\t\t\t\n\t\t\t\t\t\t\t\t\t\t<h5 class=\"post-title is-large \">Cancer des seins : Importance de la D\u00e9tection Pr\u00e9coce et R\u00f4le de SOS M\u00e9decins \u00e0 Domicile \u00e0 Marrakech<\/h5>\n\t\t\t\t\t\t\t\t\t\t<div class=\"is-divider\"><\/div>\n\t\t\t\t\t\t\t\t\t\t<p class=\"from_the_blog_excerpt \">Le cancer des seins est une maladie qui touche de nombreuses femmes dans le monde, [...]\t\t\t\t\t<\/p>\n\t\t\t\t\t                    \n\t\t\t\t\t\n\t\t\t\t\t\n\t\t\t\t\t<\/div><!-- .box-text-inner -->\n\t\t\t\t\t<\/div><!-- .box-text -->\n\t\t\t\t\t\t\t\t\t\t\t\t\t\t\t\t<div class=\"badge absolute top post-date badge-outline\">\n\t\t\t\t\t\t\t<div class=\"badge-inner\">\n\t\t\t\t\t\t\t\t<span class=\"post-date-day\">28<\/span><br>\n\t\t\t\t\t\t\t\t<span class=\"post-date-month is-xsmall\">Juli<\/span>\n\t\t\t\t\t\t\t<\/div>\n\t\t\t\t\t\t<\/div>\n\t\t\t\t\t\t\t\t\t<\/div><!-- .box -->\n\t\t\t\t<\/a><!-- .link -->\n\t\t\t<\/div><!-- .col-inner -->\n\t\t<\/div><!-- .col -->\n\t\t<div class=\"col post-item\" >\n\t\t\t<div class=\"col-inner\">\n\t\t\t<a href=\"https:\/\/sosmedecinmarrakech.com\/de\/eczema-atopique\/\" class=\"plain\">\n\t\t\t\t<div class=\"box box-normal box-text-bottom box-blog-post has-hover\">\n            \t\t\t\t\t<div class=\"box-image\" >\n  \t\t\t\t\t\t<div class=\"image-cover\" style=\"padding-top:56.25%;\">\n  \t\t\t\t\t\t\t<img loading=\"lazy\" decoding=\"async\" width=\"595\" height=\"400\" src=\"https:\/\/sosmedecinmarrakech.com\/wp-content\/uploads\/2024\/07\/eczema-atopique-1-595x400.jpg\" class=\"attachment-medium size-medium wp-post-image\" alt=\"ecz\u00e9ma atopique\" srcset=\"https:\/\/sosmedecinmarrakech.com\/wp-content\/uploads\/2024\/07\/eczema-atopique-1-595x400.jpg 595w, https:\/\/sosmedecinmarrakech.com\/wp-content\/uploads\/2024\/07\/eczema-atopique-1.jpg 640w\" sizes=\"auto, (max-width: 595px) 100vw, 595px\" \/>  \t\t\t\t\t\t\t  \t\t\t\t\t\t\t  \t\t\t\t\t\t<\/div>\n  \t\t\t\t\t\t  \t\t\t\t\t<\/div><!-- .box-image -->\n          \t\t\t\t\t<div class=\"box-text text-center\" >\n\t\t\t\t\t<div class=\"box-text-inner blog-post-inner\">\n\n\t\t\t\t\t\n\t\t\t\t\t\t\t\t\t\t<h5 class=\"post-title is-large \">L&rsquo;ecz\u00e9ma atopique : Comment SOS M\u00e9decins Marrakech peut aider<\/h5>\n\t\t\t\t\t\t\t\t\t\t<div class=\"is-divider\"><\/div>\n\t\t\t\t\t\t\t\t\t\t<p class=\"from_the_blog_excerpt \">L&rsquo;ecz\u00e9ma atopique est une maladie chronique de la peau qui provoque des d\u00e9mangeaisons, des rougeurs [...]\t\t\t\t\t<\/p>\n\t\t\t\t\t                    \n\t\t\t\t\t\n\t\t\t\t\t\n\t\t\t\t\t<\/div><!-- .box-text-inner -->\n\t\t\t\t\t<\/div><!-- .box-text -->\n\t\t\t\t\t\t\t\t\t\t\t\t\t\t\t\t<div class=\"badge absolute top post-date badge-outline\">\n\t\t\t\t\t\t\t<div class=\"badge-inner\">\n\t\t\t\t\t\t\t\t<span class=\"post-date-day\">26<\/span><br>\n\t\t\t\t\t\t\t\t<span class=\"post-date-month is-xsmall\">Juli<\/span>\n\t\t\t\t\t\t\t<\/div>\n\t\t\t\t\t\t<\/div>\n\t\t\t\t\t\t\t\t\t<\/div><!-- .box -->\n\t\t\t\t<\/a><!-- .link -->\n\t\t\t<\/div><!-- .col-inner -->\n\t\t<\/div><!-- .col -->\n\t\t<div class=\"col post-item\" >\n\t\t\t<div class=\"col-inner\">\n\t\t\t<a href=\"https:\/\/sosmedecinmarrakech.com\/de\/dommages-aux-tissus\/\" class=\"plain\">\n\t\t\t\t<div class=\"box box-normal box-text-bottom box-blog-post has-hover\">\n            \t\t\t\t\t<div class=\"box-image\" >\n  \t\t\t\t\t\t<div class=\"image-cover\" style=\"padding-top:56.25%;\">\n  \t\t\t\t\t\t\t<img loading=\"lazy\" decoding=\"async\" width=\"600\" height=\"400\" src=\"https:\/\/sosmedecinmarrakech.com\/wp-content\/uploads\/2024\/07\/Dommages-aux-tissus-600x400.jpg\" class=\"attachment-medium size-medium wp-post-image\" alt=\"Dommages aux tissus\" srcset=\"https:\/\/sosmedecinmarrakech.com\/wp-content\/uploads\/2024\/07\/Dommages-aux-tissus-600x400.jpg 600w, https:\/\/sosmedecinmarrakech.com\/wp-content\/uploads\/2024\/07\/Dommages-aux-tissus.jpg 758w\" sizes=\"auto, (max-width: 600px) 100vw, 600px\" \/>  \t\t\t\t\t\t\t  \t\t\t\t\t\t\t  \t\t\t\t\t\t<\/div>\n  \t\t\t\t\t\t  \t\t\t\t\t<\/div><!-- .box-image -->\n          \t\t\t\t\t<div class=\"box-text text-center\" >\n\t\t\t\t\t<div class=\"box-text-inner blog-post-inner\">\n\n\t\t\t\t\t\n\t\t\t\t\t\t\t\t\t\t<h5 class=\"post-title is-large \">Dommages aux tissus : SOS M\u00e9decins Marrakech \u00e0 votre secours<\/h5>\n\t\t\t\t\t\t\t\t\t\t<div class=\"is-divider\"><\/div>\n\t\t\t\t\t\t\t\t\t\t<p class=\"from_the_blog_excerpt \">Les dommages aux tissus peuvent r\u00e9sulter de diverses situations, telles que des blessures sportives, des [...]\t\t\t\t\t<\/p>\n\t\t\t\t\t                    \n\t\t\t\t\t\n\t\t\t\t\t\n\t\t\t\t\t<\/div><!-- .box-text-inner -->\n\t\t\t\t\t<\/div><!-- .box-text -->\n\t\t\t\t\t\t\t\t\t\t\t\t\t\t\t\t<div class=\"badge absolute top post-date badge-outline\">\n\t\t\t\t\t\t\t<div class=\"badge-inner\">\n\t\t\t\t\t\t\t\t<span class=\"post-date-day\">26<\/span><br>\n\t\t\t\t\t\t\t\t<span class=\"post-date-month is-xsmall\">Juli<\/span>\n\t\t\t\t\t\t\t<\/div>\n\t\t\t\t\t\t<\/div>\n\t\t\t\t\t\t\t\t\t<\/div><!-- .box -->\n\t\t\t\t<\/a><!-- .link -->\n\t\t\t<\/div><!-- .col-inner -->\n\t\t<\/div><!-- .col -->\n\t\t<div class=\"col post-item\" >\n\t\t\t<div class=\"col-inner\">\n\t\t\t<a href=\"https:\/\/sosmedecinmarrakech.com\/de\/bacteries-contact-sos-medecins-marrakech\/\" class=\"plain\">\n\t\t\t\t<div class=\"box box-normal box-text-bottom box-blog-post has-hover\">\n            \t\t\t\t\t<div class=\"box-image\" >\n  \t\t\t\t\t\t<div class=\"image-cover\" style=\"padding-top:56.25%;\">\n  \t\t\t\t\t\t\t<img loading=\"lazy\" decoding=\"async\" width=\"606\" height=\"400\" src=\"https:\/\/sosmedecinmarrakech.com\/wp-content\/uploads\/2024\/07\/Bacteries-606x400.png\" class=\"attachment-medium size-medium wp-post-image\" alt=\"Bact\u00e9ries\" srcset=\"https:\/\/sosmedecinmarrakech.com\/wp-content\/uploads\/2024\/07\/Bacteries-606x400.png 606w, https:\/\/sosmedecinmarrakech.com\/wp-content\/uploads\/2024\/07\/Bacteries-768x507.png 768w, https:\/\/sosmedecinmarrakech.com\/wp-content\/uploads\/2024\/07\/Bacteries.png 770w\" sizes=\"auto, (max-width: 606px) 100vw, 606px\" \/>  \t\t\t\t\t\t\t  \t\t\t\t\t\t\t  \t\t\t\t\t\t<\/div>\n  \t\t\t\t\t\t  \t\t\t\t\t<\/div><!-- .box-image -->\n          \t\t\t\t\t<div class=\"box-text text-center\" >\n\t\t\t\t\t<div class=\"box-text-inner blog-post-inner\">\n\n\t\t\t\t\t\n\t\t\t\t\t\t\t\t\t\t<h5 class=\"post-title is-large \">Les Bact\u00e9ries et leur Prise en Charge par SOS M\u00e9DECINS MARRAKECH<\/h5>\n\t\t\t\t\t\t\t\t\t\t<div class=\"is-divider\"><\/div>\n\t\t\t\t\t\t\t\t\t\t<p class=\"from_the_blog_excerpt \">Les bact\u00e9ries, ces micro-organismes unicellulaires, sont omnipr\u00e9sentes dans notre environnement. Elles jouent des r\u00f4les vari\u00e9s, [...]\t\t\t\t\t<\/p>\n\t\t\t\t\t                    \n\t\t\t\t\t\n\t\t\t\t\t\n\t\t\t\t\t<\/div><!-- .box-text-inner -->\n\t\t\t\t\t<\/div><!-- .box-text -->\n\t\t\t\t\t\t\t\t\t\t\t\t\t\t\t\t<div class=\"badge absolute top post-date badge-outline\">\n\t\t\t\t\t\t\t<div class=\"badge-inner\">\n\t\t\t\t\t\t\t\t<span class=\"post-date-day\">26<\/span><br>\n\t\t\t\t\t\t\t\t<span class=\"post-date-month is-xsmall\">Juli<\/span>\n\t\t\t\t\t\t\t<\/div>\n\t\t\t\t\t\t<\/div>\n\t\t\t\t\t\t\t\t\t<\/div><!-- .box -->\n\t\t\t\t<\/a><!-- .link -->\n\t\t\t<\/div><!-- .col-inner -->\n\t\t<\/div><!-- .col -->\n<\/div>\n","protected":false},"excerpt":{"rendered":"<p>SOS MEDECIN MARRAKECH Un service m\u00e9dical permanent 24h\/24 et 7j\/7 Joignable au 06 06 320 320 \u00a0Votre sant\u00e9 , notre premi\u00e8re priorit\u00e9 . prestations de SOS m\u00e9decins marrakech: Nos engagements :<\/p>","protected":false},"author":1,"featured_media":3021,"parent":84,"menu_order":4,"comment_status":"closed","ping_status":"closed","template":"page-transparent-header.php","meta":{"footnotes":""},"yst_prominent_words":[],"class_list":["post-54","page","type-page","status-publish","has-post-thumbnail","hentry"],"_links":{"self":[{"href":"https:\/\/sosmedecinmarrakech.com\/de\/wp-json\/wp\/v2\/pages\/54","targetHints":{"allow":["GET"]}}],"collection":[{"href":"https:\/\/sosmedecinmarrakech.com\/de\/wp-json\/wp\/v2\/pages"}],"about":[{"href":"https:\/\/sosmedecinmarrakech.com\/de\/wp-json\/wp\/v2\/types\/page"}],"author":[{"embeddable":true,"href":"https:\/\/sosmedecinmarrakech.com\/de\/wp-json\/wp\/v2\/users\/1"}],"replies":[{"embeddable":true,"href":"https:\/\/sosmedecinmarrakech.com\/de\/wp-json\/wp\/v2\/comments?post=54"}],"version-history":[{"count":58,"href":"https:\/\/sosmedecinmarrakech.com\/de\/wp-json\/wp\/v2\/pages\/54\/revisions"}],"predecessor-version":[{"id":3447,"href":"https:\/\/sosmedecinmarrakech.com\/de\/wp-json\/wp\/v2\/pages\/54\/revisions\/3447"}],"up":[{"embeddable":true,"href":"https:\/\/sosmedecinmarrakech.com\/de\/wp-json\/wp\/v2\/pages\/84"}],"wp:featuredmedia":[{"embeddable":true,"href":"https:\/\/sosmedecinmarrakech.com\/de\/wp-json\/wp\/v2\/media\/3021"}],"wp:attachment":[{"href":"https:\/\/sosmedecinmarrakech.com\/de\/wp-json\/wp\/v2\/media?parent=54"}],"wp:term":[{"taxonomy":"yst_prominent_words","embeddable":true,"href":"https:\/\/sosmedecinmarrakech.com\/de\/wp-json\/wp\/v2\/yst_prominent_words?post=54"}],"curies":[{"name":"wp","href":"https:\/\/api.w.org\/{rel}","templated":true}]}}